{"id":325,"date":"2025-08-21T00:21:13","date_gmt":"2025-08-21T00:21:13","guid":{"rendered":"https:\/\/wp.lessinguliers.fr\/?page_id=325"},"modified":"2025-10-30T16:44:06","modified_gmt":"2025-10-30T16:44:06","slug":"spectacles-pour-les-grandes-oreilles-des-10-ans","status":"publish","type":"page","link":"https:\/\/lessinguliers.fr\/index.php\/nos-spectacles\/spectacles-pour-les-grandes-oreilles-des-10-ans\/","title":{"rendered":"Spectacles pour les grandes oreilles ! d\u00e8s 10 ans"},"content":{"rendered":"\t\t<div data-elementor-type=\"wp-page\" data-elementor-id=\"325\" class=\"elementor elementor-325\" data-elementor-post-type=\"page\">\n\t\t\t\t\t\t<section class=\"elementor-section elementor-top-section elementor-element elementor-element-b52b12d elementor-section-full_width elementor-section-height-default elementor-section-height-default\" data-id=\"b52b12d\" data-element_type=\"section\" data-e-type=\"section\" data-settings=\"{&quot;background_background&quot;:&quot;classic&quot;}\">\n\t\t\t\t\t\t<div class=\"elementor-container elementor-column-gap-default\">\n\t\t\t\t\t<div class=\"elementor-column elementor-col-100 elementor-top-column elementor-element elementor-element-846e6b9\" data-id=\"846e6b9\" data-element_type=\"column\" data-e-type=\"column\">\n\t\t\t<div class=\"elementor-widget-wrap elementor-element-populated\">\n\t\t\t\t\t\t<section class=\"elementor-section elementor-inner-section elementor-element elementor-element-a32c412 elementor-section-content-middle elementor-section-boxed elementor-section-height-default elementor-section-height-default\" data-id=\"a32c412\" data-element_type=\"section\" data-e-type=\"section\">\n\t\t\t\t\t\t<div class=\"elementor-container elementor-column-gap-default\">\n\t\t\t\t\t<div class=\"elementor-column elementor-col-33 elementor-inner-column elementor-element elementor-element-0d07305\" data-id=\"0d07305\" data-element_type=\"column\" data-e-type=\"column\">\n\t\t\t<div class=\"elementor-widget-wrap elementor-element-populated\">\n\t\t\t\t\t\t<div class=\"elementor-element elementor-element-8a62b04 elementor-widget elementor-widget-heading\" data-id=\"8a62b04\" data-element_type=\"widget\" data-e-type=\"widget\" data-widget_type=\"heading.default\">\n\t\t\t\t\t<h2 class=\"elementor-heading-title elementor-size-xl\">pour les grandes oreilles ! <br>D\u00e8s 10 ans<\/h2>\t\t\t\t<\/div>\n\t\t\t\t\t<\/div>\n\t\t<\/div>\n\t\t\t\t<div class=\"elementor-column elementor-col-66 elementor-inner-column elementor-element elementor-element-69e5a9d\" data-id=\"69e5a9d\" data-element_type=\"column\" data-e-type=\"column\">\n\t\t\t<div class=\"elementor-widget-wrap elementor-element-populated\">\n\t\t\t\t\t\t<div class=\"elementor-element elementor-element-ec12321 elementor-align-center elementor-widget__width-auto elementor-mobile-align-center elementor-widget elementor-widget-button\" data-id=\"ec12321\" data-element_type=\"widget\" data-e-type=\"widget\" data-widget_type=\"button.default\">\n\t\t\t\t\t\t\t\t\t\t<a class=\"elementor-button elementor-button-link elementor-size-sm\" href=\"https:\/\/lessinguliers.fr\/index.php\/nos-spectacles\/\">\n\t\t\t\t\t\t<span class=\"elementor-button-content-wrapper\">\n\t\t\t\t\t\t\t\t\t<span class=\"elementor-button-text\">Tous nos spectacles<\/span>\n\t\t\t\t\t<\/span>\n\t\t\t\t\t<\/a>\n\t\t\t\t\t\t\t\t<\/div>\n\t\t\t\t\t<\/div>\n\t\t<\/div>\n\t\t\t\t\t<\/div>\n\t\t<\/section>\n\t\t\t\t\t<\/div>\n\t\t<\/div>\n\t\t\t\t\t<\/div>\n\t\t<\/section>\n\t\t\t\t<section class=\"elementor-section elementor-top-section elementor-element elementor-element-6270617 elementor-section-full_width elementor-section-height-default elementor-section-height-default\" data-id=\"6270617\" data-element_type=\"section\" data-e-type=\"section\" data-settings=\"{&quot;background_background&quot;:&quot;classic&quot;}\">\n\t\t\t\t\t\t<div class=\"elementor-container elementor-column-gap-default\">\n\t\t\t\t\t<div class=\"elementor-column elementor-col-100 elementor-top-column elementor-element elementor-element-7cab867\" data-id=\"7cab867\" data-element_type=\"column\" data-e-type=\"column\">\n\t\t\t<div class=\"elementor-widget-wrap elementor-element-populated\">\n\t\t\t\t\t\t<section class=\"elementor-section elementor-inner-section elementor-element elementor-element-03d331b elementor-section-content-middle elementor-reverse-mobile elementor-section-full_width elementor-section-height-default elementor-section-height-default\" data-id=\"03d331b\" data-element_type=\"section\" data-e-type=\"section\" data-settings=\"{&quot;background_background&quot;:&quot;classic&quot;}\">\n\t\t\t\t\t\t<div class=\"elementor-container elementor-column-gap-no\">\n\t\t\t\t\t<div class=\"elementor-column elementor-col-50 elementor-inner-column elementor-element elementor-element-3ae8753\" data-id=\"3ae8753\" data-element_type=\"column\" data-e-type=\"column\" data-settings=\"{&quot;background_background&quot;:&quot;classic&quot;}\">\n\t\t\t<div class=\"elementor-widget-wrap elementor-element-populated\">\n\t\t\t\t\t\t<div class=\"elementor-element elementor-element-533dfaa elementor-widget elementor-widget-heading\" data-id=\"533dfaa\" data-element_type=\"widget\" data-e-type=\"widget\" data-widget_type=\"heading.default\">\n\t\t\t\t\t<h2 class=\"elementor-heading-title elementor-size-small\"><a href=\"#\">La laine \u00e0 bout de bras, d\u00e8s 9\/10 ans\n<\/a><\/h2>\t\t\t\t<\/div>\n\t\t\t\t<div class=\"elementor-element elementor-element-c0bf7ab elementor-widget elementor-widget-text-editor\" data-id=\"c0bf7ab\" data-element_type=\"widget\" data-e-type=\"widget\" data-widget_type=\"text-editor.default\">\n\t\t\t\t\t\t\t\t\t<p>R\u00e9cits et chansons originales autour de la laine, du fil, des ouvriers et ouvri\u00e8res en filature.<\/p><p>Une mosa\u00efque de r\u00e9cits, de chansons et de contes anciens.<br class=\"autobr\" \/>T\u00e9moignages et r\u00eaveries autour des r\u00e9alit\u00e9s du travail de la laine, de la filature.<\/p><p>Inspir\u00e9es des ressources documentaires du nord, pleins de l\u2019\u00e2me de sa grand-m\u00e8re ouvri\u00e8re, les chansons sont \u00e9crites par Anne, sur des m\u00e9lodies simples.<br class=\"autobr\" \/>Les arrangements sont cr\u00e9\u00e9s par Benoit, qui les joue en direct et chante aux c\u00f4t\u00e9s d\u2019Anne.<br \/><br \/><span class=\"spip-puce ltr\">\u2013<\/span>\u00a0R\u00e9cit et Chant\u00a0: Anne Leviel<br \/><span class=\"spip-puce ltr\">\u2013<\/span>\u00a0Chant et Musique (guitare, accord\u00e9on)\u00a0: Benoit Bruhnes<br \/><span class=\"spip-puce ltr\">\u2013<\/span>\u00a0Dur\u00e9e\u00a0: 45 min<\/p>\t\t\t\t\t\t\t\t<\/div>\n\t\t\t\t\t<\/div>\n\t\t<\/div>\n\t\t\t\t<div class=\"elementor-column elementor-col-50 elementor-inner-column elementor-element elementor-element-e06f043\" data-id=\"e06f043\" data-element_type=\"column\" data-e-type=\"column\" data-settings=\"{&quot;background_background&quot;:&quot;classic&quot;}\">\n\t\t\t<div class=\"elementor-widget-wrap elementor-element-populated\">\n\t\t\t\t\t<div class=\"elementor-background-overlay\"><\/div>\n\t\t\t\t\t\t<div class=\"elementor-element elementor-element-bc420d1 elementor-widget elementor-widget-image\" data-id=\"bc420d1\" data-element_type=\"widget\" data-e-type=\"widget\" data-widget_type=\"image.default\">\n\t\t\t\t\t\t\t\t\t\t\t\t\t\t\t<img fetchpriority=\"high\" decoding=\"async\" width=\"350\" height=\"268\" src=\"https:\/\/lessinguliers.fr\/wp-content\/uploads\/2025\/08\/Leviel-Brunhes-CreditPhoto-JM-Faucillon-1.jpg\" class=\"attachment-large size-large wp-image-2159\" alt=\"\" srcset=\"https:\/\/lessinguliers.fr\/wp-content\/uploads\/2025\/08\/Leviel-Brunhes-CreditPhoto-JM-Faucillon-1.jpg 350w, https:\/\/lessinguliers.fr\/wp-content\/uploads\/2025\/08\/Leviel-Brunhes-CreditPhoto-JM-Faucillon-1-300x230.jpg 300w\" sizes=\"(max-width: 350px) 100vw, 350px\" \/>\t\t\t\t\t\t\t\t\t\t\t\t\t\t\t<\/div>\n\t\t\t\t\t<\/div>\n\t\t<\/div>\n\t\t\t\t\t<\/div>\n\t\t<\/section>\n\t\t\t\t<section class=\"elementor-section elementor-inner-section elementor-element elementor-element-aa64003 elementor-section-content-middle elementor-section-full_width elementor-section-height-default elementor-section-height-default\" data-id=\"aa64003\" data-element_type=\"section\" data-e-type=\"section\" data-settings=\"{&quot;background_background&quot;:&quot;classic&quot;}\">\n\t\t\t\t\t\t<div class=\"elementor-container elementor-column-gap-no\">\n\t\t\t\t\t<div class=\"elementor-column elementor-col-50 elementor-inner-column elementor-element elementor-element-fd305b4\" data-id=\"fd305b4\" data-element_type=\"column\" data-e-type=\"column\" data-settings=\"{&quot;background_background&quot;:&quot;classic&quot;}\">\n\t\t\t<div class=\"elementor-widget-wrap elementor-element-populated\">\n\t\t\t\t\t<div class=\"elementor-background-overlay\"><\/div>\n\t\t\t\t\t\t<div class=\"elementor-element elementor-element-8921aa7 elementor-widget elementor-widget-video\" data-id=\"8921aa7\" data-element_type=\"widget\" data-e-type=\"widget\" data-settings=\"{&quot;youtube_url&quot;:&quot;https:\\\/\\\/www.youtube.com\\\/watch?v=_WlSPb27Des&amp;ab_channel=LesSinguliers&quot;,&quot;video_type&quot;:&quot;youtube&quot;,&quot;controls&quot;:&quot;yes&quot;}\" data-widget_type=\"video.default\">\n\t\t\t\t\t\t\t<div class=\"elementor-wrapper elementor-open-inline\">\n\t\t\t<div class=\"elementor-video\"><\/div>\t\t<\/div>\n\t\t\t\t\t\t<\/div>\n\t\t\t\t\t<\/div>\n\t\t<\/div>\n\t\t\t\t<div class=\"elementor-column elementor-col-50 elementor-inner-column elementor-element elementor-element-885d5fb\" data-id=\"885d5fb\" data-element_type=\"column\" data-e-type=\"column\" data-settings=\"{&quot;background_background&quot;:&quot;classic&quot;}\">\n\t\t\t<div class=\"elementor-widget-wrap elementor-element-populated\">\n\t\t\t\t\t\t<div class=\"elementor-element elementor-element-f6c385a elementor-widget elementor-widget-heading\" data-id=\"f6c385a\" data-element_type=\"widget\" data-e-type=\"widget\" data-widget_type=\"heading.default\">\n\t\t\t\t\t<h2 class=\"elementor-heading-title elementor-size-small\"><a href=\"#\">Gilgamesh, le roi qui ne voulait pas mourir, d\u00e8s 9\/11 ans<\/a><\/h2>\t\t\t\t<\/div>\n\t\t\t\t<div class=\"elementor-element elementor-element-aa2445a elementor-widget elementor-widget-text-editor\" data-id=\"aa2445a\" data-element_type=\"widget\" data-e-type=\"widget\" data-widget_type=\"text-editor.default\">\n\t\t\t\t\t\t\t\t\t<p>L\u2019e\u0301pope\u0301e du roi Gilgamesh, grave\u0301e sur des tablettes d\u2019argile il y a 4500 ans, est la premie\u0300re \u0153uvre e\u0301crite de l\u2019histoire de l\u2019humanite\u0301. Elle raconte les aventures du roi Gilgamesh, tyran magnifique, et de son amitie\u0301 avec Enkidou, l\u2019homme sauvage ne\u0301 dans la steppe. Avides de gloire, ils partent combattre le terrible ge\u0301ant Humbaba, affrontent le taureau ce\u0301leste et de\u0301clenchent la cole\u0300re des Dieux&#8230; De\u0301couvrant la mort, Gilgamesh se lancera alors dans une que\u0302te ultime\u00a0: l\u2019immortalite\u0301.<\/p><p>Version Trio, D\u00e8s 9 ans<br \/><span class=\"spip-puce ltr\"><b>\u2013<\/b><\/span>\u00a0Conte\u00a0: Swan Blach\u00e8re<br \/><span class=\"spip-puce ltr\"><b>\u2013<\/b><\/span>\u00a0Chant et percussion\u00a0: Ce\u0301cile Cognet<br \/><span class=\"spip-puce ltr\"><b>\u2013<\/b><\/span>\u00a0Machines\u00a0: JB Hoste<br \/><span class=\"spip-puce ltr\"><b>\u2013<\/b><\/span>\u00a0Dur\u00e9e\u00a0: 1h10<br \/><br \/><br \/>Version Solo, D\u00e8s 11 ans<br \/><span class=\"spip-puce ltr\"><b>\u2013<\/b><\/span>\u00a0Conte\u00a0: Swan Blach\u00e8re<br \/><span class=\"spip-puce ltr\"><b>\u2013<\/b><\/span>\u00a0Dur\u00e9e\u00a0: 1h<\/p>\t\t\t\t\t\t\t\t<\/div>\n\t\t\t\t\t<\/div>\n\t\t<\/div>\n\t\t\t\t\t<\/div>\n\t\t<\/section>\n\t\t\t\t<section class=\"elementor-section elementor-inner-section elementor-element elementor-element-3fd805c elementor-section-content-middle elementor-reverse-mobile elementor-section-full_width elementor-section-height-default elementor-section-height-default\" data-id=\"3fd805c\" data-element_type=\"section\" data-e-type=\"section\" data-settings=\"{&quot;background_background&quot;:&quot;classic&quot;}\">\n\t\t\t\t\t\t<div class=\"elementor-container elementor-column-gap-no\">\n\t\t\t\t\t<div class=\"elementor-column elementor-col-50 elementor-inner-column elementor-element elementor-element-d9ed83f\" data-id=\"d9ed83f\" data-element_type=\"column\" data-e-type=\"column\" data-settings=\"{&quot;background_background&quot;:&quot;classic&quot;}\">\n\t\t\t<div class=\"elementor-widget-wrap elementor-element-populated\">\n\t\t\t\t\t\t<div class=\"elementor-element elementor-element-06a9313 elementor-widget elementor-widget-heading\" data-id=\"06a9313\" data-element_type=\"widget\" data-e-type=\"widget\" data-widget_type=\"heading.default\">\n\t\t\t\t\t<h2 class=\"elementor-heading-title elementor-size-small\"><a href=\"#\">Les Ravis, d\u00e8s 10 ans<\/a><\/h2>\t\t\t\t<\/div>\n\t\t\t\t<div class=\"elementor-element elementor-element-0e2333a elementor-widget elementor-widget-text-editor\" data-id=\"0e2333a\" data-element_type=\"widget\" data-e-type=\"widget\" data-widget_type=\"text-editor.default\">\n\t\t\t\t\t\t\t\t\t<p>ls \u00e9taient tous venus des collines, les bergers.<br class=\"autobr\" \/>Ils se sont retrouv\u00e9s sur la place du village, et avec les brebis, la place \u00e9tait remplie.<br class=\"autobr\" \/>Puis le soir est arriv\u00e9. On a vu une \u00e0 une les lumi\u00e8res s\u2019allumer.<br class=\"autobr\" \/>On a commenc\u00e9 \u00e0 entendre le bruit des portes, le bruit des pas dans les ruelles\u00a0: Ils arrivaient, les bras charg\u00e9s&#8230;<br class=\"autobr\" \/>Les Ravis, un voyage au pays des sots, des simples, des innocents, des perdus, des perdants.<br class=\"autobr\" \/>Juste pour le malin plaisir d\u2019aller \u00e0 contre-courant de ce monde \u00e0 l\u2019envers,<br class=\"autobr\" \/>en ces temps o\u00f9 l\u2019arrogance des gagnants et la tyrannie des gestionnaires<br class=\"autobr\" \/>nous feraient d\u00e9sesp\u00e9rer de la vie.<\/p><p>Un voyage dont on revient le coeur ouvert, le c\u0153ur l\u00e9ger&#8230;<\/p><p>Sources principales\u00a0: Grimm, Pourrat, Cosquin, et les traditions orales de Provence, Auvergne, Bretagne gallaise.<\/p><p><span class=\"spip-puce ltr\"><b>\u2013<\/b><\/span>\u00a0Conte et Musique (cithare hongroise, fl\u00fbte de pan et violon)\u00a0: Michel Hindenoch<br \/><span class=\"spip-puce ltr\"><b>\u2013<\/b><\/span>\u00a0Dur\u00e9e\u00a0: 1h30<\/p>\t\t\t\t\t\t\t\t<\/div>\n\t\t\t\t\t<\/div>\n\t\t<\/div>\n\t\t\t\t<div class=\"elementor-column elementor-col-50 elementor-inner-column elementor-element elementor-element-97ef7f3\" data-id=\"97ef7f3\" data-element_type=\"column\" data-e-type=\"column\" data-settings=\"{&quot;background_background&quot;:&quot;classic&quot;}\">\n\t\t\t<div class=\"elementor-widget-wrap elementor-element-populated\">\n\t\t\t\t\t<div class=\"elementor-background-overlay\"><\/div>\n\t\t\t\t\t\t<div class=\"elementor-element elementor-element-4078016 elementor-widget elementor-widget-image\" data-id=\"4078016\" data-element_type=\"widget\" data-e-type=\"widget\" data-widget_type=\"image.default\">\n\t\t\t\t\t\t\t\t\t\t\t\t\t\t\t<img decoding=\"async\" width=\"280\" height=\"255\" src=\"https:\/\/lessinguliers.fr\/wp-content\/uploads\/2025\/08\/hindenoch-3.jpg\" class=\"attachment-full size-full wp-image-337\" alt=\"\" \/>\t\t\t\t\t\t\t\t\t\t\t\t\t\t\t<\/div>\n\t\t\t\t\t<\/div>\n\t\t<\/div>\n\t\t\t\t\t<\/div>\n\t\t<\/section>\n\t\t\t\t<section class=\"elementor-section elementor-inner-section elementor-element elementor-element-d50e07b elementor-section-content-middle elementor-section-full_width elementor-section-height-default elementor-section-height-default\" data-id=\"d50e07b\" data-element_type=\"section\" data-e-type=\"section\" data-settings=\"{&quot;background_background&quot;:&quot;classic&quot;}\">\n\t\t\t\t\t\t<div class=\"elementor-container elementor-column-gap-no\">\n\t\t\t\t\t<div class=\"elementor-column elementor-col-50 elementor-inner-column elementor-element elementor-element-840033f\" data-id=\"840033f\" data-element_type=\"column\" data-e-type=\"column\" data-settings=\"{&quot;background_background&quot;:&quot;classic&quot;}\">\n\t\t\t<div class=\"elementor-widget-wrap elementor-element-populated\">\n\t\t\t\t\t<div class=\"elementor-background-overlay\"><\/div>\n\t\t\t\t\t\t<div class=\"elementor-element elementor-element-66f5f0d elementor-widget elementor-widget-image\" data-id=\"66f5f0d\" data-element_type=\"widget\" data-e-type=\"widget\" data-widget_type=\"image.default\">\n\t\t\t\t\t\t\t\t\t\t\t\t\t\t\t<img decoding=\"async\" width=\"300\" height=\"324\" src=\"https:\/\/lessinguliers.fr\/wp-content\/uploads\/2025\/08\/vcc1.jpg\" class=\"attachment-large size-large wp-image-2100\" alt=\"\" srcset=\"https:\/\/lessinguliers.fr\/wp-content\/uploads\/2025\/08\/vcc1.jpg 300w, https:\/\/lessinguliers.fr\/wp-content\/uploads\/2025\/08\/vcc1-278x300.jpg 278w\" sizes=\"(max-width: 300px) 100vw, 300px\" \/>\t\t\t\t\t\t\t\t\t\t\t\t\t\t\t<\/div>\n\t\t\t\t\t<\/div>\n\t\t<\/div>\n\t\t\t\t<div class=\"elementor-column elementor-col-50 elementor-inner-column elementor-element elementor-element-ea75186\" data-id=\"ea75186\" data-element_type=\"column\" data-e-type=\"column\" data-settings=\"{&quot;background_background&quot;:&quot;classic&quot;}\">\n\t\t\t<div class=\"elementor-widget-wrap elementor-element-populated\">\n\t\t\t\t\t\t<div class=\"elementor-element elementor-element-1e69344 elementor-widget elementor-widget-heading\" data-id=\"1e69344\" data-element_type=\"widget\" data-e-type=\"widget\" data-widget_type=\"heading.default\">\n\t\t\t\t\t<h2 class=\"elementor-heading-title elementor-size-small\"><a href=\"#\">Le Voyage de Picaflor, d\u00e8s 10 ans<\/a><\/h2>\t\t\t\t<\/div>\n\t\t\t\t<div class=\"elementor-element elementor-element-62164f2 elementor-widget elementor-widget-text-editor\" data-id=\"62164f2\" data-element_type=\"widget\" data-e-type=\"widget\" data-widget_type=\"text-editor.default\">\n\t\t\t\t\t\t\t\t\t<p>Du nord de la cordill\u00e8re des Andes \u00e0 la r\u00e9gion des plaines, un petit gar\u00e7on espi\u00e8gle et joyeux, appel\u00e9 Picaflor (colibri), et son burrito (petit \u00e2ne) nous guident dans une balade \u00e0 travers contes et musique. C\u2019est un voyage initiatique durant lequel divers animaux et personnages fantastiques nous font d\u00e9couvrir l\u2019univers magique de ces contr\u00e9es.<\/p><p>Ce spectacle permet de d\u00e9couvrir les richesses naturelles et culturelles de la Colombie et du Venezuela. Et il questionne \u00e9galement sur la n\u00e9cessaire protection de la nature.<\/p><p><span class=\"spip-puce ltr\"><b>\u2013<\/b><\/span>\u00a0Conte et Musique (cuatro)\u00a0: Victor Cova Correa<br \/><span class=\"spip-puce ltr\"><b>\u2013<\/b><\/span>\u00a0Dur\u00e9e\u00a0: 50min<br \/><span class=\"spip-puce ltr\"><b>\u2013<\/b><\/span>\u00a0Ce spectacle peut se jouer avec 1 \u00e0 4 musiciens<\/p>\t\t\t\t\t\t\t\t<\/div>\n\t\t\t\t\t<\/div>\n\t\t<\/div>\n\t\t\t\t\t<\/div>\n\t\t<\/section>\n\t\t\t\t<section class=\"elementor-section elementor-inner-section elementor-element elementor-element-6d46b87 elementor-section-content-middle elementor-reverse-mobile elementor-section-full_width elementor-section-height-default elementor-section-height-default\" data-id=\"6d46b87\" data-element_type=\"section\" data-e-type=\"section\" data-settings=\"{&quot;background_background&quot;:&quot;classic&quot;}\">\n\t\t\t\t\t\t<div class=\"elementor-container elementor-column-gap-no\">\n\t\t\t\t\t<div class=\"elementor-column elementor-col-50 elementor-inner-column elementor-element elementor-element-d05e01c\" data-id=\"d05e01c\" data-element_type=\"column\" data-e-type=\"column\" data-settings=\"{&quot;background_background&quot;:&quot;classic&quot;}\">\n\t\t\t<div class=\"elementor-widget-wrap elementor-element-populated\">\n\t\t\t\t\t\t<div class=\"elementor-element elementor-element-6b729cc elementor-widget elementor-widget-heading\" data-id=\"6b729cc\" data-element_type=\"widget\" data-e-type=\"widget\" data-widget_type=\"heading.default\">\n\t\t\t\t\t<h2 class=\"elementor-heading-title elementor-size-small\"><a href=\"#\">Contes de la Pierre et du Vent, d\u00e8s 10 ans<\/a><\/h2>\t\t\t\t<\/div>\n\t\t\t\t<div class=\"elementor-element elementor-element-66b20fb elementor-widget elementor-widget-text-editor\" data-id=\"66b20fb\" data-element_type=\"widget\" data-e-type=\"widget\" data-widget_type=\"text-editor.default\">\n\t\t\t\t\t\t\t\t\t<p>Il \u00e9tait une fois un roi. Mais ce roi, c\u2019\u00e9tait un tyran\u00a0: tout le monde devait se prosterner sur son passage.<br class=\"autobr\" \/>Un jour il arrive dans un village, tout le monde est sorti pour saluer le roi.<br class=\"autobr\" \/>Tout le monde a baiss\u00e9 la t\u00eate devant lui.<br class=\"autobr\" \/>Tout le monde, sauf un&#8230;<\/p><p>Cueillis au tr\u00e9sor de la tradition populaire, ces \u00ab\u00a0Contes de la Pierre et du Vent\u00a0\u00bb sont un bouquet de ruses, fables, fac\u00e9ties, merveilles, menteries. Choisis non pas par nostalgie, mais pour leur pertinence dans notre monde aujourd\u2019hui.<br class=\"autobr\" \/>Rejoignant la tradition des Bardes et des A\u00e8des, le conteur, seul sur sc\u00e8ne, s\u2019accompagne lui-m\u00eame (cithare hongroise, fl\u00fbte de pan&#8230;) et fait vivre autour de lui un espace imaginaire, un \u00ab\u00a0\u00e9cran\u00a0\u00bb \u00e0 trois dimensions&#8230;<\/p><p><span class=\"spip-puce ltr\"><b>\u2013<\/b><\/span>\u00a0Conte et Musique (cithare hongroise et fl\u00fbte de pan)\u00a0: Michel Hindenoch<br \/><span class=\"spip-puce ltr\"><b>\u2013<\/b><\/span>\u00a0Dur\u00e9e\u00a0: 1h20<\/p>\t\t\t\t\t\t\t\t<\/div>\n\t\t\t\t\t<\/div>\n\t\t<\/div>\n\t\t\t\t<div class=\"elementor-column elementor-col-50 elementor-inner-column elementor-element elementor-element-e826f0c\" data-id=\"e826f0c\" data-element_type=\"column\" data-e-type=\"column\" data-settings=\"{&quot;background_background&quot;:&quot;classic&quot;}\">\n\t\t\t<div class=\"elementor-widget-wrap elementor-element-populated\">\n\t\t\t\t\t<div class=\"elementor-background-overlay\"><\/div>\n\t\t\t\t\t\t<div class=\"elementor-element elementor-element-31b8271 elementor-widget elementor-widget-image\" data-id=\"31b8271\" data-element_type=\"widget\" data-e-type=\"widget\" data-widget_type=\"image.default\">\n\t\t\t\t\t\t\t\t\t\t\t\t\t\t\t<img loading=\"lazy\" decoding=\"async\" width=\"280\" height=\"255\" src=\"https:\/\/lessinguliers.fr\/wp-content\/uploads\/2025\/08\/hindenoch-6.jpg\" class=\"attachment-large size-large wp-image-394\" alt=\"\" \/>\t\t\t\t\t\t\t\t\t\t\t\t\t\t\t<\/div>\n\t\t\t\t\t<\/div>\n\t\t<\/div>\n\t\t\t\t\t<\/div>\n\t\t<\/section>\n\t\t\t\t<section class=\"elementor-section elementor-inner-section elementor-element elementor-element-1c9a699 elementor-section-content-middle elementor-reverse-mobile elementor-section-full_width elementor-section-height-default elementor-section-height-default\" data-id=\"1c9a699\" data-element_type=\"section\" data-e-type=\"section\" data-settings=\"{&quot;background_background&quot;:&quot;classic&quot;}\">\n\t\t\t\t\t\t<div class=\"elementor-container elementor-column-gap-no\">\n\t\t\t\t\t<div class=\"elementor-column elementor-col-50 elementor-inner-column elementor-element elementor-element-97efa45\" data-id=\"97efa45\" data-element_type=\"column\" data-e-type=\"column\" data-settings=\"{&quot;background_background&quot;:&quot;classic&quot;}\">\n\t\t\t<div class=\"elementor-widget-wrap elementor-element-populated\">\n\t\t\t\t\t<div class=\"elementor-background-overlay\"><\/div>\n\t\t\t\t\t\t<div class=\"elementor-element elementor-element-f2cec01 elementor-widget elementor-widget-image\" data-id=\"f2cec01\" data-element_type=\"widget\" data-e-type=\"widget\" data-widget_type=\"image.default\">\n\t\t\t\t\t\t\t\t\t\t\t\t\t\t\t<img loading=\"lazy\" decoding=\"async\" width=\"280\" height=\"255\" src=\"https:\/\/lessinguliers.fr\/wp-content\/uploads\/2025\/08\/boussengui-2.jpg\" class=\"attachment-large size-large wp-image-494\" alt=\"\" \/>\t\t\t\t\t\t\t\t\t\t\t\t\t\t\t<\/div>\n\t\t\t\t\t<\/div>\n\t\t<\/div>\n\t\t\t\t<div class=\"elementor-column elementor-col-50 elementor-inner-column elementor-element elementor-element-afcc4fb\" data-id=\"afcc4fb\" data-element_type=\"column\" data-e-type=\"column\" data-settings=\"{&quot;background_background&quot;:&quot;classic&quot;}\">\n\t\t\t<div class=\"elementor-widget-wrap elementor-element-populated\">\n\t\t\t\t\t\t<div class=\"elementor-element elementor-element-8f6e749 elementor-widget elementor-widget-heading\" data-id=\"8f6e749\" data-element_type=\"widget\" data-e-type=\"widget\" data-widget_type=\"heading.default\">\n\t\t\t\t\t<h2 class=\"elementor-heading-title elementor-size-small\"><a href=\"#\">Tate Bouka le P\u00e8re, d\u00e8s 10 ans<\/a><\/h2>\t\t\t\t<\/div>\n\t\t\t\t<div class=\"elementor-element elementor-element-ff1b01b elementor-widget elementor-widget-text-editor\" data-id=\"ff1b01b\" data-element_type=\"widget\" data-e-type=\"widget\" data-widget_type=\"text-editor.default\">\n\t\t\t\t\t\t\t\t\t<p>Dans cette cr\u00e9ation, le conte, les souvenirs, la musique s\u2019alternent, se bousculent, s\u2019accordent.<br \/>Tate Bouka le p\u00e8re, personnage central transmet sa culture, son histoire. Homme de la tradition et t\u00e9moin d\u2019une p\u00e9riode marquante de l\u2019histoire du Gabon, Tate Bouka le p\u00e8re raconte ses souvenirs\u00a0: l\u2019initiation, passage oblig\u00e9 pour sortir de l\u2019enfance, la polygamie, l\u2019\u00e9poque coloniale.<\/p><p>Souvenirs qui trouvent un \u00e9cho dans la magie de ce conte \u00e0 tiroir\u00a0: l\u2019histoire d\u2019un jeune homme malchanceux dont le sort est transform\u00e9 par la volont\u00e9 des anc\u00eatres. Il h\u00e9rite alors d\u2019une lance magique, d\u2019une femme-antilope qui l\u2019obligera \u00e0 devenir polygame&#8230;<br \/>Dans ce spectacle, R\u00e9my Boussengui joue le r\u00f4le de son propre p\u00e8re\u00a0; ce p\u00e8re qui fut \u00e0 la fois conteur, chanteur, orateur brillant et adepte inconditionnel de l\u2019humour&#8230;<\/p><p>\u00ab\u00a0Mon spectacle rend hommage \u00e0 mon p\u00e8re. Il n\u2019est plus depuis 1995. Je ne voulais pas l\u2019enterrer en silence. Mon p\u00e8re ne m\u2019a pas laiss\u00e9 de ch\u00e2teaux, mais la parole qui me permet d\u2019exister. J\u2019ai trouv\u00e9 l\u00e0 un moyen de lui dire au revoir.\u00a0\u00bb<\/p><p>\u2013\u00a0Conte et musique (arc musical et percussions)\u00a0: R\u00e9my Boussengui<br \/>\u2013\u00a0Dur\u00e9e\u00a0: 1h20<\/p>\t\t\t\t\t\t\t\t<\/div>\n\t\t\t\t\t<\/div>\n\t\t<\/div>\n\t\t\t\t\t<\/div>\n\t\t<\/section>\n\t\t\t\t<section class=\"elementor-section elementor-inner-section elementor-element elementor-element-aa90293 elementor-section-content-middle elementor-reverse-mobile elementor-section-full_width elementor-section-height-default elementor-section-height-default\" data-id=\"aa90293\" data-element_type=\"section\" data-e-type=\"section\" data-settings=\"{&quot;background_background&quot;:&quot;classic&quot;}\">\n\t\t\t\t\t\t<div class=\"elementor-container elementor-column-gap-no\">\n\t\t\t\t\t<div class=\"elementor-column elementor-col-50 elementor-inner-column elementor-element elementor-element-aea0d5e\" data-id=\"aea0d5e\" data-element_type=\"column\" data-e-type=\"column\" data-settings=\"{&quot;background_background&quot;:&quot;classic&quot;}\">\n\t\t\t<div class=\"elementor-widget-wrap elementor-element-populated\">\n\t\t\t\t\t\t<div class=\"elementor-element elementor-element-e8c5ad4 elementor-widget elementor-widget-heading\" data-id=\"e8c5ad4\" data-element_type=\"widget\" data-e-type=\"widget\" data-widget_type=\"heading.default\">\n\t\t\t\t\t<h2 class=\"elementor-heading-title elementor-size-small\"><a href=\"#\">Un Parfum d\u2019Enfance, d\u00e8s 10 ans<\/a><\/h2>\t\t\t\t<\/div>\n\t\t\t\t<div class=\"elementor-element elementor-element-2ac09bf elementor-widget elementor-widget-text-editor\" data-id=\"2ac09bf\" data-element_type=\"widget\" data-e-type=\"widget\" data-widget_type=\"text-editor.default\">\n\t\t\t\t\t\t\t\t\t<p>Caroline Sire, petite-fille du c\u00e9l\u00e8bre parfumeur Fran\u00e7ois COTY, inventeur de la parfumerie moderne, nous invite au c\u0153ur du monde des senteurs, des odeurs, des parfums.<br \/>Un voyage entre r\u00e9cits, univers sonore, chant et mouvement.<\/p><p>Il ne s\u2019agit pas d\u2019une seule histoire mais plut\u00f4t d\u2019une invitation \u00e0 partir en immersion sensible au c\u0153ur du monde des senteurs, des odeurs, des parfums.<br \/>Un hommage. Un partage \u00e0 la fois intime et universel qui nous fait plonger au c\u0153ur des souvenirs de notre cartographie olfactive personnelle.<\/p><p>Tout au long du spectacle se tisse un dialogue imaginaire avec ce grand-p\u00e8re jamais connu. Un homme qui concevait le parfum comme une signature de l\u2019\u00e2me, qui avait la passion de la qualit\u00e9 et de l\u2019excellence. Mais aussi la passion de cr\u00e9er du beau, du sublime, du r\u00eave&#8230;<\/p><p>Si un parfum sans histoire est un parfum sans personnalit\u00e9, alors conteur et parfumeur ont bien des choses \u00e0 se raconter !<\/p><p>\u2013 R\u00e9cit, Chant et Bande son : Caroline Sire<br \/>Ce spectacle peut \u00eatre pr\u00e9sent\u00e9 dans des lieux \u00e9quip\u00e9s sous le titre : \u00ab\u00a0Le Nez au Vent\u00a0\u00bb<br \/>\u2013 Dur\u00e9e : 1h10<br \/>\u2013 Spectacle disponible en version anglaise<\/p>\t\t\t\t\t\t\t\t<\/div>\n\t\t\t\t\t<\/div>\n\t\t<\/div>\n\t\t\t\t<div class=\"elementor-column elementor-col-50 elementor-inner-column elementor-element elementor-element-e7f2ae7\" data-id=\"e7f2ae7\" data-element_type=\"column\" data-e-type=\"column\" data-settings=\"{&quot;background_background&quot;:&quot;classic&quot;}\">\n\t\t\t<div class=\"elementor-widget-wrap elementor-element-populated\">\n\t\t\t\t\t<div class=\"elementor-background-overlay\"><\/div>\n\t\t\t\t\t\t<div class=\"elementor-element elementor-element-7a55b5e elementor-widget elementor-widget-video\" data-id=\"7a55b5e\" data-element_type=\"widget\" data-e-type=\"widget\" data-settings=\"{&quot;youtube_url&quot;:&quot;https:\\\/\\\/www.youtube.com\\\/watch?v=AqWI0i3Y01E&amp;ab_channel=LesSinguliers&quot;,&quot;video_type&quot;:&quot;youtube&quot;,&quot;controls&quot;:&quot;yes&quot;}\" data-widget_type=\"video.default\">\n\t\t\t\t\t\t\t<div class=\"elementor-wrapper elementor-open-inline\">\n\t\t\t<div class=\"elementor-video\"><\/div>\t\t<\/div>\n\t\t\t\t\t\t<\/div>\n\t\t\t\t\t<\/div>\n\t\t<\/div>\n\t\t\t\t\t<\/div>\n\t\t<\/section>\n\t\t\t\t<section class=\"elementor-section elementor-inner-section elementor-element elementor-element-1e7fa06 elementor-section-content-middle elementor-reverse-mobile elementor-section-full_width elementor-section-height-default elementor-section-height-default\" data-id=\"1e7fa06\" data-element_type=\"section\" data-e-type=\"section\" data-settings=\"{&quot;background_background&quot;:&quot;classic&quot;}\">\n\t\t\t\t\t\t<div class=\"elementor-container elementor-column-gap-no\">\n\t\t\t\t\t<div class=\"elementor-column elementor-col-50 elementor-inner-column elementor-element elementor-element-003d89d\" data-id=\"003d89d\" data-element_type=\"column\" data-e-type=\"column\" data-settings=\"{&quot;background_background&quot;:&quot;classic&quot;}\">\n\t\t\t<div class=\"elementor-widget-wrap elementor-element-populated\">\n\t\t\t\t\t<div class=\"elementor-background-overlay\"><\/div>\n\t\t\t\t\t\t<div class=\"elementor-element elementor-element-270804f elementor-widget elementor-widget-image\" data-id=\"270804f\" data-element_type=\"widget\" data-e-type=\"widget\" data-widget_type=\"image.default\">\n\t\t\t\t\t\t\t\t\t\t\t\t\t\t\t<img loading=\"lazy\" decoding=\"async\" width=\"280\" height=\"255\" src=\"https:\/\/lessinguliers.fr\/wp-content\/uploads\/2025\/08\/hindenoch-2.jpg\" class=\"attachment-large size-large wp-image-405\" alt=\"\" \/>\t\t\t\t\t\t\t\t\t\t\t\t\t\t\t<\/div>\n\t\t\t\t\t<\/div>\n\t\t<\/div>\n\t\t\t\t<div class=\"elementor-column elementor-col-50 elementor-inner-column elementor-element elementor-element-0d7f175\" data-id=\"0d7f175\" data-element_type=\"column\" data-e-type=\"column\" data-settings=\"{&quot;background_background&quot;:&quot;classic&quot;}\">\n\t\t\t<div class=\"elementor-widget-wrap elementor-element-populated\">\n\t\t\t\t\t\t<div class=\"elementor-element elementor-element-a25f876 elementor-widget elementor-widget-heading\" data-id=\"a25f876\" data-element_type=\"widget\" data-e-type=\"widget\" data-widget_type=\"heading.default\">\n\t\t\t\t\t<h2 class=\"elementor-heading-title elementor-size-small\"><a href=\"#\">Vent d'Est, d\u00e8s 10 ans<\/a><\/h2>\t\t\t\t<\/div>\n\t\t\t\t<div class=\"elementor-element elementor-element-aa2d093 elementor-widget elementor-widget-text-editor\" data-id=\"aa2d093\" data-element_type=\"widget\" data-e-type=\"widget\" data-widget_type=\"text-editor.default\">\n\t\t\t\t\t\t\t\t\t<p>Les provinces de l\u2019Est\u00a0: Lorraine, Vosges, Alsace sont les pays qui m\u2019ont nourri.<br \/>Apr\u00e8s avoir abord\u00e9 les contes du monde, les \u00e9pop\u00e9es, les mythes, j\u2019ai pens\u00e9 qu\u2019il \u00e9tait temps de me consacrer aux contes de mon enfance. J\u2019ai \u00e9t\u00e9 bien \u00e9tonn\u00e9 de trouver l\u00e0 un r\u00e9pertoire que j\u2019avais d\u00e9j\u00e0 rencontr\u00e9 \u00e0 d\u2019autres sources. Un corpus d\u2019histoires que je pr\u00e9f\u00e9rais d\u00e9j\u00e0 dans les versions d\u2019autres pays.<\/p><p>Les fables, randonn\u00e9es, fac\u00e9ties, contes merveilleux, l\u00e9gendes qui ont s\u00e9journ\u00e9 dans cette r\u00e9gion, se sont si bien acclimat\u00e9s qu\u2019ils se sont fondus avec le paysage. Comme ils l\u2019ont fait partout ailleurs, d\u2019ailleurs. Mais je dois avouer que pour moi, ce sont les sapins qui font les plus belles for\u00eats.<br \/>Les soirs Vosgiens sont les plus myst\u00e9rieux. Les vergers de Lorraine ont cette bonhommie qui ne se retrouve nulle part. Les villages d\u2019Alsace sont les plus beaux du monde.<br \/>Chauvin\u00a0? Et apr\u00e8s tout, pourquoi pas\u00a0? Lorsque je voyage dans d\u2019autres paysages, ce sont eux que je porte avec moi. Ils ont fait mes go\u00fbts, mes chim\u00e8res, mes plaisirs.<\/p><p>Alors, il est temps de vous les faire go\u00fbter \u00e0 mon tour. Car sans perdre mon temps \u00e0 dire que les gens de l\u2019Est sont les meilleurs, ce que je ne crois pas, j\u2019aimerais vous faire go\u00fbter cette terre qui a port\u00e9 mes premiers r\u00e8ves d\u2019enfant, avant que le cheval blanc du voyage ne m\u2019ait apprivois\u00e9&#8230;<\/p><p>\u2013\u00a0Conte et Musique (cithare hongroise et fl\u00fbte de pan)\u00a0: Michel Hindenoch<br \/>\u2013\u00a0Dur\u00e9e\u00a0: 1h20<\/p>\t\t\t\t\t\t\t\t<\/div>\n\t\t\t\t\t<\/div>\n\t\t<\/div>\n\t\t\t\t\t<\/div>\n\t\t<\/section>\n\t\t\t\t<section class=\"elementor-section elementor-inner-section elementor-element elementor-element-7bfece8 elementor-section-content-middle elementor-reverse-mobile elementor-section-full_width elementor-section-height-default elementor-section-height-default\" data-id=\"7bfece8\" data-element_type=\"section\" data-e-type=\"section\" data-settings=\"{&quot;background_background&quot;:&quot;classic&quot;}\">\n\t\t\t\t\t\t<div class=\"elementor-container elementor-column-gap-no\">\n\t\t\t\t\t<div class=\"elementor-column elementor-col-50 elementor-inner-column elementor-element elementor-element-0dbda40\" data-id=\"0dbda40\" data-element_type=\"column\" data-e-type=\"column\" data-settings=\"{&quot;background_background&quot;:&quot;classic&quot;}\">\n\t\t\t<div class=\"elementor-widget-wrap elementor-element-populated\">\n\t\t\t\t\t\t<div class=\"elementor-element elementor-element-5146ea9 elementor-widget elementor-widget-heading\" data-id=\"5146ea9\" data-element_type=\"widget\" data-e-type=\"widget\" data-widget_type=\"heading.default\">\n\t\t\t\t\t<h2 class=\"elementor-heading-title elementor-size-small\"><a href=\"#\">Cantos Queridos, d\u00e8s 10 ans<\/a><\/h2>\t\t\t\t<\/div>\n\t\t\t\t<div class=\"elementor-element elementor-element-3f378c6 elementor-widget elementor-widget-text-editor\" data-id=\"3f378c6\" data-element_type=\"widget\" data-e-type=\"widget\" data-widget_type=\"text-editor.default\">\n\t\t\t\t\t\t\t\t\t<p>Un r\u00e9cital autour des chants du Venezuela et de l\u2019Am\u00e9rique du sud. Les doigts du pianiste dansent sur un clavier enivr\u00e9 de jazz, nous proposant -par ses arrangements virtuoses- une vision nouvelle sur des rythmes m\u00e9connus. Le conteur, lui, fredonne, raconte, murmure, d\u00e9clame, transmet le sens parfois cach\u00e9 dans les paroles de ces \u00ab\u00a0chants bien-aim\u00e9s\u00a0\u00bb.<\/p><p>\u2013 Conte et Po\u00e9sie : Victor Cova Correa<br \/>\u2013 Musique (piano) : Simon Bolzinger<br \/>\u2013 Dur\u00e9e : 1h<\/p>\t\t\t\t\t\t\t\t<\/div>\n\t\t\t\t\t<\/div>\n\t\t<\/div>\n\t\t\t\t<div class=\"elementor-column elementor-col-50 elementor-inner-column elementor-element elementor-element-2364dcc\" data-id=\"2364dcc\" data-element_type=\"column\" data-e-type=\"column\" data-settings=\"{&quot;background_background&quot;:&quot;classic&quot;}\">\n\t\t\t<div class=\"elementor-widget-wrap elementor-element-populated\">\n\t\t\t\t\t<div class=\"elementor-background-overlay\"><\/div>\n\t\t\t\t\t\t<div class=\"elementor-element elementor-element-4956518 elementor-widget elementor-widget-image\" data-id=\"4956518\" data-element_type=\"widget\" data-e-type=\"widget\" data-widget_type=\"image.default\">\n\t\t\t\t\t\t\t\t\t\t\t\t\t\t\t<img loading=\"lazy\" decoding=\"async\" width=\"300\" height=\"223\" src=\"https:\/\/lessinguliers.fr\/wp-content\/uploads\/2025\/08\/victor-1.jpg\" class=\"attachment-large size-large wp-image-1088\" alt=\"\" \/>\t\t\t\t\t\t\t\t\t\t\t\t\t\t\t<\/div>\n\t\t\t\t\t<\/div>\n\t\t<\/div>\n\t\t\t\t\t<\/div>\n\t\t<\/section>\n\t\t\t\t<section class=\"elementor-section elementor-inner-section elementor-element elementor-element-6a0b9ad elementor-section-content-middle elementor-reverse-mobile elementor-section-full_width elementor-section-height-default elementor-section-height-default\" data-id=\"6a0b9ad\" data-element_type=\"section\" data-e-type=\"section\" data-settings=\"{&quot;background_background&quot;:&quot;classic&quot;}\">\n\t\t\t\t\t\t<div class=\"elementor-container elementor-column-gap-no\">\n\t\t\t\t\t<div class=\"elementor-column elementor-col-50 elementor-inner-column elementor-element elementor-element-3a937cd\" data-id=\"3a937cd\" data-element_type=\"column\" data-e-type=\"column\" data-settings=\"{&quot;background_background&quot;:&quot;classic&quot;}\">\n\t\t\t<div class=\"elementor-widget-wrap elementor-element-populated\">\n\t\t\t\t\t<div class=\"elementor-background-overlay\"><\/div>\n\t\t\t\t\t\t<div class=\"elementor-element elementor-element-8b6d1ed elementor-widget elementor-widget-image\" data-id=\"8b6d1ed\" data-element_type=\"widget\" data-e-type=\"widget\" data-widget_type=\"image.default\">\n\t\t\t\t\t\t\t\t\t\t\t\t\t\t\t<img loading=\"lazy\" decoding=\"async\" width=\"300\" height=\"364\" src=\"https:\/\/lessinguliers.fr\/wp-content\/uploads\/2025\/08\/CS-cat.jpg\" class=\"attachment-large size-large wp-image-2002\" alt=\"\" srcset=\"https:\/\/lessinguliers.fr\/wp-content\/uploads\/2025\/08\/CS-cat.jpg 300w, https:\/\/lessinguliers.fr\/wp-content\/uploads\/2025\/08\/CS-cat-247x300.jpg 247w\" sizes=\"(max-width: 300px) 100vw, 300px\" \/>\t\t\t\t\t\t\t\t\t\t\t\t\t\t\t<\/div>\n\t\t\t\t\t<\/div>\n\t\t<\/div>\n\t\t\t\t<div class=\"elementor-column elementor-col-50 elementor-inner-column elementor-element elementor-element-b2b8bf8\" data-id=\"b2b8bf8\" data-element_type=\"column\" data-e-type=\"column\" data-settings=\"{&quot;background_background&quot;:&quot;classic&quot;}\">\n\t\t\t<div class=\"elementor-widget-wrap elementor-element-populated\">\n\t\t\t\t\t\t<div class=\"elementor-element elementor-element-6643338 elementor-widget elementor-widget-heading\" data-id=\"6643338\" data-element_type=\"widget\" data-e-type=\"widget\" data-widget_type=\"heading.default\">\n\t\t\t\t\t<h2 class=\"elementor-heading-title elementor-size-small\"><a href=\"#\">The Cat\u2019s out of the Bag !, d\u00e8s 10 ans<\/a><\/h2>\t\t\t\t<\/div>\n\t\t\t\t<div class=\"elementor-element elementor-element-7d34558 elementor-widget elementor-widget-text-editor\" data-id=\"7d34558\" data-element_type=\"widget\" data-e-type=\"widget\" data-widget_type=\"text-editor.default\">\n\t\t\t\t\t\t\t\t\t<p>\u2013 Tour de contes anglais \/ fran\u00e7ais<\/p><p>Les histoires se racontent d\u2019un bout du Channel \u00e0 l\u2019autre, port\u00e9es par le vent et l\u2019imagination des hommes. Au cours de leur voyage, elles changent de couleur, de musique, de mots. Passant d\u2019une langue \u00e0 l\u2019autre, invitant les auditeurs \u00e0 se joindre \u00e0 la f\u00eate, Caroline Sire nous emm\u00e8ne tambour battant \u00e0 la d\u00e9couverte de personnages tour \u00e0 tour po\u00e9tiques, dr\u00f4les ou inqui\u00e9tants.<\/p><p>Dans un d\u00e9cor sobre, Caroline Sire nous enchante en nous entrainant dans le sillon de ses histoires pleines de r\u00eave, de vitalit\u00e9 et de fantaisie. Elle manie avec beaucoup de bonheur les langues fran\u00e7aise et ga\u00e9lique. En entrem\u00ealant le chant, la danse, le r\u00e9cit, elle nous fait r\u00eaver&#8230;<\/p><p>\u2013 Conte, Chant et Musique (Bodhr\u00e1n et Sanzula) : Caroline Sire<br \/>\u2013 Dur\u00e9e : 1h<\/p>\t\t\t\t\t\t\t\t<\/div>\n\t\t\t\t\t<\/div>\n\t\t<\/div>\n\t\t\t\t\t<\/div>\n\t\t<\/section>\n\t\t\t\t<section class=\"elementor-section elementor-inner-section elementor-element elementor-element-c643df4 elementor-section-content-middle elementor-reverse-mobile elementor-section-full_width elementor-section-height-default elementor-section-height-default\" data-id=\"c643df4\" data-element_type=\"section\" data-e-type=\"section\" data-settings=\"{&quot;background_background&quot;:&quot;classic&quot;}\">\n\t\t\t\t\t\t<div class=\"elementor-container elementor-column-gap-no\">\n\t\t\t\t\t<div class=\"elementor-column elementor-col-50 elementor-inner-column elementor-element elementor-element-7dbff8d\" data-id=\"7dbff8d\" data-element_type=\"column\" data-e-type=\"column\" data-settings=\"{&quot;background_background&quot;:&quot;classic&quot;}\">\n\t\t\t<div class=\"elementor-widget-wrap elementor-element-populated\">\n\t\t\t\t\t\t<div class=\"elementor-element elementor-element-0d1b225 elementor-widget elementor-widget-heading\" data-id=\"0d1b225\" data-element_type=\"widget\" data-e-type=\"widget\" data-widget_type=\"heading.default\">\n\t\t\t\t\t<h2 class=\"elementor-heading-title elementor-size-small\"><a href=\"#\">Le kaftan d\u2019amour tachet\u00e9 de passion, et autres contes merveilleux, d\u00e8s 10 ans<\/a><\/h2>\t\t\t\t<\/div>\n\t\t\t\t<div class=\"elementor-element elementor-element-fe6c273 elementor-widget elementor-widget-text-editor\" data-id=\"fe6c273\" data-element_type=\"widget\" data-e-type=\"widget\" data-widget_type=\"text-editor.default\">\n\t\t\t\t\t\t\t\t\t<p>De tout temps, en tous lieux, les \u00eatres que nous sommes avons toujours sublim\u00e9 le sentiment d\u2019amour. Si nous avons donn\u00e9 un si haut rang \u00e0 ce sentiment, c\u2019est qu\u2019il fait de nous l\u2019esclave de sa loi.<\/p><p>Quelques histoires d\u2019amour pour nous \u00e9clairer sur les maux de l\u2019amour et que le mal d\u2019amour ne peut se gu\u00e9rir qu\u2019avec les mots de l\u2019amour.<br \/>C\u2019est aussi l\u2019histoire d\u2019une fille qui demande un si bel habit que son p\u00e8re en d\u00e9sesp\u00e8re&#8230; de fil en aiguille&#8230; des histoires de soie, de mousseline et de taffetas. Alors chevauchons les ailes du merveilleux<\/p><p>\u2013 Conte et Musique : Hamed Bouzzine<br \/>\u2013 Dur\u00e9e : 1h20<\/p>\t\t\t\t\t\t\t\t<\/div>\n\t\t\t\t\t<\/div>\n\t\t<\/div>\n\t\t\t\t<div class=\"elementor-column elementor-col-50 elementor-inner-column elementor-element elementor-element-bed08c4\" data-id=\"bed08c4\" data-element_type=\"column\" data-e-type=\"column\" data-settings=\"{&quot;background_background&quot;:&quot;classic&quot;}\">\n\t\t\t<div class=\"elementor-widget-wrap elementor-element-populated\">\n\t\t\t\t\t<div class=\"elementor-background-overlay\"><\/div>\n\t\t\t\t\t\t<div class=\"elementor-element elementor-element-2751f32 elementor-widget elementor-widget-image\" data-id=\"2751f32\" data-element_type=\"widget\" data-e-type=\"widget\" data-widget_type=\"image.default\">\n\t\t\t\t\t\t\t\t\t\t\t\t\t\t\t<img loading=\"lazy\" decoding=\"async\" width=\"300\" height=\"346\" src=\"https:\/\/lessinguliers.fr\/wp-content\/uploads\/2025\/08\/H-Bouzzine-Credit-photo-G-Roussy-1.jpg\" class=\"attachment-large size-large wp-image-1826\" alt=\"\" srcset=\"https:\/\/lessinguliers.fr\/wp-content\/uploads\/2025\/08\/H-Bouzzine-Credit-photo-G-Roussy-1.jpg 300w, https:\/\/lessinguliers.fr\/wp-content\/uploads\/2025\/08\/H-Bouzzine-Credit-photo-G-Roussy-1-260x300.jpg 260w\" sizes=\"(max-width: 300px) 100vw, 300px\" \/>\t\t\t\t\t\t\t\t\t\t\t\t\t\t\t<\/div>\n\t\t\t\t\t<\/div>\n\t\t<\/div>\n\t\t\t\t\t<\/div>\n\t\t<\/section>\n\t\t\t\t<section class=\"elementor-section elementor-inner-section elementor-element elementor-element-a6dc0f0 elementor-section-content-middle elementor-reverse-mobile elementor-section-full_width elementor-section-height-default elementor-section-height-default\" data-id=\"a6dc0f0\" data-element_type=\"section\" data-e-type=\"section\" data-settings=\"{&quot;background_background&quot;:&quot;classic&quot;}\">\n\t\t\t\t\t\t<div class=\"elementor-container elementor-column-gap-no\">\n\t\t\t\t\t<div class=\"elementor-column elementor-col-50 elementor-inner-column elementor-element elementor-element-becc78f\" data-id=\"becc78f\" data-element_type=\"column\" data-e-type=\"column\" data-settings=\"{&quot;background_background&quot;:&quot;classic&quot;}\">\n\t\t\t<div class=\"elementor-widget-wrap elementor-element-populated\">\n\t\t\t\t\t<div class=\"elementor-background-overlay\"><\/div>\n\t\t\t\t\t\t<div class=\"elementor-element elementor-element-e3abb20 elementor-widget elementor-widget-video\" data-id=\"e3abb20\" data-element_type=\"widget\" data-e-type=\"widget\" data-settings=\"{&quot;youtube_url&quot;:&quot;https:\\\/\\\/www.youtube.com\\\/watch?v=KMoJdUaHWEY&amp;ab_channel=LesSinguliers&quot;,&quot;video_type&quot;:&quot;youtube&quot;,&quot;controls&quot;:&quot;yes&quot;}\" data-widget_type=\"video.default\">\n\t\t\t\t\t\t\t<div class=\"elementor-wrapper elementor-open-inline\">\n\t\t\t<div class=\"elementor-video\"><\/div>\t\t<\/div>\n\t\t\t\t\t\t<\/div>\n\t\t\t\t\t<\/div>\n\t\t<\/div>\n\t\t\t\t<div class=\"elementor-column elementor-col-50 elementor-inner-column elementor-element elementor-element-9bb1a01\" data-id=\"9bb1a01\" data-element_type=\"column\" data-e-type=\"column\" data-settings=\"{&quot;background_background&quot;:&quot;classic&quot;}\">\n\t\t\t<div class=\"elementor-widget-wrap elementor-element-populated\">\n\t\t\t\t\t\t<div class=\"elementor-element elementor-element-58b157a elementor-widget elementor-widget-heading\" data-id=\"58b157a\" data-element_type=\"widget\" data-e-type=\"widget\" data-widget_type=\"heading.default\">\n\t\t\t\t\t<h2 class=\"elementor-heading-title elementor-size-small\"><a href=\"#\">Renardises, d\u00e8s 10 ans<\/a><\/h2>\t\t\t\t<\/div>\n\t\t\t\t<div class=\"elementor-element elementor-element-b0faf18 elementor-widget elementor-widget-text-editor\" data-id=\"b0faf18\" data-element_type=\"widget\" data-e-type=\"widget\" data-widget_type=\"text-editor.default\">\n\t\t\t\t\t\t\t\t\t<p>Le Roman de Renart est un recueil de contes ou \u201cbranches\u201d, mettant en sc\u00e8ne des animaux de la for\u00eat, de la ferme et quelques rares humains de passage. Pour les nombreux po\u00e8tes qui ont contribu\u00e9 \u00e0 son \u00e9criture, le Roman de Renart \u00e9tait l\u2019occasion d\u2019un divertissement color\u00e9 et joyeux, d\u2019une parodie du Roman Chevaleresque, mais surtout d\u2019une satire sans complaisance de la soci\u00e9t\u00e9 f\u00e9odale.<\/p><p>Bien qu\u2019aujourd\u2019hui nos r\u00e8gles sociales aient chang\u00e9 (en apparence), le personnage de Renart r\u00e9sonne toujours en nous\u00a0: Il continue plus que jamais \u00e0 incarner l\u2019espoir de l\u2019Homme dans sa lutte incessante pour \u00e9chapper aux hi\u00e9rarchies naturelles et sociales.<\/p><p>Le Roman a pourtant une autre r\u00e9sonance\u00a0: Ce \u201crenversement du monde\u201d nous conduit \u00e0 interroger notre conception du mal et le lien secret qui nous attache \u00e0 notre ombre. Il s\u2019inscrit dans la tradition des cycles du fripon divin, de Dionysos, d\u2019Hermes, de Tiel Eulenspiegel, de Coyote ou Corbeau des Am\u00e9rindiens du nord&#8230; Renart est le h\u00e9ros de toutes les transgressions contre l\u2019ordre \u00e9tabli.<\/p><p>\u00c0 partir de quatre des branches du Roman et de leur correspondances dans le patrimoine oral populaire, \u201cRenardises\u201d nous propose quatre \u00e9tapes majeures vers notre lib\u00e9ration\u2002\u00a0: Chantecler ou l\u2019apprentissage, le Puits ou la chance, Tibert ou la rivalit\u00e9, Roenel ou la solitude.<\/p><p>\u2013\u00a0Conte et Musique (cithare hongroise et fl\u00fbte de pan)\u00a0: Michel Hindenoch<br \/>\u2013\u00a0Dur\u00e9e\u00a0: 1h20<\/p>\t\t\t\t\t\t\t\t<\/div>\n\t\t\t\t\t<\/div>\n\t\t<\/div>\n\t\t\t\t\t<\/div>\n\t\t<\/section>\n\t\t\t\t<section class=\"elementor-section elementor-inner-section elementor-element elementor-element-f1f7138 elementor-section-content-middle elementor-reverse-mobile elementor-section-full_width elementor-section-height-default elementor-section-height-default\" data-id=\"f1f7138\" data-element_type=\"section\" data-e-type=\"section\" data-settings=\"{&quot;background_background&quot;:&quot;classic&quot;}\">\n\t\t\t\t\t\t<div class=\"elementor-container elementor-column-gap-no\">\n\t\t\t\t\t<div class=\"elementor-column elementor-col-50 elementor-inner-column elementor-element elementor-element-478f8d5\" data-id=\"478f8d5\" data-element_type=\"column\" data-e-type=\"column\" data-settings=\"{&quot;background_background&quot;:&quot;classic&quot;}\">\n\t\t\t<div class=\"elementor-widget-wrap elementor-element-populated\">\n\t\t\t\t\t\t<div class=\"elementor-element elementor-element-b8568b2 elementor-widget elementor-widget-heading\" data-id=\"b8568b2\" data-element_type=\"widget\" data-e-type=\"widget\" data-widget_type=\"heading.default\">\n\t\t\t\t\t<h2 class=\"elementor-heading-title elementor-size-small\"><a href=\"#\">La Sagesse de Kofi, d\u00e8s 10 ans<\/a><\/h2>\t\t\t\t<\/div>\n\t\t\t\t<div class=\"elementor-element elementor-element-329eac7 elementor-widget elementor-widget-text-editor\" data-id=\"329eac7\" data-element_type=\"widget\" data-e-type=\"widget\" data-widget_type=\"text-editor.default\">\n\t\t\t\t\t\t\t\t\t<p>D\u2019apr\u00e8s&#8230; tous les bons faiseurs et les bons diseurs de mots<\/p><p>De quelle sagesse s\u2019agit-il\u00a0?<br \/>De celle du vautour ou de celle du magicien\u00a0?<br \/>De celle de l\u2019enfant ou de celle de l\u2019\u00e9cureuil\u00a0?<br \/>On avait dit \u00e0 Kofi\u00a0: \u00ab\u00a0Va sur les sentiers, parcours les villages et les for\u00eats, interroge tout ce qui bouge et qui respire, \u00e9coute le langage de l\u2019homme comme celui de l\u2019animal, r\u00e9colte la sagesse partout o\u00f9 tu la trouveras et enferme-la dans la calebasse.\u00a0\u00bb<\/p><p>\u00ab\u00a0Avec ce spectacle, je plonge \u00e0 nouveau dans mon patrimoine, gisement mill\u00e9naire des contes du Gabon. Je veux r\u00e9pondre \u00e0 la curiosit\u00e9 du voyageur au moyen d\u2019histoires empreintes d\u2019humour mais porteuses de v\u00e9rit\u00e9. J\u2019y r\u00e9ponds aussi par l\u2019\u00e9vocation d\u2019un \u00e9l\u00e9ment essentiel de la parole africaine\u00a0: le proverbe, s\u00e8ve de toutes les palabres.\u00a0\u00bb<\/p><p>Ici les pas de celui qui cherche sont rythm\u00e9s par la musique des percussions et le son de l\u2019arc musical.<br \/>Le public, sage ou non, est appel\u00e9 \u00e0 recr\u00e9er le village&#8230;<\/p><p>\u2013\u00a0Conte et musique (arc musical et percussions)\u00a0: R\u00e9my Boussengui<br \/>\u2013\u00a0Dur\u00e9e\u00a0: 1h15<\/p>\t\t\t\t\t\t\t\t<\/div>\n\t\t\t\t\t<\/div>\n\t\t<\/div>\n\t\t\t\t<div class=\"elementor-column elementor-col-50 elementor-inner-column elementor-element elementor-element-fd647cd\" data-id=\"fd647cd\" data-element_type=\"column\" data-e-type=\"column\" data-settings=\"{&quot;background_background&quot;:&quot;classic&quot;}\">\n\t\t\t<div class=\"elementor-widget-wrap elementor-element-populated\">\n\t\t\t\t\t<div class=\"elementor-background-overlay\"><\/div>\n\t\t\t\t\t\t<div class=\"elementor-element elementor-element-aa32f0b elementor-widget elementor-widget-image\" data-id=\"aa32f0b\" data-element_type=\"widget\" data-e-type=\"widget\" data-widget_type=\"image.default\">\n\t\t\t\t\t\t\t\t\t\t\t\t\t\t\t<img loading=\"lazy\" decoding=\"async\" width=\"280\" height=\"255\" src=\"https:\/\/lessinguliers.fr\/wp-content\/uploads\/2025\/08\/boussengui-6.jpg\" class=\"attachment-large size-large wp-image-493\" alt=\"\" \/>\t\t\t\t\t\t\t\t\t\t\t\t\t\t\t<\/div>\n\t\t\t\t\t<\/div>\n\t\t<\/div>\n\t\t\t\t\t<\/div>\n\t\t<\/section>\n\t\t\t\t<section class=\"elementor-section elementor-inner-section elementor-element elementor-element-ec8507c elementor-section-content-middle elementor-reverse-mobile elementor-section-full_width elementor-section-height-default elementor-section-height-default\" data-id=\"ec8507c\" data-element_type=\"section\" data-e-type=\"section\" data-settings=\"{&quot;background_background&quot;:&quot;classic&quot;}\">\n\t\t\t\t\t\t<div class=\"elementor-container elementor-column-gap-no\">\n\t\t\t\t\t<div class=\"elementor-column elementor-col-50 elementor-inner-column elementor-element elementor-element-ea0610b\" data-id=\"ea0610b\" data-element_type=\"column\" data-e-type=\"column\" data-settings=\"{&quot;background_background&quot;:&quot;classic&quot;}\">\n\t\t\t<div class=\"elementor-widget-wrap elementor-element-populated\">\n\t\t\t\t\t<div class=\"elementor-background-overlay\"><\/div>\n\t\t\t\t\t\t<div class=\"elementor-element elementor-element-058ef24 elementor-widget elementor-widget-image\" data-id=\"058ef24\" data-element_type=\"widget\" data-e-type=\"widget\" data-widget_type=\"image.default\">\n\t\t\t\t\t\t\t\t\t\t\t\t\t\t\t<img loading=\"lazy\" decoding=\"async\" width=\"300\" height=\"331\" src=\"https:\/\/lessinguliers.fr\/wp-content\/uploads\/2025\/08\/Victor-Cova-Correa-Ext-Librededroits-5.jpg\" class=\"attachment-large size-large wp-image-2102\" alt=\"\" srcset=\"https:\/\/lessinguliers.fr\/wp-content\/uploads\/2025\/08\/Victor-Cova-Correa-Ext-Librededroits-5.jpg 300w, https:\/\/lessinguliers.fr\/wp-content\/uploads\/2025\/08\/Victor-Cova-Correa-Ext-Librededroits-5-272x300.jpg 272w\" sizes=\"(max-width: 300px) 100vw, 300px\" \/>\t\t\t\t\t\t\t\t\t\t\t\t\t\t\t<\/div>\n\t\t\t\t\t<\/div>\n\t\t<\/div>\n\t\t\t\t<div class=\"elementor-column elementor-col-50 elementor-inner-column elementor-element elementor-element-e906c60\" data-id=\"e906c60\" data-element_type=\"column\" data-e-type=\"column\" data-settings=\"{&quot;background_background&quot;:&quot;classic&quot;}\">\n\t\t\t<div class=\"elementor-widget-wrap elementor-element-populated\">\n\t\t\t\t\t\t<div class=\"elementor-element elementor-element-61b300b elementor-widget elementor-widget-heading\" data-id=\"61b300b\" data-element_type=\"widget\" data-e-type=\"widget\" data-widget_type=\"heading.default\">\n\t\t\t\t\t<h2 class=\"elementor-heading-title elementor-size-small\"><a href=\"#\">Contes de la nuit sans Lune, d\u00e8s 11 ans<\/a><\/h2>\t\t\t\t<\/div>\n\t\t\t\t<div class=\"elementor-element elementor-element-7756031 elementor-widget elementor-widget-text-editor\" data-id=\"7756031\" data-element_type=\"widget\" data-e-type=\"widget\" data-widget_type=\"text-editor.default\">\n\t\t\t\t\t\t\t\t\t<p>La maison dans la for\u00eat, envahie par les ronces et les chardons, abandonn\u00e9e depuis la venue des espagnols, nous appelait\u2026<br \/>Hauts comme trois mangues, nous allions y jouer, mais jamais la nuit ! Et encore moins les nuits de nouvelle lune. Car le Vieux Gavil\u00e1n nous avait racont\u00e9 que lorsque le ciel \u00e9tait ainsi sombre, la maison reprenait vie ; chacune de ses pi\u00e8ces h\u00e9bergeait un cauchemar\u2026<\/p><p>Ce soir, le village est en f\u00eate, nous jouons au jeu de la bouteille, et les perdants auront pour gage de surmonter leur peur en explorant la maison\u2026.<\/p><p>\u2013 Conte et Musique (cuatro) : Victor Cova Correa<br \/>\u2013 Dur\u00e9e : 1h<\/p>\t\t\t\t\t\t\t\t<\/div>\n\t\t\t\t\t<\/div>\n\t\t<\/div>\n\t\t\t\t\t<\/div>\n\t\t<\/section>\n\t\t\t\t<section class=\"elementor-section elementor-inner-section elementor-element elementor-element-98ba9d4 elementor-section-content-middle elementor-reverse-mobile elementor-section-full_width elementor-section-height-default elementor-section-height-default\" data-id=\"98ba9d4\" data-element_type=\"section\" data-e-type=\"section\" data-settings=\"{&quot;background_background&quot;:&quot;classic&quot;}\">\n\t\t\t\t\t\t<div class=\"elementor-container elementor-column-gap-no\">\n\t\t\t\t\t<div class=\"elementor-column elementor-col-50 elementor-inner-column elementor-element elementor-element-7b79ed6\" data-id=\"7b79ed6\" data-element_type=\"column\" data-e-type=\"column\" data-settings=\"{&quot;background_background&quot;:&quot;classic&quot;}\">\n\t\t\t<div class=\"elementor-widget-wrap elementor-element-populated\">\n\t\t\t\t\t\t<div class=\"elementor-element elementor-element-99629e0 elementor-widget elementor-widget-heading\" data-id=\"99629e0\" data-element_type=\"widget\" data-e-type=\"widget\" data-widget_type=\"heading.default\">\n\t\t\t\t\t<h2 class=\"elementor-heading-title elementor-size-small\"><a href=\"#\">Ast\u00e9rios, la l\u00e9gende du Minotaure, d\u00e8s 11 ans<\/a><\/h2>\t\t\t\t<\/div>\n\t\t\t\t<div class=\"elementor-element elementor-element-9a48b33 elementor-widget elementor-widget-text-editor\" data-id=\"9a48b33\" data-element_type=\"widget\" data-e-type=\"widget\" data-widget_type=\"text-editor.default\">\n\t\t\t\t\t\t\t\t\t<p>Des Mythes de la Gr\u00e8ce antique, il nous reste une profusion de l\u00e9gendes et de r\u00e9cits fabuleux. Ils constituent pour nous des racines lointaines et pourtant toujours pr\u00e9sentes\u00a0: C\u2019est que la vie des Dieux et des H\u00e9ros, leurs aventures, bien qu\u2019elles soient imaginaires, ont la vertu de nous \u00e9clairer sur ce que nous vivons chaque jour dans les r\u00e9gions de notre \u00e2me.<\/p><p>Du Cycle Cr\u00e9tois, et particuli\u00e8rement de celui de Th\u00e9s\u00e9e, du combat secret de Zeus et de Poseidon, du destin tragique du fondateur d\u2019Ath\u00e8nes, de sa rencontre avec le Minotaure, Minos, Pasiphae, Ariane, ne nous sont parvenus que des fragments. Sous forme de l\u00e9gendes \u00e9parses, voire d\u2019anecdotes, le plus souvent d\u2019\u00ab\u00a0informations\u00a0\u00bb. Et pourtant le r\u00e9cit reste aujourd\u2019hui autant qu\u2019hier la forme la plus juste pour nous approprier les mythes.<br \/>La tentation \u00e9tait grande pour un conteur-musicien de r\u00e9unir ces \u00e9l\u00e9ments en une grande histoire, de d\u00e9passer l\u2019int\u00e9r\u00eat documentaire pour permettre &#8211; c\u2019est la force du conte &#8211; l\u2019aventure int\u00e9rieure. C\u2019est donc sous la forme d\u2019un r\u00e9cit musical que cette histoire sera tiss\u00e9e une \u00e9pop\u00e9e cont\u00e9e et chant\u00e9e, o\u00f9 tour \u00e0 tour la musique et la parole se relaient, se marient et se confonde.<\/p><p>\u2013\u00a0Conte et Musique (cithare hongroise et fl\u00fbte de pan)\u00a0: Michel Hindenoch<br \/>\u2013\u00a0Dur\u00e9e\u00a0: 1h20<\/p>\t\t\t\t\t\t\t\t<\/div>\n\t\t\t\t\t<\/div>\n\t\t<\/div>\n\t\t\t\t<div class=\"elementor-column elementor-col-50 elementor-inner-column elementor-element elementor-element-eb40000\" data-id=\"eb40000\" data-element_type=\"column\" data-e-type=\"column\" data-settings=\"{&quot;background_background&quot;:&quot;classic&quot;}\">\n\t\t\t<div class=\"elementor-widget-wrap elementor-element-populated\">\n\t\t\t\t\t<div class=\"elementor-background-overlay\"><\/div>\n\t\t\t\t\t\t<div class=\"elementor-element elementor-element-1fbfb68 elementor-widget elementor-widget-image\" data-id=\"1fbfb68\" data-element_type=\"widget\" data-e-type=\"widget\" data-widget_type=\"image.default\">\n\t\t\t\t\t\t\t\t\t\t\t\t\t\t\t<img loading=\"lazy\" decoding=\"async\" width=\"280\" height=\"255\" src=\"https:\/\/lessinguliers.fr\/wp-content\/uploads\/2025\/08\/hindenoch-3-1.jpg\" class=\"attachment-large size-large wp-image-409\" alt=\"\" \/>\t\t\t\t\t\t\t\t\t\t\t\t\t\t\t<\/div>\n\t\t\t\t<div class=\"elementor-element elementor-element-b564cd6 elementor-widget elementor-widget-html\" data-id=\"b564cd6\" data-element_type=\"widget\" data-e-type=\"widget\" data-widget_type=\"html.default\">\n\t\t\t\t\t<iframe width=\"100%\" height=\"166\" scrolling=\"no\" frameborder=\"no\" allow=\"autoplay\" src=\"https:\/\/w.soundcloud.com\/player\/?url=https%3A\/\/api.soundcloud.com\/tracks\/265683601&color=%23ff5500&auto_play=false&hide_related=false&show_comments=true&show_user=true&show_reposts=false&show_teaser=true\"><\/iframe><div style=\"font-size: 10px; color: #cccccc;line-break: anywhere;word-break: normal;overflow: hidden;white-space: nowrap;text-overflow: ellipsis; font-family: Interstate,Lucida Grande,Lucida Sans Unicode,Lucida Sans,Garuda,Verdana,Tahoma,sans-serif;font-weight: 100;\"><a href=\"https:\/\/soundcloud.com\/les-singuliers\" title=\"Les Singuliers\" target=\"_blank\" style=\"color: #cccccc; text-decoration: none;\">Les Singuliers<\/a> \u00b7 <a href=\"https:\/\/soundcloud.com\/les-singuliers\/asterios-la-legende-du-minotaure\" title=\"Extrait audio de &quot;Asterios, la l\u00e9gende du Minotaure&quot; - Michel Hindenoch\" target=\"_blank\" style=\"color: #cccccc; text-decoration: none;\">Extrait audio de &quot;Asterios, la l\u00e9gende du Minotaure&quot; - Michel Hindenoch<\/a><\/div>\t\t\t\t<\/div>\n\t\t\t\t\t<\/div>\n\t\t<\/div>\n\t\t\t\t\t<\/div>\n\t\t<\/section>\n\t\t\t\t<section class=\"elementor-section elementor-inner-section elementor-element elementor-element-3da6558 elementor-section-content-middle elementor-reverse-mobile elementor-section-full_width elementor-section-height-default elementor-section-height-default\" data-id=\"3da6558\" data-element_type=\"section\" data-e-type=\"section\" data-settings=\"{&quot;background_background&quot;:&quot;classic&quot;}\">\n\t\t\t\t\t\t<div class=\"elementor-container elementor-column-gap-no\">\n\t\t\t\t\t<div class=\"elementor-column elementor-col-50 elementor-inner-column elementor-element elementor-element-da926c1\" data-id=\"da926c1\" data-element_type=\"column\" data-e-type=\"column\" data-settings=\"{&quot;background_background&quot;:&quot;classic&quot;}\">\n\t\t\t<div class=\"elementor-widget-wrap elementor-element-populated\">\n\t\t\t\t\t<div class=\"elementor-background-overlay\"><\/div>\n\t\t\t\t\t\t<div class=\"elementor-element elementor-element-9eb1f49 elementor-widget elementor-widget-video\" data-id=\"9eb1f49\" data-element_type=\"widget\" data-e-type=\"widget\" data-settings=\"{&quot;youtube_url&quot;:&quot;https:\\\/\\\/youtu.be\\\/AI6OjxtOa3o&quot;,&quot;video_type&quot;:&quot;youtube&quot;,&quot;controls&quot;:&quot;yes&quot;}\" data-widget_type=\"video.default\">\n\t\t\t\t\t\t\t<div class=\"elementor-wrapper elementor-open-inline\">\n\t\t\t<div class=\"elementor-video\"><\/div>\t\t<\/div>\n\t\t\t\t\t\t<\/div>\n\t\t\t\t\t<\/div>\n\t\t<\/div>\n\t\t\t\t<div class=\"elementor-column elementor-col-50 elementor-inner-column elementor-element elementor-element-3e71517\" data-id=\"3e71517\" data-element_type=\"column\" data-e-type=\"column\" data-settings=\"{&quot;background_background&quot;:&quot;classic&quot;}\">\n\t\t\t<div class=\"elementor-widget-wrap elementor-element-populated\">\n\t\t\t\t\t\t<div class=\"elementor-element elementor-element-b700e72 elementor-widget elementor-widget-heading\" data-id=\"b700e72\" data-element_type=\"widget\" data-e-type=\"widget\" data-widget_type=\"heading.default\">\n\t\t\t\t\t<h2 class=\"elementor-heading-title elementor-size-small\"><a href=\"#\">Barbe Blues, d\u00e8s 11 ans<\/a><\/h2>\t\t\t\t<\/div>\n\t\t\t\t<div class=\"elementor-element elementor-element-3bfc5a8 elementor-widget elementor-widget-text-editor\" data-id=\"3bfc5a8\" data-element_type=\"widget\" data-e-type=\"widget\" data-widget_type=\"text-editor.default\">\n\t\t\t\t\t\t\t\t\t<p>Et si Barbe Bleue \u00e9tait, en fait, une histoire d\u2019Amour ?<\/p><p>C\u2019est l\u2019histoire d\u2019une jeune fille timide, dont le p\u00e8re d\u00e9cide d\u2019en faire une bagarreuse, parce qu\u2019il faut se d\u00e9fendre dans la vie. Elle devient Coud\u2019boule, une vraie dure, qui \u00e9crase tout sur son passage. Jusqu\u2019\u00e0 ce qu\u2019un jour, tout bascule et que les ombres surgies de la nuit reprennent leurs droits pour lui faire r\u00eaver l\u2019histoire fantastique d\u2019une jeune femme contrainte d\u2019\u00e9pouser un monstre sanguinaire, le serial killer des contes. Elle seule peut aider Barbe bleue \u00e0 retrouver sa part de lumi\u00e8re. Quand elle reprend ses esprits, l\u2019h\u00e9ro\u00efne redevient ma\u00eetresse de ses peurs et de ses d\u00e9sirs, ma\u00eetresse de son destin.<\/p><p>\u00ab Mi-ombre,mi-lumi\u00e8re, Elodie Mora touche les spectateurs en plein coeur, que ce soient les adolescents ou bien les adultes, ces vieux enfants. Dans Barbe Blues, la conteuse d\u00e9cline le verbe aimer \u00e0 tous les temps : celui de la peur, celui du d\u00e9sir, celui de l\u2019humour, celui de la fragilit\u00e9\u2026 Son personnage conjugue pour nous le verbe \u00eatre \u00e0 toutes les personnes : je, tu, il ou elle\u2026 \u00eele ou ailes ? Telle est la question de Coud\u2019Boule ! \u00bb Gigi Bigot<\/p><p>\u2013 Conte et r\u00e9cit : Elodie Mora<br \/>\u2013 Dur\u00e9e : 50 min<\/p>\t\t\t\t\t\t\t\t<\/div>\n\t\t\t\t\t<\/div>\n\t\t<\/div>\n\t\t\t\t\t<\/div>\n\t\t<\/section>\n\t\t\t\t<section class=\"elementor-section elementor-inner-section elementor-element elementor-element-f46ddf1 elementor-section-content-middle elementor-reverse-mobile elementor-section-full_width elementor-section-height-default elementor-section-height-default\" data-id=\"f46ddf1\" data-element_type=\"section\" data-e-type=\"section\" data-settings=\"{&quot;background_background&quot;:&quot;classic&quot;}\">\n\t\t\t\t\t\t<div class=\"elementor-container elementor-column-gap-no\">\n\t\t\t\t\t<div class=\"elementor-column elementor-col-50 elementor-inner-column elementor-element elementor-element-977d382\" data-id=\"977d382\" data-element_type=\"column\" data-e-type=\"column\" data-settings=\"{&quot;background_background&quot;:&quot;classic&quot;}\">\n\t\t\t<div class=\"elementor-widget-wrap elementor-element-populated\">\n\t\t\t\t\t\t<div class=\"elementor-element elementor-element-c2b97d8 elementor-widget elementor-widget-heading\" data-id=\"c2b97d8\" data-element_type=\"widget\" data-e-type=\"widget\" data-widget_type=\"heading.default\">\n\t\t\t\t\t<h2 class=\"elementor-heading-title elementor-size-small\"><a href=\"#\">L\u2019Epop\u00e9e de Fionn Mac Cumha\u00edll, d\u00e8s 12 ans<\/a><\/h2>\t\t\t\t<\/div>\n\t\t\t\t<div class=\"elementor-element elementor-element-c49f41c elementor-widget elementor-widget-text-editor\" data-id=\"c49f41c\" data-element_type=\"widget\" data-e-type=\"widget\" data-widget_type=\"text-editor.default\">\n\t\t\t\t\t\t\t\t\t<p>Dans la mythologie irlandaise, les Fianna sont des guerriers et des chasseurs \u00e0 l\u2019habilet\u00e9 exceptionnelle, au service du roi d\u2019Irlande. Ils d\u00e9fendent l\u2019Ile du Destin, non seulement contre ses ennemis visibles mais aussi contre les forces t\u00e9n\u00e9breuses de l\u2019Invisible.\u2028Les deux factions les plus mythiques des Fianna \u00e9taient le Clan Ba\u00eescne de Leinster, dirig\u00e9 par Fionn Mac Cumha\u00edll, et le Clan Morna de Connaucht, emmen\u00e9 par Goll Mac Morna.<br \/>Partez \u00e0 la rencontre du chef le plus mythique, Fionn Mac Cumha\u00edll, ultime chef des Fianna et d\u00e9couvrez les grands \u00e9pisodes de sa vie : les enfances de Fionn, le Saumon de la Connaissance, la rencontre avec Sabha&#8230; autant d\u2019histoires qui feront vibrer le h\u00e9ros qui sommeille en vous !<\/p><p>\u2013 R\u00e9cit, Chant et Bande son : Caroline Sire<br \/>\u2013 Dur\u00e9e : 1h<br \/>\u2013 Spectacle disponible en version anglaise<\/p><p>\u00ab\u00a0Tous les Celtes sont des r\u00eaveurs d\u2019horizons imaginaires, et Caroline Sire est irlandaise dans l\u2019\u00e2me&#8230; tout est dit ! Il reste juste \u00e0 venir \u00e9couter les r\u00e9cits fabuleux qu\u2019elle raconte, o\u00f9 les druides s\u2019affrontent \u00e0 coup de magie et les f\u00e9es tombent follement amoureuses des h\u00e9ros. Une voix prenante, d\u2019une clart\u00e9 limpide&#8230; Invitation au voyage !\u00a0\u00bb. Alain LE GOFF<\/p>\t\t\t\t\t\t\t\t<\/div>\n\t\t\t\t\t<\/div>\n\t\t<\/div>\n\t\t\t\t<div class=\"elementor-column elementor-col-50 elementor-inner-column elementor-element elementor-element-24162fc\" data-id=\"24162fc\" data-element_type=\"column\" data-e-type=\"column\" data-settings=\"{&quot;background_background&quot;:&quot;classic&quot;}\">\n\t\t\t<div class=\"elementor-widget-wrap elementor-element-populated\">\n\t\t\t\t\t<div class=\"elementor-background-overlay\"><\/div>\n\t\t\t\t\t\t<div class=\"elementor-element elementor-element-ea1491c elementor-widget elementor-widget-image\" data-id=\"ea1491c\" data-element_type=\"widget\" data-e-type=\"widget\" data-widget_type=\"image.default\">\n\t\t\t\t\t\t\t\t\t\t\t\t\t\t\t<img loading=\"lazy\" decoding=\"async\" width=\"280\" height=\"255\" src=\"https:\/\/lessinguliers.fr\/wp-content\/uploads\/2025\/08\/sire-4.jpg\" class=\"attachment-large size-large wp-image-1328\" alt=\"\" \/>\t\t\t\t\t\t\t\t\t\t\t\t\t\t\t<\/div>\n\t\t\t\t<div class=\"elementor-element elementor-element-ed99023 elementor-widget elementor-widget-html\" data-id=\"ed99023\" data-element_type=\"widget\" data-e-type=\"widget\" data-widget_type=\"html.default\">\n\t\t\t\t\t<iframe width=\"100%\" height=\"166\" scrolling=\"no\" frameborder=\"no\" allow=\"autoplay\" src=\"https:\/\/w.soundcloud.com\/player\/?url=https%3A\/\/api.soundcloud.com\/tracks\/624082134&color=%23ff5500&auto_play=false&hide_related=false&show_comments=true&show_user=true&show_reposts=false&show_teaser=true\"><\/iframe><div style=\"font-size: 10px; color: #cccccc;line-break: anywhere;word-break: normal;overflow: hidden;white-space: nowrap;text-overflow: ellipsis; font-family: Interstate,Lucida Grande,Lucida Sans Unicode,Lucida Sans,Garuda,Verdana,Tahoma,sans-serif;font-weight: 100;\"><a href=\"https:\/\/soundcloud.com\/les-singuliers\" title=\"Les Singuliers\" target=\"_blank\" style=\"color: #cccccc; text-decoration: none;\">Les Singuliers<\/a> \u00b7 <a href=\"https:\/\/soundcloud.com\/les-singuliers\/extrait-audio-de-lepopee-de-fionn-mac-cumhaill-caroline-sire-2\" title=\"Extrait audio - The Hare Said - Caroline Sire\" target=\"_blank\" style=\"color: #cccccc; text-decoration: none;\">Extrait audio - The Hare Said - Caroline Sire<\/a><\/div>\t\t\t\t<\/div>\n\t\t\t\t\t<\/div>\n\t\t<\/div>\n\t\t\t\t\t<\/div>\n\t\t<\/section>\n\t\t\t\t<section class=\"elementor-section elementor-inner-section elementor-element elementor-element-252010c elementor-section-content-middle elementor-reverse-mobile elementor-section-full_width elementor-section-height-default elementor-section-height-default\" data-id=\"252010c\" data-element_type=\"section\" data-e-type=\"section\" data-settings=\"{&quot;background_background&quot;:&quot;classic&quot;}\">\n\t\t\t\t\t\t<div class=\"elementor-container elementor-column-gap-no\">\n\t\t\t\t\t<div class=\"elementor-column elementor-col-50 elementor-inner-column elementor-element elementor-element-f707d5b\" data-id=\"f707d5b\" data-element_type=\"column\" data-e-type=\"column\" data-settings=\"{&quot;background_background&quot;:&quot;classic&quot;}\">\n\t\t\t<div class=\"elementor-widget-wrap elementor-element-populated\">\n\t\t\t\t\t<div class=\"elementor-background-overlay\"><\/div>\n\t\t\t\t\t\t<div class=\"elementor-element elementor-element-702af3c elementor-widget elementor-widget-image\" data-id=\"702af3c\" data-element_type=\"widget\" data-e-type=\"widget\" data-widget_type=\"image.default\">\n\t\t\t\t\t\t\t\t\t\t\t\t\t\t\t<img loading=\"lazy\" decoding=\"async\" width=\"280\" height=\"255\" src=\"https:\/\/lessinguliers.fr\/wp-content\/uploads\/2025\/08\/bouzzine-6-1.jpg\" class=\"attachment-large size-large wp-image-1029\" alt=\"\" \/>\t\t\t\t\t\t\t\t\t\t\t\t\t\t\t<\/div>\n\t\t\t\t<div class=\"elementor-element elementor-element-356f0c4 elementor-widget elementor-widget-html\" data-id=\"356f0c4\" data-element_type=\"widget\" data-e-type=\"widget\" data-widget_type=\"html.default\">\n\t\t\t\t\t<iframe width=\"100%\" height=\"166\" scrolling=\"no\" frameborder=\"no\" allow=\"autoplay\" src=\"https:\/\/w.soundcloud.com\/player\/?url=https%3A\/\/api.soundcloud.com\/tracks\/266036254&color=%23ff5500&auto_play=false&hide_related=false&show_comments=true&show_user=true&show_reposts=false&show_teaser=true\"><\/iframe><div style=\"font-size: 10px; color: #cccccc;line-break: anywhere;word-break: normal;overflow: hidden;white-space: nowrap;text-overflow: ellipsis; font-family: Interstate,Lucida Grande,Lucida Sans Unicode,Lucida Sans,Garuda,Verdana,Tahoma,sans-serif;font-weight: 100;\"><a href=\"https:\/\/soundcloud.com\/les-singuliers\" title=\"Les Singuliers\" target=\"_blank\" style=\"color: #cccccc; text-decoration: none;\">Les Singuliers<\/a> \u00b7 <a href=\"https:\/\/soundcloud.com\/les-singuliers\/fragment-depopee-touareg\" title=\"Extrait audio de &quot;Fragment d&#x27;Epop\u00e9e Touareg&quot; - Hamed Bouzzine\" target=\"_blank\" style=\"color: #cccccc; text-decoration: none;\">Extrait audio de &quot;Fragment d&#x27;Epop\u00e9e Touareg&quot; - Hamed Bouzzine<\/a><\/div>\t\t\t\t<\/div>\n\t\t\t\t\t<\/div>\n\t\t<\/div>\n\t\t\t\t<div class=\"elementor-column elementor-col-50 elementor-inner-column elementor-element elementor-element-a62783f\" data-id=\"a62783f\" data-element_type=\"column\" data-e-type=\"column\" data-settings=\"{&quot;background_background&quot;:&quot;classic&quot;}\">\n\t\t\t<div class=\"elementor-widget-wrap elementor-element-populated\">\n\t\t\t\t\t\t<div class=\"elementor-element elementor-element-e26373d elementor-widget elementor-widget-heading\" data-id=\"e26373d\" data-element_type=\"widget\" data-e-type=\"widget\" data-widget_type=\"heading.default\">\n\t\t\t\t\t<h2 class=\"elementor-heading-title elementor-size-small\"><a href=\"#\">Fragment d\u2019\u00e9pop\u00e9e Touareg, d\u00e8s 12 ans<\/a><\/h2>\t\t\t\t<\/div>\n\t\t\t\t<div class=\"elementor-element elementor-element-40c026d elementor-widget elementor-widget-text-editor\" data-id=\"40c026d\" data-element_type=\"widget\" data-e-type=\"widget\" data-widget_type=\"text-editor.default\">\n\t\t\t\t\t\t\t\t\t<p>Arrigullan est un Amenokal, seigneur de haut rang et homme de pouvoir, il re\u00e7oit la visite de trois sages qui lui r\u00e9v\u00e8lent sa destin\u00e9e : un enfant va naitre et cet enfant, son neveu Adelaseigh, prendra sa place.<\/p><p>A la fois son successeur et son rival, Adelaseigh sera soumis par Arrigullan \u00e0 des \u00e9preuves initiatiques relevant de la p\u00e9dagogie et de la survie dans les d\u00e9serts hostiles.<\/p><p>\u00ab\u00a0D\u2019une poign\u00e9e de sable, nous ferons un commencement de jardin,<br \/>de tous nos r\u00eaves nous avons fait notre ciel\u2026\u00a0\u00bb<\/p><p>\u2013 Conte et Musique : Hamed Bouzzine<br \/>\u2013 Dur\u00e9e : 1h30<\/p>\t\t\t\t\t\t\t\t<\/div>\n\t\t\t\t\t<\/div>\n\t\t<\/div>\n\t\t\t\t\t<\/div>\n\t\t<\/section>\n\t\t\t\t<section class=\"elementor-section elementor-inner-section elementor-element elementor-element-0e02191 elementor-section-content-middle elementor-reverse-mobile elementor-section-full_width elementor-section-height-default elementor-section-height-default\" data-id=\"0e02191\" data-element_type=\"section\" data-e-type=\"section\" data-settings=\"{&quot;background_background&quot;:&quot;classic&quot;}\">\n\t\t\t\t\t\t<div class=\"elementor-container elementor-column-gap-no\">\n\t\t\t\t\t<div class=\"elementor-column elementor-col-50 elementor-inner-column elementor-element elementor-element-27e4856\" data-id=\"27e4856\" data-element_type=\"column\" data-e-type=\"column\" data-settings=\"{&quot;background_background&quot;:&quot;classic&quot;}\">\n\t\t\t<div class=\"elementor-widget-wrap elementor-element-populated\">\n\t\t\t\t\t\t<div class=\"elementor-element elementor-element-a17bc81 elementor-widget elementor-widget-heading\" data-id=\"a17bc81\" data-element_type=\"widget\" data-e-type=\"widget\" data-widget_type=\"heading.default\">\n\t\t\t\t\t<h2 class=\"elementor-heading-title elementor-size-small\"><a href=\"#\">Sur la Route de Clifden, d\u00e8s 12 ans<\/a><\/h2>\t\t\t\t<\/div>\n\t\t\t\t<div class=\"elementor-element elementor-element-c2048a3 elementor-widget elementor-widget-text-editor\" data-id=\"c2048a3\" data-element_type=\"widget\" data-e-type=\"widget\" data-widget_type=\"text-editor.default\">\n\t\t\t\t\t\t\t\t\t<p>Du spectacle intimiste, voix, guitare et percussion \u00e0 la version pour les grandes sc\u00e8nes r\u00e9unissant musiciens et danseurs !<\/p><p>En Irlande, en Ecosse ou en Bretagne, il a toujours exist\u00e9 des endroits o\u00f9 la nuit venue \u2013 belle et douce nuit d\u2019\u00e9t\u00e9, nuit d\u2019automne et de temp\u00eate \u2013 les conteurs prennent la parole, les chanteurs d\u00e9ploient leurs voix&#8230; et un monde se cr\u00e9e puis s\u2019efface sur la ligne de cr\u00eate des mots, comme les empreintes d\u2019un cheval au galop effac\u00e9es par le ressac.<br \/>Qu\u2019on se retrouve au Crown, au Quiet Dog, au Finnegan\u2019s ou au Holly Bar, on peut y entendre aussi bien un mythe ancien, l\u2019histoire du Roi Conn aux cent batailles, l\u2019anecdote du voisin ou les aventures du peuple des Faeries\u2026<br \/>\u00ab\u00a0Sur la Route de Clifden\u00a0\u00bb veut \u00e0 la fois t\u00e9moigner de ces moments forts et magiques, mais aussi de la vraie vie des pubs et de leurs histoires formidables !<\/p><p>\u2013 R\u00e9cit, Chant et Percussion (Bodhr\u00e1n) : Caroline Sire \/ Composition, Guitare, Tambura : Gilles Le Bigot<br \/>\u2013 Spectacle \u00e0 g\u00e9om\u00e9trie variable, de 1 \u00e0 12 personnes, avec musiciens et\/ou danseurs !<br \/>\u2013 Dur\u00e9e : \u00e0 convenir<br \/>\u2013 Spectacle disponible en version anglaise<\/p><p>\u00ab\u00a0Caroline Sire a pass\u00e9 son adolescence en Irlande et une partie de son c\u0153ur est rest\u00e9e l\u00e0-bas. Aussi, lorsqu\u2019elle nous entra\u00eene sur les chemins de la verte \u00c9ireann, elle est \u00e0 la fois \u00ab\u00a0la Vieille Dame de Beare\u00a0\u00bb &#8211; qui \u00e9crivait ce magnifique po\u00e8me au VIII\u00e8me si\u00e8cle &#8211; et en m\u00eame temps cette jeune cail\u00edn sur la route de Bandon, \u00e0 la recherche de la pierre de Blarney, celle par laquelle TOUT peut arriver ! Des r\u00e9cits \u00e0 l\u2019odeur de tourbe, m\u00eal\u00e9e de bruy\u00e8re, venus d\u2019un temps o\u00f9 les grands Rois d\u2019Irlande avaient pour conseillers les \u00ab\u00a0gypsies\u00a0\u00bb, vagabonds magnifiques et po\u00e8tes qui voyageaient sur les chemins du vaste monde de l\u2019Ouest.\u00a0\u00bb Patrick EWEN<\/p>\t\t\t\t\t\t\t\t<\/div>\n\t\t\t\t\t<\/div>\n\t\t<\/div>\n\t\t\t\t<div class=\"elementor-column elementor-col-50 elementor-inner-column elementor-element elementor-element-1587cb6\" data-id=\"1587cb6\" data-element_type=\"column\" data-e-type=\"column\" data-settings=\"{&quot;background_background&quot;:&quot;classic&quot;}\">\n\t\t\t<div class=\"elementor-widget-wrap elementor-element-populated\">\n\t\t\t\t\t<div class=\"elementor-background-overlay\"><\/div>\n\t\t\t\t\t\t<div class=\"elementor-element elementor-element-09bdf1b elementor-widget elementor-widget-image\" data-id=\"09bdf1b\" data-element_type=\"widget\" data-e-type=\"widget\" data-widget_type=\"image.default\">\n\t\t\t\t\t\t\t\t\t\t\t\t\t\t\t<img loading=\"lazy\" decoding=\"async\" width=\"383\" height=\"255\" src=\"https:\/\/lessinguliers.fr\/wp-content\/uploads\/2025\/08\/sire-10.jpg\" class=\"attachment-large size-large wp-image-1336\" alt=\"\" srcset=\"https:\/\/lessinguliers.fr\/wp-content\/uploads\/2025\/08\/sire-10.jpg 383w, https:\/\/lessinguliers.fr\/wp-content\/uploads\/2025\/08\/sire-10-300x200.jpg 300w\" sizes=\"(max-width: 383px) 100vw, 383px\" \/>\t\t\t\t\t\t\t\t\t\t\t\t\t\t\t<\/div>\n\t\t\t\t<div class=\"elementor-element elementor-element-f1ad71b elementor-widget elementor-widget-html\" data-id=\"f1ad71b\" data-element_type=\"widget\" data-e-type=\"widget\" data-widget_type=\"html.default\">\n\t\t\t\t\t<iframe width=\"100%\" height=\"166\" scrolling=\"no\" frameborder=\"no\" allow=\"autoplay\" src=\"https:\/\/w.soundcloud.com\/player\/?url=https%3A\/\/api.soundcloud.com\/tracks\/624196896&color=%23ff5500&auto_play=false&hide_related=false&show_comments=true&show_user=true&show_reposts=false&show_teaser=true\"><\/iframe><div style=\"font-size: 10px; color: #cccccc;line-break: anywhere;word-break: normal;overflow: hidden;white-space: nowrap;text-overflow: ellipsis; font-family: Interstate,Lucida Grande,Lucida Sans Unicode,Lucida Sans,Garuda,Verdana,Tahoma,sans-serif;font-weight: 100;\"><a href=\"https:\/\/soundcloud.com\/les-singuliers\" title=\"Les Singuliers\" target=\"_blank\" style=\"color: #cccccc; text-decoration: none;\">Les Singuliers<\/a> \u00b7 <a href=\"https:\/\/soundcloud.com\/les-singuliers\/extrait-audio-de-cabaret-irlandais-gilles-le-bigot\" title=\"Extrait audio &quot;Ker Jacob&quot; - Gilles Le Bigot\" target=\"_blank\" style=\"color: #cccccc; text-decoration: none;\">Extrait audio &quot;Ker Jacob&quot; - Gilles Le Bigot<\/a><\/div>\t\t\t\t<\/div>\n\t\t\t\t\t<\/div>\n\t\t<\/div>\n\t\t\t\t\t<\/div>\n\t\t<\/section>\n\t\t\t\t<section class=\"elementor-section elementor-inner-section elementor-element elementor-element-38e38c4 elementor-section-content-middle elementor-reverse-mobile elementor-section-full_width elementor-section-height-default elementor-section-height-default\" data-id=\"38e38c4\" data-element_type=\"section\" data-e-type=\"section\" data-settings=\"{&quot;background_background&quot;:&quot;classic&quot;}\">\n\t\t\t\t\t\t<div class=\"elementor-container elementor-column-gap-no\">\n\t\t\t\t\t<div class=\"elementor-column elementor-col-50 elementor-inner-column elementor-element elementor-element-6d49646\" data-id=\"6d49646\" data-element_type=\"column\" data-e-type=\"column\" data-settings=\"{&quot;background_background&quot;:&quot;classic&quot;}\">\n\t\t\t<div class=\"elementor-widget-wrap elementor-element-populated\">\n\t\t\t\t\t<div class=\"elementor-background-overlay\"><\/div>\n\t\t\t\t\t\t<div class=\"elementor-element elementor-element-9b666a6 elementor-widget elementor-widget-image\" data-id=\"9b666a6\" data-element_type=\"widget\" data-e-type=\"widget\" data-widget_type=\"image.default\">\n\t\t\t\t\t\t\t\t\t\t\t\t\t\t\t<img loading=\"lazy\" decoding=\"async\" width=\"400\" height=\"408\" src=\"https:\/\/lessinguliers.fr\/wp-content\/uploads\/2025\/08\/H-Bouzzine-Credit-Photo-J-Harzoune.jpg\" class=\"attachment-large size-large wp-image-1847\" alt=\"\" srcset=\"https:\/\/lessinguliers.fr\/wp-content\/uploads\/2025\/08\/H-Bouzzine-Credit-Photo-J-Harzoune.jpg 400w, https:\/\/lessinguliers.fr\/wp-content\/uploads\/2025\/08\/H-Bouzzine-Credit-Photo-J-Harzoune-294x300.jpg 294w\" sizes=\"(max-width: 400px) 100vw, 400px\" \/>\t\t\t\t\t\t\t\t\t\t\t\t\t\t\t<\/div>\n\t\t\t\t\t<\/div>\n\t\t<\/div>\n\t\t\t\t<div class=\"elementor-column elementor-col-50 elementor-inner-column elementor-element elementor-element-b9e4e12\" data-id=\"b9e4e12\" data-element_type=\"column\" data-e-type=\"column\" data-settings=\"{&quot;background_background&quot;:&quot;classic&quot;}\">\n\t\t\t<div class=\"elementor-widget-wrap elementor-element-populated\">\n\t\t\t\t\t\t<div class=\"elementor-element elementor-element-a9eb8f8 elementor-widget elementor-widget-heading\" data-id=\"a9eb8f8\" data-element_type=\"widget\" data-e-type=\"widget\" data-widget_type=\"heading.default\">\n\t\t\t\t\t<h2 class=\"elementor-heading-title elementor-size-small\"><a href=\"#\">Parfums de jardins andalous, d\u00e8s 14 ans<\/a><\/h2>\t\t\t\t<\/div>\n\t\t\t\t<div class=\"elementor-element elementor-element-9d3e219 elementor-widget elementor-widget-text-editor\" data-id=\"9d3e219\" data-element_type=\"widget\" data-e-type=\"widget\" data-widget_type=\"text-editor.default\">\n\t\t\t\t\t\t\t\t\t<p>Nous n\u2019oublierons jamais qu\u2019il fut un temps b\u00e9ni o\u00f9 notre culture, dans un d\u00e9sir de lumi\u00e8re, fut sensuelle par sa forme et sa pens\u00e9e, libertine par ses mots et ses jeux et gourmande par son ouverture et sa curiosit\u00e9.<br \/>Cette part-l\u00e0, je la saisis de nouveau car elle a rejet\u00e9 l\u2019obscur pour ne montrer que le lumineux, elle a chass\u00e9 le barbare pour faire place au tol\u00e9rant, elle a cr\u00e9e des esprits critiques et ind\u00e9pendants pour exalter le raffinement.<br \/>Il y eut d\u2019admirables rencontres entre le juif et l\u2019arabe, l\u2019arabe et le chr\u00e9tien, le chr\u00e9tien et le juif, entre le profane et le sacr\u00e9, le savant et le populaire.<br \/>A chacun sa part de g\u00e9nie, sa part de culture, sa part d\u2019humanit\u00e9 pour les si\u00e8cles \u00e0 venir.<br \/>\u00ab\u00a0Dans mon jardin poussent la rose et le jasmin, glougloute l\u2019humble vasque de pierre rong\u00e9e par les algues et les moisissures\u00a0\u00bb. Le rossignol r\u00e9pond \u00e0 la tourterelle \u00e0 collier : Qui mieux que moi conna\u00eet les secrets de l\u2019amour ? Je passe mes nuits \u00e0 le sublimer par mon chant. D\u00e8s que j\u2019ouvre la bouche, l\u2019univers entier s\u2019\u00e9teint. Il suffit de m\u2019\u00e9couter pour perdre la raison et tomber dans l\u2019ivresse.<br \/>Mais le rossignol se tait lorsqu\u2019il d\u00e9couvre l\u2019absence de sa rose bien-aim\u00e9e.\u00a0\u00bb<br \/><br \/>\u2013 R\u00e9cit et musique : Hamed Bouzzine \/ Musique : Hassan Tabar<br \/>\u2013 Dur\u00e9e : 1h20<\/p>\t\t\t\t\t\t\t\t<\/div>\n\t\t\t\t\t<\/div>\n\t\t<\/div>\n\t\t\t\t\t<\/div>\n\t\t<\/section>\n\t\t\t\t\t<\/div>\n\t\t<\/div>\n\t\t\t\t\t<\/div>\n\t\t<\/section>\n\t\t\t\t<\/div>\n\t\t","protected":false},"excerpt":{"rendered":"<p>pour les grandes oreilles ! D\u00e8s 10 ans Tous nos spectacles La laine \u00e0 bout de bras, d\u00e8s 9\/10 ans R\u00e9cits et chansons originales autour de la laine, du fil, des ouvriers et ouvri\u00e8res en filature. Une mosa\u00efque de r\u00e9cits, de chansons et de contes anciens.T\u00e9moignages et r\u00eaveries autour des r\u00e9alit\u00e9s du travail de la&#8230;<\/p>\n","protected":false},"author":1,"featured_media":0,"parent":31,"menu_order":0,"comment_status":"closed","ping_status":"closed","template":"","meta":{"_kad_post_transparent":"","_kad_post_title":"hide","_kad_post_layout":"fullwidth","_kad_post_sidebar_id":"","_kad_post_content_style":"unboxed","_kad_post_vertical_padding":"hide","_kad_post_feature":"hide","_kad_post_feature_position":"","_kad_post_header":false,"_kad_post_footer":false,"_kad_post_classname":"","footnotes":""},"class_list":["post-325","page","type-page","status-publish","hentry"],"_links":{"self":[{"href":"https:\/\/lessinguliers.fr\/index.php\/wp-json\/wp\/v2\/pages\/325","targetHints":{"allow":["GET"]}}],"collection":[{"href":"https:\/\/lessinguliers.fr\/index.php\/wp-json\/wp\/v2\/pages"}],"about":[{"href":"https:\/\/lessinguliers.fr\/index.php\/wp-json\/wp\/v2\/types\/page"}],"author":[{"embeddable":true,"href":"https:\/\/lessinguliers.fr\/index.php\/wp-json\/wp\/v2\/users\/1"}],"replies":[{"embeddable":true,"href":"https:\/\/lessinguliers.fr\/index.php\/wp-json\/wp\/v2\/comments?post=325"}],"version-history":[{"count":83,"href":"https:\/\/lessinguliers.fr\/index.php\/wp-json\/wp\/v2\/pages\/325\/revisions"}],"predecessor-version":[{"id":3846,"href":"https:\/\/lessinguliers.fr\/index.php\/wp-json\/wp\/v2\/pages\/325\/revisions\/3846"}],"up":[{"embeddable":true,"href":"https:\/\/lessinguliers.fr\/index.php\/wp-json\/wp\/v2\/pages\/31"}],"wp:attachment":[{"href":"https:\/\/lessinguliers.fr\/index.php\/wp-json\/wp\/v2\/media?parent=325"}],"curies":[{"name":"wp","href":"https:\/\/api.w.org\/{rel}","templated":true}]}}