{"id":302,"date":"2025-08-21T00:04:57","date_gmt":"2025-08-21T00:04:57","guid":{"rendered":"https:\/\/wp.lessinguliers.fr\/?page_id=302"},"modified":"2026-03-19T09:37:56","modified_gmt":"2026-03-19T09:37:56","slug":"spectacles-pour-les-familles-doreilles-des-6-ans","status":"publish","type":"page","link":"https:\/\/lessinguliers.fr\/index.php\/nos-spectacles\/spectacles-pour-les-familles-doreilles-des-6-ans\/","title":{"rendered":"Spectacles pour les familles d\u2019oreilles ! d\u00e8s 6 ans"},"content":{"rendered":"\t\t<div data-elementor-type=\"wp-page\" data-elementor-id=\"302\" class=\"elementor elementor-302\" data-elementor-post-type=\"page\">\n\t\t\t\t\t\t<section class=\"elementor-section elementor-top-section elementor-element elementor-element-32e5a96 elementor-section-full_width elementor-section-height-default elementor-section-height-default\" data-id=\"32e5a96\" data-element_type=\"section\" data-e-type=\"section\" data-settings=\"{&quot;background_background&quot;:&quot;classic&quot;}\">\n\t\t\t\t\t\t<div class=\"elementor-container elementor-column-gap-default\">\n\t\t\t\t\t<div class=\"elementor-column elementor-col-100 elementor-top-column elementor-element elementor-element-f972435\" data-id=\"f972435\" data-element_type=\"column\" data-e-type=\"column\">\n\t\t\t<div class=\"elementor-widget-wrap elementor-element-populated\">\n\t\t\t\t\t\t<section class=\"elementor-section elementor-inner-section elementor-element elementor-element-8c970e8 elementor-section-content-middle elementor-section-boxed elementor-section-height-default elementor-section-height-default\" data-id=\"8c970e8\" data-element_type=\"section\" data-e-type=\"section\">\n\t\t\t\t\t\t<div class=\"elementor-container elementor-column-gap-default\">\n\t\t\t\t\t<div class=\"elementor-column elementor-col-33 elementor-inner-column elementor-element elementor-element-4a36ba7\" data-id=\"4a36ba7\" data-element_type=\"column\" data-e-type=\"column\">\n\t\t\t<div class=\"elementor-widget-wrap elementor-element-populated\">\n\t\t\t\t\t\t<div class=\"elementor-element elementor-element-dc8a603 elementor-widget elementor-widget-heading\" data-id=\"dc8a603\" data-element_type=\"widget\" data-e-type=\"widget\" data-widget_type=\"heading.default\">\n\t\t\t\t\t<h2 class=\"elementor-heading-title elementor-size-xl\">pour les familles d\u2019oreilles ! d\u00e8s 4 ans<\/h2>\t\t\t\t<\/div>\n\t\t\t\t\t<\/div>\n\t\t<\/div>\n\t\t\t\t<div class=\"elementor-column elementor-col-66 elementor-inner-column elementor-element elementor-element-2eae6f7\" data-id=\"2eae6f7\" data-element_type=\"column\" data-e-type=\"column\">\n\t\t\t<div class=\"elementor-widget-wrap elementor-element-populated\">\n\t\t\t\t\t\t<div class=\"elementor-element elementor-element-7d07a51 elementor-align-center elementor-widget__width-auto elementor-mobile-align-center elementor-widget elementor-widget-button\" data-id=\"7d07a51\" data-element_type=\"widget\" data-e-type=\"widget\" data-widget_type=\"button.default\">\n\t\t\t\t\t\t\t\t\t\t<a class=\"elementor-button elementor-button-link elementor-size-sm\" href=\"https:\/\/lessinguliers.fr\/index.php\/nos-spectacles\/\">\n\t\t\t\t\t\t<span class=\"elementor-button-content-wrapper\">\n\t\t\t\t\t\t\t\t\t<span class=\"elementor-button-text\">Tous nos spectacles<\/span>\n\t\t\t\t\t<\/span>\n\t\t\t\t\t<\/a>\n\t\t\t\t\t\t\t\t<\/div>\n\t\t\t\t\t<\/div>\n\t\t<\/div>\n\t\t\t\t\t<\/div>\n\t\t<\/section>\n\t\t\t\t\t<\/div>\n\t\t<\/div>\n\t\t\t\t\t<\/div>\n\t\t<\/section>\n\t\t\t\t<section class=\"elementor-section elementor-top-section elementor-element elementor-element-77869ee elementor-section-full_width elementor-section-height-default elementor-section-height-default\" data-id=\"77869ee\" data-element_type=\"section\" data-e-type=\"section\">\n\t\t\t\t\t\t<div class=\"elementor-container elementor-column-gap-default\">\n\t\t\t\t\t<div class=\"elementor-column elementor-col-100 elementor-top-column elementor-element elementor-element-0effad0\" data-id=\"0effad0\" data-element_type=\"column\" data-e-type=\"column\">\n\t\t\t<div class=\"elementor-widget-wrap elementor-element-populated\">\n\t\t\t\t\t\t<section class=\"elementor-section elementor-inner-section elementor-element elementor-element-e7d3702 elementor-section-content-middle elementor-reverse-mobile elementor-section-full_width elementor-section-height-default elementor-section-height-default\" data-id=\"e7d3702\" data-element_type=\"section\" data-e-type=\"section\" data-settings=\"{&quot;background_background&quot;:&quot;classic&quot;}\">\n\t\t\t\t\t\t<div class=\"elementor-container elementor-column-gap-no\">\n\t\t\t\t\t<div class=\"elementor-column elementor-col-50 elementor-inner-column elementor-element elementor-element-eacbb60\" data-id=\"eacbb60\" data-element_type=\"column\" data-e-type=\"column\" data-settings=\"{&quot;background_background&quot;:&quot;classic&quot;}\">\n\t\t\t<div class=\"elementor-widget-wrap elementor-element-populated\">\n\t\t\t\t\t<div class=\"elementor-background-overlay\"><\/div>\n\t\t\t\t\t\t<div class=\"elementor-element elementor-element-2d60da1 elementor-widget elementor-widget-image\" data-id=\"2d60da1\" data-element_type=\"widget\" data-e-type=\"widget\" data-widget_type=\"image.default\">\n\t\t\t\t\t\t\t\t\t\t\t\t\t\t\t<img fetchpriority=\"high\" decoding=\"async\" width=\"280\" height=\"255\" src=\"https:\/\/lessinguliers.fr\/wp-content\/uploads\/2025\/08\/acd-2.jpg\" class=\"attachment-large size-large wp-image-1155\" alt=\"\" \/>\t\t\t\t\t\t\t\t\t\t\t\t\t\t\t<\/div>\n\t\t\t\t\t<\/div>\n\t\t<\/div>\n\t\t\t\t<div class=\"elementor-column elementor-col-50 elementor-inner-column elementor-element elementor-element-1c57124\" data-id=\"1c57124\" data-element_type=\"column\" data-e-type=\"column\" data-settings=\"{&quot;background_background&quot;:&quot;classic&quot;}\">\n\t\t\t<div class=\"elementor-widget-wrap elementor-element-populated\">\n\t\t\t\t\t\t<div class=\"elementor-element elementor-element-f557972 elementor-widget elementor-widget-heading\" data-id=\"f557972\" data-element_type=\"widget\" data-e-type=\"widget\" data-widget_type=\"heading.default\">\n\t\t\t\t\t<h2 class=\"elementor-heading-title elementor-size-small\"><a href=\"#\">Contes \u00e0 marcher debout, d\u00e8s 4 ans<\/a><\/h2>\t\t\t\t<\/div>\n\t\t\t\t<div class=\"elementor-element elementor-element-41bcd75 elementor-widget elementor-widget-text-editor\" data-id=\"41bcd75\" data-element_type=\"widget\" data-e-type=\"widget\" data-widget_type=\"text-editor.default\">\n\t\t\t\t\t\t\t\t\t<p>Dans cette balade, deux plaisirs vous sont offerts : \u00e9couter des histoires et \u00eatre en ext\u00e9rieur. Quelques heures dans la nature pour profiter du paysage en \u00e9coutant des contes : un r\u00e9gal des yeux et des oreilles.<br \/>Une invitation \u00e0 devenir Marcheur-Spectateur. Deux \u00e9tats qui se conjuguent au fil d\u2019un parcours dans la nature o\u00f9 se fondent le r\u00e9el et l\u2019imaginaire.<br \/>On marche, on se parle, on se pause, on s\u2019assied, on \u00e9coute. Devant nous un rocher, un tronc d\u2019arbre, un lac, une rivi\u00e8re\u2026 puis une vieille indienne arrive, le diable monte \u00e0 l\u2019\u00e9chelle, une grue blanche s\u2019envole\u2026<\/p><p>\u2013 Conte et Percussion : Anne-Claire Dromz\u00e9e<br \/>\u2013 Dur\u00e9e : 1h30<br \/>\u2013 Version possible avec musicien -&gt; Guitare : Jean-Benoit Blandin<\/p>\t\t\t\t\t\t\t\t<\/div>\n\t\t\t\t\t<\/div>\n\t\t<\/div>\n\t\t\t\t\t<\/div>\n\t\t<\/section>\n\t\t\t\t<section class=\"elementor-section elementor-inner-section elementor-element elementor-element-2e431c7 elementor-section-content-middle elementor-reverse-mobile elementor-section-full_width elementor-section-height-default elementor-section-height-default\" data-id=\"2e431c7\" data-element_type=\"section\" data-e-type=\"section\" data-settings=\"{&quot;background_background&quot;:&quot;classic&quot;}\">\n\t\t\t\t\t\t<div class=\"elementor-container elementor-column-gap-no\">\n\t\t\t\t\t<div class=\"elementor-column elementor-col-50 elementor-inner-column elementor-element elementor-element-25b188b\" data-id=\"25b188b\" data-element_type=\"column\" data-e-type=\"column\" data-settings=\"{&quot;background_background&quot;:&quot;classic&quot;}\">\n\t\t\t<div class=\"elementor-widget-wrap elementor-element-populated\">\n\t\t\t\t\t\t<div class=\"elementor-element elementor-element-35bf17e elementor-widget elementor-widget-heading\" data-id=\"35bf17e\" data-element_type=\"widget\" data-e-type=\"widget\" data-widget_type=\"heading.default\">\n\t\t\t\t\t<h2 class=\"elementor-heading-title elementor-size-small\"><a href=\"#\">Petits contes de b\u00eates pas si b\u00eates, d\u00e8s 4 ans\u200b<\/a><\/h2>\t\t\t\t<\/div>\n\t\t\t\t<div class=\"elementor-element elementor-element-6e561d6 elementor-widget elementor-widget-text-editor\" data-id=\"6e561d6\" data-element_type=\"widget\" data-e-type=\"widget\" data-widget_type=\"text-editor.default\">\n\t\t\t\t\t\t\t\t\t<p>C\u2019est \u00e0 des princes que je raconte cette histoire<br \/>Cette histoire se passe il y a tr\u00e8s longtemps<br \/>Du temps o\u00f9 l\u2019homme n\u2019\u00e9tait pas encore l\u2019homme<br \/>En ce temps-l\u00e0, il se passait des choses tr\u00e8s tr\u00e8s \u00e9tranges<br \/>Du temps o\u00f9 les animaux parlaient et les hommes \u00e9taient muets<br \/>En ce temps-l\u00e0, le jour \u00e9tait la nuit et la nuit \u00e9tait le jour<\/p><p>La caract\u00e9ristique de ces contes, qui viennent sans doute du fond des \u00e2ges, est de r\u00e9v\u00e9ler des pr\u00e9ceptes moraux \u00e9nonc\u00e9s par des animaux qui agissent et s\u2019expriment comme des \u00eatres humains.<\/p><p>\u2013 Conte et Musique : sanza (piano \u00e0 pouces), tama, daf (deux tambours), vibratone (percussion m\u00e9tallique) : Hamed Bouzzine<br \/>\u2013 Dur\u00e9e : 45 min<\/p>\t\t\t\t\t\t\t\t<\/div>\n\t\t\t\t\t<\/div>\n\t\t<\/div>\n\t\t\t\t<div class=\"elementor-column elementor-col-50 elementor-inner-column elementor-element elementor-element-29ef7c0\" data-id=\"29ef7c0\" data-element_type=\"column\" data-e-type=\"column\" data-settings=\"{&quot;background_background&quot;:&quot;classic&quot;}\">\n\t\t\t<div class=\"elementor-widget-wrap elementor-element-populated\">\n\t\t\t\t\t<div class=\"elementor-background-overlay\"><\/div>\n\t\t\t\t\t\t<div class=\"elementor-element elementor-element-66b5a55 elementor-widget elementor-widget-image\" data-id=\"66b5a55\" data-element_type=\"widget\" data-e-type=\"widget\" data-widget_type=\"image.default\">\n\t\t\t\t\t\t\t\t\t\t\t\t\t\t\t<img decoding=\"async\" width=\"300\" height=\"267\" src=\"https:\/\/lessinguliers.fr\/wp-content\/uploads\/2025\/08\/H-Bouzzine-Credit-photo-G-Roussy-2.jpg\" class=\"attachment-large size-large wp-image-1837\" alt=\"\" \/>\t\t\t\t\t\t\t\t\t\t\t\t\t\t\t<\/div>\n\t\t\t\t\t<\/div>\n\t\t<\/div>\n\t\t\t\t\t<\/div>\n\t\t<\/section>\n\t\t\t\t<section class=\"elementor-section elementor-inner-section elementor-element elementor-element-04ff246 elementor-section-content-middle elementor-reverse-mobile elementor-section-full_width elementor-section-height-default elementor-section-height-default\" data-id=\"04ff246\" data-element_type=\"section\" data-e-type=\"section\" data-settings=\"{&quot;background_background&quot;:&quot;classic&quot;}\">\n\t\t\t\t\t\t<div class=\"elementor-container elementor-column-gap-no\">\n\t\t\t\t\t<div class=\"elementor-column elementor-col-50 elementor-inner-column elementor-element elementor-element-76b02e0\" data-id=\"76b02e0\" data-element_type=\"column\" data-e-type=\"column\" data-settings=\"{&quot;background_background&quot;:&quot;classic&quot;}\">\n\t\t\t<div class=\"elementor-widget-wrap elementor-element-populated\">\n\t\t\t\t\t<div class=\"elementor-background-overlay\"><\/div>\n\t\t\t\t\t\t<div class=\"elementor-element elementor-element-2602d83 elementor-widget elementor-widget-image\" data-id=\"2602d83\" data-element_type=\"widget\" data-e-type=\"widget\" data-widget_type=\"image.default\">\n\t\t\t\t\t\t\t\t\t\t\t\t\t\t\t<img decoding=\"async\" width=\"300\" height=\"326\" src=\"https:\/\/lessinguliers.fr\/wp-content\/uploads\/2025\/08\/Noel-CS.jpg\" class=\"attachment-large size-large wp-image-1980\" alt=\"\" srcset=\"https:\/\/lessinguliers.fr\/wp-content\/uploads\/2025\/08\/Noel-CS.jpg 300w, https:\/\/lessinguliers.fr\/wp-content\/uploads\/2025\/08\/Noel-CS-276x300.jpg 276w\" sizes=\"(max-width: 300px) 100vw, 300px\" \/>\t\t\t\t\t\t\t\t\t\t\t\t\t\t\t<\/div>\n\t\t\t\t\t<\/div>\n\t\t<\/div>\n\t\t\t\t<div class=\"elementor-column elementor-col-50 elementor-inner-column elementor-element elementor-element-b371ffb\" data-id=\"b371ffb\" data-element_type=\"column\" data-e-type=\"column\" data-settings=\"{&quot;background_background&quot;:&quot;classic&quot;}\">\n\t\t\t<div class=\"elementor-widget-wrap elementor-element-populated\">\n\t\t\t\t\t\t<div class=\"elementor-element elementor-element-683d9e3 elementor-widget elementor-widget-heading\" data-id=\"683d9e3\" data-element_type=\"widget\" data-e-type=\"widget\" data-widget_type=\"heading.default\">\n\t\t\t\t\t<h2 class=\"elementor-heading-title elementor-size-small\"><a href=\"#\">Histoires \u00e0 Belles Dents, d\u00e8s 4 ans<\/a><\/h2>\t\t\t\t<\/div>\n\t\t\t\t<div class=\"elementor-element elementor-element-cc4d303 elementor-widget elementor-widget-text-editor\" data-id=\"cc4d303\" data-element_type=\"widget\" data-e-type=\"widget\" data-widget_type=\"text-editor.default\">\n\t\t\t\t\t\t\t\t\t<p>Venez savourer des mots. Des mots enrob\u00e9s de d\u00e9lices, dans une vitrine sucre glace quatre-\u00e9pices.<br \/>Des histoires disons, cuisin\u00e9es aux petits oignons : \u00e7a va gratiner, mijoter, flamber, r\u00e2per, concasser, gr\u00e9siller \u00e0 une vitesse d\u2019enfer !<br \/>Vous repartirez avec des recettes incroyables ! Tout va y passer : dent de dindon, dragon barbichu, peau de saucisson et cils de sangsues !<\/p><p>Un voyage en histoires o\u00f9 l\u2019on apprend que quand on a vraiment faim, il faut souvent \u00eatre le plus malin.<br \/>Mais aussi qu\u2019il faut se m\u00e9fier des mangeurs de chair fra\u00eeche\u2026 et des conteuses croqueuses d\u2019enfants \u00e0 peau de p\u00eache !<\/p><p>\u2013 Conte, Chant et Musique (Bodhr\u00e1n et Sanzula) : Caroline Sire<br \/>\u2013 Dur\u00e9e : 45min<br \/>\u2013 Spectacle disponible en version anglaise<\/p>\t\t\t\t\t\t\t\t<\/div>\n\t\t\t\t\t<\/div>\n\t\t<\/div>\n\t\t\t\t\t<\/div>\n\t\t<\/section>\n\t\t\t\t<section class=\"elementor-section elementor-inner-section elementor-element elementor-element-a4e11fa elementor-section-content-middle elementor-reverse-mobile elementor-section-full_width elementor-section-height-default elementor-section-height-default\" data-id=\"a4e11fa\" data-element_type=\"section\" data-e-type=\"section\" data-settings=\"{&quot;background_background&quot;:&quot;classic&quot;}\">\n\t\t\t\t\t\t<div class=\"elementor-container elementor-column-gap-no\">\n\t\t\t\t\t<div class=\"elementor-column elementor-col-50 elementor-inner-column elementor-element elementor-element-09bd1f2\" data-id=\"09bd1f2\" data-element_type=\"column\" data-e-type=\"column\" data-settings=\"{&quot;background_background&quot;:&quot;classic&quot;}\">\n\t\t\t<div class=\"elementor-widget-wrap elementor-element-populated\">\n\t\t\t\t\t\t<div class=\"elementor-element elementor-element-94b9cbe elementor-widget elementor-widget-heading\" data-id=\"94b9cbe\" data-element_type=\"widget\" data-e-type=\"widget\" data-widget_type=\"heading.default\">\n\t\t\t\t\t<h2 class=\"elementor-heading-title elementor-size-small\"><a href=\"#\">Contes pour petites oreilles, d\u00e8s 4 ans<\/a><\/h2>\t\t\t\t<\/div>\n\t\t\t\t<div class=\"elementor-element elementor-element-df6dcdb elementor-widget elementor-widget-text-editor\" data-id=\"df6dcdb\" data-element_type=\"widget\" data-e-type=\"widget\" data-widget_type=\"text-editor.default\">\n\t\t\t\t\t\t\t\t\t<p>Il \u00e9tait une fois une carte postale re\u00e7ue un matin dans la bo\u00eete aux lettres.<br \/>Elle racontait le voyage dans un univers tout petit, qui tient sous un tapis ou une feuille de vigne.<br \/>Quelques temps plus tard, une autre carte postale raconte une for\u00eat enchant\u00e9e, peupl\u00e9e d\u2019animaux extraordinaires, d\u2019enfants sauvages et vaillants, de monstres et d\u2019aventures ! Chaque carte postale raconte un voyage.<br \/>Mais qui peut bien envoyer ces cartes postales ?<\/p><p>Laissez-vous emporter dans son monde imaginaire fabuleux !<\/p><p>\u2013 Conte : Elodie Mora<br \/>\u2013 Dur\u00e9e : 30 min<\/p>\t\t\t\t\t\t\t\t<\/div>\n\t\t\t\t\t<\/div>\n\t\t<\/div>\n\t\t\t\t<div class=\"elementor-column elementor-col-50 elementor-inner-column elementor-element elementor-element-554bf30\" data-id=\"554bf30\" data-element_type=\"column\" data-e-type=\"column\" data-settings=\"{&quot;background_background&quot;:&quot;classic&quot;}\">\n\t\t\t<div class=\"elementor-widget-wrap elementor-element-populated\">\n\t\t\t\t\t<div class=\"elementor-background-overlay\"><\/div>\n\t\t\t\t\t\t<div class=\"elementor-element elementor-element-6d30a69 elementor-widget elementor-widget-image\" data-id=\"6d30a69\" data-element_type=\"widget\" data-e-type=\"widget\" data-widget_type=\"image.default\">\n\t\t\t\t\t\t\t\t\t\t\t\t\t\t\t<img loading=\"lazy\" decoding=\"async\" width=\"200\" height=\"236\" src=\"https:\/\/lessinguliers.fr\/wp-content\/uploads\/2025\/08\/photo-elodie-mora.jpg\" class=\"attachment-large size-large wp-image-2084\" alt=\"\" \/>\t\t\t\t\t\t\t\t\t\t\t\t\t\t\t<\/div>\n\t\t\t\t\t<\/div>\n\t\t<\/div>\n\t\t\t\t\t<\/div>\n\t\t<\/section>\n\t\t\t\t<section class=\"elementor-section elementor-inner-section elementor-element elementor-element-2183a7b elementor-section-content-middle elementor-reverse-mobile elementor-section-full_width elementor-section-height-default elementor-section-height-default\" data-id=\"2183a7b\" data-element_type=\"section\" data-e-type=\"section\" data-settings=\"{&quot;background_background&quot;:&quot;classic&quot;}\">\n\t\t\t\t\t\t<div class=\"elementor-container elementor-column-gap-no\">\n\t\t\t\t\t<div class=\"elementor-column elementor-col-50 elementor-inner-column elementor-element elementor-element-7277c02\" data-id=\"7277c02\" data-element_type=\"column\" data-e-type=\"column\" data-settings=\"{&quot;background_background&quot;:&quot;classic&quot;}\">\n\t\t\t<div class=\"elementor-widget-wrap elementor-element-populated\">\n\t\t\t\t\t<div class=\"elementor-background-overlay\"><\/div>\n\t\t\t\t\t\t<div class=\"elementor-element elementor-element-70da751 elementor-widget elementor-widget-image\" data-id=\"70da751\" data-element_type=\"widget\" data-e-type=\"widget\" data-widget_type=\"image.default\">\n\t\t\t\t\t\t\t\t\t\t\t\t\t\t\t<img loading=\"lazy\" decoding=\"async\" width=\"280\" height=\"255\" src=\"https:\/\/lessinguliers.fr\/wp-content\/uploads\/2025\/08\/sire-11.jpg\" class=\"attachment-large size-large wp-image-1315\" alt=\"\" \/>\t\t\t\t\t\t\t\t\t\t\t\t\t\t\t<\/div>\n\t\t\t\t\t<\/div>\n\t\t<\/div>\n\t\t\t\t<div class=\"elementor-column elementor-col-50 elementor-inner-column elementor-element elementor-element-d12eb12\" data-id=\"d12eb12\" data-element_type=\"column\" data-e-type=\"column\" data-settings=\"{&quot;background_background&quot;:&quot;classic&quot;}\">\n\t\t\t<div class=\"elementor-widget-wrap elementor-element-populated\">\n\t\t\t\t\t\t<div class=\"elementor-element elementor-element-ce1a971 elementor-widget elementor-widget-heading\" data-id=\"ce1a971\" data-element_type=\"widget\" data-e-type=\"widget\" data-widget_type=\"heading.default\">\n\t\t\t\t\t<h2 class=\"elementor-heading-title elementor-size-small\"><a href=\"#\">Ballade Irlandaise, d\u00e8s 4 ans<\/a><\/h2>\t\t\t\t<\/div>\n\t\t\t\t<div class=\"elementor-element elementor-element-89a0ab8 elementor-widget elementor-widget-text-editor\" data-id=\"89a0ab8\" data-element_type=\"widget\" data-e-type=\"widget\" data-widget_type=\"text-editor.default\">\n\t\t\t\t\t\t\t\t\t<p>Rentre chez toi, Padraig, rentre chez toi !<br \/>Ta femme attend un b\u00e9b\u00e9 fort comme un ch\u00eane, un vrai g\u00e9ant !<br \/>Rentre chez toi, Padraig, c\u2019est le moment !<br \/>Eh !&#8230; c\u2019est pas tous les jours qu\u2019on entend un crabe parler&#8230;<br \/>O\u00f9 l\u2019on croise des fr\u00e8res qui tombent dans des puits, des lunettes de soleil sur des \u00e9l\u00e9phants gris,<br \/>des coqs qui font ami ami avec des souris&#8230; Quel embrouillamini !<\/p><p>\u2013 Conte, Chant et Musique (Bodhr\u00e1n et Sanzula) : Caroline Sire<br \/>\u2013 Dur\u00e9e : 30 \u00e0 45min<\/p><p>(&#8230;) Ses r\u00e9cits sont vibrants, vivants. Elle raconte avec la musique des mots, avec le rythme et le son du tambour, le geste et le mouvement du corps, et la finesse de son humour.<br \/>TT T\u00c9L\u00c9RAMA, Fran\u00e7oise Sabatier-Morel<\/p>\t\t\t\t\t\t\t\t<\/div>\n\t\t\t\t\t<\/div>\n\t\t<\/div>\n\t\t\t\t\t<\/div>\n\t\t<\/section>\n\t\t\t\t<section class=\"elementor-section elementor-inner-section elementor-element elementor-element-376f671 elementor-section-content-middle elementor-reverse-mobile elementor-section-full_width elementor-section-height-default elementor-section-height-default\" data-id=\"376f671\" data-element_type=\"section\" data-e-type=\"section\" data-settings=\"{&quot;background_background&quot;:&quot;classic&quot;}\">\n\t\t\t\t\t\t<div class=\"elementor-container elementor-column-gap-no\">\n\t\t\t\t\t<div class=\"elementor-column elementor-col-50 elementor-inner-column elementor-element elementor-element-c8cf35b\" data-id=\"c8cf35b\" data-element_type=\"column\" data-e-type=\"column\" data-settings=\"{&quot;background_background&quot;:&quot;classic&quot;}\">\n\t\t\t<div class=\"elementor-widget-wrap elementor-element-populated\">\n\t\t\t\t\t\t<div class=\"elementor-element elementor-element-17e1bd0 elementor-widget elementor-widget-heading\" data-id=\"17e1bd0\" data-element_type=\"widget\" data-e-type=\"widget\" data-widget_type=\"heading.default\">\n\t\t\t\t\t<h2 class=\"elementor-heading-title elementor-size-small\"><a href=\"#\">Un bouquet d\u2019oiseaux, de 4 \u00e0 10 ans<\/a><\/h2>\t\t\t\t<\/div>\n\t\t\t\t<div class=\"elementor-element elementor-element-a2be9ae elementor-widget elementor-widget-text-editor\" data-id=\"a2be9ae\" data-element_type=\"widget\" data-e-type=\"widget\" data-widget_type=\"text-editor.default\">\n\t\t\t\t\t\t\t\t\t<p>Trois poules qui font leur maison, un gar\u00e7on qui se change en aigle.<br \/>Oiselle rebelle, roitelet malin, gar\u00e7on-moineau : des contes pleins de plumes et de tout ce qui fait l\u2019oiseau : une apparente fragilit\u00e9, une force et une endurance remarquables&#8230;!<br \/>Dans ce tour de contes, on trouve malice et po\u00e9sie, des grands morceaux de ciel et bien s\u00fbr&#8230; de l\u2019\u00e9lan.<\/p><p>\u2013 Conte : Anne Leviel<br \/>\u2013 Dur\u00e9e : 45 min<\/p>\t\t\t\t\t\t\t\t<\/div>\n\t\t\t\t\t<\/div>\n\t\t<\/div>\n\t\t\t\t<div class=\"elementor-column elementor-col-50 elementor-inner-column elementor-element elementor-element-0f9fd6f\" data-id=\"0f9fd6f\" data-element_type=\"column\" data-e-type=\"column\" data-settings=\"{&quot;background_background&quot;:&quot;classic&quot;}\">\n\t\t\t<div class=\"elementor-widget-wrap elementor-element-populated\">\n\t\t\t\t\t<div class=\"elementor-background-overlay\"><\/div>\n\t\t\t\t\t\t<div class=\"elementor-element elementor-element-dc4f91d elementor-widget elementor-widget-image\" data-id=\"dc4f91d\" data-element_type=\"widget\" data-e-type=\"widget\" data-widget_type=\"image.default\">\n\t\t\t\t\t\t\t\t\t\t\t\t\t\t\t<img loading=\"lazy\" decoding=\"async\" width=\"500\" height=\"500\" src=\"https:\/\/lessinguliers.fr\/wp-content\/uploads\/2026\/02\/BouquetOiseaux-1.jpg\" class=\"attachment-large size-large wp-image-4181\" alt=\"\" srcset=\"https:\/\/lessinguliers.fr\/wp-content\/uploads\/2026\/02\/BouquetOiseaux-1.jpg 500w, https:\/\/lessinguliers.fr\/wp-content\/uploads\/2026\/02\/BouquetOiseaux-1-300x300.jpg 300w, https:\/\/lessinguliers.fr\/wp-content\/uploads\/2026\/02\/BouquetOiseaux-1-150x150.jpg 150w\" sizes=\"(max-width: 500px) 100vw, 500px\" \/>\t\t\t\t\t\t\t\t\t\t\t\t\t\t\t<\/div>\n\t\t\t\t\t<\/div>\n\t\t<\/div>\n\t\t\t\t\t<\/div>\n\t\t<\/section>\n\t\t\t\t<section class=\"elementor-section elementor-inner-section elementor-element elementor-element-0b7ca43 elementor-section-content-middle elementor-reverse-mobile elementor-section-full_width elementor-section-height-default elementor-section-height-default\" data-id=\"0b7ca43\" data-element_type=\"section\" data-e-type=\"section\" data-settings=\"{&quot;background_background&quot;:&quot;classic&quot;}\">\n\t\t\t\t\t\t<div class=\"elementor-container elementor-column-gap-no\">\n\t\t\t\t\t<div class=\"elementor-column elementor-col-50 elementor-inner-column elementor-element elementor-element-5a61095\" data-id=\"5a61095\" data-element_type=\"column\" data-e-type=\"column\" data-settings=\"{&quot;background_background&quot;:&quot;classic&quot;}\">\n\t\t\t<div class=\"elementor-widget-wrap elementor-element-populated\">\n\t\t\t\t\t<div class=\"elementor-background-overlay\"><\/div>\n\t\t\t\t\t\t<div class=\"elementor-element elementor-element-78996a5 elementor-widget elementor-widget-image\" data-id=\"78996a5\" data-element_type=\"widget\" data-e-type=\"widget\" data-widget_type=\"image.default\">\n\t\t\t\t\t\t\t\t\t\t\t\t\t\t\t<img loading=\"lazy\" decoding=\"async\" width=\"300\" height=\"335\" src=\"https:\/\/lessinguliers.fr\/wp-content\/uploads\/2025\/08\/CS-onnaitpaspareil.jpg\" class=\"attachment-large size-large wp-image-1997\" alt=\"\" srcset=\"https:\/\/lessinguliers.fr\/wp-content\/uploads\/2025\/08\/CS-onnaitpaspareil.jpg 300w, https:\/\/lessinguliers.fr\/wp-content\/uploads\/2025\/08\/CS-onnaitpaspareil-269x300.jpg 269w\" sizes=\"(max-width: 300px) 100vw, 300px\" \/>\t\t\t\t\t\t\t\t\t\t\t\t\t\t\t<\/div>\n\t\t\t\t<div class=\"elementor-element elementor-element-86ebb09 elementor-widget elementor-widget-html\" data-id=\"86ebb09\" data-element_type=\"widget\" data-e-type=\"widget\" data-widget_type=\"html.default\">\n\t\t\t\t\t<iframe width=\"100%\" height=\"166\" scrolling=\"no\" frameborder=\"no\" allow=\"autoplay\" src=\"https:\/\/w.soundcloud.com\/player\/?url=https%3A\/\/api.soundcloud.com\/tracks\/624082134&color=%23ff5500&auto_play=false&hide_related=false&show_comments=true&show_user=true&show_reposts=false&show_teaser=true\"><\/iframe><div style=\"font-size: 10px; color: #cccccc;line-break: anywhere;word-break: normal;overflow: hidden;white-space: nowrap;text-overflow: ellipsis; font-family: Interstate,Lucida Grande,Lucida Sans Unicode,Lucida Sans,Garuda,Verdana,Tahoma,sans-serif;font-weight: 100;\"><a href=\"https:\/\/soundcloud.com\/les-singuliers\" title=\"Les Singuliers\" target=\"_blank\" style=\"color: #cccccc; text-decoration: none;\">Les Singuliers<\/a> \u00b7 <a href=\"https:\/\/soundcloud.com\/les-singuliers\/extrait-audio-de-lepopee-de-fionn-mac-cumhaill-caroline-sire-2\" title=\"Extrait audio - The Hare Said - Caroline Sire\" target=\"_blank\" style=\"color: #cccccc; text-decoration: none;\">Extrait audio - The Hare Said - Caroline Sire<\/a><\/div>\t\t\t\t<\/div>\n\t\t\t\t\t<\/div>\n\t\t<\/div>\n\t\t\t\t<div class=\"elementor-column elementor-col-50 elementor-inner-column elementor-element elementor-element-d97af14\" data-id=\"d97af14\" data-element_type=\"column\" data-e-type=\"column\" data-settings=\"{&quot;background_background&quot;:&quot;classic&quot;}\">\n\t\t\t<div class=\"elementor-widget-wrap elementor-element-populated\">\n\t\t\t\t\t\t<div class=\"elementor-element elementor-element-041d531 elementor-widget elementor-widget-heading\" data-id=\"041d531\" data-element_type=\"widget\" data-e-type=\"widget\" data-widget_type=\"heading.default\">\n\t\t\t\t\t<h2 class=\"elementor-heading-title elementor-size-small\"><a href=\"#\">On Na\u00eet Pas Pareils !, d\u00e8s 4 ans<\/a><\/h2>\t\t\t\t<\/div>\n\t\t\t\t<div class=\"elementor-element elementor-element-d50d004 elementor-widget elementor-widget-text-editor\" data-id=\"d50d004\" data-element_type=\"widget\" data-e-type=\"widget\" data-widget_type=\"text-editor.default\">\n\t\t\t\t\t\t\t\t\t<p>Certains ont des noms si longs<br \/>Qu\u2019ils font le grand plongeon<br \/>Certains voient leur \u0153uf rouler<br \/>Par erreur dans un nid \u00e9tranger<br \/>Certains se demandent pourquoi<br \/>Tout le monde les montre du doigt&#8230;<\/p><p>La diff\u00e9rence, c\u2019est un jugement. La diversit\u00e9, c\u2019est une opportunit\u00e9 !<br \/>Et si, au lieu de d\u00e9sesp\u00e9rer, on savourait toutes nos d\u00e9licieuses particularit\u00e9s ?<\/p><p>\u2013 Conte, Chant et Musique (Bodhr\u00e1n et Sanzula) : Caroline Sire<br \/>\u2013 Dur\u00e9e : 30 \u00e0 45min<\/p>\t\t\t\t\t\t\t\t<\/div>\n\t\t\t\t\t<\/div>\n\t\t<\/div>\n\t\t\t\t\t<\/div>\n\t\t<\/section>\n\t\t\t\t<section class=\"elementor-section elementor-inner-section elementor-element elementor-element-873f83e elementor-section-content-middle elementor-reverse-mobile elementor-section-full_width elementor-section-height-default elementor-section-height-default\" data-id=\"873f83e\" data-element_type=\"section\" data-e-type=\"section\" data-settings=\"{&quot;background_background&quot;:&quot;classic&quot;}\">\n\t\t\t\t\t\t<div class=\"elementor-container elementor-column-gap-no\">\n\t\t\t\t\t<div class=\"elementor-column elementor-col-50 elementor-inner-column elementor-element elementor-element-55f37c5\" data-id=\"55f37c5\" data-element_type=\"column\" data-e-type=\"column\" data-settings=\"{&quot;background_background&quot;:&quot;classic&quot;}\">\n\t\t\t<div class=\"elementor-widget-wrap elementor-element-populated\">\n\t\t\t\t\t\t<div class=\"elementor-element elementor-element-ca02c3c elementor-widget elementor-widget-heading\" data-id=\"ca02c3c\" data-element_type=\"widget\" data-e-type=\"widget\" data-widget_type=\"heading.default\">\n\t\t\t\t\t<h2 class=\"elementor-heading-title elementor-size-small\"><a href=\"#\">Contes \u00e0 voyager assis, d\u00e8s 5 ans<\/a><\/h2>\t\t\t\t<\/div>\n\t\t\t\t<div class=\"elementor-element elementor-element-be3939c elementor-widget elementor-widget-text-editor\" data-id=\"be3939c\" data-element_type=\"widget\" data-e-type=\"widget\" data-widget_type=\"text-editor.default\">\n\t\t\t\t\t\t\t\t\t<p>Et si l\u2019on voyageait assis\u2026 Et si l\u2019espace, de vie, de travail, la salle de classe, le refuge en montagne se transformaient en un lieu ouvert \u00e0 tous les imaginaires, en un lieu o\u00f9 r\u00eaver est possible\u2026<br \/>Les contes nous viennent de loin, de tr\u00e8s loin et nous font voyager encore.<br \/>\u00ab\u00a0Contes \u00e0 voyager assis\u00a0\u00bb ce sont des contes choisis pour vous et votre espace, des contes \u00e0 la carte dans des lieux plus ou moins insolites, \u00e0 vous de voir !<\/p><p>\u2013 Conte et Percussion : Anne-Claire Dromz\u00e9e<br \/>\u2013 D\u00e8s 5 ans \/ Dur\u00e9e : 45min ou D\u00e8s 6 ans \/ Dur\u00e9e : 1h<br \/>\u2013 Version possible avec musicien -&gt; Guitare : Jean-Benoit Blandin<\/p>\t\t\t\t\t\t\t\t<\/div>\n\t\t\t\t\t<\/div>\n\t\t<\/div>\n\t\t\t\t<div class=\"elementor-column elementor-col-50 elementor-inner-column elementor-element elementor-element-0c485f0\" data-id=\"0c485f0\" data-element_type=\"column\" data-e-type=\"column\" data-settings=\"{&quot;background_background&quot;:&quot;classic&quot;}\">\n\t\t\t<div class=\"elementor-widget-wrap elementor-element-populated\">\n\t\t\t\t\t<div class=\"elementor-background-overlay\"><\/div>\n\t\t\t\t\t\t<div class=\"elementor-element elementor-element-2ed4547 elementor-widget elementor-widget-image\" data-id=\"2ed4547\" data-element_type=\"widget\" data-e-type=\"widget\" data-widget_type=\"image.default\">\n\t\t\t\t\t\t\t\t\t\t\t\t\t\t\t<img loading=\"lazy\" decoding=\"async\" width=\"224\" height=\"255\" src=\"https:\/\/lessinguliers.fr\/wp-content\/uploads\/2025\/08\/acd-8.jpg\" class=\"attachment-large size-large wp-image-1146\" alt=\"\" \/>\t\t\t\t\t\t\t\t\t\t\t\t\t\t\t<\/div>\n\t\t\t\t\t<\/div>\n\t\t<\/div>\n\t\t\t\t\t<\/div>\n\t\t<\/section>\n\t\t\t\t<section class=\"elementor-section elementor-inner-section elementor-element elementor-element-69f60cf elementor-section-content-middle elementor-reverse-mobile elementor-section-full_width elementor-section-height-default elementor-section-height-default\" data-id=\"69f60cf\" data-element_type=\"section\" data-e-type=\"section\" data-settings=\"{&quot;background_background&quot;:&quot;classic&quot;}\">\n\t\t\t\t\t\t<div class=\"elementor-container elementor-column-gap-no\">\n\t\t\t\t\t<div class=\"elementor-column elementor-col-50 elementor-inner-column elementor-element elementor-element-c47ac9f\" data-id=\"c47ac9f\" data-element_type=\"column\" data-e-type=\"column\" data-settings=\"{&quot;background_background&quot;:&quot;classic&quot;}\">\n\t\t\t<div class=\"elementor-widget-wrap elementor-element-populated\">\n\t\t\t\t\t<div class=\"elementor-background-overlay\"><\/div>\n\t\t\t\t\t\t<div class=\"elementor-element elementor-element-da5ef5c elementor-widget elementor-widget-video\" data-id=\"da5ef5c\" data-element_type=\"widget\" data-e-type=\"widget\" data-settings=\"{&quot;youtube_url&quot;:&quot;https:\\\/\\\/www.youtube.com\\\/watch?v=-QVafu3fW6Q&amp;ab_channel=LesSinguliers&quot;,&quot;video_type&quot;:&quot;youtube&quot;,&quot;controls&quot;:&quot;yes&quot;}\" data-widget_type=\"video.default\">\n\t\t\t\t\t\t\t<div class=\"elementor-wrapper elementor-open-inline\">\n\t\t\t<div class=\"elementor-video\"><\/div>\t\t<\/div>\n\t\t\t\t\t\t<\/div>\n\t\t\t\t\t<\/div>\n\t\t<\/div>\n\t\t\t\t<div class=\"elementor-column elementor-col-50 elementor-inner-column elementor-element elementor-element-143eb6e\" data-id=\"143eb6e\" data-element_type=\"column\" data-e-type=\"column\" data-settings=\"{&quot;background_background&quot;:&quot;classic&quot;}\">\n\t\t\t<div class=\"elementor-widget-wrap elementor-element-populated\">\n\t\t\t\t\t\t<div class=\"elementor-element elementor-element-545e3d5 elementor-widget elementor-widget-heading\" data-id=\"545e3d5\" data-element_type=\"widget\" data-e-type=\"widget\" data-widget_type=\"heading.default\">\n\t\t\t\t\t<h2 class=\"elementor-heading-title elementor-size-small\"><a href=\"#\">Balades Immobiles, d\u00e8s 5 ans\u200b<\/a><\/h2>\t\t\t\t<\/div>\n\t\t\t\t<div class=\"elementor-element elementor-element-69344ef elementor-widget elementor-widget-text-editor\" data-id=\"69344ef\" data-element_type=\"widget\" data-e-type=\"widget\" data-widget_type=\"text-editor.default\">\n\t\t\t\t\t\t\t\t\t<p>Dans un d\u00e9cor de bric et de broc, au fond du grenier de l\u2019imaginaire, derri\u00e8re un livre, vit Don Chicote\u2026<\/p><p>Un vieux bonhomme qui r\u00eave des aventures fantastiques avec les objets qui l\u2019entourent. Il voit un arbre plut\u00f4t qu\u2019un vieux parapluie !<br \/>Parce que pour lui, l\u2019impossible est possible, pourvu qu\u2019on y croie ! Il vit les contes traditionnels et merveilleux avec des chaussures ou une cuill\u00e8re\u2026<\/p><p>Laissez-vous emporter dans son monde imaginaire fabuleux !<\/p><p>\u2013 Conte et th\u00e9\u00e2tre d\u2019objet : Elodie Mora<br \/>\u2013 Dur\u00e9e : 50min<\/p>\t\t\t\t\t\t\t\t<\/div>\n\t\t\t\t\t<\/div>\n\t\t<\/div>\n\t\t\t\t\t<\/div>\n\t\t<\/section>\n\t\t\t\t<section class=\"elementor-section elementor-inner-section elementor-element elementor-element-edee04e elementor-section-content-middle elementor-reverse-mobile elementor-section-full_width elementor-section-height-default elementor-section-height-default\" data-id=\"edee04e\" data-element_type=\"section\" data-e-type=\"section\" data-settings=\"{&quot;background_background&quot;:&quot;classic&quot;}\">\n\t\t\t\t\t\t<div class=\"elementor-container elementor-column-gap-no\">\n\t\t\t\t\t<div class=\"elementor-column elementor-col-50 elementor-inner-column elementor-element elementor-element-7c17ea3\" data-id=\"7c17ea3\" data-element_type=\"column\" data-e-type=\"column\" data-settings=\"{&quot;background_background&quot;:&quot;classic&quot;}\">\n\t\t\t<div class=\"elementor-widget-wrap elementor-element-populated\">\n\t\t\t\t\t\t<div class=\"elementor-element elementor-element-1e4bef7 elementor-widget elementor-widget-heading\" data-id=\"1e4bef7\" data-element_type=\"widget\" data-e-type=\"widget\" data-widget_type=\"heading.default\">\n\t\t\t\t\t<h2 class=\"elementor-heading-title elementor-size-small\"><a href=\"#\">Balades Immobiles, d\u00e8s 5 ans\u200b<\/a><\/h2>\t\t\t\t<\/div>\n\t\t\t\t<div class=\"elementor-element elementor-element-4a2acbc elementor-widget elementor-widget-text-editor\" data-id=\"4a2acbc\" data-element_type=\"widget\" data-e-type=\"widget\" data-widget_type=\"text-editor.default\">\n\t\t\t\t\t\t\t\t\t<p>Dans un d\u00e9cor de bric et de broc, au fond du grenier de l\u2019imaginaire, derri\u00e8re un livre, vit Don Chicote\u2026<\/p><p>Un vieux bonhomme qui r\u00eave des aventures fantastiques avec les objets qui l\u2019entourent. Il voit un arbre plut\u00f4t qu\u2019un vieux parapluie !<br \/>Parce que pour lui, l\u2019impossible est possible, pourvu qu\u2019on y croie ! Il vit les contes traditionnels et merveilleux avec des chaussures ou une cuill\u00e8re\u2026<\/p><p>Laissez-vous emporter dans son monde imaginaire fabuleux !<\/p><p>\u2013 Conte et th\u00e9\u00e2tre d\u2019objet : Elodie Mora<br \/>\u2013 Dur\u00e9e : 50min<\/p>\t\t\t\t\t\t\t\t<\/div>\n\t\t\t\t\t<\/div>\n\t\t<\/div>\n\t\t\t\t<div class=\"elementor-column elementor-col-50 elementor-inner-column elementor-element elementor-element-e61f00a\" data-id=\"e61f00a\" data-element_type=\"column\" data-e-type=\"column\" data-settings=\"{&quot;background_background&quot;:&quot;classic&quot;}\">\n\t\t\t<div class=\"elementor-widget-wrap elementor-element-populated\">\n\t\t\t\t\t<div class=\"elementor-background-overlay\"><\/div>\n\t\t\t\t\t\t<div class=\"elementor-element elementor-element-fee18e9 elementor-widget elementor-widget-video\" data-id=\"fee18e9\" data-element_type=\"widget\" data-e-type=\"widget\" data-settings=\"{&quot;youtube_url&quot;:&quot;https:\\\/\\\/www.youtube.com\\\/watch?v=-QVafu3fW6Q&amp;ab_channel=LesSinguliers&quot;,&quot;video_type&quot;:&quot;youtube&quot;,&quot;controls&quot;:&quot;yes&quot;}\" data-widget_type=\"video.default\">\n\t\t\t\t\t\t\t<div class=\"elementor-wrapper elementor-open-inline\">\n\t\t\t<div class=\"elementor-video\"><\/div>\t\t<\/div>\n\t\t\t\t\t\t<\/div>\n\t\t\t\t\t<\/div>\n\t\t<\/div>\n\t\t\t\t\t<\/div>\n\t\t<\/section>\n\t\t\t\t<section class=\"elementor-section elementor-inner-section elementor-element elementor-element-fc9867d elementor-section-content-middle elementor-reverse-mobile elementor-section-full_width elementor-section-height-default elementor-section-height-default\" data-id=\"fc9867d\" data-element_type=\"section\" data-e-type=\"section\" data-settings=\"{&quot;background_background&quot;:&quot;classic&quot;}\">\n\t\t\t\t\t\t<div class=\"elementor-container elementor-column-gap-no\">\n\t\t\t\t\t<div class=\"elementor-column elementor-col-50 elementor-inner-column elementor-element elementor-element-d144256\" data-id=\"d144256\" data-element_type=\"column\" data-e-type=\"column\" data-settings=\"{&quot;background_background&quot;:&quot;classic&quot;}\">\n\t\t\t<div class=\"elementor-widget-wrap elementor-element-populated\">\n\t\t\t\t\t<div class=\"elementor-background-overlay\"><\/div>\n\t\t\t\t\t\t<div class=\"elementor-element elementor-element-c840665 elementor-widget elementor-widget-video\" data-id=\"c840665\" data-element_type=\"widget\" data-e-type=\"widget\" data-settings=\"{&quot;youtube_url&quot;:&quot;https:\\\/\\\/www.youtube.com\\\/watch?v=8jktLfo6bBE&amp;ab_channel=LesSinguliers&quot;,&quot;video_type&quot;:&quot;youtube&quot;,&quot;controls&quot;:&quot;yes&quot;}\" data-widget_type=\"video.default\">\n\t\t\t\t\t\t\t<div class=\"elementor-wrapper elementor-open-inline\">\n\t\t\t<div class=\"elementor-video\"><\/div>\t\t<\/div>\n\t\t\t\t\t\t<\/div>\n\t\t\t\t\t<\/div>\n\t\t<\/div>\n\t\t\t\t<div class=\"elementor-column elementor-col-50 elementor-inner-column elementor-element elementor-element-c09c3bf\" data-id=\"c09c3bf\" data-element_type=\"column\" data-e-type=\"column\" data-settings=\"{&quot;background_background&quot;:&quot;classic&quot;}\">\n\t\t\t<div class=\"elementor-widget-wrap elementor-element-populated\">\n\t\t\t\t\t\t<div class=\"elementor-element elementor-element-47e942b elementor-widget elementor-widget-heading\" data-id=\"47e942b\" data-element_type=\"widget\" data-e-type=\"widget\" data-widget_type=\"heading.default\">\n\t\t\t\t\t<h2 class=\"elementor-heading-title elementor-size-small\"><a href=\"#\">Peau de P\u00eache, d\u00e8s 5 ans\u200b<\/a><\/h2>\t\t\t\t<\/div>\n\t\t\t\t<div class=\"elementor-element elementor-element-8afc78f elementor-widget elementor-widget-text-editor\" data-id=\"8afc78f\" data-element_type=\"widget\" data-e-type=\"widget\" data-widget_type=\"text-editor.default\">\n\t\t\t\t\t\t\t\t\t<p>Une Reine s\u2019endort sous un p\u00eacher, elle fait un r\u00eave : une petite fille \u00e0 la peau velout\u00e9e&#8230;<br \/>\u00ab\u00a0Oh ! Si j\u2019avais une petite fille comme celle-l\u00e0, je laisserais mes fils s\u2019envoler dans le ciel ! \u00ab\u00a0<br \/>Aussit\u00f4t, les douze gar\u00e7ons de la Reine sont chang\u00e9s en corbeaux.\u2028 Ainsi na\u00eet Peau de P\u00eache.<\/p><p>\u2028Une Vieille \u00e0 la peau frip\u00e9e, une ombre myst\u00e9rieuse, un tambour magique&#8230;\u2028 Larmes qui coulent, larmes qui roulent&#8230;\u2028 Peau de P\u00eache est bien d\u00e9cid\u00e9e \u00e0 tirer cette histoire au clair !<\/p><p>\u2013 Conte, Chant et Musique (Bodhr\u00e1n et Sanzula) : Caroline Sire<br \/>Ce spectacle peut \u00eatre pr\u00e9sent\u00e9 dans des lieux peu \u00e9quip\u00e9s sous le titre : \u00ab\u00a0Les 12 Corbeaux\u00a0\u00bb<br \/>\u2013 Dur\u00e9e : 45min<\/p>\t\t\t\t\t\t\t\t<\/div>\n\t\t\t\t\t<\/div>\n\t\t<\/div>\n\t\t\t\t\t<\/div>\n\t\t<\/section>\n\t\t\t\t<section class=\"elementor-section elementor-inner-section elementor-element elementor-element-532fd42 elementor-section-content-middle elementor-reverse-mobile elementor-section-full_width elementor-section-height-default elementor-section-height-default\" data-id=\"532fd42\" data-element_type=\"section\" data-e-type=\"section\" data-settings=\"{&quot;background_background&quot;:&quot;classic&quot;}\">\n\t\t\t\t\t\t<div class=\"elementor-container elementor-column-gap-no\">\n\t\t\t\t\t<div class=\"elementor-column elementor-col-50 elementor-inner-column elementor-element elementor-element-3192d9b\" data-id=\"3192d9b\" data-element_type=\"column\" data-e-type=\"column\" data-settings=\"{&quot;background_background&quot;:&quot;classic&quot;}\">\n\t\t\t<div class=\"elementor-widget-wrap elementor-element-populated\">\n\t\t\t\t\t\t<div class=\"elementor-element elementor-element-4b9e99f elementor-widget elementor-widget-heading\" data-id=\"4b9e99f\" data-element_type=\"widget\" data-e-type=\"widget\" data-widget_type=\"heading.default\">\n\t\t\t\t\t<h2 class=\"elementor-heading-title elementor-size-small\"><a href=\"#\">Merveilles et Fantaisies, d\u00e8s 5 ans\u200b<\/a><\/h2>\t\t\t\t<\/div>\n\t\t\t\t<div class=\"elementor-element elementor-element-39b63fb elementor-widget elementor-widget-text-editor\" data-id=\"39b63fb\" data-element_type=\"widget\" data-e-type=\"widget\" data-widget_type=\"text-editor.default\">\n\t\t\t\t\t\t\t\t\t<p>Quand on met un pied dans les contes,<br \/>on d\u00e9couvre un monde tr\u00e8s grand, plein de force et de l\u00e9g\u00e8ret\u00e9.<br \/>Et chacun peut y voyager !<\/p><p>Voici l\u2019heure o\u00f9 les contes sortent, un \u00e0 un, juste avant la nuit.<br \/>Gar\u00e7on-Moineau, Lutin grincheux, L\u00e9zard g\u00e9n\u00e9reux<br \/>G\u00e9ants vaincus par des petits malicieux \u2026<br \/>Les animaux croisent le chemin des humains,<br \/>Ils se connaissent bien.<\/p><p>Pour ce voyage, venez sans crainte :<br \/>la conteuse a les cl\u00e9s et conna\u00eet le chemin.<br \/>(Apportez quand-m\u00eame des oreilles \u2026 Nous les mettrons toutes en commun.)<\/p><p>\u2013 Conte : Anne Leviel<br \/>\u2013 Dur\u00e9e : 1h<\/p>\t\t\t\t\t\t\t\t<\/div>\n\t\t\t\t\t<\/div>\n\t\t<\/div>\n\t\t\t\t<div class=\"elementor-column elementor-col-50 elementor-inner-column elementor-element elementor-element-e341260\" data-id=\"e341260\" data-element_type=\"column\" data-e-type=\"column\" data-settings=\"{&quot;background_background&quot;:&quot;classic&quot;}\">\n\t\t\t<div class=\"elementor-widget-wrap elementor-element-populated\">\n\t\t\t\t\t<div class=\"elementor-background-overlay\"><\/div>\n\t\t\t\t\t\t<div class=\"elementor-element elementor-element-8cb2f35 elementor-widget elementor-widget-image\" data-id=\"8cb2f35\" data-element_type=\"widget\" data-e-type=\"widget\" data-widget_type=\"image.default\">\n\t\t\t\t\t\t\t\t\t\t\t\t\t\t\t<img loading=\"lazy\" decoding=\"async\" width=\"500\" height=\"500\" src=\"https:\/\/lessinguliers.fr\/wp-content\/uploads\/2026\/02\/Merveilles-1.jpg\" class=\"attachment-large size-large wp-image-4205\" alt=\"\" srcset=\"https:\/\/lessinguliers.fr\/wp-content\/uploads\/2026\/02\/Merveilles-1.jpg 500w, https:\/\/lessinguliers.fr\/wp-content\/uploads\/2026\/02\/Merveilles-1-300x300.jpg 300w, https:\/\/lessinguliers.fr\/wp-content\/uploads\/2026\/02\/Merveilles-1-150x150.jpg 150w\" sizes=\"(max-width: 500px) 100vw, 500px\" \/>\t\t\t\t\t\t\t\t\t\t\t\t\t\t\t<\/div>\n\t\t\t\t\t<\/div>\n\t\t<\/div>\n\t\t\t\t\t<\/div>\n\t\t<\/section>\n\t\t\t\t<section class=\"elementor-section elementor-inner-section elementor-element elementor-element-8a787c4 elementor-section-content-middle elementor-reverse-mobile elementor-section-full_width elementor-section-height-default elementor-section-height-default\" data-id=\"8a787c4\" data-element_type=\"section\" data-e-type=\"section\" data-settings=\"{&quot;background_background&quot;:&quot;classic&quot;}\">\n\t\t\t\t\t\t<div class=\"elementor-container elementor-column-gap-no\">\n\t\t\t\t\t<div class=\"elementor-column elementor-col-50 elementor-inner-column elementor-element elementor-element-c032c77\" data-id=\"c032c77\" data-element_type=\"column\" data-e-type=\"column\" data-settings=\"{&quot;background_background&quot;:&quot;classic&quot;}\">\n\t\t\t<div class=\"elementor-widget-wrap elementor-element-populated\">\n\t\t\t\t\t<div class=\"elementor-background-overlay\"><\/div>\n\t\t\t\t\t\t<div class=\"elementor-element elementor-element-94fcb9c elementor-widget elementor-widget-image\" data-id=\"94fcb9c\" data-element_type=\"widget\" data-e-type=\"widget\" data-widget_type=\"image.default\">\n\t\t\t\t\t\t\t\t\t\t\t\t\t\t\t<img loading=\"lazy\" decoding=\"async\" width=\"300\" height=\"219\" src=\"https:\/\/lessinguliers.fr\/wp-content\/uploads\/2025\/08\/Photo-Dans-la-nuit-de-lhiver.jpg\" class=\"attachment-large size-large wp-image-2177\" alt=\"\" \/>\t\t\t\t\t\t\t\t\t\t\t\t\t\t\t<\/div>\n\t\t\t\t\t<\/div>\n\t\t<\/div>\n\t\t\t\t<div class=\"elementor-column elementor-col-50 elementor-inner-column elementor-element elementor-element-18eb912\" data-id=\"18eb912\" data-element_type=\"column\" data-e-type=\"column\" data-settings=\"{&quot;background_background&quot;:&quot;classic&quot;}\">\n\t\t\t<div class=\"elementor-widget-wrap elementor-element-populated\">\n\t\t\t\t\t\t<div class=\"elementor-element elementor-element-e629a65 elementor-widget elementor-widget-heading\" data-id=\"e629a65\" data-element_type=\"widget\" data-e-type=\"widget\" data-widget_type=\"heading.default\">\n\t\t\t\t\t<h2 class=\"elementor-heading-title elementor-size-small\"><a href=\"#\">Dans la nuit de l'hiver, d\u00e8s 5 ans\u200b<\/a><\/h2>\t\t\t\t<\/div>\n\t\t\t\t<div class=\"elementor-element elementor-element-464d27a elementor-widget elementor-widget-text-editor\" data-id=\"464d27a\" data-element_type=\"widget\" data-e-type=\"widget\" data-widget_type=\"text-editor.default\">\n\t\t\t\t\t\t\t\t\t<p>Balade cont\u00e9e nocturne<\/p><p>Dans la nuit de l\u2019hiver, les flocons sont tomb\u00e9s. Et tandis que les enfants d\u00e9couvrent la po\u00e9sie et la force de la nuit enneig\u00e9e, les adultes retrouvent le plaisir d\u2019entendre la neige crisser sous leurs pas. Les voil\u00e0 donc r\u00e9unis le temps d\u2019une randonn\u00e9e cont\u00e9e. Bien couverts pour affronter le froid, ils vont d\u00e9ambuler accompagn\u00e9s de la conteuse et du musicien sous les \u00e9toiles ou les nuages, c\u2019est selon.<br \/>On marche, lampions au bout d\u2019un b\u00e2ton, puis on s\u2019arr\u00eate, on \u00e9coute un conte et l\u2019on repart.\u2028Tout un chemin qui de contes en contes nous m\u00e8nera au chaud pour une derni\u00e8re histoire.<br \/>Dans la nuit de l\u2019hiver galopent Jacques Pr\u00e9vert, Vladimir Kosma, un bonhomme de neige, Babouchka, Jean et son \u00e2ne Martin, un couple de petits vieux que rien n\u2019arr\u00eate. Et, d\u2019autres encore\u2026<br \/>Dans la nuit de l\u2019hiver, on prend le temps de croire \u00e0 des histoires et \u00e7a fait du bien\u2026<\/p><p>\u2013 Conte et Percussion : Anne-Claire Dromz\u00e9e<br \/>\u2013 Guitare : Jean-Benoit Blandin<br \/>\u2013 Dur\u00e9e : 1h30<\/p>\t\t\t\t\t\t\t\t<\/div>\n\t\t\t\t\t<\/div>\n\t\t<\/div>\n\t\t\t\t\t<\/div>\n\t\t<\/section>\n\t\t\t\t<section class=\"elementor-section elementor-inner-section elementor-element elementor-element-2b8550a elementor-section-content-middle elementor-reverse-mobile elementor-section-full_width elementor-section-height-default elementor-section-height-default\" data-id=\"2b8550a\" data-element_type=\"section\" data-e-type=\"section\" data-settings=\"{&quot;background_background&quot;:&quot;classic&quot;}\">\n\t\t\t\t\t\t<div class=\"elementor-container elementor-column-gap-no\">\n\t\t\t\t\t<div class=\"elementor-column elementor-col-50 elementor-inner-column elementor-element elementor-element-6f042b3\" data-id=\"6f042b3\" data-element_type=\"column\" data-e-type=\"column\" data-settings=\"{&quot;background_background&quot;:&quot;classic&quot;}\">\n\t\t\t<div class=\"elementor-widget-wrap elementor-element-populated\">\n\t\t\t\t\t\t<div class=\"elementor-element elementor-element-ce1daa5 elementor-widget elementor-widget-heading\" data-id=\"ce1daa5\" data-element_type=\"widget\" data-e-type=\"widget\" data-widget_type=\"heading.default\">\n\t\t\t\t\t<h2 class=\"elementor-heading-title elementor-size-small\"><a href=\"#\">Contes M\u00e9diterran\u00e9ens, d\u00e8s 5 ans<\/a><\/h2>\t\t\t\t<\/div>\n\t\t\t\t<div class=\"elementor-element elementor-element-feb87f7 elementor-widget elementor-widget-text-editor\" data-id=\"feb87f7\" data-element_type=\"widget\" data-e-type=\"widget\" data-widget_type=\"text-editor.default\">\n\t\t\t\t\t\t\t\t\t<p>On raconte qu\u2019il y a bien longtemps, existait une terre du milieu o\u00f9 poussait des orangers et des oliviers. Y vivait un peuple joyeux qui parlait fort et aimait la vie. Et puis un jour, la terre a trembl\u00e9 et un bout d\u2019oc\u00e9an s\u2019est engouffr\u00e9. On a oubli\u00e9 cette terre et depuis, son peuple s\u2019est dispers\u00e9 autour de celle que l\u2019on appelle maintenant : La M\u00e9diterran\u00e9e.<br \/>La mer de la terre du milieu, la mer qui unit l\u2019Europe, l\u2019Asie et l\u2019Afrique.<br \/>_Il reste une m\u00e9moire commune dans les histoires racont\u00e9es dans tous les pays autour de la Grande Bleue. Des histoires merveilleuses et puis, aussi celles secr\u00e8tes de ma grand-m\u00e8re&#8230;<br \/>Alors, laissons l\u2019invisible nous ensorceler et le sang s\u2019embraser, pour marcher dans le pays des r\u00eaves et des folies\u2026<\/p><p>\u2013 Conte : Elodie Mora<br \/>\u2013 Dur\u00e9e : 45 min<\/p>\t\t\t\t\t\t\t\t<\/div>\n\t\t\t\t\t<\/div>\n\t\t<\/div>\n\t\t\t\t<div class=\"elementor-column elementor-col-50 elementor-inner-column elementor-element elementor-element-05aae04\" data-id=\"05aae04\" data-element_type=\"column\" data-e-type=\"column\" data-settings=\"{&quot;background_background&quot;:&quot;classic&quot;}\">\n\t\t\t<div class=\"elementor-widget-wrap elementor-element-populated\">\n\t\t\t\t\t<div class=\"elementor-background-overlay\"><\/div>\n\t\t\t\t\t\t<div class=\"elementor-element elementor-element-400679a elementor-widget elementor-widget-image\" data-id=\"400679a\" data-element_type=\"widget\" data-e-type=\"widget\" data-widget_type=\"image.default\">\n\t\t\t\t\t\t\t\t\t\t\t\t\t\t\t<img loading=\"lazy\" decoding=\"async\" width=\"280\" height=\"237\" src=\"https:\/\/lessinguliers.fr\/wp-content\/uploads\/2025\/08\/mora3.jpg\" class=\"attachment-large size-large wp-image-1247\" alt=\"\" \/>\t\t\t\t\t\t\t\t\t\t\t\t\t\t\t<\/div>\n\t\t\t\t\t<\/div>\n\t\t<\/div>\n\t\t\t\t\t<\/div>\n\t\t<\/section>\n\t\t\t\t<section class=\"elementor-section elementor-inner-section elementor-element elementor-element-e42c413 elementor-section-content-middle elementor-reverse-mobile elementor-section-full_width elementor-section-height-default elementor-section-height-default\" data-id=\"e42c413\" data-element_type=\"section\" data-e-type=\"section\" data-settings=\"{&quot;background_background&quot;:&quot;classic&quot;}\">\n\t\t\t\t\t\t<div class=\"elementor-container elementor-column-gap-no\">\n\t\t\t\t\t<div class=\"elementor-column elementor-col-50 elementor-inner-column elementor-element elementor-element-db5b7df\" data-id=\"db5b7df\" data-element_type=\"column\" data-e-type=\"column\" data-settings=\"{&quot;background_background&quot;:&quot;classic&quot;}\">\n\t\t\t<div class=\"elementor-widget-wrap elementor-element-populated\">\n\t\t\t\t\t<div class=\"elementor-background-overlay\"><\/div>\n\t\t\t\t\t\t<div class=\"elementor-element elementor-element-18365fa elementor-widget elementor-widget-image\" data-id=\"18365fa\" data-element_type=\"widget\" data-e-type=\"widget\" data-widget_type=\"image.default\">\n\t\t\t\t\t\t\t\t\t\t\t\t\t\t\t<img loading=\"lazy\" decoding=\"async\" width=\"300\" height=\"200\" src=\"https:\/\/lessinguliers.fr\/wp-content\/uploads\/2025\/08\/vcc2.jpg\" class=\"attachment-large size-large wp-image-2101\" alt=\"\" \/>\t\t\t\t\t\t\t\t\t\t\t\t\t\t\t<\/div>\n\t\t\t\t\t<\/div>\n\t\t<\/div>\n\t\t\t\t<div class=\"elementor-column elementor-col-50 elementor-inner-column elementor-element elementor-element-3fa2657\" data-id=\"3fa2657\" data-element_type=\"column\" data-e-type=\"column\" data-settings=\"{&quot;background_background&quot;:&quot;classic&quot;}\">\n\t\t\t<div class=\"elementor-widget-wrap elementor-element-populated\">\n\t\t\t\t\t\t<div class=\"elementor-element elementor-element-cf9b51a elementor-widget elementor-widget-heading\" data-id=\"cf9b51a\" data-element_type=\"widget\" data-e-type=\"widget\" data-widget_type=\"heading.default\">\n\t\t\t\t\t<h2 class=\"elementor-heading-title elementor-size-small\"><a href=\"#\">No\u00ebl Tropical, d\u00e8s 5 ans<\/a><\/h2>\t\t\t\t<\/div>\n\t\t\t\t<div class=\"elementor-element elementor-element-5056b81 elementor-widget elementor-widget-text-editor\" data-id=\"5056b81\" data-element_type=\"widget\" data-e-type=\"widget\" data-widget_type=\"text-editor.default\">\n\t\t\t\t\t\t\t\t\t<p>Au rythme du cuatro et des musiques de No\u00ebl du Venezuela.<br \/>Dans la nuit des temps, il y avait un arbre, un peu comme un arbre de No\u00ebl\u2026mais ce n\u2019\u00e9tait pas un sapin ! Ses branches se perdaient dans le ciel, et il fallait plusieurs mois pour faire le tour de son tronc. Ses guirlandes \u00e9taient faites de toutes sortes de fruits et de l\u00e9gumes d\u00e9licieux, un r\u00e9gal que tous les animaux de la for\u00eat voulaient avoir \u00e0 leur table pour le r\u00e9veillon.<br \/>Mais l\u2019arbre ne se laissait pas faire. Il tapait, piquait et puait\u2026sauf si on l\u2019appelait par son nom. Mais son nom, ils l\u2019avaient tous oubli\u00e9 depuis longtemps\u2026<\/p><p>\u2013 Conte, fable et chants d\u2019Am\u00e9rique du Sud : Victor Cova Correa<br \/>\u2013 Dur\u00e9e : 50min<\/p>\t\t\t\t\t\t\t\t<\/div>\n\t\t\t\t\t<\/div>\n\t\t<\/div>\n\t\t\t\t\t<\/div>\n\t\t<\/section>\n\t\t\t\t<section class=\"elementor-section elementor-inner-section elementor-element elementor-element-e7b49ac elementor-section-content-middle elementor-reverse-mobile elementor-section-full_width elementor-section-height-default elementor-section-height-default\" data-id=\"e7b49ac\" data-element_type=\"section\" data-e-type=\"section\" data-settings=\"{&quot;background_background&quot;:&quot;classic&quot;}\">\n\t\t\t\t\t\t<div class=\"elementor-container elementor-column-gap-no\">\n\t\t\t\t\t<div class=\"elementor-column elementor-col-50 elementor-inner-column elementor-element elementor-element-72e8d04\" data-id=\"72e8d04\" data-element_type=\"column\" data-e-type=\"column\" data-settings=\"{&quot;background_background&quot;:&quot;classic&quot;}\">\n\t\t\t<div class=\"elementor-widget-wrap elementor-element-populated\">\n\t\t\t\t\t\t<div class=\"elementor-element elementor-element-222e7fd elementor-widget elementor-widget-heading\" data-id=\"222e7fd\" data-element_type=\"widget\" data-e-type=\"widget\" data-widget_type=\"heading.default\">\n\t\t\t\t\t<h2 class=\"elementor-heading-title elementor-size-small\"><a href=\"#\">Contes d'hiver, d\u00e8s 5 ans<\/a><\/h2>\t\t\t\t<\/div>\n\t\t\t\t<div class=\"elementor-element elementor-element-c7d4335 elementor-widget elementor-widget-text-editor\" data-id=\"c7d4335\" data-element_type=\"widget\" data-e-type=\"widget\" data-widget_type=\"text-editor.default\">\n\t\t\t\t\t\t\t\t\t<p>Dans la nuit, le vent du nord souffle et en silence, les flocons tombent du ciel.<\/p><p>C\u2019est le moment de se glisser sous les couvertures pour \u00e9couter des histoires d\u2019Hiver.<br \/>Elles se passent dans des ch\u00e2teaux de glaces, dans des for\u00eats profondes quand les \u00eatres magiques sortent, ou dans des pays blancs de neige.<br \/>Au coeur de l\u2019hiver, il fait si froid qu\u2019il faut se serrer pour se tenir chaud et ici, ce sont les histoires qui vont t\u00e2cher de nous r\u00e9chauffer du dedans.<\/p><p>\u2013 Conte : Elodie Mora<br \/>\u2013 Dur\u00e9e : 40 min<\/p>\t\t\t\t\t\t\t\t<\/div>\n\t\t\t\t\t<\/div>\n\t\t<\/div>\n\t\t\t\t<div class=\"elementor-column elementor-col-50 elementor-inner-column elementor-element elementor-element-9a9c434\" data-id=\"9a9c434\" data-element_type=\"column\" data-e-type=\"column\" data-settings=\"{&quot;background_background&quot;:&quot;classic&quot;}\">\n\t\t\t<div class=\"elementor-widget-wrap elementor-element-populated\">\n\t\t\t\t\t<div class=\"elementor-background-overlay\"><\/div>\n\t\t\t\t\t\t<div class=\"elementor-element elementor-element-24aba1a elementor-widget elementor-widget-image\" data-id=\"24aba1a\" data-element_type=\"widget\" data-e-type=\"widget\" data-widget_type=\"image.default\">\n\t\t\t\t\t\t\t\t\t\t\t\t\t\t\t<img loading=\"lazy\" decoding=\"async\" width=\"300\" height=\"211\" src=\"https:\/\/lessinguliers.fr\/wp-content\/uploads\/2025\/08\/Hiver.jpg\" class=\"attachment-large size-large wp-image-2079\" alt=\"\" \/>\t\t\t\t\t\t\t\t\t\t\t\t\t\t\t<\/div>\n\t\t\t\t\t<\/div>\n\t\t<\/div>\n\t\t\t\t\t<\/div>\n\t\t<\/section>\n\t\t\t\t<section class=\"elementor-section elementor-inner-section elementor-element elementor-element-259a191 elementor-section-content-middle elementor-reverse-mobile elementor-section-full_width elementor-section-height-default elementor-section-height-default\" data-id=\"259a191\" data-element_type=\"section\" data-e-type=\"section\" data-settings=\"{&quot;background_background&quot;:&quot;classic&quot;}\">\n\t\t\t\t\t\t<div class=\"elementor-container elementor-column-gap-no\">\n\t\t\t\t\t<div class=\"elementor-column elementor-col-50 elementor-inner-column elementor-element elementor-element-f66eb28\" data-id=\"f66eb28\" data-element_type=\"column\" data-e-type=\"column\" data-settings=\"{&quot;background_background&quot;:&quot;classic&quot;}\">\n\t\t\t<div class=\"elementor-widget-wrap elementor-element-populated\">\n\t\t\t\t\t<div class=\"elementor-background-overlay\"><\/div>\n\t\t\t\t\t\t<div class=\"elementor-element elementor-element-47a711e elementor-widget elementor-widget-image\" data-id=\"47a711e\" data-element_type=\"widget\" data-e-type=\"widget\" data-widget_type=\"image.default\">\n\t\t\t\t\t\t\t\t\t\t\t\t\t\t\t<img loading=\"lazy\" decoding=\"async\" width=\"280\" height=\"255\" src=\"https:\/\/lessinguliers.fr\/wp-content\/uploads\/2025\/08\/victor-4.jpg\" class=\"attachment-large size-large wp-image-1072\" alt=\"\" \/>\t\t\t\t\t\t\t\t\t\t\t\t\t\t\t<\/div>\n\t\t\t\t<div class=\"elementor-element elementor-element-983eb4d elementor-widget elementor-widget-html\" data-id=\"983eb4d\" data-element_type=\"widget\" data-e-type=\"widget\" data-widget_type=\"html.default\">\n\t\t\t\t\t<iframe width=\"100%\" height=\"166\" scrolling=\"no\" frameborder=\"no\" allow=\"autoplay\" src=\"https:\/\/w.soundcloud.com\/player\/?url=https%3A\/\/api.soundcloud.com\/tracks\/1567946284&color=%23ff5500&auto_play=false&hide_related=false&show_comments=true&show_user=true&show_reposts=false&show_teaser=true\"><\/iframe><div style=\"font-size: 10px; color: #cccccc;line-break: anywhere;word-break: normal;overflow: hidden;white-space: nowrap;text-overflow: ellipsis; font-family: Interstate,Lucida Grande,Lucida Sans Unicode,Lucida Sans,Garuda,Verdana,Tahoma,sans-serif;font-weight: 100;\"><a href=\"https:\/\/soundcloud.com\/les-singuliers\" title=\"Les Singuliers\" target=\"_blank\" style=\"color: #cccccc; text-decoration: none;\">Les Singuliers<\/a> \u00b7 <a href=\"https:\/\/soundcloud.com\/les-singuliers\/extrait-audio-de-gavilan-et-la-besace-de-themistocle-victor-cova-correaa\" title=\"Extrait audio de &quot;Gavil\u00e1n et la besace de Th\u00e9mistocle&quot; - Victor Cova Correa\" target=\"_blank\" style=\"color: #cccccc; text-decoration: none;\">Extrait audio de &quot;Gavil\u00e1n et la besace de Th\u00e9mistocle&quot; - Victor Cova Correa<\/a><\/div>\t\t\t\t<\/div>\n\t\t\t\t\t<\/div>\n\t\t<\/div>\n\t\t\t\t<div class=\"elementor-column elementor-col-50 elementor-inner-column elementor-element elementor-element-9ed0486\" data-id=\"9ed0486\" data-element_type=\"column\" data-e-type=\"column\" data-settings=\"{&quot;background_background&quot;:&quot;classic&quot;}\">\n\t\t\t<div class=\"elementor-widget-wrap elementor-element-populated\">\n\t\t\t\t\t\t<div class=\"elementor-element elementor-element-e155bc9 elementor-widget elementor-widget-heading\" data-id=\"e155bc9\" data-element_type=\"widget\" data-e-type=\"widget\" data-widget_type=\"heading.default\">\n\t\t\t\t\t<h2 class=\"elementor-heading-title elementor-size-small\"><a href=\"#\">Gavil\u00e1n et la besace de Th\u00e9mistocle, d\u00e8s 5 ans<\/a><\/h2>\t\t\t\t<\/div>\n\t\t\t\t<div class=\"elementor-element elementor-element-9157526 elementor-widget elementor-widget-text-editor\" data-id=\"9157526\" data-element_type=\"widget\" data-e-type=\"widget\" data-widget_type=\"text-editor.default\">\n\t\t\t\t\t\t\t\t\t<p>Th\u00e9mistocle,<br \/>c\u2019est le pr\u00e9nom de mon grand-p\u00e8re, le cordonnier ambulant, mon ami d\u2019enfance, mon premier conteur. Gavil\u00e1n, c\u2019est l\u2019\u00e9pervier en espagnol, et le nom du r\u00e9mouleur aveugle qui aiguise les couteaux de mes r\u00eaves. La rencontre entre Gavil\u00e1n et Th\u00e9mistocle provoque l\u2019ouverture de la besace : une besace grouillante d\u2019histoires dont toutes ne sauraient \u00eatre cont\u00e9es en l\u2019espace d\u2019une seule s\u00e9ance. Alors, le conteur convoque celle qui semble convenir pour l\u2019occasion, et la partage : il y aura peut-\u00eatre un perroquet d\u00e9fiant un dictateur, il sera peut-\u00eatre question de for\u00eat amazonienne et de plumes color\u00e9es&#8230;<\/p><p>R\u00eaverons-nous de sorciers, d\u2019oc\u00e9ans ou encore d\u2019un tout petit lutin vert ? On verra, on \u00e9coutera, le conte le dira.<\/p><p>\u2013 Conte et Musique (cuatro) : Victor Cova Correa<br \/>\u2013 Dur\u00e9e : 1h<\/p><p>Histoire disponible sur le CD \u00ab\u00a0Nuits du conte \u00e0 Montr\u00e9al\u00a0\u00bb aux \u00e9ditions Oui\u2019Dire : \u00ab\u00a0https:\/\/oui-dire-editions.fr\/album\/nuits-du-conte-a-montreal\/<\/p>\t\t\t\t\t\t\t\t<\/div>\n\t\t\t\t\t<\/div>\n\t\t<\/div>\n\t\t\t\t\t<\/div>\n\t\t<\/section>\n\t\t\t\t<section class=\"elementor-section elementor-inner-section elementor-element elementor-element-825eec4 elementor-section-content-middle elementor-reverse-mobile elementor-section-full_width elementor-section-height-default elementor-section-height-default\" data-id=\"825eec4\" data-element_type=\"section\" data-e-type=\"section\" data-settings=\"{&quot;background_background&quot;:&quot;classic&quot;}\">\n\t\t\t\t\t\t<div class=\"elementor-container elementor-column-gap-no\">\n\t\t\t\t\t<div class=\"elementor-column elementor-col-50 elementor-inner-column elementor-element elementor-element-0600df2\" data-id=\"0600df2\" data-element_type=\"column\" data-e-type=\"column\" data-settings=\"{&quot;background_background&quot;:&quot;classic&quot;}\">\n\t\t\t<div class=\"elementor-widget-wrap elementor-element-populated\">\n\t\t\t\t\t\t<div class=\"elementor-element elementor-element-4e2125b elementor-widget elementor-widget-heading\" data-id=\"4e2125b\" data-element_type=\"widget\" data-e-type=\"widget\" data-widget_type=\"heading.default\">\n\t\t\t\t\t<h2 class=\"elementor-heading-title elementor-size-small\"><a href=\"#\">En route pour Tombouctou, d\u00e8s 5 ans<\/a><\/h2>\t\t\t\t<\/div>\n\t\t\t\t<div class=\"elementor-element elementor-element-f2c813c elementor-widget elementor-widget-text-editor\" data-id=\"f2c813c\" data-element_type=\"widget\" data-e-type=\"widget\" data-widget_type=\"text-editor.default\">\n\t\t\t\t\t\t\t\t\t<p>Quatre histoires avec chacune son h\u00e9ros : une grand-m\u00e8re qui n\u2019a pas froid aux yeux, un merle voyageur, une fourmi intr\u00e9pide et un tout petit roi en qu\u00eate d\u2019amour. Les uns comme les autres sont anim\u00e9s par le voyage. Que faut-il pour r\u00e9ussir \u00e0 cheminer si ce n\u2019est en avoir profond\u00e9ment envie ? Et comme dans tous les voyages, ce sont les rencontres dont on se souviendra. \u00ab Elle est partie la petite fourmi, petit \u00e0 petit, trouver des amis\u2026 \u00bb.<\/p><p>\u2013 Conte : Anne-Claire Dromz\u00e9e<br \/>\u2013 Guitare : Jean-Benoit Blandin<br \/>\u2013 Dur\u00e9e : 45min<\/p>\t\t\t\t\t\t\t\t<\/div>\n\t\t\t\t\t<\/div>\n\t\t<\/div>\n\t\t\t\t<div class=\"elementor-column elementor-col-50 elementor-inner-column elementor-element elementor-element-c56327e\" data-id=\"c56327e\" data-element_type=\"column\" data-e-type=\"column\" data-settings=\"{&quot;background_background&quot;:&quot;classic&quot;}\">\n\t\t\t<div class=\"elementor-widget-wrap elementor-element-populated\">\n\t\t\t\t\t<div class=\"elementor-background-overlay\"><\/div>\n\t\t\t\t\t\t<div class=\"elementor-element elementor-element-e81d334 elementor-widget elementor-widget-video\" data-id=\"e81d334\" data-element_type=\"widget\" data-e-type=\"widget\" data-settings=\"{&quot;youtube_url&quot;:&quot;https:\\\/\\\/www.youtube.com\\\/watch?v=WlFGkFyDA30&amp;ab_channel=LesSinguliers&quot;,&quot;video_type&quot;:&quot;youtube&quot;,&quot;controls&quot;:&quot;yes&quot;}\" data-widget_type=\"video.default\">\n\t\t\t\t\t\t\t<div class=\"elementor-wrapper elementor-open-inline\">\n\t\t\t<div class=\"elementor-video\"><\/div>\t\t<\/div>\n\t\t\t\t\t\t<\/div>\n\t\t\t\t<div class=\"elementor-element elementor-element-1aa9ba1 elementor-widget elementor-widget-html\" data-id=\"1aa9ba1\" data-element_type=\"widget\" data-e-type=\"widget\" data-widget_type=\"html.default\">\n\t\t\t\t\t<iframe width=\"100%\" height=\"166\" scrolling=\"no\" frameborder=\"no\" allow=\"autoplay\" src=\"https:\/\/w.soundcloud.com\/player\/?url=https%3A\/\/api.soundcloud.com\/tracks\/2106384933&color=%23ff5500&auto_play=false&hide_related=false&show_comments=true&show_user=true&show_reposts=false&show_teaser=true\"><\/iframe><div style=\"font-size: 10px; color: #cccccc;line-break: anywhere;word-break: normal;overflow: hidden;white-space: nowrap;text-overflow: ellipsis; font-family: Interstate,Lucida Grande,Lucida Sans Unicode,Lucida Sans,Garuda,Verdana,Tahoma,sans-serif;font-weight: 100;\"><a href=\"https:\/\/soundcloud.com\/les-singuliers\" title=\"Les Singuliers\" target=\"_blank\" style=\"color: #cccccc; text-decoration: none;\">Les Singuliers<\/a> \u00b7 <a href=\"https:\/\/soundcloud.com\/les-singuliers\/adc84113-22c7-49a6-98f3-515e665ca557\" title=\"Extrait de &quot;En route pour Tombouctou&quot;\" target=\"_blank\" style=\"color: #cccccc; text-decoration: none;\">Extrait de &quot;En route pour Tombouctou&quot;<\/a><\/div>\t\t\t\t<\/div>\n\t\t\t\t\t<\/div>\n\t\t<\/div>\n\t\t\t\t\t<\/div>\n\t\t<\/section>\n\t\t\t\t<section class=\"elementor-section elementor-inner-section elementor-element elementor-element-24cd3b9 elementor-section-content-middle elementor-reverse-mobile elementor-section-full_width elementor-section-height-default elementor-section-height-default\" data-id=\"24cd3b9\" data-element_type=\"section\" data-e-type=\"section\" data-settings=\"{&quot;background_background&quot;:&quot;classic&quot;}\">\n\t\t\t\t\t\t<div class=\"elementor-container elementor-column-gap-no\">\n\t\t\t\t\t<div class=\"elementor-column elementor-col-50 elementor-inner-column elementor-element elementor-element-3eb72c6\" data-id=\"3eb72c6\" data-element_type=\"column\" data-e-type=\"column\" data-settings=\"{&quot;background_background&quot;:&quot;classic&quot;}\">\n\t\t\t<div class=\"elementor-widget-wrap elementor-element-populated\">\n\t\t\t\t\t<div class=\"elementor-background-overlay\"><\/div>\n\t\t\t\t\t\t<div class=\"elementor-element elementor-element-4a9cc50 elementor-widget elementor-widget-image\" data-id=\"4a9cc50\" data-element_type=\"widget\" data-e-type=\"widget\" data-widget_type=\"image.default\">\n\t\t\t\t\t\t\t\t\t\t\t\t\t\t\t<img loading=\"lazy\" decoding=\"async\" width=\"500\" height=\"500\" src=\"https:\/\/lessinguliers.fr\/wp-content\/uploads\/2026\/02\/Pyjama-1.jpg\" class=\"attachment-full size-full wp-image-4204\" alt=\"\" srcset=\"https:\/\/lessinguliers.fr\/wp-content\/uploads\/2026\/02\/Pyjama-1.jpg 500w, https:\/\/lessinguliers.fr\/wp-content\/uploads\/2026\/02\/Pyjama-1-300x300.jpg 300w, https:\/\/lessinguliers.fr\/wp-content\/uploads\/2026\/02\/Pyjama-1-150x150.jpg 150w\" sizes=\"(max-width: 500px) 100vw, 500px\" \/>\t\t\t\t\t\t\t\t\t\t\t\t\t\t\t<\/div>\n\t\t\t\t\t<\/div>\n\t\t<\/div>\n\t\t\t\t<div class=\"elementor-column elementor-col-50 elementor-inner-column elementor-element elementor-element-40f964f\" data-id=\"40f964f\" data-element_type=\"column\" data-e-type=\"column\" data-settings=\"{&quot;background_background&quot;:&quot;classic&quot;}\">\n\t\t\t<div class=\"elementor-widget-wrap elementor-element-populated\">\n\t\t\t\t\t\t<div class=\"elementor-element elementor-element-758d875 elementor-widget elementor-widget-heading\" data-id=\"758d875\" data-element_type=\"widget\" data-e-type=\"widget\" data-widget_type=\"heading.default\">\n\t\t\t\t\t<h2 class=\"elementor-heading-title elementor-size-small\"><a href=\"#\">Contes en pyjama, d\u00e8s 5 ans\u200b<\/a><\/h2>\t\t\t\t<\/div>\n\t\t\t\t<div class=\"elementor-element elementor-element-b129c4a elementor-widget elementor-widget-text-editor\" data-id=\"b129c4a\" data-element_type=\"widget\" data-e-type=\"widget\" data-widget_type=\"text-editor.default\">\n\t\t\t\t\t\t\t\t\t<p>Une formule festive o\u00f9 l\u2019on vient en pyjama pour \u00e9couter des histoires !<\/p><p>Des merveilles, des petites farces, des contes d\u2019\u00e9toiles et de nuit.<br \/>Oreillers color\u00e9s et doudous pr\u00e9f\u00e9r\u00e9s sont les bienvenus.<br \/>On s\u2019installe, on voyage, en douceur\u2026 C\u2019est parti !<\/p><p>\u2013 Conte : Anne Leviel<br \/>\u2013 Dur\u00e9e : 50 min \u00e0 1h<\/p>\t\t\t\t\t\t\t\t<\/div>\n\t\t\t\t\t<\/div>\n\t\t<\/div>\n\t\t\t\t\t<\/div>\n\t\t<\/section>\n\t\t\t\t<section class=\"elementor-section elementor-inner-section elementor-element elementor-element-0ab92f9 elementor-section-content-middle elementor-reverse-mobile elementor-section-full_width elementor-section-height-default elementor-section-height-default\" data-id=\"0ab92f9\" data-element_type=\"section\" data-e-type=\"section\" data-settings=\"{&quot;background_background&quot;:&quot;classic&quot;}\">\n\t\t\t\t\t\t<div class=\"elementor-container elementor-column-gap-no\">\n\t\t\t\t\t<div class=\"elementor-column elementor-col-50 elementor-inner-column elementor-element elementor-element-295448c\" data-id=\"295448c\" data-element_type=\"column\" data-e-type=\"column\" data-settings=\"{&quot;background_background&quot;:&quot;classic&quot;}\">\n\t\t\t<div class=\"elementor-widget-wrap elementor-element-populated\">\n\t\t\t\t\t\t<div class=\"elementor-element elementor-element-1338f97 elementor-widget elementor-widget-heading\" data-id=\"1338f97\" data-element_type=\"widget\" data-e-type=\"widget\" data-widget_type=\"heading.default\">\n\t\t\t\t\t<h2 class=\"elementor-heading-title elementor-size-small\"><a href=\"#\">El Coco qui mange les pieds\u2026, d\u00e8s 6 ans<\/a><\/h2>\t\t\t\t<\/div>\n\t\t\t\t<div class=\"elementor-element elementor-element-61bb9d4 elementor-widget elementor-widget-text-editor\" data-id=\"61bb9d4\" data-element_type=\"widget\" data-e-type=\"widget\" data-widget_type=\"text-editor.default\">\n\t\t\t\t\t\t\t\t\t<p>Raoul n\u2019a m\u00eame pas peur. Du haut de ses 7 ans, il fait ce qu\u2019il veut. Ses parents ont beau le conseiller, il n\u2019\u00e9coute jamais. On lui dit souvent : \u00abArr\u00eate, sinon le Coco va venir la nuit et va te manger les pieds !\u00bb. Raoul n\u2019a m\u00eame pas peur !<br \/>Mais une nuit, le Coco arrive et\u2026<\/p><p>El Coco, \u00e9galement nomm\u00e9 El Cuco ou encore El Cucuy dans les pays d&rsquo;Am\u00e9rique latine, est une cr\u00e9ature du folklore hispanique et portugais; il s\u2019agit d\u2019une sorte de croque-mitaine qui vient punir les enfants qui se sont mal conduits\u2026<\/p><p>\u2013 Conte et Musique (cuatro) : Victor Cova Correa<br \/>\u2013 Dur\u00e9e : 50min<\/p>\t\t\t\t\t\t\t\t<\/div>\n\t\t\t\t\t<\/div>\n\t\t<\/div>\n\t\t\t\t<div class=\"elementor-column elementor-col-50 elementor-inner-column elementor-element elementor-element-8fb88cf\" data-id=\"8fb88cf\" data-element_type=\"column\" data-e-type=\"column\" data-settings=\"{&quot;background_background&quot;:&quot;classic&quot;}\">\n\t\t\t<div class=\"elementor-widget-wrap elementor-element-populated\">\n\t\t\t\t\t<div class=\"elementor-background-overlay\"><\/div>\n\t\t\t\t\t\t<div class=\"elementor-element elementor-element-c84de76 elementor-widget elementor-widget-image\" data-id=\"c84de76\" data-element_type=\"widget\" data-e-type=\"widget\" data-widget_type=\"image.default\">\n\t\t\t\t\t\t\t\t\t\t\t\t\t\t\t<img loading=\"lazy\" decoding=\"async\" width=\"367\" height=\"330\" src=\"https:\/\/lessinguliers.fr\/wp-content\/uploads\/2025\/12\/Victor-Cova-Correa-4.jpg\" class=\"attachment-full size-full wp-image-3627\" alt=\"\" srcset=\"https:\/\/lessinguliers.fr\/wp-content\/uploads\/2025\/12\/Victor-Cova-Correa-4.jpg 367w, https:\/\/lessinguliers.fr\/wp-content\/uploads\/2025\/12\/Victor-Cova-Correa-4-300x270.jpg 300w\" sizes=\"(max-width: 367px) 100vw, 367px\" \/>\t\t\t\t\t\t\t\t\t\t\t\t\t\t\t<\/div>\n\t\t\t\t\t<\/div>\n\t\t<\/div>\n\t\t\t\t\t<\/div>\n\t\t<\/section>\n\t\t\t\t<section class=\"elementor-section elementor-inner-section elementor-element elementor-element-d80a52d elementor-section-content-middle elementor-reverse-mobile elementor-section-full_width elementor-section-height-default elementor-section-height-default\" data-id=\"d80a52d\" data-element_type=\"section\" data-e-type=\"section\" data-settings=\"{&quot;background_background&quot;:&quot;classic&quot;}\">\n\t\t\t\t\t\t<div class=\"elementor-container elementor-column-gap-no\">\n\t\t\t\t\t<div class=\"elementor-column elementor-col-50 elementor-inner-column elementor-element elementor-element-6b5dbb4\" data-id=\"6b5dbb4\" data-element_type=\"column\" data-e-type=\"column\" data-settings=\"{&quot;background_background&quot;:&quot;classic&quot;}\">\n\t\t\t<div class=\"elementor-widget-wrap elementor-element-populated\">\n\t\t\t\t\t<div class=\"elementor-background-overlay\"><\/div>\n\t\t\t\t\t\t<div class=\"elementor-element elementor-element-13184b1 elementor-widget elementor-widget-image\" data-id=\"13184b1\" data-element_type=\"widget\" data-e-type=\"widget\" data-widget_type=\"image.default\">\n\t\t\t\t\t\t\t\t\t\t\t\t\t\t\t<img loading=\"lazy\" decoding=\"async\" width=\"551\" height=\"500\" src=\"https:\/\/lessinguliers.fr\/wp-content\/uploads\/2026\/02\/CoeursEaux-1.jpg\" class=\"attachment-full size-full wp-image-4209\" alt=\"\" srcset=\"https:\/\/lessinguliers.fr\/wp-content\/uploads\/2026\/02\/CoeursEaux-1.jpg 551w, https:\/\/lessinguliers.fr\/wp-content\/uploads\/2026\/02\/CoeursEaux-1-300x272.jpg 300w\" sizes=\"(max-width: 551px) 100vw, 551px\" \/>\t\t\t\t\t\t\t\t\t\t\t\t\t\t\t<\/div>\n\t\t\t\t\t<\/div>\n\t\t<\/div>\n\t\t\t\t<div class=\"elementor-column elementor-col-50 elementor-inner-column elementor-element elementor-element-1c49f2e\" data-id=\"1c49f2e\" data-element_type=\"column\" data-e-type=\"column\" data-settings=\"{&quot;background_background&quot;:&quot;classic&quot;}\">\n\t\t\t<div class=\"elementor-widget-wrap elementor-element-populated\">\n\t\t\t\t\t\t<div class=\"elementor-element elementor-element-9852765 elementor-widget elementor-widget-heading\" data-id=\"9852765\" data-element_type=\"widget\" data-e-type=\"widget\" data-widget_type=\"heading.default\">\n\t\t\t\t\t<h2 class=\"elementor-heading-title elementor-size-small\"><a href=\"#\">C\u0153urs d\u2019eaux, c\u0153urs d\u2019arbres, d\u00e8s 6 ans<\/a><\/h2>\t\t\t\t<\/div>\n\t\t\t\t<div class=\"elementor-element elementor-element-346294c elementor-widget elementor-widget-text-editor\" data-id=\"346294c\" data-element_type=\"widget\" data-e-type=\"widget\" data-widget_type=\"text-editor.default\">\n\t\t\t\t\t\t\t\t\t<p>Voit-on le monde \u00e0 travers l\u2019\u00e9corce\u00a0? Qui chante au fond de la rivi\u00e8re\u00a0?<br class=\"autobr\" \/>Le bois de l\u2019arbre se fait humain, l\u2019homme et la b\u00eate se parlent si bien&#8230;<br class=\"autobr\" \/>Arbres et for\u00eats, eaux douces et sal\u00e9es, banquise&#8230;<br class=\"autobr\" \/>Les contes naissent \u00e0 foison, sur les rives, sous les arbres.<br class=\"autobr\" \/>Force de l\u2019eau, douceur du bois, partout, les r\u00e9cits s\u2019en souviennent.<\/p><p>Avec une vraie tendresse pour les arbres et les humains, Anne, qui a grandi en bord de for\u00eat, ne se lasse jamais de vous y emmener.<br \/><br \/><span class=\"spip-puce ltr\">\u2013<\/span>\u00a0Conte : Anne Leviel<br \/><span class=\"spip-puce ltr\">\u2013<\/span>\u00a0Dur\u00e9e\u00a0: 1h<\/p>\t\t\t\t\t\t\t\t<\/div>\n\t\t\t\t\t<\/div>\n\t\t<\/div>\n\t\t\t\t\t<\/div>\n\t\t<\/section>\n\t\t\t\t<section class=\"elementor-section elementor-inner-section elementor-element elementor-element-2bd7153 elementor-section-content-middle elementor-section-full_width elementor-section-height-default elementor-section-height-default\" data-id=\"2bd7153\" data-element_type=\"section\" data-e-type=\"section\" data-settings=\"{&quot;background_background&quot;:&quot;classic&quot;}\">\n\t\t\t\t\t\t<div class=\"elementor-container elementor-column-gap-no\">\n\t\t\t\t\t<div class=\"elementor-column elementor-col-50 elementor-inner-column elementor-element elementor-element-43a9a85\" data-id=\"43a9a85\" data-element_type=\"column\" data-e-type=\"column\" data-settings=\"{&quot;background_background&quot;:&quot;classic&quot;}\">\n\t\t\t<div class=\"elementor-widget-wrap elementor-element-populated\">\n\t\t\t\t\t\t<div class=\"elementor-element elementor-element-17d97cf elementor-widget elementor-widget-heading\" data-id=\"17d97cf\" data-element_type=\"widget\" data-e-type=\"widget\" data-widget_type=\"heading.default\">\n\t\t\t\t\t<h2 class=\"elementor-heading-title elementor-size-small\"><a href=\"#\">De Tanger \u00e0 Tombouctou, d\u00e8s 6 ans\n<\/a><\/h2>\t\t\t\t<\/div>\n\t\t\t\t<div class=\"elementor-element elementor-element-a426dfe elementor-widget elementor-widget-text-editor\" data-id=\"a426dfe\" data-element_type=\"widget\" data-e-type=\"widget\" data-widget_type=\"text-editor.default\">\n\t\t\t\t\t\t\t\t\t<p>Depuis que \u00ab\u00a0j\u2019ai\u00a0\u00bb l\u2019\u00e2ge de cinq ans, je traverse le Maroc du nord au sud et me prom\u00e8ne d\u2019est en ouest.<br class=\"manualbr\" \/>Ces routes sont devenues pour moi un parcours mythique et initiatique.<br class=\"autobr\" \/>Sur ce chemin, j\u2019y ai \u00e9cout\u00e9 grand nombre d\u2019histoires d\u2019hommes, de femmes et d\u2019enfants.<br class=\"manualbr\" \/>J\u2019y ai d\u00e9couvert une diversit\u00e9 de cultures, de m\u0153urs et de coutumes.<\/p><p>Par la magie de la parole et, tels des g\u00e9nies, d\u2019un claquement de doigts, nous irons dans la sublime Fez, par un petit vent l\u00e9ger qui descendra de l\u2019Atlas nous survolerons l\u2019inoubliable Marrakech et nous n\u2019oublierons pas d\u2019aller rendre visite aux peuples de la mer, des plaines, des oc\u00e9ans et du d\u00e9sert.<br class=\"manualbr\" \/>Nous traverserons un tissage d\u2019histoires\u00a0: l\u2019\u00e2me de ce pays m\u00e9moire, \u00e9tincelante d\u2019un peuple aux 1001 facettes.<\/p><p><span class=\"spip-puce ltr\"><b>\u2013<\/b><\/span>\u00a0Conte et Musique\u00a0: Hamed Bouzzine<br \/><span class=\"spip-puce ltr\"><b>\u2013<\/b><\/span>\u00a0Dur\u00e9e\u00a0: 1h15<\/p>\t\t\t\t\t\t\t\t<\/div>\n\t\t\t\t\t<\/div>\n\t\t<\/div>\n\t\t\t\t<div class=\"elementor-column elementor-col-50 elementor-inner-column elementor-element elementor-element-6de807b\" data-id=\"6de807b\" data-element_type=\"column\" data-e-type=\"column\" data-settings=\"{&quot;background_background&quot;:&quot;classic&quot;}\">\n\t\t\t<div class=\"elementor-widget-wrap elementor-element-populated\">\n\t\t\t\t\t<div class=\"elementor-background-overlay\"><\/div>\n\t\t\t\t\t\t<div class=\"elementor-element elementor-element-06fa693 elementor-widget elementor-widget-image\" data-id=\"06fa693\" data-element_type=\"widget\" data-e-type=\"widget\" data-widget_type=\"image.default\">\n\t\t\t\t\t\t\t\t\t\t\t\t\t\t\t<img loading=\"lazy\" decoding=\"async\" width=\"794\" height=\"596\" src=\"https:\/\/lessinguliers.fr\/wp-content\/uploads\/2025\/08\/Hamed-Bouzzine.jpg\" class=\"attachment-full size-full wp-image-1817\" alt=\"\" srcset=\"https:\/\/lessinguliers.fr\/wp-content\/uploads\/2025\/08\/Hamed-Bouzzine.jpg 794w, https:\/\/lessinguliers.fr\/wp-content\/uploads\/2025\/08\/Hamed-Bouzzine-300x225.jpg 300w, https:\/\/lessinguliers.fr\/wp-content\/uploads\/2025\/08\/Hamed-Bouzzine-768x576.jpg 768w\" sizes=\"(max-width: 794px) 100vw, 794px\" \/>\t\t\t\t\t\t\t\t\t\t\t\t\t\t\t<\/div>\n\t\t\t\t\t<\/div>\n\t\t<\/div>\n\t\t\t\t\t<\/div>\n\t\t<\/section>\n\t\t\t\t<section class=\"elementor-section elementor-inner-section elementor-element elementor-element-b52a5c8 elementor-section-content-middle elementor-reverse-mobile elementor-section-full_width elementor-section-height-default elementor-section-height-default\" data-id=\"b52a5c8\" data-element_type=\"section\" data-e-type=\"section\" data-settings=\"{&quot;background_background&quot;:&quot;classic&quot;}\">\n\t\t\t\t\t\t<div class=\"elementor-container elementor-column-gap-no\">\n\t\t\t\t\t<div class=\"elementor-column elementor-col-50 elementor-inner-column elementor-element elementor-element-9d9f945\" data-id=\"9d9f945\" data-element_type=\"column\" data-e-type=\"column\" data-settings=\"{&quot;background_background&quot;:&quot;classic&quot;}\">\n\t\t\t<div class=\"elementor-widget-wrap elementor-element-populated\">\n\t\t\t\t\t<div class=\"elementor-background-overlay\"><\/div>\n\t\t\t\t\t\t<div class=\"elementor-element elementor-element-6c71f8a elementor-widget elementor-widget-image\" data-id=\"6c71f8a\" data-element_type=\"widget\" data-e-type=\"widget\" data-widget_type=\"image.default\">\n\t\t\t\t\t\t\t\t\t\t\t\t\t\t\t<img loading=\"lazy\" decoding=\"async\" width=\"280\" height=\"255\" src=\"https:\/\/lessinguliers.fr\/wp-content\/uploads\/2025\/08\/swan-8-1.jpg\" class=\"attachment-full size-full wp-image-1572\" alt=\"\" \/>\t\t\t\t\t\t\t\t\t\t\t\t\t\t\t<\/div>\n\t\t\t\t\t<\/div>\n\t\t<\/div>\n\t\t\t\t<div class=\"elementor-column elementor-col-50 elementor-inner-column elementor-element elementor-element-7e2e216\" data-id=\"7e2e216\" data-element_type=\"column\" data-e-type=\"column\" data-settings=\"{&quot;background_background&quot;:&quot;classic&quot;}\">\n\t\t\t<div class=\"elementor-widget-wrap elementor-element-populated\">\n\t\t\t\t\t\t<div class=\"elementor-element elementor-element-621a24e elementor-widget elementor-widget-heading\" data-id=\"621a24e\" data-element_type=\"widget\" data-e-type=\"widget\" data-widget_type=\"heading.default\">\n\t\t\t\t\t<h2 class=\"elementor-heading-title elementor-size-small\"><a href=\"#\">D\u2019ici - d\u2019ailleurs\u200b, d\u00e8s 6 ans<\/a><\/h2>\t\t\t\t<\/div>\n\t\t\t\t<div class=\"elementor-element elementor-element-36b4dc5 elementor-widget elementor-widget-text-editor\" data-id=\"36b4dc5\" data-element_type=\"widget\" data-e-type=\"widget\" data-widget_type=\"text-editor.default\">\n\t\t\t\t\t\t\t\t\t<p>Ces histoires viennent de partout, d\u2019ici ou d\u2019ailleurs, peu importe d\u2019ailleurs\u2026<br class=\"manualbr\" \/>Elles transportent un parfum \u00ab\u00a0d\u2019il y a longtemps\u00a0\u00bb qui semble pourtant familier.<br class=\"manualbr\" \/>Un peu de folie, un grain de sagesse.<br class=\"manualbr\" \/>Ici les personnages prennent vie, les personnages s\u2019animent sur la toile d\u2019un souvenir imaginaire.<br class=\"manualbr\" \/>Le r\u00eave et l\u2019\u00e9motion s\u2019y invitent, comme par magie.<\/p><p><span class=\"spip-puce ltr\">\u2013<\/span>\u00a0Conte\u00a0: Swan Blach\u00e8re<br \/><span class=\"spip-puce ltr\">\u2013<\/span>\u00a0Dur\u00e9e\u00a0: 50 min<br \/><span class=\"spip-puce ltr\">\u2013<\/span>\u00a0Version possible pour les 3-6 ans \/ Dur\u00e9e\u00a0: 30min<\/p>\t\t\t\t\t\t\t\t<\/div>\n\t\t\t\t\t<\/div>\n\t\t<\/div>\n\t\t\t\t\t<\/div>\n\t\t<\/section>\n\t\t\t\t<section class=\"elementor-section elementor-inner-section elementor-element elementor-element-ee1f917 elementor-section-content-middle elementor-section-full_width elementor-section-height-default elementor-section-height-default\" data-id=\"ee1f917\" data-element_type=\"section\" data-e-type=\"section\" data-settings=\"{&quot;background_background&quot;:&quot;classic&quot;}\">\n\t\t\t\t\t\t<div class=\"elementor-container elementor-column-gap-no\">\n\t\t\t\t\t<div class=\"elementor-column elementor-col-50 elementor-inner-column elementor-element elementor-element-811f54b\" data-id=\"811f54b\" data-element_type=\"column\" data-e-type=\"column\" data-settings=\"{&quot;background_background&quot;:&quot;classic&quot;}\">\n\t\t\t<div class=\"elementor-widget-wrap elementor-element-populated\">\n\t\t\t\t\t\t<div class=\"elementor-element elementor-element-e225771 elementor-widget elementor-widget-heading\" data-id=\"e225771\" data-element_type=\"widget\" data-e-type=\"widget\" data-widget_type=\"heading.default\">\n\t\t\t\t\t<h2 class=\"elementor-heading-title elementor-size-small\"><a href=\"#\">Peaux de b\u00eates et paroles d\u2019hommes, d\u00e8s 6 ans<\/a><\/h2>\t\t\t\t<\/div>\n\t\t\t\t<div class=\"elementor-element elementor-element-c0098f4 elementor-widget elementor-widget-text-editor\" data-id=\"c0098f4\" data-element_type=\"widget\" data-e-type=\"widget\" data-widget_type=\"text-editor.default\">\n\t\t\t\t\t\t\t\t\t<p>Une ribambelle de pattes et d\u2019oreilles, des carapaces, des poils, des plumes&#8230;<\/p><p>Force, malice, paroles vraies, les b\u00eates ont un sacr\u00e9 talent.<br class=\"autobr\" \/>Au grand soleil ou sous la lune, les voici, tendres et rus\u00e9es, pr\u00eates pour nous accompagner&#8230;<br class=\"autobr\" \/>\u00c9tonnantes travers\u00e9es\u00a0!<\/p><p><span class=\"spip-puce ltr\">\u2013<\/span>\u00a0Conte\u00a0: Anne Leviel<br \/><span class=\"spip-puce ltr\">\u2013<\/span>\u00a0Dur\u00e9e\u00a0: 1h<\/p>\t\t\t\t\t\t\t\t<\/div>\n\t\t\t\t\t<\/div>\n\t\t<\/div>\n\t\t\t\t<div class=\"elementor-column elementor-col-50 elementor-inner-column elementor-element elementor-element-3b679e3\" data-id=\"3b679e3\" data-element_type=\"column\" data-e-type=\"column\" data-settings=\"{&quot;background_background&quot;:&quot;classic&quot;}\">\n\t\t\t<div class=\"elementor-widget-wrap elementor-element-populated\">\n\t\t\t\t\t<div class=\"elementor-background-overlay\"><\/div>\n\t\t\t\t\t\t<div class=\"elementor-element elementor-element-e19a900 elementor-widget elementor-widget-image\" data-id=\"e19a900\" data-element_type=\"widget\" data-e-type=\"widget\" data-widget_type=\"image.default\">\n\t\t\t\t\t\t\t\t\t\t\t\t\t\t\t<img loading=\"lazy\" decoding=\"async\" width=\"500\" height=\"500\" src=\"https:\/\/lessinguliers.fr\/wp-content\/uploads\/2026\/02\/Peauxdebetes-1.jpg\" class=\"attachment-full size-full wp-image-4180\" alt=\"\" srcset=\"https:\/\/lessinguliers.fr\/wp-content\/uploads\/2026\/02\/Peauxdebetes-1.jpg 500w, https:\/\/lessinguliers.fr\/wp-content\/uploads\/2026\/02\/Peauxdebetes-1-300x300.jpg 300w, https:\/\/lessinguliers.fr\/wp-content\/uploads\/2026\/02\/Peauxdebetes-1-150x150.jpg 150w\" sizes=\"(max-width: 500px) 100vw, 500px\" \/>\t\t\t\t\t\t\t\t\t\t\t\t\t\t\t<\/div>\n\t\t\t\t\t<\/div>\n\t\t<\/div>\n\t\t\t\t\t<\/div>\n\t\t<\/section>\n\t\t\t\t<section class=\"elementor-section elementor-inner-section elementor-element elementor-element-719f269 elementor-section-content-middle elementor-reverse-mobile elementor-section-full_width elementor-section-height-default elementor-section-height-default\" data-id=\"719f269\" data-element_type=\"section\" data-e-type=\"section\" data-settings=\"{&quot;background_background&quot;:&quot;classic&quot;}\">\n\t\t\t\t\t\t<div class=\"elementor-container elementor-column-gap-no\">\n\t\t\t\t\t<div class=\"elementor-column elementor-col-50 elementor-inner-column elementor-element elementor-element-3cb6ad5\" data-id=\"3cb6ad5\" data-element_type=\"column\" data-e-type=\"column\" data-settings=\"{&quot;background_background&quot;:&quot;classic&quot;}\">\n\t\t\t<div class=\"elementor-widget-wrap elementor-element-populated\">\n\t\t\t\t\t<div class=\"elementor-background-overlay\"><\/div>\n\t\t\t\t\t\t<div class=\"elementor-element elementor-element-65a71e0 elementor-widget elementor-widget-image\" data-id=\"65a71e0\" data-element_type=\"widget\" data-e-type=\"widget\" data-widget_type=\"image.default\">\n\t\t\t\t\t\t\t\t\t\t\t\t\t\t\t<img loading=\"lazy\" decoding=\"async\" width=\"280\" height=\"255\" src=\"https:\/\/lessinguliers.fr\/wp-content\/uploads\/2025\/08\/acd-6.jpg\" class=\"attachment-large size-large wp-image-1150\" alt=\"\" \/>\t\t\t\t\t\t\t\t\t\t\t\t\t\t\t<\/div>\n\t\t\t\t\t<\/div>\n\t\t<\/div>\n\t\t\t\t<div class=\"elementor-column elementor-col-50 elementor-inner-column elementor-element elementor-element-85c14c4\" data-id=\"85c14c4\" data-element_type=\"column\" data-e-type=\"column\" data-settings=\"{&quot;background_background&quot;:&quot;classic&quot;}\">\n\t\t\t<div class=\"elementor-widget-wrap elementor-element-populated\">\n\t\t\t\t\t\t<div class=\"elementor-element elementor-element-f98b9a8 elementor-widget elementor-widget-heading\" data-id=\"f98b9a8\" data-element_type=\"widget\" data-e-type=\"widget\" data-widget_type=\"heading.default\">\n\t\t\t\t\t<h2 class=\"elementor-heading-title elementor-size-small\"><a href=\"#\">Histoires d\u2019arbres ou Histoires d\u2019oiseaux, d\u00e8s 6 ans<\/a><\/h2>\t\t\t\t<\/div>\n\t\t\t\t<div class=\"elementor-element elementor-element-4e242a6 elementor-widget elementor-widget-text-editor\" data-id=\"4e242a6\" data-element_type=\"widget\" data-e-type=\"widget\" data-widget_type=\"text-editor.default\">\n\t\t\t\t\t\t\t\t\t<p>Balade cont\u00e9e version printemps\/\u00e9t\u00e9\/automne<\/p><p>Anne-Claire Dromz\u00e9e, accompagnatrice en montagne, allie ici ses deux passions\u00a0: conter et \u00eatre en plein-air. Quelques heures dans la nature pour profiter du paysage, des arbres, des oiseaux en \u00e9coutant des contes\u00a0: un r\u00e9gal des yeux et des oreilles.<br class=\"autobr\" \/>Une invitation \u00e0 devenir Marcheur-Spectateur. Deux \u00e9tats qui se conjuguent au fil d\u2019un parcours dans la nature o\u00f9 se fondent le r\u00e9el et l\u2019imaginaire. On marche, on \u00e9change, on se pause, on s\u2019assied, on \u00e9coute. Devant nous un fr\u00eane, un m\u00e9l\u00e8ze, un sapin, un noyer\u2026 puis une histoire arrive. Quand l\u2019histoire se termine, on continue \u00e0 parler de lui, de ses utilisations. On apprend \u00e0 le reconna\u00eetre.\u2028L\u2019exp\u00e9rience d\u2019une marche diff\u00e9rente.<\/p><p><span class=\"spip-puce ltr\">\u2013<\/span>\u00a0Conte et Percussion\u00a0: Anne-Claire Dromz\u00e9e<br \/><span class=\"spip-puce ltr\">\u2013<\/span>\u00a0Dur\u00e9e minimum 2h30 (1h de balade, 1h de conte et 30min d\u2019\u00e9change)<\/p>\t\t\t\t\t\t\t\t<\/div>\n\t\t\t\t\t<\/div>\n\t\t<\/div>\n\t\t\t\t\t<\/div>\n\t\t<\/section>\n\t\t\t\t<section class=\"elementor-section elementor-inner-section elementor-element elementor-element-c060f7f elementor-section-content-middle elementor-reverse-mobile elementor-section-full_width elementor-section-height-default elementor-section-height-default\" data-id=\"c060f7f\" data-element_type=\"section\" data-e-type=\"section\" data-settings=\"{&quot;background_background&quot;:&quot;classic&quot;}\">\n\t\t\t\t\t\t<div class=\"elementor-container elementor-column-gap-no\">\n\t\t\t\t\t<div class=\"elementor-column elementor-col-50 elementor-inner-column elementor-element elementor-element-b90b97a\" data-id=\"b90b97a\" data-element_type=\"column\" data-e-type=\"column\" data-settings=\"{&quot;background_background&quot;:&quot;classic&quot;}\">\n\t\t\t<div class=\"elementor-widget-wrap elementor-element-populated\">\n\t\t\t\t\t\t<div class=\"elementor-element elementor-element-6c2b659 elementor-widget elementor-widget-heading\" data-id=\"6c2b659\" data-element_type=\"widget\" data-e-type=\"widget\" data-widget_type=\"heading.default\">\n\t\t\t\t\t<h2 class=\"elementor-heading-title elementor-size-small\"><a href=\"#\">La Plume et le Loup, d\u00e8s 6 ans<\/a><\/h2>\t\t\t\t<\/div>\n\t\t\t\t<div class=\"elementor-element elementor-element-9d02d9e elementor-widget elementor-widget-text-editor\" data-id=\"9d02d9e\" data-element_type=\"widget\" data-e-type=\"widget\" data-widget_type=\"text-editor.default\">\n\t\t\t\t\t\t\t\t\t<p>Et si le moment \u00e9tait venu de tordre le cou aux histoires de grand m\u00e9chant loup\u00a0? Ici, les contes nous entra\u00eenent au c\u0153ur d\u2019un monde o\u00f9 la nature et le sauvage sont \u00e0 l\u2019honneur.<br \/>Un voyage en musique et en chansons dans l\u2019univers des contes merveilleux men\u00e9 tambour-battant par un duo qui laisse la part belle au mouvement et \u00e0 l\u2019improvisation\u00a0!<\/p><p>La po\u00e9sie, l\u2019humour et l\u2019\u00e9trange se c\u00f4toient pour c\u00e9l\u00e9brer l\u2019animalit\u00e9 qui palpite en l\u2019homme\u2026 Une f\u00e9roce d\u00e9claration d\u2019amour au loup\u00a0!<\/p><p>\u2013\u00a0Conte\/Chant\u00a0: Swan Blach\u00e8re<br \/>\u2013\u00a0Guitare\/Violon\u00a0: Antoine Marhem<br \/>\u2013\u00a0Dur\u00e9e\u00a0: 55 min<br \/><span class=\"spip-puce ltr\"><b>\u2013<\/b><\/span> Spectacle en solo ou duo<\/p>\t\t\t\t\t\t\t\t<\/div>\n\t\t\t\t\t<\/div>\n\t\t<\/div>\n\t\t\t\t<div class=\"elementor-column elementor-col-50 elementor-inner-column elementor-element elementor-element-29deb0a\" data-id=\"29deb0a\" data-element_type=\"column\" data-e-type=\"column\" data-settings=\"{&quot;background_background&quot;:&quot;classic&quot;}\">\n\t\t\t<div class=\"elementor-widget-wrap elementor-element-populated\">\n\t\t\t\t\t<div class=\"elementor-background-overlay\"><\/div>\n\t\t\t\t\t\t<div class=\"elementor-element elementor-element-043e13d elementor-widget elementor-widget-image\" data-id=\"043e13d\" data-element_type=\"widget\" data-e-type=\"widget\" data-widget_type=\"image.default\">\n\t\t\t\t\t\t\t\t\t\t\t\t\t\t\t<img loading=\"lazy\" decoding=\"async\" width=\"280\" height=\"255\" src=\"https:\/\/lessinguliers.fr\/wp-content\/uploads\/2025\/08\/swan-5.jpg\" class=\"attachment-large size-large wp-image-913\" alt=\"\" \/>\t\t\t\t\t\t\t\t\t\t\t\t\t\t\t<\/div>\n\t\t\t\t\t<\/div>\n\t\t<\/div>\n\t\t\t\t\t<\/div>\n\t\t<\/section>\n\t\t\t\t<section class=\"elementor-section elementor-inner-section elementor-element elementor-element-39ebf39 elementor-section-content-middle elementor-reverse-mobile elementor-section-full_width elementor-section-height-default elementor-section-height-default\" data-id=\"39ebf39\" data-element_type=\"section\" data-e-type=\"section\" data-settings=\"{&quot;background_background&quot;:&quot;classic&quot;}\">\n\t\t\t\t\t\t<div class=\"elementor-container elementor-column-gap-no\">\n\t\t\t\t\t<div class=\"elementor-column elementor-col-50 elementor-inner-column elementor-element elementor-element-8a2bec3\" data-id=\"8a2bec3\" data-element_type=\"column\" data-e-type=\"column\" data-settings=\"{&quot;background_background&quot;:&quot;classic&quot;}\">\n\t\t\t<div class=\"elementor-widget-wrap elementor-element-populated\">\n\t\t\t\t\t<div class=\"elementor-background-overlay\"><\/div>\n\t\t\t\t\t\t<div class=\"elementor-element elementor-element-341b616 elementor-widget elementor-widget-video\" data-id=\"341b616\" data-element_type=\"widget\" data-e-type=\"widget\" data-settings=\"{&quot;youtube_url&quot;:&quot;https:\\\/\\\/www.youtube.com\\\/watch?v=-RvnxYL0ngM&amp;ab_channel=LesSinguliers&quot;,&quot;video_type&quot;:&quot;youtube&quot;,&quot;controls&quot;:&quot;yes&quot;}\" data-widget_type=\"video.default\">\n\t\t\t\t\t\t\t<div class=\"elementor-wrapper elementor-open-inline\">\n\t\t\t<div class=\"elementor-video\"><\/div>\t\t<\/div>\n\t\t\t\t\t\t<\/div>\n\t\t\t\t\t<\/div>\n\t\t<\/div>\n\t\t\t\t<div class=\"elementor-column elementor-col-50 elementor-inner-column elementor-element elementor-element-93d90d3\" data-id=\"93d90d3\" data-element_type=\"column\" data-e-type=\"column\" data-settings=\"{&quot;background_background&quot;:&quot;classic&quot;}\">\n\t\t\t<div class=\"elementor-widget-wrap elementor-element-populated\">\n\t\t\t\t\t\t<div class=\"elementor-element elementor-element-6614090 elementor-widget elementor-widget-heading\" data-id=\"6614090\" data-element_type=\"widget\" data-e-type=\"widget\" data-widget_type=\"heading.default\">\n\t\t\t\t\t<h2 class=\"elementor-heading-title elementor-size-small\"><a href=\"#\">Paroles de Baobab, d\u00e8s 6 ans<\/a><\/h2>\t\t\t\t<\/div>\n\t\t\t\t<div class=\"elementor-element elementor-element-6d9686b elementor-widget elementor-widget-text-editor\" data-id=\"6d9686b\" data-element_type=\"widget\" data-e-type=\"widget\" data-widget_type=\"text-editor.default\">\n\t\t\t\t\t\t\t\t\t<p>Un floril\u00e8ge de contes du village et de la for\u00eat<\/p><p>Pourquoi y a-t-il des hommes noirs et des hommes blancs\u00a0?<br \/>Une histoire qui explique la belle naissance des couleurs.<br \/>\u00a0<br \/>Dans le conte Tortue-M\u00e2le, le Roi donnera sa fille \u00e0 Tortue-M\u00e2le qui, par la ruse, sortira vainqueur de l\u2019\u00e9preuve impos\u00e9e.<\/p><p>Le Ballon rond, conte merveilleux et initiatique, entra\u00eene un petit gar\u00e7on sur le chemin du pays des morts. Guid\u00e9 par la voix de sa grand-m\u00e8re, il est confront\u00e9 \u00e0 plusieurs \u00e9preuves\u2026<\/p><p>Un moment convivial o\u00f9 le conteur et le public font marcher le r\u00e9cit, ensemble. Le public est sollicit\u00e9, r\u00e9pond aux formules et chante, \u00ab\u00a0comme au village\u00a0\u00bb.<\/p><p>\u2013\u00a0Conte et musique (arc musical et percussions)\u00a0: R\u00e9my Boussengui<br \/>\u2013\u00a0Dur\u00e9e\u00a0: 1h15<\/p>\t\t\t\t\t\t\t\t<\/div>\n\t\t\t\t\t<\/div>\n\t\t<\/div>\n\t\t\t\t\t<\/div>\n\t\t<\/section>\n\t\t\t\t<section class=\"elementor-section elementor-inner-section elementor-element elementor-element-3678750 elementor-section-content-middle elementor-reverse-mobile elementor-section-full_width elementor-section-height-default elementor-section-height-default\" data-id=\"3678750\" data-element_type=\"section\" data-e-type=\"section\" data-settings=\"{&quot;background_background&quot;:&quot;classic&quot;}\">\n\t\t\t\t\t\t<div class=\"elementor-container elementor-column-gap-no\">\n\t\t\t\t\t<div class=\"elementor-column elementor-col-50 elementor-inner-column elementor-element elementor-element-85d1974\" data-id=\"85d1974\" data-element_type=\"column\" data-e-type=\"column\" data-settings=\"{&quot;background_background&quot;:&quot;classic&quot;}\">\n\t\t\t<div class=\"elementor-widget-wrap elementor-element-populated\">\n\t\t\t\t\t\t<div class=\"elementor-element elementor-element-96a168c elementor-widget elementor-widget-heading\" data-id=\"96a168c\" data-element_type=\"widget\" data-e-type=\"widget\" data-widget_type=\"heading.default\">\n\t\t\t\t\t<h2 class=\"elementor-heading-title elementor-size-small\"><a href=\"#\">Le Cheval \u00e9toile, d\u00e8s 6 ans<\/a><\/h2>\t\t\t\t<\/div>\n\t\t\t\t<div class=\"elementor-element elementor-element-a9320e2 elementor-widget elementor-widget-text-editor\" data-id=\"a9320e2\" data-element_type=\"widget\" data-e-type=\"widget\" data-widget_type=\"text-editor.default\">\n\t\t\t\t\t\t\t\t\t<p>La Conteuse Swan Blach\u00e8re et son complice vibraphoniste Eric Navet proposent un spectacle musical en forme de voyage, autour des contes venus d\u2019Asie.<br \/>Sans artifices, nich\u00e9 dans le d\u00e9cor chaleureux d\u2019une \u00e9tonnante installation de percussions et d\u2019instruments traditionnels, le duo nous invite dans un ailleurs propice au r\u00eave. Une bougie, une tasse de th\u00e9, un parfum de bois de c\u00e8dre et le voyage commence ! Il nous entra\u00eenera dans les steppes du Kazakhstan, pour d\u00e9couvrir comment l\u2019\u00e9toile polaire est arriv\u00e9e dans le ciel ; en Inde, o\u00f9 deux rois maladroits se font la guerre ; au Japon, pour un petit conte zen ; en Chine, o\u00f9 une vieille femme malicieuse affronte un tigre.<\/p><p>Ce spectacle familial m\u00eale une voix au son fascinant du vibraphone pour un voyage sonore en forme de r\u00eave \u00e9veill\u00e9.<\/p><p>\u2013 Conte\/Chant : Swan Blach\u00e8re<br \/>\u2013 Vibraphone, percussions : Eric Navet<br \/>\u2013 Dur\u00e9e : 55 min<br \/><span class=\"spip-puce ltr\"><b>\u2013<\/b><\/span> Spectacle en solo ou duo<\/p>\t\t\t\t\t\t\t\t<\/div>\n\t\t\t\t\t<\/div>\n\t\t<\/div>\n\t\t\t\t<div class=\"elementor-column elementor-col-50 elementor-inner-column elementor-element elementor-element-363f0bc\" data-id=\"363f0bc\" data-element_type=\"column\" data-e-type=\"column\" data-settings=\"{&quot;background_background&quot;:&quot;classic&quot;}\">\n\t\t\t<div class=\"elementor-widget-wrap elementor-element-populated\">\n\t\t\t\t\t<div class=\"elementor-background-overlay\"><\/div>\n\t\t\t\t\t\t<div class=\"elementor-element elementor-element-87e3794 elementor-widget elementor-widget-video\" data-id=\"87e3794\" data-element_type=\"widget\" data-e-type=\"widget\" data-settings=\"{&quot;youtube_url&quot;:&quot;https:\\\/\\\/www.youtube.com\\\/watch?v=sJDT1KtGFVE&quot;,&quot;video_type&quot;:&quot;youtube&quot;,&quot;controls&quot;:&quot;yes&quot;}\" data-widget_type=\"video.default\">\n\t\t\t\t\t\t\t<div class=\"elementor-wrapper elementor-open-inline\">\n\t\t\t<div class=\"elementor-video\"><\/div>\t\t<\/div>\n\t\t\t\t\t\t<\/div>\n\t\t\t\t\t<\/div>\n\t\t<\/div>\n\t\t\t\t\t<\/div>\n\t\t<\/section>\n\t\t\t\t<section class=\"elementor-section elementor-inner-section elementor-element elementor-element-764d388 elementor-section-content-middle elementor-reverse-mobile elementor-section-full_width elementor-section-height-default elementor-section-height-default\" data-id=\"764d388\" data-element_type=\"section\" data-e-type=\"section\" data-settings=\"{&quot;background_background&quot;:&quot;classic&quot;}\">\n\t\t\t\t\t\t<div class=\"elementor-container elementor-column-gap-no\">\n\t\t\t\t\t<div class=\"elementor-column elementor-col-50 elementor-inner-column elementor-element elementor-element-c73d950\" data-id=\"c73d950\" data-element_type=\"column\" data-e-type=\"column\" data-settings=\"{&quot;background_background&quot;:&quot;classic&quot;}\">\n\t\t\t<div class=\"elementor-widget-wrap elementor-element-populated\">\n\t\t\t\t\t<div class=\"elementor-background-overlay\"><\/div>\n\t\t\t\t\t\t<div class=\"elementor-element elementor-element-66640ce elementor-widget elementor-widget-image\" data-id=\"66640ce\" data-element_type=\"widget\" data-e-type=\"widget\" data-widget_type=\"image.default\">\n\t\t\t\t\t\t\t\t\t\t\t\t\t\t\t<img loading=\"lazy\" decoding=\"async\" width=\"280\" height=\"249\" src=\"https:\/\/lessinguliers.fr\/wp-content\/uploads\/2025\/08\/acd-3.jpg\" class=\"attachment-large size-large wp-image-1151\" alt=\"\" \/>\t\t\t\t\t\t\t\t\t\t\t\t\t\t\t<\/div>\n\t\t\t\t\t<\/div>\n\t\t<\/div>\n\t\t\t\t<div class=\"elementor-column elementor-col-50 elementor-inner-column elementor-element elementor-element-2ff0520\" data-id=\"2ff0520\" data-element_type=\"column\" data-e-type=\"column\" data-settings=\"{&quot;background_background&quot;:&quot;classic&quot;}\">\n\t\t\t<div class=\"elementor-widget-wrap elementor-element-populated\">\n\t\t\t\t\t\t<div class=\"elementor-element elementor-element-53e0753 elementor-widget elementor-widget-heading\" data-id=\"53e0753\" data-element_type=\"widget\" data-e-type=\"widget\" data-widget_type=\"heading.default\">\n\t\t\t\t\t<h2 class=\"elementor-heading-title elementor-size-small\"><a href=\"#\">Histoires de plantes, d\u00e8s 6 ans<\/a><\/h2>\t\t\t\t<\/div>\n\t\t\t\t<div class=\"elementor-element elementor-element-388e56b elementor-widget elementor-widget-text-editor\" data-id=\"388e56b\" data-element_type=\"widget\" data-e-type=\"widget\" data-widget_type=\"text-editor.default\">\n\t\t\t\t\t\t\t\t\t<p>Balade cont\u00e9e version \u00e9t\u00e9<\/p><p>Par le biais de son autre m\u00e9tier d\u2019accompagnatrice en montagne, Anne-Claire Dromz\u00e9e vous propose une balade cont\u00e9e pour d\u00e9couvrir et reconna\u00eetre les plantes qui nous entourent.<br \/>\u00ab\u00a0J\u2019ai vu une herbe folle. Quand j\u2019ai su son nom. Je l\u2019ai trouv\u00e9e plus belle.\u00a0\u00bb Hubert REEVES<br \/>C\u2019est une approche ludique pour d\u00e9couvrir, reconna\u00eetre et m\u00e9moriser les esp\u00e8ces v\u00e9g\u00e9tales qui nous entourent. Une histoire est plus marquante, plus dr\u00f4le, plus l\u00e9g\u00e8re qu\u2019un nom de plante.<\/p><p>\u2013 Conte et Percussion : Anne-Claire Dromz\u00e9e<br \/>\u2013 Dur\u00e9e minimum 2h30 (1h de balade, 1h de conte et 30min d\u2019\u00e9change)<\/p>\t\t\t\t\t\t\t\t<\/div>\n\t\t\t\t\t<\/div>\n\t\t<\/div>\n\t\t\t\t\t<\/div>\n\t\t<\/section>\n\t\t\t\t<section class=\"elementor-section elementor-inner-section elementor-element elementor-element-6fd6e6f elementor-section-content-middle elementor-reverse-mobile elementor-section-full_width elementor-section-height-default elementor-section-height-default\" data-id=\"6fd6e6f\" data-element_type=\"section\" data-e-type=\"section\" data-settings=\"{&quot;background_background&quot;:&quot;classic&quot;}\">\n\t\t\t\t\t\t<div class=\"elementor-container elementor-column-gap-no\">\n\t\t\t\t\t<div class=\"elementor-column elementor-col-50 elementor-inner-column elementor-element elementor-element-6ceeea9\" data-id=\"6ceeea9\" data-element_type=\"column\" data-e-type=\"column\" data-settings=\"{&quot;background_background&quot;:&quot;classic&quot;}\">\n\t\t\t<div class=\"elementor-widget-wrap elementor-element-populated\">\n\t\t\t\t\t\t<div class=\"elementor-element elementor-element-77b400d elementor-widget elementor-widget-heading\" data-id=\"77b400d\" data-element_type=\"widget\" data-e-type=\"widget\" data-widget_type=\"heading.default\">\n\t\t\t\t\t<h2 class=\"elementor-heading-title elementor-size-small\"><a href=\"#\">Les jardins de l'Alma, d\u00e8s 6 ans<\/a><\/h2>\t\t\t\t<\/div>\n\t\t\t\t<div class=\"elementor-element elementor-element-d5c2395 elementor-widget elementor-widget-text-editor\" data-id=\"d5c2395\" data-element_type=\"widget\" data-e-type=\"widget\" data-widget_type=\"text-editor.default\">\n\t\t\t\t\t\t\t\t\t<p>Les jardiniers sont assez vieux pour conna\u00eetre tous les secrets des plantes et des hommes. Moi, je les ai rencontr\u00e9 ! Au d\u00e9but, ils ne voulaient rien me dire.<br \/>Alors, on restait l\u00e0, \u00e0 regarder pousser les haricots. Puis, ils ont commenc\u00e9 \u00e0 raconter l\u2019histoire du jardin, puis celle d\u2019une princesse aubergine, d\u2019un figuier ou encore de la fraise ou bien du basilic\u2026<br \/>Bref, \u00e7a ne s\u2019arr\u00eatait plus.<\/p><p>Ce tour de conte est \u00e0 l\u2019image de ces jardiniers, g\u00e9n\u00e9reux et sauvages !<br \/>On ne sait jamais quelles sont les histoires qui vont sortir ni dans quel ordre ! Et c\u2019est tant mieux !<\/p><p>\u2013 Conte : Elodie Mora<br \/>\u2013 Dur\u00e9e : 45 min<\/p>\t\t\t\t\t\t\t\t<\/div>\n\t\t\t\t\t<\/div>\n\t\t<\/div>\n\t\t\t\t<div class=\"elementor-column elementor-col-50 elementor-inner-column elementor-element elementor-element-454741f\" data-id=\"454741f\" data-element_type=\"column\" data-e-type=\"column\" data-settings=\"{&quot;background_background&quot;:&quot;classic&quot;}\">\n\t\t\t<div class=\"elementor-widget-wrap elementor-element-populated\">\n\t\t\t\t\t<div class=\"elementor-background-overlay\"><\/div>\n\t\t\t\t\t\t<div class=\"elementor-element elementor-element-058ebfd elementor-widget elementor-widget-image\" data-id=\"058ebfd\" data-element_type=\"widget\" data-e-type=\"widget\" data-widget_type=\"image.default\">\n\t\t\t\t\t\t\t\t\t\t\t\t\t\t\t<img loading=\"lazy\" decoding=\"async\" width=\"280\" height=\"233\" src=\"https:\/\/lessinguliers.fr\/wp-content\/uploads\/2025\/08\/mora2.jpg\" class=\"attachment-large size-large wp-image-1251\" alt=\"\" \/>\t\t\t\t\t\t\t\t\t\t\t\t\t\t\t<\/div>\n\t\t\t\t\t<\/div>\n\t\t<\/div>\n\t\t\t\t\t<\/div>\n\t\t<\/section>\n\t\t\t\t<section class=\"elementor-section elementor-inner-section elementor-element elementor-element-a5387e7 elementor-section-content-middle elementor-reverse-mobile elementor-section-full_width elementor-section-height-default elementor-section-height-default\" data-id=\"a5387e7\" data-element_type=\"section\" data-e-type=\"section\" data-settings=\"{&quot;background_background&quot;:&quot;classic&quot;}\">\n\t\t\t\t\t\t<div class=\"elementor-container elementor-column-gap-no\">\n\t\t\t\t\t<div class=\"elementor-column elementor-col-50 elementor-inner-column elementor-element elementor-element-9c951ff\" data-id=\"9c951ff\" data-element_type=\"column\" data-e-type=\"column\" data-settings=\"{&quot;background_background&quot;:&quot;classic&quot;}\">\n\t\t\t<div class=\"elementor-widget-wrap elementor-element-populated\">\n\t\t\t\t\t<div class=\"elementor-background-overlay\"><\/div>\n\t\t\t\t\t\t<div class=\"elementor-element elementor-element-d82ca5a elementor-widget elementor-widget-image\" data-id=\"d82ca5a\" data-element_type=\"widget\" data-e-type=\"widget\" data-widget_type=\"image.default\">\n\t\t\t\t\t\t\t\t\t\t\t\t\t\t\t<img loading=\"lazy\" decoding=\"async\" width=\"500\" height=\"506\" src=\"https:\/\/lessinguliers.fr\/wp-content\/uploads\/2026\/02\/lumieres-de-lhiver-1.jpg\" class=\"attachment-large size-large wp-image-4236\" alt=\"\" srcset=\"https:\/\/lessinguliers.fr\/wp-content\/uploads\/2026\/02\/lumieres-de-lhiver-1.jpg 500w, https:\/\/lessinguliers.fr\/wp-content\/uploads\/2026\/02\/lumieres-de-lhiver-1-296x300.jpg 296w\" sizes=\"(max-width: 500px) 100vw, 500px\" \/>\t\t\t\t\t\t\t\t\t\t\t\t\t\t\t<\/div>\n\t\t\t\t\t<\/div>\n\t\t<\/div>\n\t\t\t\t<div class=\"elementor-column elementor-col-50 elementor-inner-column elementor-element elementor-element-99bd807\" data-id=\"99bd807\" data-element_type=\"column\" data-e-type=\"column\" data-settings=\"{&quot;background_background&quot;:&quot;classic&quot;}\">\n\t\t\t<div class=\"elementor-widget-wrap elementor-element-populated\">\n\t\t\t\t\t\t<div class=\"elementor-element elementor-element-f021681 elementor-widget elementor-widget-heading\" data-id=\"f021681\" data-element_type=\"widget\" data-e-type=\"widget\" data-widget_type=\"heading.default\">\n\t\t\t\t\t<h2 class=\"elementor-heading-title elementor-size-small\"><a href=\"#\">Contes aux lumi\u00e8res de l\u2019hiver, d\u00e8s 6 ans<\/a><\/h2>\t\t\t\t<\/div>\n\t\t\t\t<div class=\"elementor-element elementor-element-7f33e52 elementor-widget elementor-widget-text-editor\" data-id=\"7f33e52\" data-element_type=\"widget\" data-e-type=\"widget\" data-widget_type=\"text-editor.default\">\n\t\t\t\t\t\t\t\t\t<p>Hiver. La nature se tait, la lumi\u00e8re change sur la terre, les b\u00eates reprennent des forces.\u2028<br \/>C\u2019est un beau temps pour les r\u00e9cits&#8230;<br \/>Voici, dans la simplicit\u00e9, des contes qui viennent se poser, comme de grands oiseaux voyageurs sur un coin nos c\u0153urs.<\/p><p>Cet \u00e9ventail de contes se veut porteur d\u2019une travers\u00e9e po\u00e9tique, myst\u00e9rieuse, parfois malicieuse, de la grande nature en hiver.<br \/>La f\u00eate ancestrale de No\u00ebl est pr\u00e9sente, dans le conte des Trolls, mais c\u2019est surtout la force de la nature qui se d\u00e9ploie, au travers des r\u00e9cits et du chant.<\/p><p>Ces histoires anciennes, \u00e9tonnantes, o\u00f9 hommes et b\u00eates sont des acteurs intemporels, apportent joies et questionnements.<\/p><p>Un temps d\u2019\u00e9change, suivi d\u2019atelier d\u2019\u00e9criture ou d\u2019arts plastique peut suivre la racont\u00e9e, car les images fortes et lumineuses g\u00e9n\u00e8rent bien des r\u00e9flexions chez les enfants.<\/p><p>\u2013 Conte : Anne Leviel<br \/>\u2013 Dur\u00e9e : 1h<\/p>\t\t\t\t\t\t\t\t<\/div>\n\t\t\t\t\t<\/div>\n\t\t<\/div>\n\t\t\t\t\t<\/div>\n\t\t<\/section>\n\t\t\t\t<section class=\"elementor-section elementor-inner-section elementor-element elementor-element-a8771f2 elementor-section-content-middle elementor-reverse-mobile elementor-section-full_width elementor-section-height-default elementor-section-height-default\" data-id=\"a8771f2\" data-element_type=\"section\" data-e-type=\"section\" data-settings=\"{&quot;background_background&quot;:&quot;classic&quot;}\">\n\t\t\t\t\t\t<div class=\"elementor-container elementor-column-gap-no\">\n\t\t\t\t\t<div class=\"elementor-column elementor-col-50 elementor-inner-column elementor-element elementor-element-e4b25ed\" data-id=\"e4b25ed\" data-element_type=\"column\" data-e-type=\"column\" data-settings=\"{&quot;background_background&quot;:&quot;classic&quot;}\">\n\t\t\t<div class=\"elementor-widget-wrap elementor-element-populated\">\n\t\t\t\t\t\t<div class=\"elementor-element elementor-element-2540568 elementor-widget elementor-widget-heading\" data-id=\"2540568\" data-element_type=\"widget\" data-e-type=\"widget\" data-widget_type=\"heading.default\">\n\t\t\t\t\t<h2 class=\"elementor-heading-title elementor-size-small\"><a href=\"#\">Le monde est dans mon sac, d\u00e8s 6 ans<\/a><\/h2>\t\t\t\t<\/div>\n\t\t\t\t<div class=\"elementor-element elementor-element-cda93aa elementor-widget elementor-widget-text-editor\" data-id=\"cda93aa\" data-element_type=\"widget\" data-e-type=\"widget\" data-widget_type=\"text-editor.default\">\n\t\t\t\t\t\t\t\t\t<p>Spectacle \u00e0 deux voix, entre conte et chanson.<\/p><p>En chaussant les r\u00e9cits des peuples, Anne et Ben partagent un message pr\u00e9cieux : le monde peut \u00eatre joyeux et lumineux\u2028.<br \/>Ce spectacle \u00e0 deux voix, panach\u00e9 de contes traditionnels et de chansons originales, f\u00eate l\u2019amiti\u00e9, le respect et la g\u00e9n\u00e9rosit\u00e9.<br \/>Humains et animaux font route ensemble ; ils se parlent, rient et r\u00eavent !<br \/>Refrains, fac\u00e9ties, merveilles, sortent du sac, dans un bel \u00e9ventail..<br \/>Pr\u00eats pour le voyage ? Embarquez !<\/p><p>\u2013 Conte et chant : Anne Leviel<br \/>\u2013 Conte, Chant et Musique (Guitare, Percussions, Accord\u00e9on) : Benoit Brunhes<br \/>\u2013 Dur\u00e9e : 1h, 1h15<\/p>\t\t\t\t\t\t\t\t<\/div>\n\t\t\t\t\t<\/div>\n\t\t<\/div>\n\t\t\t\t<div class=\"elementor-column elementor-col-50 elementor-inner-column elementor-element elementor-element-fa343ba\" data-id=\"fa343ba\" data-element_type=\"column\" data-e-type=\"column\" data-settings=\"{&quot;background_background&quot;:&quot;classic&quot;}\">\n\t\t\t<div class=\"elementor-widget-wrap elementor-element-populated\">\n\t\t\t\t\t<div class=\"elementor-background-overlay\"><\/div>\n\t\t\t\t\t\t<div class=\"elementor-element elementor-element-bbc0cbf elementor-widget elementor-widget-image\" data-id=\"bbc0cbf\" data-element_type=\"widget\" data-e-type=\"widget\" data-widget_type=\"image.default\">\n\t\t\t\t\t\t\t\t\t\t\t\t\t\t\t<img loading=\"lazy\" decoding=\"async\" width=\"350\" height=\"268\" src=\"https:\/\/lessinguliers.fr\/wp-content\/uploads\/2025\/08\/Leviel-Brunhes-CreditPhoto-JM-Faucillon-1.jpg\" class=\"attachment-large size-large wp-image-2159\" alt=\"\" srcset=\"https:\/\/lessinguliers.fr\/wp-content\/uploads\/2025\/08\/Leviel-Brunhes-CreditPhoto-JM-Faucillon-1.jpg 350w, https:\/\/lessinguliers.fr\/wp-content\/uploads\/2025\/08\/Leviel-Brunhes-CreditPhoto-JM-Faucillon-1-300x230.jpg 300w\" sizes=\"(max-width: 350px) 100vw, 350px\" \/>\t\t\t\t\t\t\t\t\t\t\t\t\t\t\t<\/div>\n\t\t\t\t<div class=\"elementor-element elementor-element-bc7db86 elementor-widget elementor-widget-html\" data-id=\"bc7db86\" data-element_type=\"widget\" data-e-type=\"widget\" data-widget_type=\"html.default\">\n\t\t\t\t\t<iframe width=\"100%\" height=\"166\" scrolling=\"no\" frameborder=\"no\" allow=\"autoplay\" src=\"https:\/\/w.soundcloud.com\/player\/?url=https%3A\/\/api.soundcloud.com\/tracks\/2080920405&color=%23ff5500&auto_play=false&hide_related=false&show_comments=true&show_user=true&show_reposts=false&show_teaser=true\"><\/iframe><div style=\"font-size: 10px; color: #cccccc;line-break: anywhere;word-break: normal;overflow: hidden;white-space: nowrap;text-overflow: ellipsis; font-family: Interstate,Lucida Grande,Lucida Sans Unicode,Lucida Sans,Garuda,Verdana,Tahoma,sans-serif;font-weight: 100;\"><a href=\"https:\/\/soundcloud.com\/les-singuliers\" title=\"Les Singuliers\" target=\"_blank\" style=\"color: #cccccc; text-decoration: none;\">Les Singuliers<\/a> \u00b7 <a href=\"https:\/\/soundcloud.com\/les-singuliers\/490dbfd1-e1d9-4155-8cfc-b4b18d25d0db\" title=\"Extrait de &quot;Le monde est dans mon sac&quot;\" target=\"_blank\" style=\"color: #cccccc; text-decoration: none;\">Extrait de &quot;Le monde est dans mon sac&quot;<\/a><\/div>\t\t\t\t<\/div>\n\t\t\t\t\t<\/div>\n\t\t<\/div>\n\t\t\t\t\t<\/div>\n\t\t<\/section>\n\t\t\t\t<section class=\"elementor-section elementor-inner-section elementor-element elementor-element-6a83560 elementor-section-content-middle elementor-reverse-mobile elementor-section-full_width elementor-section-height-default elementor-section-height-default\" data-id=\"6a83560\" data-element_type=\"section\" data-e-type=\"section\" data-settings=\"{&quot;background_background&quot;:&quot;classic&quot;}\">\n\t\t\t\t\t\t<div class=\"elementor-container elementor-column-gap-no\">\n\t\t\t\t\t<div class=\"elementor-column elementor-col-50 elementor-inner-column elementor-element elementor-element-8426333\" data-id=\"8426333\" data-element_type=\"column\" data-e-type=\"column\" data-settings=\"{&quot;background_background&quot;:&quot;classic&quot;}\">\n\t\t\t<div class=\"elementor-widget-wrap elementor-element-populated\">\n\t\t\t\t\t<div class=\"elementor-background-overlay\"><\/div>\n\t\t\t\t\t\t<div class=\"elementor-element elementor-element-ac606f0 elementor-widget elementor-widget-image\" data-id=\"ac606f0\" data-element_type=\"widget\" data-e-type=\"widget\" data-widget_type=\"image.default\">\n\t\t\t\t\t\t\t\t\t\t\t\t\t\t\t<img loading=\"lazy\" decoding=\"async\" width=\"280\" height=\"237\" src=\"https:\/\/lessinguliers.fr\/wp-content\/uploads\/2025\/08\/mora3.jpg\" class=\"attachment-large size-large wp-image-1247\" alt=\"\" \/>\t\t\t\t\t\t\t\t\t\t\t\t\t\t\t<\/div>\n\t\t\t\t\t<\/div>\n\t\t<\/div>\n\t\t\t\t<div class=\"elementor-column elementor-col-50 elementor-inner-column elementor-element elementor-element-ec94066\" data-id=\"ec94066\" data-element_type=\"column\" data-e-type=\"column\" data-settings=\"{&quot;background_background&quot;:&quot;classic&quot;}\">\n\t\t\t<div class=\"elementor-widget-wrap elementor-element-populated\">\n\t\t\t\t\t\t<div class=\"elementor-element elementor-element-426fddd elementor-widget elementor-widget-heading\" data-id=\"426fddd\" data-element_type=\"widget\" data-e-type=\"widget\" data-widget_type=\"heading.default\">\n\t\t\t\t\t<h2 class=\"elementor-heading-title elementor-size-small\"><a href=\"#\">Mythologie des arbres, d\u00e8s 7 ans<\/a><\/h2>\t\t\t\t<\/div>\n\t\t\t\t<div class=\"elementor-element elementor-element-9f7a7a7 elementor-widget elementor-widget-text-editor\" data-id=\"9f7a7a7\" data-element_type=\"widget\" data-e-type=\"widget\" data-widget_type=\"text-editor.default\">\n\t\t\t\t\t\t\t\t\t<p>D\u2019o\u00f9 viennent les arbres ? Pourquoi les bouleaux ont-ils l\u2019\u00e9corce stri\u00e9e ? Quel est le secret cach\u00e9 au fond des roseaux ? Quelle est l\u2019histoire du ch\u00eane ou celle du figuier ? Ou encore celle de l\u2019amandier et des arbres sacr\u00e9s ? Chaque essence a une histoire.<br \/>Connaitre l\u2019histoire, c\u2019est conna\u00eetre un peu mieux l\u2019arbre et d\u2019une certaine mani\u00e8re, le rencontrer. Vous ne pourrez plus passer \u00e0 c\u00f4t\u00e9 sans les saluer.<\/p><p>\u2013 Conte : Elodie Mora<br \/>\u2013 Dur\u00e9e : 40 min<\/p>\t\t\t\t\t\t\t\t<\/div>\n\t\t\t\t\t<\/div>\n\t\t<\/div>\n\t\t\t\t\t<\/div>\n\t\t<\/section>\n\t\t\t\t<section class=\"elementor-section elementor-inner-section elementor-element elementor-element-7cda26b elementor-section-content-middle elementor-reverse-mobile elementor-section-full_width elementor-section-height-default elementor-section-height-default\" data-id=\"7cda26b\" data-element_type=\"section\" data-e-type=\"section\" data-settings=\"{&quot;background_background&quot;:&quot;classic&quot;}\">\n\t\t\t\t\t\t<div class=\"elementor-container elementor-column-gap-no\">\n\t\t\t\t\t<div class=\"elementor-column elementor-col-50 elementor-inner-column elementor-element elementor-element-fe834e8\" data-id=\"fe834e8\" data-element_type=\"column\" data-e-type=\"column\" data-settings=\"{&quot;background_background&quot;:&quot;classic&quot;}\">\n\t\t\t<div class=\"elementor-widget-wrap elementor-element-populated\">\n\t\t\t\t\t\t<div class=\"elementor-element elementor-element-9a934db elementor-widget elementor-widget-heading\" data-id=\"9a934db\" data-element_type=\"widget\" data-e-type=\"widget\" data-widget_type=\"heading.default\">\n\t\t\t\t\t<h2 class=\"elementor-heading-title elementor-size-small\"><a href=\"#\">Un peu de vent dans les plumes, d\u00e8s 7 ans<\/a><\/h2>\t\t\t\t<\/div>\n\t\t\t\t<div class=\"elementor-element elementor-element-d2d2e04 elementor-widget elementor-widget-text-editor\" data-id=\"d2d2e04\" data-element_type=\"widget\" data-e-type=\"widget\" data-widget_type=\"text-editor.default\">\n\t\t\t\t\t\t\t\t\t<p>Un peu de vent dans les plumes est un conte musical autour des oiseaux, un spectacle doux, po\u00e9tique et a\u00e9rien.<br \/>On aime les oiseaux pour leurs chants \u00e0 l\u2019aube ou au cr\u00e9puscule, leur gr\u00e2ce et aussi la fulgurance de leurs vols. En y regardant de plus pr\u00e8s, ils nous donnent \u00e0 r\u00e9fl\u00e9chir sur nous-m\u00eames.<br \/>Anne-Claire Dromz\u00e9e, conteuse s\u2019accompagne de deux instruments (une kalimba et un tambour).<br \/>Elle propose un voyage de plumes et de bruissements d\u2019ailes.<br \/>Un envol musical.<\/p><p>\u2013 Conte et Percussion : Anne-Claire Dromz\u00e9e<br \/>\u2013 Version possible avec musicien -&gt; Guitare : Jean-Benoit Blandin<br \/>\u2013 Dur\u00e9e : 45min en solo, 1h en duo<\/p>\t\t\t\t\t\t\t\t<\/div>\n\t\t\t\t\t<\/div>\n\t\t<\/div>\n\t\t\t\t<div class=\"elementor-column elementor-col-50 elementor-inner-column elementor-element elementor-element-162ff3b\" data-id=\"162ff3b\" data-element_type=\"column\" data-e-type=\"column\" data-settings=\"{&quot;background_background&quot;:&quot;classic&quot;}\">\n\t\t\t<div class=\"elementor-widget-wrap elementor-element-populated\">\n\t\t\t\t\t<div class=\"elementor-background-overlay\"><\/div>\n\t\t\t\t\t\t<div class=\"elementor-element elementor-element-8ef584a elementor-widget elementor-widget-video\" data-id=\"8ef584a\" data-element_type=\"widget\" data-e-type=\"widget\" data-settings=\"{&quot;youtube_url&quot;:&quot;https:\\\/\\\/www.youtube.com\\\/watch?v=B9QMQq_-ag0&amp;ab_channel=LesSinguliers&quot;,&quot;video_type&quot;:&quot;youtube&quot;,&quot;controls&quot;:&quot;yes&quot;}\" data-widget_type=\"video.default\">\n\t\t\t\t\t\t\t<div class=\"elementor-wrapper elementor-open-inline\">\n\t\t\t<div class=\"elementor-video\"><\/div>\t\t<\/div>\n\t\t\t\t\t\t<\/div>\n\t\t\t\t\t<\/div>\n\t\t<\/div>\n\t\t\t\t\t<\/div>\n\t\t<\/section>\n\t\t\t\t<section class=\"elementor-section elementor-inner-section elementor-element elementor-element-accd09d elementor-section-content-middle elementor-reverse-mobile elementor-section-full_width elementor-section-height-default elementor-section-height-default\" data-id=\"accd09d\" data-element_type=\"section\" data-e-type=\"section\" data-settings=\"{&quot;background_background&quot;:&quot;classic&quot;}\">\n\t\t\t\t\t\t<div class=\"elementor-container elementor-column-gap-no\">\n\t\t\t\t\t<div class=\"elementor-column elementor-col-50 elementor-inner-column elementor-element elementor-element-7c2f08d\" data-id=\"7c2f08d\" data-element_type=\"column\" data-e-type=\"column\" data-settings=\"{&quot;background_background&quot;:&quot;classic&quot;}\">\n\t\t\t<div class=\"elementor-widget-wrap elementor-element-populated\">\n\t\t\t\t\t<div class=\"elementor-background-overlay\"><\/div>\n\t\t\t\t\t\t<div class=\"elementor-element elementor-element-ad18025 elementor-widget elementor-widget-image\" data-id=\"ad18025\" data-element_type=\"widget\" data-e-type=\"widget\" data-widget_type=\"image.default\">\n\t\t\t\t\t\t\t\t\t\t\t\t\t\t\t<img loading=\"lazy\" decoding=\"async\" width=\"279\" height=\"255\" src=\"https:\/\/lessinguliers.fr\/wp-content\/uploads\/2025\/08\/sire-3.jpg\" class=\"attachment-large size-large wp-image-899\" alt=\"\" \/>\t\t\t\t\t\t\t\t\t\t\t\t\t\t\t<\/div>\n\t\t\t\t<div class=\"elementor-element elementor-element-3f98986 elementor-widget elementor-widget-html\" data-id=\"3f98986\" data-element_type=\"widget\" data-e-type=\"widget\" data-widget_type=\"html.default\">\n\t\t\t\t\t<iframe width=\"100%\" height=\"166\" scrolling=\"no\" frameborder=\"no\" allow=\"autoplay\" src=\"https:\/\/w.soundcloud.com\/player\/?url=https%3A\/\/api.soundcloud.com\/tracks\/623606250&color=%23ff5500&auto_play=false&hide_related=false&show_comments=true&show_user=true&show_reposts=false&show_teaser=true\"><\/iframe><div style=\"font-size: 10px; color: #cccccc;line-break: anywhere;word-break: normal;overflow: hidden;white-space: nowrap;text-overflow: ellipsis; font-family: Interstate,Lucida Grande,Lucida Sans Unicode,Lucida Sans,Garuda,Verdana,Tahoma,sans-serif;font-weight: 100;\"><a href=\"https:\/\/soundcloud.com\/les-singuliers\" title=\"Les Singuliers\" target=\"_blank\" style=\"color: #cccccc; text-decoration: none;\">Les Singuliers<\/a> \u00b7 <a href=\"https:\/\/soundcloud.com\/les-singuliers\/extrait-audio-de-le-fils-du-roi-dirlande-caroline-sire\" title=\"Extrait audio - The Hunt - Caroline Sire\" target=\"_blank\" style=\"color: #cccccc; text-decoration: none;\">Extrait audio - The Hunt - Caroline Sire<\/a><\/div>\t\t\t\t<\/div>\n\t\t\t\t\t<\/div>\n\t\t<\/div>\n\t\t\t\t<div class=\"elementor-column elementor-col-50 elementor-inner-column elementor-element elementor-element-4109570\" data-id=\"4109570\" data-element_type=\"column\" data-e-type=\"column\" data-settings=\"{&quot;background_background&quot;:&quot;classic&quot;}\">\n\t\t\t<div class=\"elementor-widget-wrap elementor-element-populated\">\n\t\t\t\t\t\t<div class=\"elementor-element elementor-element-2d7a1f8 elementor-widget elementor-widget-heading\" data-id=\"2d7a1f8\" data-element_type=\"widget\" data-e-type=\"widget\" data-widget_type=\"heading.default\">\n\t\t\t\t\t<h2 class=\"elementor-heading-title elementor-size-small\"><a href=\"#\">Le Fils du Roi d'Irlande, d\u00e8s 7 ans<\/a><\/h2>\t\t\t\t<\/div>\n\t\t\t\t<div class=\"elementor-element elementor-element-5032966 elementor-widget elementor-widget-text-editor\" data-id=\"5032966\" data-element_type=\"widget\" data-e-type=\"widget\" data-widget_type=\"text-editor.default\">\n\t\t\t\t\t\t\t\t\t<p>Par un beau matin d\u2019hiver, le Fils du roi d\u2019Irlande part : son chien sur ses talons, son faucon sur le poing, montant son bon coursier pour le porter au loin. Un croassement de corbeau au-dessus de sa t\u00eate&#8230; Soudain, il voit appara\u00eetre devant lui un visage enchanteur : la fille de son r\u00eave !<\/p><p>Aussit\u00f4t, il part \u00e0 sa recherche.<br \/>Un compagnon myst\u00e9rieux, trois fr\u00e8res g\u00e9ants, trois objets magiques aideront le jeune homme \u00e0 triompher des forces mal\u00e9fiques.<\/p><p>\u2013 Conte, Chant et Musique (Bodhr\u00e1n et Sanzula) : Caroline Sire<br \/>\u2013 Dur\u00e9e : 50min<br \/>\u2013 Spectacle disponible en version anglaise<\/p>\t\t\t\t\t\t\t\t<\/div>\n\t\t\t\t\t<\/div>\n\t\t<\/div>\n\t\t\t\t\t<\/div>\n\t\t<\/section>\n\t\t\t\t<section class=\"elementor-section elementor-inner-section elementor-element elementor-element-02a7fca elementor-section-content-middle elementor-reverse-mobile elementor-section-full_width elementor-section-height-default elementor-section-height-default\" data-id=\"02a7fca\" data-element_type=\"section\" data-e-type=\"section\" data-settings=\"{&quot;background_background&quot;:&quot;classic&quot;}\">\n\t\t\t\t\t\t<div class=\"elementor-container elementor-column-gap-no\">\n\t\t\t\t\t<div class=\"elementor-column elementor-col-50 elementor-inner-column elementor-element elementor-element-cbf79d5\" data-id=\"cbf79d5\" data-element_type=\"column\" data-e-type=\"column\" data-settings=\"{&quot;background_background&quot;:&quot;classic&quot;}\">\n\t\t\t<div class=\"elementor-widget-wrap elementor-element-populated\">\n\t\t\t\t\t\t<div class=\"elementor-element elementor-element-2ff547b elementor-widget elementor-widget-heading\" data-id=\"2ff547b\" data-element_type=\"widget\" data-e-type=\"widget\" data-widget_type=\"heading.default\">\n\t\t\t\t\t<h2 class=\"elementor-heading-title elementor-size-small\"><a href=\"#\">Les Fianc\u00e9s de la For\u00eat, d\u00e8s 7 ans<\/a><\/h2>\t\t\t\t<\/div>\n\t\t\t\t<div class=\"elementor-element elementor-element-972552e elementor-widget elementor-widget-text-editor\" data-id=\"972552e\" data-element_type=\"widget\" data-e-type=\"widget\" data-widget_type=\"text-editor.default\">\n\t\t\t\t\t\t\t\t\t<p>Un spectacle tout public de contes recueillis par R\u00e9my Boussengui<br \/>au cours de veill\u00e9es dans son village du sud du Gabon.<\/p><p>Dinzoune, admir\u00e9e aussi bien par les humains que par les b\u00eates, est d\u2019une beaut\u00e9 exceptionnelle. D\u00e9cid\u00e9e \u00e0 se trouver un mari, elle s\u2019oppose \u00e0 son p\u00e8re et n\u2019en fera qu\u2019\u00e0 sa t\u00eate.<\/p><p>Elle recevra la visite de nombreux pr\u00e9tendants, sans grandes qualit\u00e9s\u00a0: Megningue, se montre gourmand et va jusqu\u2019\u00e0 tuer Dinzoune\u00a0; Koudou, fils des tortues, est impotent\u00a0; Mbilou, fils des oiseaux, est voleur\u00a0; Moubinde, personnage humain, est timide&#8230;<br \/>Arrive Meji\u00e8ne, fils des panth\u00e8res, qui pr\u00e9sente le profil du mari id\u00e9al. Mais il p\u00e9rira en voulant satisfaire un caprice de Dinzoune enceinte qui a une envie soudaine de manger quotidiennement du gibier&#8230;<\/p><p>On peut compter sur R\u00e9my Boussengui et son engagement, sa voix multicolore,<br \/>ses talents de musicien pour nous conduire sur les sentiers de cette nouvelle aventure.<\/p><p>\u2013\u00a0Conte et musique (arc musical et percussions)\u00a0: R\u00e9my Boussengui<br \/>\u2013\u00a0Dur\u00e9e\u00a0: 1h15<\/p>\t\t\t\t\t\t\t\t<\/div>\n\t\t\t\t\t<\/div>\n\t\t<\/div>\n\t\t\t\t<div class=\"elementor-column elementor-col-50 elementor-inner-column elementor-element elementor-element-ede21a9\" data-id=\"ede21a9\" data-element_type=\"column\" data-e-type=\"column\" data-settings=\"{&quot;background_background&quot;:&quot;classic&quot;}\">\n\t\t\t<div class=\"elementor-widget-wrap elementor-element-populated\">\n\t\t\t\t\t<div class=\"elementor-background-overlay\"><\/div>\n\t\t\t\t\t\t<div class=\"elementor-element elementor-element-c7dffdc elementor-widget elementor-widget-image\" data-id=\"c7dffdc\" data-element_type=\"widget\" data-e-type=\"widget\" data-widget_type=\"image.default\">\n\t\t\t\t\t\t\t\t\t\t\t\t\t\t\t<img loading=\"lazy\" decoding=\"async\" width=\"280\" height=\"255\" src=\"https:\/\/lessinguliers.fr\/wp-content\/uploads\/2025\/08\/boussengui-3.jpg\" class=\"attachment-large size-large wp-image-489\" alt=\"\" \/>\t\t\t\t\t\t\t\t\t\t\t\t\t\t\t<\/div>\n\t\t\t\t<div class=\"elementor-element elementor-element-ac5ee0f elementor-widget elementor-widget-html\" data-id=\"ac5ee0f\" data-element_type=\"widget\" data-e-type=\"widget\" data-widget_type=\"html.default\">\n\t\t\t\t\t<iframe width=\"100%\" height=\"166\" scrolling=\"no\" frameborder=\"no\" allow=\"autoplay\" src=\"https:\/\/w.soundcloud.com\/player\/?url=https%3A\/\/api.soundcloud.com\/tracks\/266026244&color=%23ff5500&auto_play=false&hide_related=false&show_comments=true&show_user=true&show_reposts=false&show_teaser=true\"><\/iframe><div style=\"font-size: 10px; color: #cccccc;line-break: anywhere;word-break: normal;overflow: hidden;white-space: nowrap;text-overflow: ellipsis; font-family: Interstate,Lucida Grande,Lucida Sans Unicode,Lucida Sans,Garuda,Verdana,Tahoma,sans-serif;font-weight: 100;\"><a href=\"https:\/\/soundcloud.com\/les-singuliers\" title=\"Les Singuliers\" target=\"_blank\" style=\"color: #cccccc; text-decoration: none;\">Les Singuliers<\/a> \u00b7 <a href=\"https:\/\/soundcloud.com\/les-singuliers\/les-fiances-de-la-foret\" title=\"Extrait audio de &quot;Les fianc\u00e9s de la for\u00eat&quot; - R\u00e9my Boussengui\" target=\"_blank\" style=\"color: #cccccc; text-decoration: none;\">Extrait audio de &quot;Les fianc\u00e9s de la for\u00eat&quot; - R\u00e9my Boussengui<\/a><\/div>\t\t\t\t<\/div>\n\t\t\t\t\t<\/div>\n\t\t<\/div>\n\t\t\t\t\t<\/div>\n\t\t<\/section>\n\t\t\t\t<section class=\"elementor-section elementor-inner-section elementor-element elementor-element-942ad7a elementor-section-content-middle elementor-reverse-mobile elementor-section-full_width elementor-section-height-default elementor-section-height-default\" data-id=\"942ad7a\" data-element_type=\"section\" data-e-type=\"section\" data-settings=\"{&quot;background_background&quot;:&quot;classic&quot;}\">\n\t\t\t\t\t\t<div class=\"elementor-container elementor-column-gap-no\">\n\t\t\t\t\t<div class=\"elementor-column elementor-col-50 elementor-inner-column elementor-element elementor-element-c81c10a\" data-id=\"c81c10a\" data-element_type=\"column\" data-e-type=\"column\" data-settings=\"{&quot;background_background&quot;:&quot;classic&quot;}\">\n\t\t\t<div class=\"elementor-widget-wrap elementor-element-populated\">\n\t\t\t\t\t<div class=\"elementor-background-overlay\"><\/div>\n\t\t\t\t\t\t<div class=\"elementor-element elementor-element-1c84bfc elementor-widget elementor-widget-image\" data-id=\"1c84bfc\" data-element_type=\"widget\" data-e-type=\"widget\" data-widget_type=\"image.default\">\n\t\t\t\t\t\t\t\t\t\t\t\t\t\t\t<img loading=\"lazy\" decoding=\"async\" width=\"500\" height=\"501\" src=\"https:\/\/lessinguliers.fr\/wp-content\/uploads\/2026\/02\/Frissons-1.jpg\" class=\"attachment-large size-large wp-image-4193\" alt=\"\" srcset=\"https:\/\/lessinguliers.fr\/wp-content\/uploads\/2026\/02\/Frissons-1.jpg 500w, https:\/\/lessinguliers.fr\/wp-content\/uploads\/2026\/02\/Frissons-1-300x300.jpg 300w, https:\/\/lessinguliers.fr\/wp-content\/uploads\/2026\/02\/Frissons-1-150x150.jpg 150w\" sizes=\"(max-width: 500px) 100vw, 500px\" \/>\t\t\t\t\t\t\t\t\t\t\t\t\t\t\t<\/div>\n\t\t\t\t\t<\/div>\n\t\t<\/div>\n\t\t\t\t<div class=\"elementor-column elementor-col-50 elementor-inner-column elementor-element elementor-element-0a59475\" data-id=\"0a59475\" data-element_type=\"column\" data-e-type=\"column\" data-settings=\"{&quot;background_background&quot;:&quot;classic&quot;}\">\n\t\t\t<div class=\"elementor-widget-wrap elementor-element-populated\">\n\t\t\t\t\t\t<div class=\"elementor-element elementor-element-c05cf5f elementor-widget elementor-widget-heading\" data-id=\"c05cf5f\" data-element_type=\"widget\" data-e-type=\"widget\" data-widget_type=\"heading.default\">\n\t\t\t\t\t<h2 class=\"elementor-heading-title elementor-size-small\"><a href=\"#\">Les frissons dans l'placard, d\u00e8s 7 ans<\/a><\/h2>\t\t\t\t<\/div>\n\t\t\t\t<div class=\"elementor-element elementor-element-0ba8f7d elementor-widget elementor-widget-text-editor\" data-id=\"0ba8f7d\" data-element_type=\"widget\" data-e-type=\"widget\" data-widget_type=\"text-editor.default\">\n\t\t\t\t\t\t\t\t\t<p>Pour se faire (un peu) peur avec des histoires !<br \/>La fille de l\u2019ogre et de la sorci\u00e8re a choisi de tout raconter : la grotte o\u00f9 jamais il ne faut entrer, le cri de l\u2019os dans le placard, la transformation du chat noir, pourtant, si mignon au d\u00e9part&#8230;<br \/>Pendant ce temps, la femme-Troll court avec le vent et Jojo-Squelette, d\u00e9cid\u00e9ment, n\u2019a toujours pas retrouv\u00e9 son doigt de pied !<\/p><p>Pour ce voyage, venez sans crainte : la conteuse a les cl\u00e9s et conna\u00eet le chemin.<\/p><p>\u2013 Conte : Anne Leviel<br \/>\u2013 Dur\u00e9e : 1h<\/p>\t\t\t\t\t\t\t\t<\/div>\n\t\t\t\t\t<\/div>\n\t\t<\/div>\n\t\t\t\t\t<\/div>\n\t\t<\/section>\n\t\t\t\t<section class=\"elementor-section elementor-inner-section elementor-element elementor-element-c5dfd1b elementor-section-content-middle elementor-reverse-mobile elementor-section-full_width elementor-section-height-default elementor-section-height-default\" data-id=\"c5dfd1b\" data-element_type=\"section\" data-e-type=\"section\" data-settings=\"{&quot;background_background&quot;:&quot;classic&quot;}\">\n\t\t\t\t\t\t<div class=\"elementor-container elementor-column-gap-no\">\n\t\t\t\t\t<div class=\"elementor-column elementor-col-50 elementor-inner-column elementor-element elementor-element-e27bfad\" data-id=\"e27bfad\" data-element_type=\"column\" data-e-type=\"column\" data-settings=\"{&quot;background_background&quot;:&quot;classic&quot;}\">\n\t\t\t<div class=\"elementor-widget-wrap elementor-element-populated\">\n\t\t\t\t\t\t<div class=\"elementor-element elementor-element-038708c elementor-widget elementor-widget-heading\" data-id=\"038708c\" data-element_type=\"widget\" data-e-type=\"widget\" data-widget_type=\"heading.default\">\n\t\t\t\t\t<h2 class=\"elementor-heading-title elementor-size-small\"><a href=\"#\">Poucet, d\u00e8s 7 ans<\/a><\/h2>\t\t\t\t<\/div>\n\t\t\t\t<div class=\"elementor-element elementor-element-bae40c6 elementor-widget elementor-widget-text-editor\" data-id=\"bae40c6\" data-element_type=\"widget\" data-e-type=\"widget\" data-widget_type=\"text-editor.default\">\n\t\t\t\t\t\t\t\t\t<p>Le Petit Poucet, c\u2019est bien le conte que tout le monde connait !<br \/>Alors, pourquoi le raconter encore si tout le monde le connait et l\u2019a d\u00e9j\u00e0 entendu un millier de fois ?<br \/>Peut \u00eatre, pour le plaisir de replonger dans la for\u00eat des ombres, guid\u00e9 par un tout petit gars, plein de lumi\u00e8re ?<br \/>Partageons cette joie \u00e0 chaque fois renouvel\u00e9e de revisiter ce conte qui nous a enchant\u00e9 et fait trembler, aussi.<\/p><p>\u2013 Conte et Chant : Elodie Mora<br \/>\u2013 Dur\u00e9e : 55min<\/p>\t\t\t\t\t\t\t\t<\/div>\n\t\t\t\t\t<\/div>\n\t\t<\/div>\n\t\t\t\t<div class=\"elementor-column elementor-col-50 elementor-inner-column elementor-element elementor-element-1a2c659\" data-id=\"1a2c659\" data-element_type=\"column\" data-e-type=\"column\" data-settings=\"{&quot;background_background&quot;:&quot;classic&quot;}\">\n\t\t\t<div class=\"elementor-widget-wrap elementor-element-populated\">\n\t\t\t\t\t<div class=\"elementor-background-overlay\"><\/div>\n\t\t\t\t\t\t<div class=\"elementor-element elementor-element-547d0f3 elementor-widget elementor-widget-video\" data-id=\"547d0f3\" data-element_type=\"widget\" data-e-type=\"widget\" data-settings=\"{&quot;youtube_url&quot;:&quot;https:\\\/\\\/www.youtube.com\\\/watch?v=jAWhfP66p4M&amp;ab_channel=LesSinguliers&quot;,&quot;video_type&quot;:&quot;youtube&quot;,&quot;controls&quot;:&quot;yes&quot;}\" data-widget_type=\"video.default\">\n\t\t\t\t\t\t\t<div class=\"elementor-wrapper elementor-open-inline\">\n\t\t\t<div class=\"elementor-video\"><\/div>\t\t<\/div>\n\t\t\t\t\t\t<\/div>\n\t\t\t\t\t<\/div>\n\t\t<\/div>\n\t\t\t\t\t<\/div>\n\t\t<\/section>\n\t\t\t\t<section class=\"elementor-section elementor-inner-section elementor-element elementor-element-6a77e67 elementor-section-content-middle elementor-reverse-mobile elementor-section-full_width elementor-section-height-default elementor-section-height-default\" data-id=\"6a77e67\" data-element_type=\"section\" data-e-type=\"section\" data-settings=\"{&quot;background_background&quot;:&quot;classic&quot;}\">\n\t\t\t\t\t\t<div class=\"elementor-container elementor-column-gap-no\">\n\t\t\t\t\t<div class=\"elementor-column elementor-col-50 elementor-inner-column elementor-element elementor-element-de952ff\" data-id=\"de952ff\" data-element_type=\"column\" data-e-type=\"column\" data-settings=\"{&quot;background_background&quot;:&quot;classic&quot;}\">\n\t\t\t<div class=\"elementor-widget-wrap elementor-element-populated\">\n\t\t\t\t\t<div class=\"elementor-background-overlay\"><\/div>\n\t\t\t\t\t\t<div class=\"elementor-element elementor-element-225927f elementor-widget elementor-widget-image\" data-id=\"225927f\" data-element_type=\"widget\" data-e-type=\"widget\" data-widget_type=\"image.default\">\n\t\t\t\t\t\t\t\t\t\t\t\t\t\t\t<img loading=\"lazy\" decoding=\"async\" width=\"300\" height=\"265\" src=\"https:\/\/lessinguliers.fr\/wp-content\/uploads\/2025\/08\/BLANC-COMME-NEIGE-CS.jpg\" class=\"attachment-large size-large wp-image-1979\" alt=\"\" \/>\t\t\t\t\t\t\t\t\t\t\t\t\t\t\t<\/div>\n\t\t\t\t<div class=\"elementor-element elementor-element-550898f elementor-widget elementor-widget-audio\" data-id=\"550898f\" data-element_type=\"widget\" data-e-type=\"widget\" data-widget_type=\"audio.default\">\n\t\t\t\t\t\t\t\t<div class=\"elementor-soundcloud-wrapper\">\n\t\t\t\t<iframe width=\"720\" height=\"200\" frameborder=\"no\" src=\"https:\/\/w.soundcloud.com\/player\/?visual=false&#038;url=https%3A%2F%2Fapi.soundcloud.com%2Ftracks%2F2169362037&#038;show_artwork=true&#038;maxheight=1000&#038;maxwidth=720&#038;auto_play=false&#038;buying=true&#038;liking=true&#038;download=true&#038;sharing=true&#038;show_comments=true&#038;show_playcount=true&#038;show_user=true&#038;color\"><\/iframe>\t\t\t<\/div>\n\t\t\t\t\t\t\t<\/div>\n\t\t\t\t\t<\/div>\n\t\t<\/div>\n\t\t\t\t<div class=\"elementor-column elementor-col-50 elementor-inner-column elementor-element elementor-element-58acfbe\" data-id=\"58acfbe\" data-element_type=\"column\" data-e-type=\"column\" data-settings=\"{&quot;background_background&quot;:&quot;classic&quot;}\">\n\t\t\t<div class=\"elementor-widget-wrap elementor-element-populated\">\n\t\t\t\t\t\t<div class=\"elementor-element elementor-element-2a8eb31 elementor-widget elementor-widget-heading\" data-id=\"2a8eb31\" data-element_type=\"widget\" data-e-type=\"widget\" data-widget_type=\"heading.default\">\n\t\t\t\t\t<h2 class=\"elementor-heading-title elementor-size-small\"><a href=\"#\">Blanc comme neige, d\u00e8s 7 ans<\/a><\/h2>\t\t\t\t<\/div>\n\t\t\t\t<div class=\"elementor-element elementor-element-0323c6f elementor-widget elementor-widget-text-editor\" data-id=\"0323c6f\" data-element_type=\"widget\" data-e-type=\"widget\" data-widget_type=\"text-editor.default\">\n\t\t\t\t\t\t\t\t\t<p>Personne au monde ne conna\u00eet plus d\u2019histoires qu\u2019Ole\u00ef Leukawya ; il voyage entre les mondes enneig\u00e9s depuis la nuit des temps.<br \/>Comment le rencontrer ? Quand tu te couches le soir, au moment o\u00f9 tu te poses au pays des R\u00eaves Ensommeill\u00e9s, Ole\u00ef Leukawya s\u2019approche tout doucement de ton oreiller, il souffle juste derri\u00e8re ta t\u00eate. Il ouvre son parapluie magique, il le fait tourner tr\u00e8s vite, comme une roue enchant\u00e9e&#8230;<br \/>Et l\u2019histoire qui en sort, elle est juste pour toi !<\/p><p>\u00ab\u00a0Une fa\u00e7on pour moi de replonger dans le monde des contes et des chants slaves que me racontaient ma m\u00e8re au retour de ses nombreux voyages.\u00a0\u00bb<\/p><p>\u2013 Conte, Chant et Musique (Bodhr\u00e1n et Sanzula) : Caroline Sire<br \/>\u2013 Dur\u00e9e : 1h<\/p>\t\t\t\t\t\t\t\t<\/div>\n\t\t\t\t\t<\/div>\n\t\t<\/div>\n\t\t\t\t\t<\/div>\n\t\t<\/section>\n\t\t\t\t<section class=\"elementor-section elementor-inner-section elementor-element elementor-element-b11b6d8 elementor-section-content-middle elementor-reverse-mobile elementor-section-full_width elementor-section-height-default elementor-section-height-default\" data-id=\"b11b6d8\" data-element_type=\"section\" data-e-type=\"section\" data-settings=\"{&quot;background_background&quot;:&quot;classic&quot;}\">\n\t\t\t\t\t\t<div class=\"elementor-container elementor-column-gap-no\">\n\t\t\t\t\t<div class=\"elementor-column elementor-col-50 elementor-inner-column elementor-element elementor-element-d4c047d\" data-id=\"d4c047d\" data-element_type=\"column\" data-e-type=\"column\" data-settings=\"{&quot;background_background&quot;:&quot;classic&quot;}\">\n\t\t\t<div class=\"elementor-widget-wrap elementor-element-populated\">\n\t\t\t\t\t\t<div class=\"elementor-element elementor-element-7c8f5d0 elementor-widget elementor-widget-heading\" data-id=\"7c8f5d0\" data-element_type=\"widget\" data-e-type=\"widget\" data-widget_type=\"heading.default\">\n\t\t\t\t\t<h2 class=\"elementor-heading-title elementor-size-small\"><a href=\"#\">Histoires itin\u00e9rantes, au fil du GR 54, d\u00e8s 7 ans<\/a><\/h2>\t\t\t\t<\/div>\n\t\t\t\t<div class=\"elementor-element elementor-element-bf54f68 elementor-widget elementor-widget-text-editor\" data-id=\"bf54f68\" data-element_type=\"widget\" data-e-type=\"widget\" data-widget_type=\"text-editor.default\">\n\t\t\t\t\t\t\t\t\t<p>Anne-Claire Dromz\u00e9e, conteuse et accompagnatrice en montagne et Sophie Kahn, r\u00e9alisatrice, toutes les deux amoureuses de la montagne, de la marche et des histoires vous emm\u00e8nent sur le c\u00e9l\u00e8bre sentier du GR 54.<br \/>A travers leurs regards po\u00e9tiques, venez mettre vos pas dans les leurs pour faire le tour de cet itin\u00e9raire mythique du Parc National des Ecrins. Elles l\u2019ont balis\u00e9 pour vous avec humour et tendresse, vos sens en seront tour \u00e0 tour sollicit\u00e9s\u2026<br \/>Et si en sortant du spectacle, il vous prenait l\u2019envie d\u2019aller marcher sur les sentiers de randonn\u00e9es, l\u00e0 tout pr\u00e8s, alors le pari sera doublement gagn\u00e9.<br \/>Autour de cette cr\u00e9ation sont \u00e9galement propos\u00e9es des journ\u00e9es d\u2019ateliers autour de l\u2019oralit\u00e9, du cin\u00e9ma d\u2019animation, des randonn\u00e9es en montagne ou des balades cont\u00e9es.<\/p><p>\u2013 Conte et Percussion : Anne-Claire Dromz\u00e9e<br \/>\u2013 Projection vid\u00e9o : Sophie Kahn<br \/>\u2013 Dur\u00e9e : 1h15 + 30 min d\u2019\u00e9changes<\/p>\t\t\t\t\t\t\t\t<\/div>\n\t\t\t\t\t<\/div>\n\t\t<\/div>\n\t\t\t\t<div class=\"elementor-column elementor-col-50 elementor-inner-column elementor-element elementor-element-6a95b18\" data-id=\"6a95b18\" data-element_type=\"column\" data-e-type=\"column\" data-settings=\"{&quot;background_background&quot;:&quot;classic&quot;}\">\n\t\t\t<div class=\"elementor-widget-wrap elementor-element-populated\">\n\t\t\t\t\t<div class=\"elementor-background-overlay\"><\/div>\n\t\t\t\t\t\t<div class=\"elementor-element elementor-element-4683bc2 elementor-widget elementor-widget-video\" data-id=\"4683bc2\" data-element_type=\"widget\" data-e-type=\"widget\" data-settings=\"{&quot;youtube_url&quot;:&quot;https:\\\/\\\/www.youtube.com\\\/watch?v=xkiD3Ajpyfk&amp;ab_channel=LesSinguliers&quot;,&quot;video_type&quot;:&quot;youtube&quot;,&quot;controls&quot;:&quot;yes&quot;}\" data-widget_type=\"video.default\">\n\t\t\t\t\t\t\t<div class=\"elementor-wrapper elementor-open-inline\">\n\t\t\t<div class=\"elementor-video\"><\/div>\t\t<\/div>\n\t\t\t\t\t\t<\/div>\n\t\t\t\t\t<\/div>\n\t\t<\/div>\n\t\t\t\t\t<\/div>\n\t\t<\/section>\n\t\t\t\t<section class=\"elementor-section elementor-inner-section elementor-element elementor-element-178a0f9 elementor-section-content-middle elementor-reverse-mobile elementor-section-full_width elementor-section-height-default elementor-section-height-default\" data-id=\"178a0f9\" data-element_type=\"section\" data-e-type=\"section\" data-settings=\"{&quot;background_background&quot;:&quot;classic&quot;}\">\n\t\t\t\t\t\t<div class=\"elementor-container elementor-column-gap-no\">\n\t\t\t\t\t<div class=\"elementor-column elementor-col-50 elementor-inner-column elementor-element elementor-element-d181954\" data-id=\"d181954\" data-element_type=\"column\" data-e-type=\"column\" data-settings=\"{&quot;background_background&quot;:&quot;classic&quot;}\">\n\t\t\t<div class=\"elementor-widget-wrap elementor-element-populated\">\n\t\t\t\t\t<div class=\"elementor-background-overlay\"><\/div>\n\t\t\t\t\t\t<div class=\"elementor-element elementor-element-addc636 elementor-widget elementor-widget-image\" data-id=\"addc636\" data-element_type=\"widget\" data-e-type=\"widget\" data-widget_type=\"image.default\">\n\t\t\t\t\t\t\t\t\t\t\t\t\t\t\t<img loading=\"lazy\" decoding=\"async\" width=\"300\" height=\"326\" src=\"https:\/\/lessinguliers.fr\/wp-content\/uploads\/2025\/08\/CS-on-nait.jpg\" class=\"attachment-large size-large wp-image-1996\" alt=\"\" srcset=\"https:\/\/lessinguliers.fr\/wp-content\/uploads\/2025\/08\/CS-on-nait.jpg 300w, https:\/\/lessinguliers.fr\/wp-content\/uploads\/2025\/08\/CS-on-nait-276x300.jpg 276w\" sizes=\"(max-width: 300px) 100vw, 300px\" \/>\t\t\t\t\t\t\t\t\t\t\t\t\t\t\t<\/div>\n\t\t\t\t\t<\/div>\n\t\t<\/div>\n\t\t\t\t<div class=\"elementor-column elementor-col-50 elementor-inner-column elementor-element elementor-element-18d4491\" data-id=\"18d4491\" data-element_type=\"column\" data-e-type=\"column\" data-settings=\"{&quot;background_background&quot;:&quot;classic&quot;}\">\n\t\t\t<div class=\"elementor-widget-wrap elementor-element-populated\">\n\t\t\t\t\t\t<div class=\"elementor-element elementor-element-65c3fcc elementor-widget elementor-widget-heading\" data-id=\"65c3fcc\" data-element_type=\"widget\" data-e-type=\"widget\" data-widget_type=\"heading.default\">\n\t\t\t\t\t<h2 class=\"elementor-heading-title elementor-size-small\"><a href=\"#\">Les Mots \u00e0 la Bouche, d\u00e8s 7 ans<\/a><\/h2>\t\t\t\t<\/div>\n\t\t\t\t<div class=\"elementor-element elementor-element-d6e5ccb elementor-widget elementor-widget-text-editor\" data-id=\"d6e5ccb\" data-element_type=\"widget\" data-e-type=\"widget\" data-widget_type=\"text-editor.default\">\n\t\t\t\t\t\t\t\t\t<p>Il est midi ou quatre heures, c\u2019est le d\u00e9jeuner, le d\u00eener ou le souper : l\u2019heure de laisser monter l\u2019eau \u00e0 la bouche !<br \/>Nous rencontrerons un cuisinier masqu\u00e9, un python affam\u00e9, un chat d\u00e9voreur et une petite fille aventureuse&#8230;<br \/>Partons pour cette d\u00e9licieuse promenade gastronomique et litt\u00e9raire, sillonnant entre po\u00e9sie, histoire et chanson : surprenant autant qu\u2019all\u00e9chant !<\/p><p>\u2013 R\u00e9cit, Chant et Musique (Bodhr\u00e1n et Sanzula) : Caroline Sire<br \/>\u2013 Dur\u00e9e : 1h<\/p>\t\t\t\t\t\t\t\t<\/div>\n\t\t\t\t\t<\/div>\n\t\t<\/div>\n\t\t\t\t\t<\/div>\n\t\t<\/section>\n\t\t\t\t<section class=\"elementor-section elementor-inner-section elementor-element elementor-element-894fa9a elementor-section-content-middle elementor-reverse-mobile elementor-section-full_width elementor-section-height-default elementor-section-height-default\" data-id=\"894fa9a\" data-element_type=\"section\" data-e-type=\"section\" data-settings=\"{&quot;background_background&quot;:&quot;classic&quot;}\">\n\t\t\t\t\t\t<div class=\"elementor-container elementor-column-gap-no\">\n\t\t\t\t\t<div class=\"elementor-column elementor-col-50 elementor-inner-column elementor-element elementor-element-caed929\" data-id=\"caed929\" data-element_type=\"column\" data-e-type=\"column\" data-settings=\"{&quot;background_background&quot;:&quot;classic&quot;}\">\n\t\t\t<div class=\"elementor-widget-wrap elementor-element-populated\">\n\t\t\t\t\t\t<div class=\"elementor-element elementor-element-d26c4f4 elementor-widget elementor-widget-heading\" data-id=\"d26c4f4\" data-element_type=\"widget\" data-e-type=\"widget\" data-widget_type=\"heading.default\">\n\t\t\t\t\t<h2 class=\"elementor-heading-title elementor-size-small\"><a href=\"#\">Blanche-Neige, fille d\u2019Afrique, d\u00e8s 7 ans<\/a><\/h2>\t\t\t\t<\/div>\n\t\t\t\t<div class=\"elementor-element elementor-element-cd20a38 elementor-widget elementor-widget-text-editor\" data-id=\"cd20a38\" data-element_type=\"widget\" data-e-type=\"widget\" data-widget_type=\"text-editor.default\">\n\t\t\t\t\t\t\t\t\t<p>Un choix de contes merveilleux originaires de diff\u00e9rentes r\u00e9gions d\u2019Afrique, en \u00e9cho aux c\u00e9l\u00e8bres histoires traditionnelles europ\u00e9ennes telles que le Petit Poucet, Cendrillon, Barbe Bleue&#8230; et Blanche Neige.<\/p><p>Avec ce r\u00e9pertoire, le conteur gabonais met en relief \u00e0 la fois le c\u00f4t\u00e9 universel du conte et les nuances inh\u00e9rentes aux divers contextes socio-culturels. Avec sa voix de magicien tant\u00f4t ogre, tant\u00f4t souris, R\u00e9my nous convie \u00e0 des voyages o\u00f9 la malice c\u00f4toie sans complexe le merveilleux.<\/p><p>\u2013\u00a0Conte et musique (arc musical et percussions)\u00a0: R\u00e9my Boussengui<br \/>\u2013\u00a0Dur\u00e9e\u00a0: 1h<\/p>\t\t\t\t\t\t\t\t<\/div>\n\t\t\t\t\t<\/div>\n\t\t<\/div>\n\t\t\t\t<div class=\"elementor-column elementor-col-50 elementor-inner-column elementor-element elementor-element-1514f4f\" data-id=\"1514f4f\" data-element_type=\"column\" data-e-type=\"column\" data-settings=\"{&quot;background_background&quot;:&quot;classic&quot;}\">\n\t\t\t<div class=\"elementor-widget-wrap elementor-element-populated\">\n\t\t\t\t\t<div class=\"elementor-background-overlay\"><\/div>\n\t\t\t\t\t\t<div class=\"elementor-element elementor-element-05cc939 elementor-widget elementor-widget-image\" data-id=\"05cc939\" data-element_type=\"widget\" data-e-type=\"widget\" data-widget_type=\"image.default\">\n\t\t\t\t\t\t\t\t\t\t\t\t\t\t\t<img loading=\"lazy\" decoding=\"async\" width=\"280\" height=\"255\" src=\"https:\/\/lessinguliers.fr\/wp-content\/uploads\/2025\/08\/boussengui-5.jpg\" class=\"attachment-large size-large wp-image-479\" alt=\"\" \/>\t\t\t\t\t\t\t\t\t\t\t\t\t\t\t<\/div>\n\t\t\t\t\t<\/div>\n\t\t<\/div>\n\t\t\t\t\t<\/div>\n\t\t<\/section>\n\t\t\t\t<section class=\"elementor-section elementor-inner-section elementor-element elementor-element-8da899e elementor-section-content-middle elementor-reverse-mobile elementor-section-full_width elementor-section-height-default elementor-section-height-default\" data-id=\"8da899e\" data-element_type=\"section\" data-e-type=\"section\" data-settings=\"{&quot;background_background&quot;:&quot;classic&quot;}\">\n\t\t\t\t\t\t<div class=\"elementor-container elementor-column-gap-no\">\n\t\t\t\t\t<div class=\"elementor-column elementor-col-50 elementor-inner-column elementor-element elementor-element-3dc207b\" data-id=\"3dc207b\" data-element_type=\"column\" data-e-type=\"column\" data-settings=\"{&quot;background_background&quot;:&quot;classic&quot;}\">\n\t\t\t<div class=\"elementor-widget-wrap elementor-element-populated\">\n\t\t\t\t\t<div class=\"elementor-background-overlay\"><\/div>\n\t\t\t\t\t\t<div class=\"elementor-element elementor-element-44e0b60 elementor-widget elementor-widget-image\" data-id=\"44e0b60\" data-element_type=\"widget\" data-e-type=\"widget\" data-widget_type=\"image.default\">\n\t\t\t\t\t\t\t\t\t\t\t\t\t\t\t<img loading=\"lazy\" decoding=\"async\" width=\"280\" height=\"256\" src=\"https:\/\/lessinguliers.fr\/wp-content\/uploads\/2025\/08\/swan-10.jpg\" class=\"attachment-large size-large wp-image-914\" alt=\"\" \/>\t\t\t\t\t\t\t\t\t\t\t\t\t\t\t<\/div>\n\t\t\t\t\t<\/div>\n\t\t<\/div>\n\t\t\t\t<div class=\"elementor-column elementor-col-50 elementor-inner-column elementor-element elementor-element-3460f5f\" data-id=\"3460f5f\" data-element_type=\"column\" data-e-type=\"column\" data-settings=\"{&quot;background_background&quot;:&quot;classic&quot;}\">\n\t\t\t<div class=\"elementor-widget-wrap elementor-element-populated\">\n\t\t\t\t\t\t<div class=\"elementor-element elementor-element-9ecbf96 elementor-widget elementor-widget-heading\" data-id=\"9ecbf96\" data-element_type=\"widget\" data-e-type=\"widget\" data-widget_type=\"heading.default\">\n\t\t\t\t\t<h2 class=\"elementor-heading-title elementor-size-small\"><a href=\"#\">Le Vent se l\u00e8ve !, d\u00e8s 7 ans<\/a><\/h2>\t\t\t\t<\/div>\n\t\t\t\t<div class=\"elementor-element elementor-element-6b9613d elementor-widget elementor-widget-text-editor\" data-id=\"6b9613d\" data-element_type=\"widget\" data-e-type=\"widget\" data-widget_type=\"text-editor.default\">\n\t\t\t\t\t\t\t\t\t<p>Si le vent n\u2019existait pas ? Vous imaginez ?<\/p><p>Qu\u2019est-ce qui pousserait les bateaux et les nuages\u00a0? Qu\u2019est ce qui d\u00e9coifferait les rois et porterait les chansons toujours plus loin\u00a0?<br \/>Et ces petites \u00e9tincelles d\u2019amour, de col\u00e8re, de courage, qu\u2019est-ce qui les allumerait pour de bon\u00a0?<br \/>Tout resterait l\u00e0, immobile, sage et silencieux. Mais le vent existe, et quand il se l\u00e8ve&#8230;<br \/>Ces histoires racontent avec malice et po\u00e9sie comment tout peut toujours basculer. Un souffle, une bourrasque, une m\u00e9lodie\u2026 et rien n\u2019est jamais plus comme avant\u00a0!<\/p><p>\u2013\u00a0Conte\u00a0: Swan Blach\u00e8re<br \/>\u2013\u00a0Dur\u00e9e\u00a0: 50 min<br \/>\u2013\u00a0Version de 3-6 ans possible\u00a0: 40 minutes<\/p>\t\t\t\t\t\t\t\t<\/div>\n\t\t\t\t\t<\/div>\n\t\t<\/div>\n\t\t\t\t\t<\/div>\n\t\t<\/section>\n\t\t\t\t<section class=\"elementor-section elementor-inner-section elementor-element elementor-element-64efd09 elementor-section-content-middle elementor-reverse-mobile elementor-section-full_width elementor-section-height-default elementor-section-height-default\" data-id=\"64efd09\" data-element_type=\"section\" data-e-type=\"section\" data-settings=\"{&quot;background_background&quot;:&quot;classic&quot;}\">\n\t\t\t\t\t\t<div class=\"elementor-container elementor-column-gap-no\">\n\t\t\t\t\t<div class=\"elementor-column elementor-col-50 elementor-inner-column elementor-element elementor-element-e68dfd6\" data-id=\"e68dfd6\" data-element_type=\"column\" data-e-type=\"column\" data-settings=\"{&quot;background_background&quot;:&quot;classic&quot;}\">\n\t\t\t<div class=\"elementor-widget-wrap elementor-element-populated\">\n\t\t\t\t\t\t<div class=\"elementor-element elementor-element-9f73c5b elementor-widget elementor-widget-heading\" data-id=\"9f73c5b\" data-element_type=\"widget\" data-e-type=\"widget\" data-widget_type=\"heading.default\">\n\t\t\t\t\t<h2 class=\"elementor-heading-title elementor-size-small\"><a href=\"#\">Grand concours cont\u00e9 : rus\u00e9 et ben\u00eats !, d\u00e8s 7 ans<\/a><\/h2>\t\t\t\t<\/div>\n\t\t\t\t<div class=\"elementor-element elementor-element-ff75d8d elementor-widget elementor-widget-text-editor\" data-id=\"ff75d8d\" data-element_type=\"widget\" data-e-type=\"widget\" data-widget_type=\"text-editor.default\">\n\t\t\t\t\t\t\t\t\t<p>De par le monde, des contes d&rsquo; idiots et de ben\u00eats, des contes de rus\u00e9s et fut\u00e9s, il y en a \u00e0 la louche, \u00e0 la pelle, \u00e0 la tonne !<\/p><p>Anne a choisi, dans ce tr\u00e9sor multicolore, un \u00e9ventail de contes.<br \/>Et ce sera vraiment un concours !<br \/>A la fin, chaque spectateur votera pour son rus\u00e9 ou idiot pr\u00e9f\u00e9r\u00e9.<\/p><p>Pour tout spectateur joyeusement ben\u00eat ou finement rus\u00e9&#8230;<br \/>\u2013 Conte : Anne Leviel<br \/>\u2013 Dur\u00e9e : 1h (ou un peu plus, s&rsquo;il y a ballottage)<\/p>\t\t\t\t\t\t\t\t<\/div>\n\t\t\t\t\t<\/div>\n\t\t<\/div>\n\t\t\t\t<div class=\"elementor-column elementor-col-50 elementor-inner-column elementor-element elementor-element-43d0f28\" data-id=\"43d0f28\" data-element_type=\"column\" data-e-type=\"column\" data-settings=\"{&quot;background_background&quot;:&quot;classic&quot;}\">\n\t\t\t<div class=\"elementor-widget-wrap elementor-element-populated\">\n\t\t\t\t\t<div class=\"elementor-background-overlay\"><\/div>\n\t\t\t\t\t\t<div class=\"elementor-element elementor-element-953b964 elementor-widget elementor-widget-image\" data-id=\"953b964\" data-element_type=\"widget\" data-e-type=\"widget\" data-widget_type=\"image.default\">\n\t\t\t\t\t\t\t\t\t\t\t\t\t\t\t<img loading=\"lazy\" decoding=\"async\" width=\"500\" height=\"499\" src=\"https:\/\/lessinguliers.fr\/wp-content\/uploads\/2026\/02\/Grand-concours-1.jpg\" class=\"attachment-large size-large wp-image-4220\" alt=\"\" srcset=\"https:\/\/lessinguliers.fr\/wp-content\/uploads\/2026\/02\/Grand-concours-1.jpg 500w, https:\/\/lessinguliers.fr\/wp-content\/uploads\/2026\/02\/Grand-concours-1-300x300.jpg 300w, https:\/\/lessinguliers.fr\/wp-content\/uploads\/2026\/02\/Grand-concours-1-150x150.jpg 150w\" sizes=\"(max-width: 500px) 100vw, 500px\" \/>\t\t\t\t\t\t\t\t\t\t\t\t\t\t\t<\/div>\n\t\t\t\t\t<\/div>\n\t\t<\/div>\n\t\t\t\t\t<\/div>\n\t\t<\/section>\n\t\t\t\t<section class=\"elementor-section elementor-inner-section elementor-element elementor-element-7e79f25 elementor-section-content-middle elementor-reverse-mobile elementor-section-full_width elementor-section-height-default elementor-section-height-default\" data-id=\"7e79f25\" data-element_type=\"section\" data-e-type=\"section\" data-settings=\"{&quot;background_background&quot;:&quot;classic&quot;}\">\n\t\t\t\t\t\t<div class=\"elementor-container elementor-column-gap-no\">\n\t\t\t\t\t<div class=\"elementor-column elementor-col-50 elementor-inner-column elementor-element elementor-element-99b6222\" data-id=\"99b6222\" data-element_type=\"column\" data-e-type=\"column\" data-settings=\"{&quot;background_background&quot;:&quot;classic&quot;}\">\n\t\t\t<div class=\"elementor-widget-wrap elementor-element-populated\">\n\t\t\t\t\t<div class=\"elementor-background-overlay\"><\/div>\n\t\t\t\t\t\t<div class=\"elementor-element elementor-element-f1a564e elementor-widget elementor-widget-image\" data-id=\"f1a564e\" data-element_type=\"widget\" data-e-type=\"widget\" data-widget_type=\"image.default\">\n\t\t\t\t\t\t\t\t\t\t\t\t\t\t\t<img loading=\"lazy\" decoding=\"async\" width=\"300\" height=\"337\" src=\"https:\/\/lessinguliers.fr\/wp-content\/uploads\/2025\/08\/C-Sire-ContedelaLande.jpg\" class=\"attachment-large size-large wp-image-1991\" alt=\"\" srcset=\"https:\/\/lessinguliers.fr\/wp-content\/uploads\/2025\/08\/C-Sire-ContedelaLande.jpg 300w, https:\/\/lessinguliers.fr\/wp-content\/uploads\/2025\/08\/C-Sire-ContedelaLande-267x300.jpg 267w\" sizes=\"(max-width: 300px) 100vw, 300px\" \/>\t\t\t\t\t\t\t\t\t\t\t\t\t\t\t<\/div>\n\t\t\t\t<div class=\"elementor-element elementor-element-2ce7b6c elementor-widget elementor-widget-html\" data-id=\"2ce7b6c\" data-element_type=\"widget\" data-e-type=\"widget\" data-widget_type=\"html.default\">\n\t\t\t\t\t<iframe width=\"100%\" height=\"166\" scrolling=\"no\" frameborder=\"no\" allow=\"autoplay\" src=\"https:\/\/w.soundcloud.com\/player\/?url=https%3A\/\/api.soundcloud.com\/tracks\/623648361&color=%23ff5500&auto_play=false&hide_related=false&show_comments=true&show_user=true&show_reposts=false&show_teaser=true\"><\/iframe><div style=\"font-size: 10px; color: #cccccc;line-break: anywhere;word-break: normal;overflow: hidden;white-space: nowrap;text-overflow: ellipsis; font-family: Interstate,Lucida Grande,Lucida Sans Unicode,Lucida Sans,Garuda,Verdana,Tahoma,sans-serif;font-weight: 100;\"><a href=\"https:\/\/soundcloud.com\/les-singuliers\" title=\"Les Singuliers\" target=\"_blank\" style=\"color: #cccccc; text-decoration: none;\">Les Singuliers<\/a> \u00b7 <a href=\"https:\/\/soundcloud.com\/les-singuliers\/extrait-audio-de-contes-de-la-lande-et-de-la-brume-caroline-sire\" title=\"France Inter - Extrait audio de &quot;Contes de la Lande et de la Brume&quot; - Caroline Sire 1\" target=\"_blank\" style=\"color: #cccccc; text-decoration: none;\">France Inter - Extrait audio de &quot;Contes de la Lande et de la Brume&quot; - Caroline Sire 1<\/a><\/div>\t\t\t\t<\/div>\n\t\t\t\t\t<\/div>\n\t\t<\/div>\n\t\t\t\t<div class=\"elementor-column elementor-col-50 elementor-inner-column elementor-element elementor-element-72d8184\" data-id=\"72d8184\" data-element_type=\"column\" data-e-type=\"column\" data-settings=\"{&quot;background_background&quot;:&quot;classic&quot;}\">\n\t\t\t<div class=\"elementor-widget-wrap elementor-element-populated\">\n\t\t\t\t\t\t<div class=\"elementor-element elementor-element-a3d2dfc elementor-widget elementor-widget-heading\" data-id=\"a3d2dfc\" data-element_type=\"widget\" data-e-type=\"widget\" data-widget_type=\"heading.default\">\n\t\t\t\t\t<h2 class=\"elementor-heading-title elementor-size-small\"><a href=\"#\">Contes de la Lande et de la Brume, d\u00e8s 7 ans<\/a><\/h2>\t\t\t\t<\/div>\n\t\t\t\t<div class=\"elementor-element elementor-element-557b61b elementor-widget elementor-widget-text-editor\" data-id=\"557b61b\" data-element_type=\"widget\" data-e-type=\"widget\" data-widget_type=\"text-editor.default\">\n\t\t\t\t\t\t\t\t\t<p>Dans le temps d\u2019Halloween, lors de la nuit de Samha\u00edn, les portes du monde du dessus s\u2019ouvrent vers celui du dessous\u2026<br \/>Les vivants rencontrent les morts et la Mort en personne arpente les chemins de la terre.<br \/>Ces histoires-passages vous feront tout \u00e0 la fois fr\u00e9mir, p\u00e2lir et&#8230; rire !<\/p><p>Loin des grandes f\u00eates commerciales et des sarabandes de morts-vivants, ce spectacle redonne tout son sens \u00e0 cette f\u00eate de l\u2019entr\u00e9e dans l\u2019obscurit\u00e9 qui nous invite \u00e0 chercher notre lumi\u00e8re int\u00e9rieure.<\/p><p>\u2013 Conte, Chant et Musique (Bodhr\u00e1n et Sanzula) : Caroline Sire<br \/>\u2013 Dur\u00e9e : 1h<br \/>\u2013 Spectacle disponible en version anglaise<\/p>\t\t\t\t\t\t\t\t<\/div>\n\t\t\t\t\t<\/div>\n\t\t<\/div>\n\t\t\t\t\t<\/div>\n\t\t<\/section>\n\t\t\t\t<section class=\"elementor-section elementor-inner-section elementor-element elementor-element-758b2f3 elementor-section-content-middle elementor-reverse-mobile elementor-section-full_width elementor-section-height-default elementor-section-height-default\" data-id=\"758b2f3\" data-element_type=\"section\" data-e-type=\"section\" data-settings=\"{&quot;background_background&quot;:&quot;classic&quot;}\">\n\t\t\t\t\t\t<div class=\"elementor-container elementor-column-gap-no\">\n\t\t\t\t\t<div class=\"elementor-column elementor-col-50 elementor-inner-column elementor-element elementor-element-418c03d\" data-id=\"418c03d\" data-element_type=\"column\" data-e-type=\"column\" data-settings=\"{&quot;background_background&quot;:&quot;classic&quot;}\">\n\t\t\t<div class=\"elementor-widget-wrap elementor-element-populated\">\n\t\t\t\t\t\t<div class=\"elementor-element elementor-element-c9e3f74 elementor-widget elementor-widget-heading\" data-id=\"c9e3f74\" data-element_type=\"widget\" data-e-type=\"widget\" data-widget_type=\"heading.default\">\n\t\t\t\t\t<h2 class=\"elementor-heading-title elementor-size-small\"><a href=\"#\">Joyeuses travers\u00e9es, d\u00e8s 7 ans<\/a><\/h2>\t\t\t\t<\/div>\n\t\t\t\t<div class=\"elementor-element elementor-element-7ef522d elementor-widget elementor-widget-text-editor\" data-id=\"7ef522d\" data-element_type=\"widget\" data-e-type=\"widget\" data-widget_type=\"text-editor.default\">\n\t\t\t\t\t\t\t\t\t<p>Bienvenue dans l&rsquo;ocre des dunes, sous l&rsquo;\u00e9cume des mers, dans le ventre de la baleine&#8230;.\u00a0!<\/p><p>Anne perp\u00e9tue la formule du \u00ab tour de contes \u00bb\u00a0: dans une diversit\u00e9 qui suit des si\u00e8cles de tradition\u00a0: celui qui vient re\u00e7oit la promesse de plusieurs aventures, de plusieurs voyages.<br \/>Elle fait le choix de parler des d\u00e9sirs, des sentiments, des r\u00eaves et des folies de l&rsquo;humain., en d\u00e9ployant avec bonheur les \u00e9l\u00e9ments de la grande nature.<br \/>On y croise des personnages fid\u00e8les, g\u00e9n\u00e9reux, audacieux.<br \/>Venus de tous les continents, les r\u00e9cits c\u00e9l\u00e8brent l&rsquo;amour et la parole donn\u00e9e, l&rsquo;inventivit\u00e9 et la r\u00e9sistance, le respect et la patience.<\/p><p>La kora, harpe-luth africaine qui accompagne le spectacle, est issue du royaume Mandingue.<br \/>Au dessus des contes chante une fl\u00fbte peuhl en bambou, \u00e0 l&rsquo;\u00e2me nomade&#8230;<\/p><p>\u2013 Conte et chant : Anne Leviel<br \/>\u2013 Musique (kora et fl\u00fbte) : Julien Guyard<br \/>\u2013 Dur\u00e9e : 1h<\/p>\t\t\t\t\t\t\t\t<\/div>\n\t\t\t\t\t<\/div>\n\t\t<\/div>\n\t\t\t\t<div class=\"elementor-column elementor-col-50 elementor-inner-column elementor-element elementor-element-971fa9c\" data-id=\"971fa9c\" data-element_type=\"column\" data-e-type=\"column\" data-settings=\"{&quot;background_background&quot;:&quot;classic&quot;}\">\n\t\t\t<div class=\"elementor-widget-wrap elementor-element-populated\">\n\t\t\t\t\t<div class=\"elementor-background-overlay\"><\/div>\n\t\t\t\t\t\t<div class=\"elementor-element elementor-element-41d0d54 elementor-widget elementor-widget-video\" data-id=\"41d0d54\" data-element_type=\"widget\" data-e-type=\"widget\" data-settings=\"{&quot;youtube_url&quot;:&quot;https:\\\/\\\/www.youtube.com\\\/watch?v=G_CXemvb3yg&quot;,&quot;video_type&quot;:&quot;youtube&quot;,&quot;controls&quot;:&quot;yes&quot;}\" data-widget_type=\"video.default\">\n\t\t\t\t\t\t\t<div class=\"elementor-wrapper elementor-open-inline\">\n\t\t\t<div class=\"elementor-video\"><\/div>\t\t<\/div>\n\t\t\t\t\t\t<\/div>\n\t\t\t\t\t<\/div>\n\t\t<\/div>\n\t\t\t\t\t<\/div>\n\t\t<\/section>\n\t\t\t\t<section class=\"elementor-section elementor-inner-section elementor-element elementor-element-7e16368 elementor-section-content-middle elementor-reverse-mobile elementor-section-full_width elementor-section-height-default elementor-section-height-default\" data-id=\"7e16368\" data-element_type=\"section\" data-e-type=\"section\" data-settings=\"{&quot;background_background&quot;:&quot;classic&quot;}\">\n\t\t\t\t\t\t<div class=\"elementor-container elementor-column-gap-no\">\n\t\t\t\t\t<div class=\"elementor-column elementor-col-50 elementor-inner-column elementor-element elementor-element-818bd29\" data-id=\"818bd29\" data-element_type=\"column\" data-e-type=\"column\" data-settings=\"{&quot;background_background&quot;:&quot;classic&quot;}\">\n\t\t\t<div class=\"elementor-widget-wrap elementor-element-populated\">\n\t\t\t\t\t<div class=\"elementor-background-overlay\"><\/div>\n\t\t\t\t\t\t<div class=\"elementor-element elementor-element-16a6d52 elementor-widget elementor-widget-video\" data-id=\"16a6d52\" data-element_type=\"widget\" data-e-type=\"widget\" data-settings=\"{&quot;youtube_url&quot;:&quot;https:\\\/\\\/www.youtube.com\\\/watch?v=RX4smSEQQns&amp;ab_channel=LesSinguliers&quot;,&quot;video_type&quot;:&quot;youtube&quot;,&quot;controls&quot;:&quot;yes&quot;}\" data-widget_type=\"video.default\">\n\t\t\t\t\t\t\t<div class=\"elementor-wrapper elementor-open-inline\">\n\t\t\t<div class=\"elementor-video\"><\/div>\t\t<\/div>\n\t\t\t\t\t\t<\/div>\n\t\t\t\t\t<\/div>\n\t\t<\/div>\n\t\t\t\t<div class=\"elementor-column elementor-col-50 elementor-inner-column elementor-element elementor-element-03d3757\" data-id=\"03d3757\" data-element_type=\"column\" data-e-type=\"column\" data-settings=\"{&quot;background_background&quot;:&quot;classic&quot;}\">\n\t\t\t<div class=\"elementor-widget-wrap elementor-element-populated\">\n\t\t\t\t\t\t<div class=\"elementor-element elementor-element-3c56b87 elementor-widget elementor-widget-heading\" data-id=\"3c56b87\" data-element_type=\"widget\" data-e-type=\"widget\" data-widget_type=\"heading.default\">\n\t\t\t\t\t<h2 class=\"elementor-heading-title elementor-size-small\"><a href=\"#\">Moby Dick, d\u00e8s 7 ans<\/a><\/h2>\t\t\t\t<\/div>\n\t\t\t\t<div class=\"elementor-element elementor-element-f95121e elementor-widget elementor-widget-text-editor\" data-id=\"f95121e\" data-element_type=\"widget\" data-e-type=\"widget\" data-widget_type=\"text-editor.default\">\n\t\t\t\t\t\t\t\t\t<p>Une version tr\u00e8s personnelle, mise en bo\u00eete et sans amarre, de l\u2019insens\u00e9e qu\u00eate du Capitaine Achab \u00e0 la poursuite de Moby Dick. Un r\u00e9cit tour \u00e0 tour drolatique, inqui\u00e9tant et troublant\u2026<\/p><p>\u00ab\u00a0Passez avant tribord\u00a0! Obliquez vers b\u00e2bord\u00a0!\u00a0\u00bb<br \/>Les aventures des mers d\u00e9passent l\u2019entendement et les r\u00e9cits les plus fantastiques que l\u2019on connaisse. Imaginez cet \u00e9quipage de chevaliers des mers, plein d\u2019orage et de temp\u00eate, affrontant l\u2019immensit\u00e9.<br \/>On est au tout d\u00e9but et \u00e0 la toute fin du monde.<\/p><p>Isma\u00ebl, le narrateur, est attir\u00e9 par le grand large. Il d\u00e9cide donc de s\u2019embarquer \u00e0 bord du Pequod, un baleinier command\u00e9 par le capitaine Achab.<br \/>Pas de bol pour Isma\u00ebl, le capitaine ne chasse pas les c\u00e9tac\u00e9s uniquement pour faire fortune. Sa principale motivation\u00a0? Retrouver Moby Dick, une baleine blanche d\u2019une taille impressionnante, particuli\u00e8rement f\u00e9roce.<br \/>Il veut se venger du cachalot car celui-ci lui a arrach\u00e9 la jambe. Il le poursuit autour du monde jusqu\u2019\u00e0 ce que son bateau coule au large des \u00eeles Gilbert.<\/p><p>\u2013\u00a0Conte et th\u00e9\u00e2tre d\u2019objet\u00a0: Elodie Mora<br \/>\u2013 Dur\u00e9e\u00a0: 30 min<\/p>\t\t\t\t\t\t\t\t<\/div>\n\t\t\t\t\t<\/div>\n\t\t<\/div>\n\t\t\t\t\t<\/div>\n\t\t<\/section>\n\t\t\t\t<section class=\"elementor-section elementor-inner-section elementor-element elementor-element-0f1d6d1 elementor-section-content-middle elementor-reverse-mobile elementor-section-full_width elementor-section-height-default elementor-section-height-default\" data-id=\"0f1d6d1\" data-element_type=\"section\" data-e-type=\"section\" data-settings=\"{&quot;background_background&quot;:&quot;classic&quot;}\">\n\t\t\t\t\t\t<div class=\"elementor-container elementor-column-gap-no\">\n\t\t\t\t\t<div class=\"elementor-column elementor-col-50 elementor-inner-column elementor-element elementor-element-6b33cb4\" data-id=\"6b33cb4\" data-element_type=\"column\" data-e-type=\"column\" data-settings=\"{&quot;background_background&quot;:&quot;classic&quot;}\">\n\t\t\t<div class=\"elementor-widget-wrap elementor-element-populated\">\n\t\t\t\t\t\t<div class=\"elementor-element elementor-element-0332251 elementor-widget elementor-widget-heading\" data-id=\"0332251\" data-element_type=\"widget\" data-e-type=\"widget\" data-widget_type=\"heading.default\">\n\t\t\t\t\t<h2 class=\"elementor-heading-title elementor-size-small\"><a href=\"#\">Voyages \u00e0 travers les vies, d\u00e8s 8 ans<\/a><\/h2>\t\t\t\t<\/div>\n\t\t\t\t<div class=\"elementor-element elementor-element-f804c9d elementor-widget elementor-widget-text-editor\" data-id=\"f804c9d\" data-element_type=\"widget\" data-e-type=\"widget\" data-widget_type=\"text-editor.default\">\n\t\t\t\t\t\t\t\t\t<p>Ces mythes initiatiques sont la r\u00e9v\u00e9lation d\u2019une civilisation toujours vivante, \u00e9voqu\u00e9e dans les grandes occasions par des griots qui transportent et se transmettent ces paroles depuis le XIIe si\u00e8cle.<\/p><p>Durant sept ann\u00e9es, j\u2019ai partag\u00e9 la sc\u00e8ne avec le griot Alpha Kouyat\u00e9. Au cours de nos innombrables voyages, il m\u2019a r\u00e9v\u00e9l\u00e9 la culture de l\u2019ancien empire mandingue. Il m\u2019a donn\u00e9 en h\u00e9ritage l\u2019\u00e9pop\u00e9e de l\u2019empereur Soundiata Ke\u00efta, la geste de S\u00e9gou, l\u2019\u00e9pop\u00e9e de Bakary Djian ainsi que tous les mythes fondateurs. Ce sont ces derniers que je raconte en m\u00e9moire de cet ami disparu, qui m\u2019a initi\u00e9 \u00e0 la parole africaine et m\u2019a beaucoup influenc\u00e9 dans l\u2019art de l\u2019\u00e9pop\u00e9e.<\/p><p>Parmi ces nombreuses histoires, j\u2019ai choisi trois h\u00e9ros, dans leur enfance :<br \/>&#8211; L\u2019enfant aux mains vides, l\u2019orphelin qui se construit dans la dignit\u00e9 et l\u2019esp\u00e9rance<br \/>&#8211; Kemenbanani, le jeune gar\u00e7on anim\u00e9 par le d\u00e9sir et le plaisir d\u2019offrir \u00e0 ceux qu\u2019il aime<br \/>&#8211; Sinimori, le berger devenu roi par la patience et l\u2019apprentissage<\/p><p>\u2013 Conte et Musique : sanza (piano \u00e0 pouces), gembryiat (luth maure), douss\u2019n\u2019gony (harpe africaine) : Hamed Bouzzine<br \/>\u2013 Dur\u00e9e : 1h15<\/p>\t\t\t\t\t\t\t\t<\/div>\n\t\t\t\t\t<\/div>\n\t\t<\/div>\n\t\t\t\t<div class=\"elementor-column elementor-col-50 elementor-inner-column elementor-element elementor-element-6c83c70\" data-id=\"6c83c70\" data-element_type=\"column\" data-e-type=\"column\" data-settings=\"{&quot;background_background&quot;:&quot;classic&quot;}\">\n\t\t\t<div class=\"elementor-widget-wrap elementor-element-populated\">\n\t\t\t\t\t<div class=\"elementor-background-overlay\"><\/div>\n\t\t\t\t\t\t<div class=\"elementor-element elementor-element-3e584a9 elementor-widget elementor-widget-image\" data-id=\"3e584a9\" data-element_type=\"widget\" data-e-type=\"widget\" data-widget_type=\"image.default\">\n\t\t\t\t\t\t\t\t\t\t\t\t\t\t\t<img loading=\"lazy\" decoding=\"async\" width=\"280\" height=\"255\" src=\"https:\/\/lessinguliers.fr\/wp-content\/uploads\/2025\/08\/bouzzine-7.jpg\" class=\"attachment-large size-large wp-image-1018\" alt=\"\" \/>\t\t\t\t\t\t\t\t\t\t\t\t\t\t\t<\/div>\n\t\t\t\t<div class=\"elementor-element elementor-element-c02136a elementor-widget elementor-widget-html\" data-id=\"c02136a\" data-element_type=\"widget\" data-e-type=\"widget\" data-widget_type=\"html.default\">\n\t\t\t\t\t<iframe width=\"100%\" height=\"166\" scrolling=\"no\" frameborder=\"no\" allow=\"autoplay\" src=\"https:\/\/w.soundcloud.com\/player\/?url=https%3A\/\/api.soundcloud.com\/tracks\/266187257&color=%23ff5500&auto_play=false&hide_related=false&show_comments=true&show_user=true&show_reposts=false&show_teaser=true\"><\/iframe><div style=\"font-size: 10px; color: #cccccc;line-break: anywhere;word-break: normal;overflow: hidden;white-space: nowrap;text-overflow: ellipsis; font-family: Interstate,Lucida Grande,Lucida Sans Unicode,Lucida Sans,Garuda,Verdana,Tahoma,sans-serif;font-weight: 100;\"><a href=\"https:\/\/soundcloud.com\/les-singuliers\" title=\"Les Singuliers\" target=\"_blank\" style=\"color: #cccccc; text-decoration: none;\">Les Singuliers<\/a> \u00b7 <a href=\"https:\/\/soundcloud.com\/les-singuliers\/voyages-a-travers-les-vies\" title=\"Extrait audio de &quot;Voyages \u00e0 travers les vies&quot; - Hamed Bouzzine\" target=\"_blank\" style=\"color: #cccccc; text-decoration: none;\">Extrait audio de &quot;Voyages \u00e0 travers les vies&quot; - Hamed Bouzzine<\/a><\/div>\t\t\t\t<\/div>\n\t\t\t\t\t<\/div>\n\t\t<\/div>\n\t\t\t\t\t<\/div>\n\t\t<\/section>\n\t\t\t\t<section class=\"elementor-section elementor-inner-section elementor-element elementor-element-882ed12 elementor-section-content-middle elementor-reverse-mobile elementor-section-full_width elementor-section-height-default elementor-section-height-default\" data-id=\"882ed12\" data-element_type=\"section\" data-e-type=\"section\" data-settings=\"{&quot;background_background&quot;:&quot;classic&quot;}\">\n\t\t\t\t\t\t<div class=\"elementor-container elementor-column-gap-no\">\n\t\t\t\t\t<div class=\"elementor-column elementor-col-50 elementor-inner-column elementor-element elementor-element-4124ddf\" data-id=\"4124ddf\" data-element_type=\"column\" data-e-type=\"column\" data-settings=\"{&quot;background_background&quot;:&quot;classic&quot;}\">\n\t\t\t<div class=\"elementor-widget-wrap elementor-element-populated\">\n\t\t\t\t\t<div class=\"elementor-background-overlay\"><\/div>\n\t\t\t\t\t\t<div class=\"elementor-element elementor-element-9c4145a elementor-widget elementor-widget-image\" data-id=\"9c4145a\" data-element_type=\"widget\" data-e-type=\"widget\" data-widget_type=\"image.default\">\n\t\t\t\t\t\t\t\t\t\t\t\t\t\t\t<img loading=\"lazy\" decoding=\"async\" width=\"800\" height=\"539\" src=\"https:\/\/lessinguliers.fr\/wp-content\/uploads\/2025\/08\/SVH-Sire.jpg\" class=\"attachment-large size-large wp-image-1978\" alt=\"\" srcset=\"https:\/\/lessinguliers.fr\/wp-content\/uploads\/2025\/08\/SVH-Sire.jpg 800w, https:\/\/lessinguliers.fr\/wp-content\/uploads\/2025\/08\/SVH-Sire-300x202.jpg 300w, https:\/\/lessinguliers.fr\/wp-content\/uploads\/2025\/08\/SVH-Sire-768x517.jpg 768w\" sizes=\"(max-width: 800px) 100vw, 800px\" \/>\t\t\t\t\t\t\t\t\t\t\t\t\t\t\t<\/div>\n\t\t\t\t\t<\/div>\n\t\t<\/div>\n\t\t\t\t<div class=\"elementor-column elementor-col-50 elementor-inner-column elementor-element elementor-element-7f758fb\" data-id=\"7f758fb\" data-element_type=\"column\" data-e-type=\"column\" data-settings=\"{&quot;background_background&quot;:&quot;classic&quot;}\">\n\t\t\t<div class=\"elementor-widget-wrap elementor-element-populated\">\n\t\t\t\t\t\t<div class=\"elementor-element elementor-element-61bce33 elementor-widget elementor-widget-heading\" data-id=\"61bce33\" data-element_type=\"widget\" data-e-type=\"widget\" data-widget_type=\"heading.default\">\n\t\t\t\t\t<h2 class=\"elementor-heading-title elementor-size-small\"><a href=\"#\">Le Secret de Svanhilde, d\u00e8s 8 ans<\/a><\/h2>\t\t\t\t<\/div>\n\t\t\t\t<div class=\"elementor-element elementor-element-4b4a999 elementor-widget elementor-widget-text-editor\" data-id=\"4b4a999\" data-element_type=\"widget\" data-e-type=\"widget\" data-widget_type=\"text-editor.default\">\n\t\t\t\t\t\t\t\t\t<p>Un Roi et une Reine. Sept gar\u00e7ons. La Reine d\u00e9sire une fille au point de \u00ab laisser ses fils partir avec les cygnes sauvages \u00bb. La petite fille na\u00eet. Ses fr\u00e8res, chang\u00e9s en oiseaux, disparaissent. On lui donne le nom de Svanhilde -La Guerri\u00e8re au Cygne- car sa venue dans le monde \u00ab est comme un coup de tonnerre qui emporte au loin ses fr\u00e8res et le bonheur de ses parents \u00bb.<br \/>La Reine meurt. Le Roi abandonne la petite fille \u00e0 son sort.<br \/>Quatorze ans plus tard, elle apprend le Secret. Elle part \u00e0 le recherche de ses fr\u00e8res&#8230;<\/p><p>\u2013 Conte, Chant et Musique (Bodhr\u00e1n et Sanzula) : Caroline Sire<br \/>\u2013 Dur\u00e9e : 1h<br \/>\u2013 Spectacle disponible en version anglaise<\/p>\t\t\t\t\t\t\t\t<\/div>\n\t\t\t\t\t<\/div>\n\t\t<\/div>\n\t\t\t\t\t<\/div>\n\t\t<\/section>\n\t\t\t\t<section class=\"elementor-section elementor-inner-section elementor-element elementor-element-57c1f61 elementor-section-content-middle elementor-reverse-mobile elementor-section-full_width elementor-section-height-default elementor-section-height-default\" data-id=\"57c1f61\" data-element_type=\"section\" data-e-type=\"section\" data-settings=\"{&quot;background_background&quot;:&quot;classic&quot;}\">\n\t\t\t\t\t\t<div class=\"elementor-container elementor-column-gap-no\">\n\t\t\t\t\t<div class=\"elementor-column elementor-col-50 elementor-inner-column elementor-element elementor-element-343acaf\" data-id=\"343acaf\" data-element_type=\"column\" data-e-type=\"column\" data-settings=\"{&quot;background_background&quot;:&quot;classic&quot;}\">\n\t\t\t<div class=\"elementor-widget-wrap elementor-element-populated\">\n\t\t\t\t\t\t<div class=\"elementor-element elementor-element-8cdb280 elementor-widget elementor-widget-heading\" data-id=\"8cdb280\" data-element_type=\"widget\" data-e-type=\"widget\" data-widget_type=\"heading.default\">\n\t\t\t\t\t<h2 class=\"elementor-heading-title elementor-size-small\"><a href=\"#\">L'Amour, c'est pas si s\u00e9rieux!, d\u00e8s 8 ans<\/a><\/h2>\t\t\t\t<\/div>\n\t\t\t\t<div class=\"elementor-element elementor-element-cf9ac80 elementor-widget elementor-widget-text-editor\" data-id=\"cf9ac80\" data-element_type=\"widget\" data-e-type=\"widget\" data-widget_type=\"text-editor.default\">\n\t\t\t\t\t\t\t\t\t<p>Histoires d&rsquo;amour, \u00e9tonnantes destin\u00e9es, contes d\u00e9cal\u00e9s.<br \/>Des personnages attachants qui vous ressemblent un peu.<br \/>Riches ou pauvres\u00a0? D&rsquo;une seconde \u00e0 l&rsquo;autre, tout peut s&rsquo;inverser\u00a0! Les contes populaires, pour \u00e7a, sont tr\u00e8s cal\u00e9s\u00a0!<br \/>Comme toujours, Anne d\u00e9ploie un \u00e9ventail de r\u00e9cits revisit\u00e9s \u00e0 sa mani\u00e8re, pleins de malice et de diversit\u00e9.<br \/>Tenez-vous pr\u00eats \u00e0 vous t\u00e9l\u00e9porter\u00a0!<\/p><p>\u2013 Conte : Anne Leviel<br \/>\u2013 Dur\u00e9e : 1h10<\/p>\t\t\t\t\t\t\t\t<\/div>\n\t\t\t\t\t<\/div>\n\t\t<\/div>\n\t\t\t\t<div class=\"elementor-column elementor-col-50 elementor-inner-column elementor-element elementor-element-9271cdf\" data-id=\"9271cdf\" data-element_type=\"column\" data-e-type=\"column\" data-settings=\"{&quot;background_background&quot;:&quot;classic&quot;}\">\n\t\t\t<div class=\"elementor-widget-wrap elementor-element-populated\">\n\t\t\t\t\t<div class=\"elementor-background-overlay\"><\/div>\n\t\t\t\t\t\t<div class=\"elementor-element elementor-element-ee63ec4 elementor-widget elementor-widget-image\" data-id=\"ee63ec4\" data-element_type=\"widget\" data-e-type=\"widget\" data-widget_type=\"image.default\">\n\t\t\t\t\t\t\t\t\t\t\t\t\t\t\t<img loading=\"lazy\" decoding=\"async\" width=\"500\" height=\"501\" src=\"https:\/\/lessinguliers.fr\/wp-content\/uploads\/2026\/02\/AmourPasSerieux-1.jpg\" class=\"attachment-large size-large wp-image-4200\" alt=\"\" srcset=\"https:\/\/lessinguliers.fr\/wp-content\/uploads\/2026\/02\/AmourPasSerieux-1.jpg 500w, https:\/\/lessinguliers.fr\/wp-content\/uploads\/2026\/02\/AmourPasSerieux-1-300x300.jpg 300w, https:\/\/lessinguliers.fr\/wp-content\/uploads\/2026\/02\/AmourPasSerieux-1-150x150.jpg 150w\" sizes=\"(max-width: 500px) 100vw, 500px\" \/>\t\t\t\t\t\t\t\t\t\t\t\t\t\t\t<\/div>\n\t\t\t\t\t<\/div>\n\t\t<\/div>\n\t\t\t\t\t<\/div>\n\t\t<\/section>\n\t\t\t\t<section class=\"elementor-section elementor-inner-section elementor-element elementor-element-b78677f elementor-section-content-middle elementor-reverse-mobile elementor-section-full_width elementor-section-height-default elementor-section-height-default\" data-id=\"b78677f\" data-element_type=\"section\" data-e-type=\"section\" data-settings=\"{&quot;background_background&quot;:&quot;classic&quot;}\">\n\t\t\t\t\t\t<div class=\"elementor-container elementor-column-gap-no\">\n\t\t\t\t\t<div class=\"elementor-column elementor-col-50 elementor-inner-column elementor-element elementor-element-0c6cad9\" data-id=\"0c6cad9\" data-element_type=\"column\" data-e-type=\"column\" data-settings=\"{&quot;background_background&quot;:&quot;classic&quot;}\">\n\t\t\t<div class=\"elementor-widget-wrap elementor-element-populated\">\n\t\t\t\t\t<div class=\"elementor-background-overlay\"><\/div>\n\t\t\t\t\t\t<div class=\"elementor-element elementor-element-1420e1c elementor-widget elementor-widget-image\" data-id=\"1420e1c\" data-element_type=\"widget\" data-e-type=\"widget\" data-widget_type=\"image.default\">\n\t\t\t\t\t\t\t\t\t\t\t\t\t\t\t<img loading=\"lazy\" decoding=\"async\" width=\"300\" height=\"318\" src=\"https:\/\/lessinguliers.fr\/wp-content\/uploads\/2025\/08\/Swan-6-CreditPhoto-Kevin-Brignolas-1.jpg\" class=\"attachment-large size-large wp-image-2207\" alt=\"\" srcset=\"https:\/\/lessinguliers.fr\/wp-content\/uploads\/2025\/08\/Swan-6-CreditPhoto-Kevin-Brignolas-1.jpg 300w, https:\/\/lessinguliers.fr\/wp-content\/uploads\/2025\/08\/Swan-6-CreditPhoto-Kevin-Brignolas-1-283x300.jpg 283w\" sizes=\"(max-width: 300px) 100vw, 300px\" \/>\t\t\t\t\t\t\t\t\t\t\t\t\t\t\t<\/div>\n\t\t\t\t\t<\/div>\n\t\t<\/div>\n\t\t\t\t<div class=\"elementor-column elementor-col-50 elementor-inner-column elementor-element elementor-element-25eadf7\" data-id=\"25eadf7\" data-element_type=\"column\" data-e-type=\"column\" data-settings=\"{&quot;background_background&quot;:&quot;classic&quot;}\">\n\t\t\t<div class=\"elementor-widget-wrap elementor-element-populated\">\n\t\t\t\t\t\t<div class=\"elementor-element elementor-element-6c23391 elementor-widget elementor-widget-heading\" data-id=\"6c23391\" data-element_type=\"widget\" data-e-type=\"widget\" data-widget_type=\"heading.default\">\n\t\t\t\t\t<h2 class=\"elementor-heading-title elementor-size-small\"><a href=\"#\">L\u2019\u0153il de Jument, d\u00e8s 8 ans<\/a><\/h2>\t\t\t\t<\/div>\n\t\t\t\t<div class=\"elementor-element elementor-element-0867c03 elementor-widget elementor-widget-text-editor\" data-id=\"0867c03\" data-element_type=\"widget\" data-e-type=\"widget\" data-widget_type=\"text-editor.default\">\n\t\t\t\t\t\t\t\t\t<p>Ponette est inqui\u00e8te.<br \/>Le monde ne tourne pas rond et \u00e7a lui fait peur. Un jour, elle fait la rencontre de Dounia, une vieille dame qui lui fait un dr\u00f4le de cadeau : une belle perle de verre aux reflets bruns qu\u2019elle appelle l\u2019\u0153il de jument.<br \/>Au d\u00e9but, c\u2019est comme un jeu, Ponette regarde la ville et le ciel \u00e0 travers cette perle de verre\u2026 mais bient\u00f4t, avec l\u2019\u0153il de jument et les histoires de Dounia, c\u2019est son regard qui change. Elle d\u00e9couvre tout un monde qui palpite autour d\u2019elle ; un monde fait d\u2019intelligences insoup\u00e7onn\u00e9es, de liens et de merveilles qui ne demandent qu\u2019\u00e0 \u00eatre vues pour exister vraiment !<\/p><p>Dans ce tout nouveau r\u00e9cit en forme de fable contemporaine, SwaN Blach\u00e8re explore le th\u00e8me de l\u2019espoir et de l\u2019indispensable alliance avec le vivant.<br \/>Avec Isabelle Moricheau, sa complice musicienne aux machines, elles explorent un univers po\u00e9tique et sensible, nourri des travaux des nouveaux naturalistes, qui nous invite \u00e0 poser un regard \u00e9merveill\u00e9 sur ce qui nous entoure.<\/p><p>\u2013 R\u00e9cit : Swan Blach\u00e8re<br \/>\u2013 Cr\u00e9ation Sonore : Isabelle Moricheau<br \/>\u2013 Dur\u00e9e : 55 min<br \/><span class=\"spip-puce ltr\"><b>\u2013<\/b><\/span> Spectacle en solo ou duo<\/p>\t\t\t\t\t\t\t\t<\/div>\n\t\t\t\t\t<\/div>\n\t\t<\/div>\n\t\t\t\t\t<\/div>\n\t\t<\/section>\n\t\t\t\t<section class=\"elementor-section elementor-inner-section elementor-element elementor-element-c5c2333 elementor-section-content-middle elementor-reverse-mobile elementor-section-full_width elementor-section-height-default elementor-section-height-default\" data-id=\"c5c2333\" data-element_type=\"section\" data-e-type=\"section\" data-settings=\"{&quot;background_background&quot;:&quot;classic&quot;}\">\n\t\t\t\t\t\t<div class=\"elementor-container elementor-column-gap-no\">\n\t\t\t\t\t<div class=\"elementor-column elementor-col-50 elementor-inner-column elementor-element elementor-element-2f35264\" data-id=\"2f35264\" data-element_type=\"column\" data-e-type=\"column\" data-settings=\"{&quot;background_background&quot;:&quot;classic&quot;}\">\n\t\t\t<div class=\"elementor-widget-wrap elementor-element-populated\">\n\t\t\t\t\t\t<div class=\"elementor-element elementor-element-7aee3b9 elementor-widget elementor-widget-heading\" data-id=\"7aee3b9\" data-element_type=\"widget\" data-e-type=\"widget\" data-widget_type=\"heading.default\">\n\t\t\t\t\t<h2 class=\"elementor-heading-title elementor-size-small\"><a href=\"#\">Contes en Chti, d\u00e8s 8 ans<\/a><\/h2>\t\t\t\t<\/div>\n\t\t\t\t<div class=\"elementor-element elementor-element-3411efd elementor-widget elementor-widget-text-editor\" data-id=\"3411efd\" data-element_type=\"widget\" data-e-type=\"widget\" data-widget_type=\"text-editor.default\">\n\t\t\t\t\t\t\t\t\t<p>Contes traditionnels en langue picarde, couleur \u00ab\u00a0CHTI\u00a0\u00bb.<\/p><p>Il s&rsquo;agit de contes fac\u00e9tieux\u2026 la structure des contes et le travail corporel aident l&rsquo;auditeur, m\u00eame s&rsquo;il n&rsquo;a jamais entendu le chti autour de lui.<br \/>Et si un mot a besoin de traduction, Anne s&rsquo;y emploie avec joie !<br \/>Entendre la langue des grands-parents, arri\u00e8re-grands parents, telle qu&rsquo;ils l&rsquo;utilisaient aux champs ou \u00e0 l&rsquo;usine, c&rsquo;est ce qui touche souvent puissamment l&rsquo;auditoire.<\/p><p>Grimm, Andersen, Pourrat ne s&rsquo;offusquent jamais d&rsquo;\u00eatre traduits en chti !<br \/>Ne laissez jamais dire qu&rsquo;un \u00ab\u00a0patois\u00a0\u00bb est une mauvaise langue : c&rsquo;est celle du c\u0153ur de nos a\u00efeux et a\u00efeules !<\/p><p>\u2013 Conte : Anne Leviel<br \/>\u2013 Dur\u00e9e : 1h<\/p>\t\t\t\t\t\t\t\t<\/div>\n\t\t\t\t\t<\/div>\n\t\t<\/div>\n\t\t\t\t<div class=\"elementor-column elementor-col-50 elementor-inner-column elementor-element elementor-element-0ea552a\" data-id=\"0ea552a\" data-element_type=\"column\" data-e-type=\"column\" data-settings=\"{&quot;background_background&quot;:&quot;classic&quot;}\">\n\t\t\t<div class=\"elementor-widget-wrap elementor-element-populated\">\n\t\t\t\t\t<div class=\"elementor-background-overlay\"><\/div>\n\t\t\t\t\t\t<div class=\"elementor-element elementor-element-e3b74a5 elementor-widget elementor-widget-image\" data-id=\"e3b74a5\" data-element_type=\"widget\" data-e-type=\"widget\" data-widget_type=\"image.default\">\n\t\t\t\t\t\t\t\t\t\t\t\t\t\t\t<img loading=\"lazy\" decoding=\"async\" width=\"500\" height=\"500\" src=\"https:\/\/lessinguliers.fr\/wp-content\/uploads\/2026\/02\/Chti-1.jpg\" class=\"attachment-large size-large wp-image-4216\" alt=\"\" srcset=\"https:\/\/lessinguliers.fr\/wp-content\/uploads\/2026\/02\/Chti-1.jpg 500w, https:\/\/lessinguliers.fr\/wp-content\/uploads\/2026\/02\/Chti-1-300x300.jpg 300w, https:\/\/lessinguliers.fr\/wp-content\/uploads\/2026\/02\/Chti-1-150x150.jpg 150w\" sizes=\"(max-width: 500px) 100vw, 500px\" \/>\t\t\t\t\t\t\t\t\t\t\t\t\t\t\t<\/div>\n\t\t\t\t\t<\/div>\n\t\t<\/div>\n\t\t\t\t\t<\/div>\n\t\t<\/section>\n\t\t\t\t<section class=\"elementor-section elementor-inner-section elementor-element elementor-element-5579495 elementor-section-content-middle elementor-reverse-mobile elementor-section-full_width elementor-section-height-default elementor-section-height-default\" data-id=\"5579495\" data-element_type=\"section\" data-e-type=\"section\" data-settings=\"{&quot;background_background&quot;:&quot;classic&quot;}\">\n\t\t\t\t\t\t<div class=\"elementor-container elementor-column-gap-no\">\n\t\t\t\t\t<div class=\"elementor-column elementor-col-50 elementor-inner-column elementor-element elementor-element-09965c5\" data-id=\"09965c5\" data-element_type=\"column\" data-e-type=\"column\" data-settings=\"{&quot;background_background&quot;:&quot;classic&quot;}\">\n\t\t\t<div class=\"elementor-widget-wrap elementor-element-populated\">\n\t\t\t\t\t<div class=\"elementor-background-overlay\"><\/div>\n\t\t\t\t\t\t<div class=\"elementor-element elementor-element-7ffc2d8 elementor-widget elementor-widget-image\" data-id=\"7ffc2d8\" data-element_type=\"widget\" data-e-type=\"widget\" data-widget_type=\"image.default\">\n\t\t\t\t\t\t\t\t\t\t\t\t\t\t\t<img loading=\"lazy\" decoding=\"async\" width=\"280\" height=\"255\" src=\"https:\/\/lessinguliers.fr\/wp-content\/uploads\/2025\/08\/mora4-1.jpg\" class=\"attachment-large size-large wp-image-1269\" alt=\"\" \/>\t\t\t\t\t\t\t\t\t\t\t\t\t\t\t<\/div>\n\t\t\t\t\t<\/div>\n\t\t<\/div>\n\t\t\t\t<div class=\"elementor-column elementor-col-50 elementor-inner-column elementor-element elementor-element-5c328f6\" data-id=\"5c328f6\" data-element_type=\"column\" data-e-type=\"column\" data-settings=\"{&quot;background_background&quot;:&quot;classic&quot;}\">\n\t\t\t<div class=\"elementor-widget-wrap elementor-element-populated\">\n\t\t\t\t\t\t<div class=\"elementor-element elementor-element-6f4096f elementor-widget elementor-widget-heading\" data-id=\"6f4096f\" data-element_type=\"widget\" data-e-type=\"widget\" data-widget_type=\"heading.default\">\n\t\t\t\t\t<h2 class=\"elementor-heading-title elementor-size-small\"><a href=\"#\">La nuit des Esprits-Souffles, d\u00e8s 9 ans<\/a><\/h2>\t\t\t\t<\/div>\n\t\t\t\t<div class=\"elementor-element elementor-element-b9c5f20 elementor-widget elementor-widget-text-editor\" data-id=\"b9c5f20\" data-element_type=\"widget\" data-e-type=\"widget\" data-widget_type=\"text-editor.default\">\n\t\t\t\t\t\t\t\t\t<p>Cette nuit o\u00f9 tout est possible, les morts ont la parole. Ils nous permettent, une fois l\u2019an, de visiter le monde invisible des esprits, de voyager au temps des l\u00e9gendes oubli\u00e9es et dans ces lieux hant\u00e9s qui donnent le frisson.<\/p><p>\u00ab\u00a0Ce soir, comme tous les soirs, Jean est sur le chemin du retour. Except\u00e9 que cette fois-ci o\u00f9 un \u00e9pais brouillard se l\u00e8ve et le pi\u00e8ge. La nuit tombe et il est compl\u00e8tement perdu. Seul et effray\u00e9, il trouvera finalement refuge dans une \u00e9trange maison, dont on ne repart pas si facilement. Cette nuit o\u00f9 le monde des vivants et des morts se confond, on ne raconte que des histoires qui font bl\u00eamir.\u00a0\u00bb<\/p><p>\u2013 Conte : Elodie Mora<br \/>\u2013 Dur\u00e9e : 50 min<\/p>\t\t\t\t\t\t\t\t<\/div>\n\t\t\t\t\t<\/div>\n\t\t<\/div>\n\t\t\t\t\t<\/div>\n\t\t<\/section>\n\t\t\t\t<section class=\"elementor-section elementor-inner-section elementor-element elementor-element-3be361f elementor-section-content-middle elementor-reverse-mobile elementor-section-full_width elementor-section-height-default elementor-section-height-default\" data-id=\"3be361f\" data-element_type=\"section\" data-e-type=\"section\" data-settings=\"{&quot;background_background&quot;:&quot;classic&quot;}\">\n\t\t\t\t\t\t<div class=\"elementor-container elementor-column-gap-no\">\n\t\t\t\t\t<div class=\"elementor-column elementor-col-50 elementor-inner-column elementor-element elementor-element-f6389f8\" data-id=\"f6389f8\" data-element_type=\"column\" data-e-type=\"column\" data-settings=\"{&quot;background_background&quot;:&quot;classic&quot;}\">\n\t\t\t<div class=\"elementor-widget-wrap elementor-element-populated\">\n\t\t\t\t\t\t<div class=\"elementor-element elementor-element-135d79b elementor-widget elementor-widget-heading\" data-id=\"135d79b\" data-element_type=\"widget\" data-e-type=\"widget\" data-widget_type=\"heading.default\">\n\t\t\t\t\t<h2 class=\"elementor-heading-title elementor-size-small\"><a href=\"#\">Fruits Rouges, d\u00e8s 9 ans<\/a><\/h2>\t\t\t\t<\/div>\n\t\t\t\t<div class=\"elementor-element elementor-element-72299b2 elementor-widget elementor-widget-text-editor\" data-id=\"72299b2\" data-element_type=\"widget\" data-e-type=\"widget\" data-widget_type=\"text-editor.default\">\n\t\t\t\t\t\t\t\t\t<p>Quand Michel Jolivet m\u2019a demand\u00e9 ce que je pensais des Indiens d\u2019Am\u00e9rique, une bouff\u00e9e d\u2019enfance m\u2019est revenue en m\u00e9moire : Quand je jouais aux Cow-boys et aux Indiens, j\u2019\u00e9tais naturellement visc\u00e9ralement du c\u00f4t\u00e9 des Indiens.<\/p><p>Je retrouvais les paysages de mes jeux favoris : se perdre dans la for\u00eat des Vosges, les sapins, la neige, grimper aux arbres, ramper sans bruit dans les foug\u00e8res pour d\u00e9couvrir les campements de tipis s\u2019allumer au cr\u00e9puscule comme des tapis de lucioles. Le savoir \u00e0 mains nues : \u00eatre dans la for\u00eat comme un poisson dans l\u2019eau.<br \/>Il y avait ce bonheur \u00e9trange de la vie des Indiens : Le plumage, les mocassins, les franges, les danses&#8230; Souplesse, secret, parole et grand savoir. Ces paroles fortes comme des brass\u00e9es d\u2019images, cette belle religion de la terre, autrement plus humaine que notre cat\u00e9chisme d\u2019aujourd\u2019hui, \u00e9cologiste, hygi\u00e9niste : consommateur ! Entre Mac Gyver et Little Big Man, je n\u2019h\u00e9site pas un instant. Et puis, je dois avouer qu\u2019\u00e0 douze ans, je trouvais d\u00e9j\u00e0 les petites squaws tellement plus attirantes que les femmes blanches des convois..<\/p><p>Bien s\u00fbr, il y a notre honte du massacre des Indiens, le d\u00e9go\u00fbt et la rage qu\u2019il fait na\u00eetre. Bien s\u00fbr, ils ne sont plus aujourd\u2019hui pour nous que des images : je ne suis pas ethnologue, je n\u2019en aurai sans doute jamais ni le go\u00fbt, ni la mani\u00e8re. Mon regard est simplement reconnaissant : l\u2019Homme Blanc que je suis aura toujours une dette envers ces Hommes Rouges : une dette de jeu d\u2019enfant.<\/p><p>En 1992, j\u2019ai choisi de comm\u00e9morer la d\u00e9couverte des Am\u00e9riques, en rendant aux Am\u00e9rindiens du Nord un peu de ce que je leur dois. A la mani\u00e8re du conteur que je suis : en tressant quelques unes des histoires qu\u2019ils se racontaient, comme on partage en secret une poign\u00e9e de fraises des bois.<\/p><p>Pour nous en nourrir \u00e0 notre tour. Sans nostalgie. Sans condescendance. Pour que tout simplement, nous entendions ce que le vent d\u2019Ouest nous murmure chaque jour \u00e0 l\u2019oreille : \u00ab Ils ne sont pas venus vivre et chanter sur cette terre en vain&#8230; \u00bb<\/p><p>\u2013 Conte et Musique (cithare hongroise et fl\u00fbte de pan) : Michel Hindenoch<br \/>\u2013 Dur\u00e9e : 1h15 \u00e0 1h30, en fonction du public<\/p>\t\t\t\t\t\t\t\t<\/div>\n\t\t\t\t\t<\/div>\n\t\t<\/div>\n\t\t\t\t<div class=\"elementor-column elementor-col-50 elementor-inner-column elementor-element elementor-element-2bc13e9\" data-id=\"2bc13e9\" data-element_type=\"column\" data-e-type=\"column\" data-settings=\"{&quot;background_background&quot;:&quot;classic&quot;}\">\n\t\t\t<div class=\"elementor-widget-wrap elementor-element-populated\">\n\t\t\t\t\t<div class=\"elementor-background-overlay\"><\/div>\n\t\t\t\t\t\t<div class=\"elementor-element elementor-element-5c97ea6 elementor-widget elementor-widget-image\" data-id=\"5c97ea6\" data-element_type=\"widget\" data-e-type=\"widget\" data-widget_type=\"image.default\">\n\t\t\t\t\t\t\t\t\t\t\t\t\t\t\t<img loading=\"lazy\" decoding=\"async\" width=\"280\" height=\"255\" src=\"https:\/\/lessinguliers.fr\/wp-content\/uploads\/2025\/08\/hindenoch-5-1.jpg\" class=\"attachment-large size-large wp-image-387\" alt=\"\" \/>\t\t\t\t\t\t\t\t\t\t\t\t\t\t\t<\/div>\n\t\t\t\t<div class=\"elementor-element elementor-element-0682d95 elementor-widget elementor-widget-html\" data-id=\"0682d95\" data-element_type=\"widget\" data-e-type=\"widget\" data-widget_type=\"html.default\">\n\t\t\t\t\t<iframe width=\"100%\" height=\"166\" scrolling=\"no\" frameborder=\"no\" allow=\"autoplay\" src=\"https:\/\/w.soundcloud.com\/player\/?url=https%3A\/\/api.soundcloud.com\/tracks\/265683740&color=%23ff5500&auto_play=false&hide_related=false&show_comments=true&show_user=true&show_reposts=false&show_teaser=true\"><\/iframe><div style=\"font-size: 10px; color: #cccccc;line-break: anywhere;word-break: normal;overflow: hidden;white-space: nowrap;text-overflow: ellipsis; font-family: Interstate,Lucida Grande,Lucida Sans Unicode,Lucida Sans,Garuda,Verdana,Tahoma,sans-serif;font-weight: 100;\"><a href=\"https:\/\/soundcloud.com\/les-singuliers\" title=\"Les Singuliers\" target=\"_blank\" style=\"color: #cccccc; text-decoration: none;\">Les Singuliers<\/a> \u00b7 <a href=\"https:\/\/soundcloud.com\/les-singuliers\/fruits-rouges\" title=\"Extrait audio de &quot;Fruits Rouges&quot; - Michel Hindenoch\" target=\"_blank\" style=\"color: #cccccc; text-decoration: none;\">Extrait audio de &quot;Fruits Rouges&quot; - Michel Hindenoch<\/a><\/div>\t\t\t\t<\/div>\n\t\t\t\t\t<\/div>\n\t\t<\/div>\n\t\t\t\t\t<\/div>\n\t\t<\/section>\n\t\t\t\t<section class=\"elementor-section elementor-inner-section elementor-element elementor-element-06b9e79 elementor-section-content-middle elementor-reverse-mobile elementor-section-full_width elementor-section-height-default elementor-section-height-default\" data-id=\"06b9e79\" data-element_type=\"section\" data-e-type=\"section\" data-settings=\"{&quot;background_background&quot;:&quot;classic&quot;}\">\n\t\t\t\t\t\t<div class=\"elementor-container elementor-column-gap-no\">\n\t\t\t\t\t<div class=\"elementor-column elementor-col-50 elementor-inner-column elementor-element elementor-element-163b8c8\" data-id=\"163b8c8\" data-element_type=\"column\" data-e-type=\"column\" data-settings=\"{&quot;background_background&quot;:&quot;classic&quot;}\">\n\t\t\t<div class=\"elementor-widget-wrap elementor-element-populated\">\n\t\t\t\t\t<div class=\"elementor-background-overlay\"><\/div>\n\t\t\t\t\t\t<div class=\"elementor-element elementor-element-372d8fe elementor-widget elementor-widget-image\" data-id=\"372d8fe\" data-element_type=\"widget\" data-e-type=\"widget\" data-widget_type=\"image.default\">\n\t\t\t\t\t\t\t\t\t\t\t\t\t\t\t<img loading=\"lazy\" decoding=\"async\" width=\"280\" height=\"255\" src=\"https:\/\/lessinguliers.fr\/wp-content\/uploads\/2025\/08\/victor-5.jpg\" class=\"attachment-large size-large wp-image-1076\" alt=\"\" \/>\t\t\t\t\t\t\t\t\t\t\t\t\t\t\t<\/div>\n\t\t\t\t\t<\/div>\n\t\t<\/div>\n\t\t\t\t<div class=\"elementor-column elementor-col-50 elementor-inner-column elementor-element elementor-element-1d8ce13\" data-id=\"1d8ce13\" data-element_type=\"column\" data-e-type=\"column\" data-settings=\"{&quot;background_background&quot;:&quot;classic&quot;}\">\n\t\t\t<div class=\"elementor-widget-wrap elementor-element-populated\">\n\t\t\t\t\t\t<div class=\"elementor-element elementor-element-7c50c9a elementor-widget elementor-widget-heading\" data-id=\"7c50c9a\" data-element_type=\"widget\" data-e-type=\"widget\" data-widget_type=\"heading.default\">\n\t\t\t\t\t<h2 class=\"elementor-heading-title elementor-size-small\"><a href=\"#\">Caribay, le Joyau de la Cordill\u00e8re, d\u00e8s 9 ans<\/a><\/h2>\t\t\t\t<\/div>\n\t\t\t\t<div class=\"elementor-element elementor-element-bf93262 elementor-widget elementor-widget-text-editor\" data-id=\"bf93262\" data-element_type=\"widget\" data-e-type=\"widget\" data-widget_type=\"text-editor.default\">\n\t\t\t\t\t\t\t\t\t<p>La nuit, au pied de la cordill\u00e8re des Andes, les \u00e9clairs sont fr\u00e9quents.<\/p><p>Caribay, une petite fille andine de sept ans, s\u2019enfuit \u00e0 travers la for\u00eat. Elle porte un petit poncho blanc et serre une poup\u00e9e entre ses bras.<br \/>Un am\u00e9rindien gigantesque et mena\u00e7ant lui barre la route ; il la soul\u00e8ve comme une petite souris. C\u2019est Zuh\u00e9, son p\u00e8re, le Dieu soleil !<\/p><p>\u00ab\u00a0Caribay et le Joyau de la Cordill\u00e8re\u00a0\u00bb raconte la qu\u00eate d\u2019une petite fille qui lutte pour se reconstruire, apr\u00e8s avoir subi la col\u00e8re de son p\u00e8re.<br \/>L\u2019h\u00e9ro\u00efne fait preuve de r\u00e9silience mais se demande sans cesse si elle va y arriver.<\/p><p>Peut-on vraiment se reconstruire ? Par le jeu, chacun peut panser ses blessures et refaire le monde en jouant pour se comprendre, se relier, s\u2019\u00e9panouir, imaginer les choses telles qu\u2019elles auraient pu \u00eatre\u2026<\/p><p>\u2013 Conte et Musique (cuatro) : Victor Cova Correa<br \/>\u2013 Dur\u00e9e : 1h<\/p>\t\t\t\t\t\t\t\t<\/div>\n\t\t\t\t\t<\/div>\n\t\t<\/div>\n\t\t\t\t\t<\/div>\n\t\t<\/section>\n\t\t\t\t<section class=\"elementor-section elementor-inner-section elementor-element elementor-element-e32ced9 elementor-section-content-middle elementor-reverse-mobile elementor-section-full_width elementor-section-height-default elementor-section-height-default\" data-id=\"e32ced9\" data-element_type=\"section\" data-e-type=\"section\" data-settings=\"{&quot;background_background&quot;:&quot;classic&quot;}\">\n\t\t\t\t\t\t<div class=\"elementor-container elementor-column-gap-no\">\n\t\t\t\t\t<div class=\"elementor-column elementor-col-50 elementor-inner-column elementor-element elementor-element-defbcbd\" data-id=\"defbcbd\" data-element_type=\"column\" data-e-type=\"column\" data-settings=\"{&quot;background_background&quot;:&quot;classic&quot;}\">\n\t\t\t<div class=\"elementor-widget-wrap elementor-element-populated\">\n\t\t\t\t\t\t<div class=\"elementor-element elementor-element-7b8c15f elementor-widget elementor-widget-heading\" data-id=\"7b8c15f\" data-element_type=\"widget\" data-e-type=\"widget\" data-widget_type=\"heading.default\">\n\t\t\t\t\t<h2 class=\"elementor-heading-title elementor-size-small\"><a href=\"#\">Embarquement Imm\u00e9diat !, d\u00e8s 9 ans<\/a><\/h2>\t\t\t\t<\/div>\n\t\t\t\t<div class=\"elementor-element elementor-element-8b1a239 elementor-widget elementor-widget-text-editor\" data-id=\"8b1a239\" data-element_type=\"widget\" data-e-type=\"widget\" data-widget_type=\"text-editor.default\">\n\t\t\t\t\t\t\t\t\t<p>Le 17 Mars, Saint Patrick est f\u00eat\u00e9 en Irlande et dans le monde&#8230; une fa\u00e7on de plonger dans les histoires, vraies ou invent\u00e9es de la vie du Saint.<br \/>Po\u00e9tiques ou comiques, en paroles ou en chanson, sur les traces de celui qui a chass\u00e9 serpents, vers de terre et crapauds de l\u2019Ile d\u2019Emeraude et dont on dit que la m\u00e8re tenait une distillerie de whisky !<\/p><p>\u2013 Conte, Chant et Musique (Bodhr\u00e1n et Sanzula) : Caroline Sire<br \/>\u2013 Dur\u00e9e : 1h<\/p>\t\t\t\t\t\t\t\t<\/div>\n\t\t\t\t\t<\/div>\n\t\t<\/div>\n\t\t\t\t<div class=\"elementor-column elementor-col-50 elementor-inner-column elementor-element elementor-element-6d7bb7f\" data-id=\"6d7bb7f\" data-element_type=\"column\" data-e-type=\"column\" data-settings=\"{&quot;background_background&quot;:&quot;classic&quot;}\">\n\t\t\t<div class=\"elementor-widget-wrap elementor-element-populated\">\n\t\t\t\t\t<div class=\"elementor-background-overlay\"><\/div>\n\t\t\t\t\t\t<div class=\"elementor-element elementor-element-6f465b8 elementor-widget elementor-widget-image\" data-id=\"6f465b8\" data-element_type=\"widget\" data-e-type=\"widget\" data-widget_type=\"image.default\">\n\t\t\t\t\t\t\t\t\t\t\t\t\t\t\t<img loading=\"lazy\" decoding=\"async\" width=\"300\" height=\"271\" src=\"https:\/\/lessinguliers.fr\/wp-content\/uploads\/2025\/08\/CS-tambour.jpg\" class=\"attachment-large size-large wp-image-1992\" alt=\"\" \/>\t\t\t\t\t\t\t\t\t\t\t\t\t\t\t<\/div>\n\t\t\t\t\t<\/div>\n\t\t<\/div>\n\t\t\t\t\t<\/div>\n\t\t<\/section>\n\t\t\t\t\t<\/div>\n\t\t<\/div>\n\t\t\t\t\t<\/div>\n\t\t<\/section>\n\t\t\t\t<section class=\"elementor-section elementor-top-section elementor-element elementor-element-2acd1f0 elementor-section-full_width elementor-section-height-default elementor-section-height-default\" data-id=\"2acd1f0\" data-element_type=\"section\" data-e-type=\"section\">\n\t\t\t\t\t\t<div class=\"elementor-container elementor-column-gap-default\">\n\t\t\t\t\t<div class=\"elementor-column elementor-col-100 elementor-top-column elementor-element elementor-element-9eb8180\" data-id=\"9eb8180\" data-element_type=\"column\" data-e-type=\"column\">\n\t\t\t<div class=\"elementor-widget-wrap elementor-element-populated\">\n\t\t\t\t\t\t<section class=\"elementor-section elementor-inner-section elementor-element elementor-element-ef7ae5b elementor-section-content-middle elementor-reverse-mobile elementor-section-full_width elementor-section-height-default elementor-section-height-default\" data-id=\"ef7ae5b\" data-element_type=\"section\" data-e-type=\"section\" data-settings=\"{&quot;background_background&quot;:&quot;classic&quot;}\">\n\t\t\t\t\t\t<div class=\"elementor-container elementor-column-gap-no\">\n\t\t\t\t\t<div class=\"elementor-column elementor-col-50 elementor-inner-column elementor-element elementor-element-4d9e2c5\" data-id=\"4d9e2c5\" data-element_type=\"column\" data-e-type=\"column\" data-settings=\"{&quot;background_background&quot;:&quot;classic&quot;}\">\n\t\t\t<div class=\"elementor-widget-wrap elementor-element-populated\">\n\t\t\t\t\t<div class=\"elementor-background-overlay\"><\/div>\n\t\t\t\t\t\t<div class=\"elementor-element elementor-element-c632db3 elementor-widget elementor-widget-image\" data-id=\"c632db3\" data-element_type=\"widget\" data-e-type=\"widget\" data-widget_type=\"image.default\">\n\t\t\t\t\t\t\t\t\t\t\t\t\t\t\t<img loading=\"lazy\" decoding=\"async\" width=\"300\" height=\"219\" src=\"https:\/\/lessinguliers.fr\/wp-content\/uploads\/2025\/08\/Photo-Dans-la-nuit-de-lhiver.jpg\" class=\"attachment-large size-large wp-image-2177\" alt=\"\" \/>\t\t\t\t\t\t\t\t\t\t\t\t\t\t\t<\/div>\n\t\t\t\t\t<\/div>\n\t\t<\/div>\n\t\t\t\t<div class=\"elementor-column elementor-col-50 elementor-inner-column elementor-element elementor-element-3fa61c6\" data-id=\"3fa61c6\" data-element_type=\"column\" data-e-type=\"column\" data-settings=\"{&quot;background_background&quot;:&quot;classic&quot;}\">\n\t\t\t<div class=\"elementor-widget-wrap elementor-element-populated\">\n\t\t\t\t\t\t<div class=\"elementor-element elementor-element-e1cc01c elementor-widget elementor-widget-heading\" data-id=\"e1cc01c\" data-element_type=\"widget\" data-e-type=\"widget\" data-widget_type=\"heading.default\">\n\t\t\t\t\t<h2 class=\"elementor-heading-title elementor-size-small\"><a href=\"#\">Dans la nuit de l'hiver, d\u00e8s 5 ans\u200b<\/a><\/h2>\t\t\t\t<\/div>\n\t\t\t\t<div class=\"elementor-element elementor-element-7282692 elementor-widget elementor-widget-text-editor\" data-id=\"7282692\" data-element_type=\"widget\" data-e-type=\"widget\" data-widget_type=\"text-editor.default\">\n\t\t\t\t\t\t\t\t\t<p>Balade cont\u00e9e nocturne<\/p><p>Dans la nuit de l\u2019hiver, les flocons sont tomb\u00e9s. Et tandis que les enfants d\u00e9couvrent la po\u00e9sie et la force de la nuit enneig\u00e9e, les adultes retrouvent le plaisir d\u2019entendre la neige crisser sous leurs pas. Les voil\u00e0 donc r\u00e9unis le temps d\u2019une randonn\u00e9e cont\u00e9e. Bien couverts pour affronter le froid, ils vont d\u00e9ambuler accompagn\u00e9s de la conteuse et du musicien sous les \u00e9toiles ou les nuages, c\u2019est selon.<br \/>On marche, lampions au bout d\u2019un b\u00e2ton, puis on s\u2019arr\u00eate, on \u00e9coute un conte et l\u2019on repart.\u2028Tout un chemin qui de contes en contes nous m\u00e8nera au chaud pour une derni\u00e8re histoire.<br \/>Dans la nuit de l\u2019hiver galopent Jacques Pr\u00e9vert, Vladimir Kosma, un bonhomme de neige, Babouchka, Jean et son \u00e2ne Martin, un couple de petits vieux que rien n\u2019arr\u00eate. Et, d\u2019autres encore\u2026<br \/>Dans la nuit de l\u2019hiver, on prend le temps de croire \u00e0 des histoires et \u00e7a fait du bien\u2026<\/p><p>\u2013 Conte et Percussion : Anne-Claire Dromz\u00e9e<br \/>\u2013 Guitare : Jean-Benoit Blandin<br \/>\u2013 Dur\u00e9e : 1h30<\/p>\t\t\t\t\t\t\t\t<\/div>\n\t\t\t\t\t<\/div>\n\t\t<\/div>\n\t\t\t\t\t<\/div>\n\t\t<\/section>\n\t\t\t\t<section class=\"elementor-section elementor-inner-section elementor-element elementor-element-7479ad3 elementor-section-content-middle elementor-reverse-mobile elementor-section-full_width elementor-section-height-default elementor-section-height-default\" data-id=\"7479ad3\" data-element_type=\"section\" data-e-type=\"section\" data-settings=\"{&quot;background_background&quot;:&quot;classic&quot;}\">\n\t\t\t\t\t\t<div class=\"elementor-container elementor-column-gap-no\">\n\t\t\t\t\t<div class=\"elementor-column elementor-col-50 elementor-inner-column elementor-element elementor-element-9463298\" data-id=\"9463298\" data-element_type=\"column\" data-e-type=\"column\" data-settings=\"{&quot;background_background&quot;:&quot;classic&quot;}\">\n\t\t\t<div class=\"elementor-widget-wrap elementor-element-populated\">\n\t\t\t\t\t\t<div class=\"elementor-element elementor-element-aa61a97 elementor-widget elementor-widget-heading\" data-id=\"aa61a97\" data-element_type=\"widget\" data-e-type=\"widget\" data-widget_type=\"heading.default\">\n\t\t\t\t\t<h2 class=\"elementor-heading-title elementor-size-small\"><a href=\"#\">Contes M\u00e9diterran\u00e9ens, d\u00e8s 5 ans<\/a><\/h2>\t\t\t\t<\/div>\n\t\t\t\t<div class=\"elementor-element elementor-element-5bc2218 elementor-widget elementor-widget-text-editor\" data-id=\"5bc2218\" data-element_type=\"widget\" data-e-type=\"widget\" data-widget_type=\"text-editor.default\">\n\t\t\t\t\t\t\t\t\t<p>On raconte qu\u2019il y a bien longtemps, existait une terre du milieu o\u00f9 poussait des orangers et des oliviers. Y vivait un peuple joyeux qui parlait fort et aimait la vie. Et puis un jour, la terre a trembl\u00e9 et un bout d\u2019oc\u00e9an s\u2019est engouffr\u00e9. On a oubli\u00e9 cette terre et depuis, son peuple s\u2019est dispers\u00e9 autour de celle que l\u2019on appelle maintenant : La M\u00e9diterran\u00e9e.<br \/>La mer de la terre du milieu, la mer qui unit l\u2019Europe, l\u2019Asie et l\u2019Afrique.<br \/>_Il reste une m\u00e9moire commune dans les histoires racont\u00e9es dans tous les pays autour de la Grande Bleue. Des histoires merveilleuses et puis, aussi celles secr\u00e8tes de ma grand-m\u00e8re&#8230;<br \/>Alors, laissons l\u2019invisible nous ensorceler et le sang s\u2019embraser, pour marcher dans le pays des r\u00eaves et des folies\u2026<\/p><p>\u2013 Conte : Elodie Mora<br \/>\u2013 Dur\u00e9e : 45 min<\/p>\t\t\t\t\t\t\t\t<\/div>\n\t\t\t\t\t<\/div>\n\t\t<\/div>\n\t\t\t\t<div class=\"elementor-column elementor-col-50 elementor-inner-column elementor-element elementor-element-70f479d\" data-id=\"70f479d\" data-element_type=\"column\" data-e-type=\"column\" data-settings=\"{&quot;background_background&quot;:&quot;classic&quot;}\">\n\t\t\t<div class=\"elementor-widget-wrap elementor-element-populated\">\n\t\t\t\t\t<div class=\"elementor-background-overlay\"><\/div>\n\t\t\t\t\t\t<div class=\"elementor-element elementor-element-52ac30e elementor-widget elementor-widget-image\" data-id=\"52ac30e\" data-element_type=\"widget\" data-e-type=\"widget\" data-widget_type=\"image.default\">\n\t\t\t\t\t\t\t\t\t\t\t\t\t\t\t<img loading=\"lazy\" decoding=\"async\" width=\"280\" height=\"237\" src=\"https:\/\/lessinguliers.fr\/wp-content\/uploads\/2025\/08\/mora3.jpg\" class=\"attachment-large size-large wp-image-1247\" alt=\"\" \/>\t\t\t\t\t\t\t\t\t\t\t\t\t\t\t<\/div>\n\t\t\t\t\t<\/div>\n\t\t<\/div>\n\t\t\t\t\t<\/div>\n\t\t<\/section>\n\t\t\t\t<section class=\"elementor-section elementor-inner-section elementor-element elementor-element-381fae2 elementor-section-content-middle elementor-reverse-mobile elementor-section-full_width elementor-section-height-default elementor-section-height-default\" data-id=\"381fae2\" data-element_type=\"section\" data-e-type=\"section\" data-settings=\"{&quot;background_background&quot;:&quot;classic&quot;}\">\n\t\t\t\t\t\t<div class=\"elementor-container elementor-column-gap-no\">\n\t\t\t\t\t<div class=\"elementor-column elementor-col-50 elementor-inner-column elementor-element elementor-element-f375125\" data-id=\"f375125\" data-element_type=\"column\" data-e-type=\"column\" data-settings=\"{&quot;background_background&quot;:&quot;classic&quot;}\">\n\t\t\t<div class=\"elementor-widget-wrap elementor-element-populated\">\n\t\t\t\t\t<div class=\"elementor-background-overlay\"><\/div>\n\t\t\t\t\t\t<div class=\"elementor-element elementor-element-957f380 elementor-widget elementor-widget-image\" data-id=\"957f380\" data-element_type=\"widget\" data-e-type=\"widget\" data-widget_type=\"image.default\">\n\t\t\t\t\t\t\t\t\t\t\t\t\t\t\t<img loading=\"lazy\" decoding=\"async\" width=\"300\" height=\"200\" src=\"https:\/\/lessinguliers.fr\/wp-content\/uploads\/2025\/08\/vcc2.jpg\" class=\"attachment-large size-large wp-image-2101\" alt=\"\" \/>\t\t\t\t\t\t\t\t\t\t\t\t\t\t\t<\/div>\n\t\t\t\t\t<\/div>\n\t\t<\/div>\n\t\t\t\t<div class=\"elementor-column elementor-col-50 elementor-inner-column elementor-element elementor-element-f030bac\" data-id=\"f030bac\" data-element_type=\"column\" data-e-type=\"column\" data-settings=\"{&quot;background_background&quot;:&quot;classic&quot;}\">\n\t\t\t<div class=\"elementor-widget-wrap elementor-element-populated\">\n\t\t\t\t\t\t<div class=\"elementor-element elementor-element-5ce9e57 elementor-widget elementor-widget-heading\" data-id=\"5ce9e57\" data-element_type=\"widget\" data-e-type=\"widget\" data-widget_type=\"heading.default\">\n\t\t\t\t\t<h2 class=\"elementor-heading-title elementor-size-small\"><a href=\"#\">No\u00ebl Tropical, d\u00e8s 5 ans<\/a><\/h2>\t\t\t\t<\/div>\n\t\t\t\t<div class=\"elementor-element elementor-element-8b58980 elementor-widget elementor-widget-text-editor\" data-id=\"8b58980\" data-element_type=\"widget\" data-e-type=\"widget\" data-widget_type=\"text-editor.default\">\n\t\t\t\t\t\t\t\t\t<p>Au rythme du cuatro et des musiques de No\u00ebl du Venezuela.<br \/>Dans la nuit des temps, il y avait un arbre, un peu comme un arbre de No\u00ebl\u2026mais ce n\u2019\u00e9tait pas un sapin ! Ses branches se perdaient dans le ciel, et il fallait plusieurs mois pour faire le tour de son tronc. Ses guirlandes \u00e9taient faites de toutes sortes de fruits et de l\u00e9gumes d\u00e9licieux, un r\u00e9gal que tous les animaux de la for\u00eat voulaient avoir \u00e0 leur table pour le r\u00e9veillon.<br \/>Mais l\u2019arbre ne se laissait pas faire. Il tapait, piquait et puait\u2026sauf si on l\u2019appelait par son nom. Mais son nom, ils l\u2019avaient tous oubli\u00e9 depuis longtemps\u2026<\/p><p>\u2013 Conte, fable et chants d\u2019Am\u00e9rique du Sud : Victor Cova Correa<br \/>\u2013 Dur\u00e9e : 50min<\/p>\t\t\t\t\t\t\t\t<\/div>\n\t\t\t\t\t<\/div>\n\t\t<\/div>\n\t\t\t\t\t<\/div>\n\t\t<\/section>\n\t\t\t\t<section class=\"elementor-section elementor-inner-section elementor-element elementor-element-857f641 elementor-section-content-middle elementor-reverse-mobile elementor-section-full_width elementor-section-height-default elementor-section-height-default\" data-id=\"857f641\" data-element_type=\"section\" data-e-type=\"section\" data-settings=\"{&quot;background_background&quot;:&quot;classic&quot;}\">\n\t\t\t\t\t\t<div class=\"elementor-container elementor-column-gap-no\">\n\t\t\t\t\t<div class=\"elementor-column elementor-col-50 elementor-inner-column elementor-element elementor-element-fa512ab\" data-id=\"fa512ab\" data-element_type=\"column\" data-e-type=\"column\" data-settings=\"{&quot;background_background&quot;:&quot;classic&quot;}\">\n\t\t\t<div class=\"elementor-widget-wrap elementor-element-populated\">\n\t\t\t\t\t\t<div class=\"elementor-element elementor-element-6b8596c elementor-widget elementor-widget-heading\" data-id=\"6b8596c\" data-element_type=\"widget\" data-e-type=\"widget\" data-widget_type=\"heading.default\">\n\t\t\t\t\t<h2 class=\"elementor-heading-title elementor-size-small\"><a href=\"#\">Contes d'hiver, d\u00e8s 5 ans<\/a><\/h2>\t\t\t\t<\/div>\n\t\t\t\t<div class=\"elementor-element elementor-element-0d2771b elementor-widget elementor-widget-text-editor\" data-id=\"0d2771b\" data-element_type=\"widget\" data-e-type=\"widget\" data-widget_type=\"text-editor.default\">\n\t\t\t\t\t\t\t\t\t<p>Dans la nuit, le vent du nord souffle et en silence, les flocons tombent du ciel.<\/p><p>C\u2019est le moment de se glisser sous les couvertures pour \u00e9couter des histoires d\u2019Hiver.<br \/>Elles se passent dans des ch\u00e2teaux de glaces, dans des for\u00eats profondes quand les \u00eatres magiques sortent, ou dans des pays blancs de neige.<br \/>Au coeur de l\u2019hiver, il fait si froid qu\u2019il faut se serrer pour se tenir chaud et ici, ce sont les histoires qui vont t\u00e2cher de nous r\u00e9chauffer du dedans.<\/p><p>\u2013 Conte : Elodie Mora<br \/>\u2013 Dur\u00e9e : 40 min<\/p>\t\t\t\t\t\t\t\t<\/div>\n\t\t\t\t\t<\/div>\n\t\t<\/div>\n\t\t\t\t<div class=\"elementor-column elementor-col-50 elementor-inner-column elementor-element elementor-element-f69c137\" data-id=\"f69c137\" data-element_type=\"column\" data-e-type=\"column\" data-settings=\"{&quot;background_background&quot;:&quot;classic&quot;}\">\n\t\t\t<div class=\"elementor-widget-wrap elementor-element-populated\">\n\t\t\t\t\t<div class=\"elementor-background-overlay\"><\/div>\n\t\t\t\t\t\t<div class=\"elementor-element elementor-element-04a464e elementor-widget elementor-widget-image\" data-id=\"04a464e\" data-element_type=\"widget\" data-e-type=\"widget\" data-widget_type=\"image.default\">\n\t\t\t\t\t\t\t\t\t\t\t\t\t\t\t<img loading=\"lazy\" decoding=\"async\" width=\"300\" height=\"211\" src=\"https:\/\/lessinguliers.fr\/wp-content\/uploads\/2025\/08\/Hiver.jpg\" class=\"attachment-large size-large wp-image-2079\" alt=\"\" \/>\t\t\t\t\t\t\t\t\t\t\t\t\t\t\t<\/div>\n\t\t\t\t\t<\/div>\n\t\t<\/div>\n\t\t\t\t\t<\/div>\n\t\t<\/section>\n\t\t\t\t<section class=\"elementor-section elementor-inner-section elementor-element elementor-element-48ff594 elementor-section-content-middle elementor-reverse-mobile elementor-section-full_width elementor-section-height-default elementor-section-height-default\" data-id=\"48ff594\" data-element_type=\"section\" data-e-type=\"section\" data-settings=\"{&quot;background_background&quot;:&quot;classic&quot;}\">\n\t\t\t\t\t\t<div class=\"elementor-container elementor-column-gap-no\">\n\t\t\t\t\t<div class=\"elementor-column elementor-col-50 elementor-inner-column elementor-element elementor-element-76ebdc9\" data-id=\"76ebdc9\" data-element_type=\"column\" data-e-type=\"column\" data-settings=\"{&quot;background_background&quot;:&quot;classic&quot;}\">\n\t\t\t<div class=\"elementor-widget-wrap elementor-element-populated\">\n\t\t\t\t\t<div class=\"elementor-background-overlay\"><\/div>\n\t\t\t\t\t\t<div class=\"elementor-element elementor-element-c8763cb elementor-widget elementor-widget-image\" data-id=\"c8763cb\" data-element_type=\"widget\" data-e-type=\"widget\" data-widget_type=\"image.default\">\n\t\t\t\t\t\t\t\t\t\t\t\t\t\t\t<img loading=\"lazy\" decoding=\"async\" width=\"280\" height=\"255\" src=\"https:\/\/lessinguliers.fr\/wp-content\/uploads\/2025\/08\/victor-4.jpg\" class=\"attachment-large size-large wp-image-1072\" alt=\"\" \/>\t\t\t\t\t\t\t\t\t\t\t\t\t\t\t<\/div>\n\t\t\t\t<div class=\"elementor-element elementor-element-93af7bd elementor-widget elementor-widget-html\" data-id=\"93af7bd\" data-element_type=\"widget\" data-e-type=\"widget\" data-widget_type=\"html.default\">\n\t\t\t\t\t<iframe width=\"100%\" height=\"166\" scrolling=\"no\" frameborder=\"no\" allow=\"autoplay\" src=\"https:\/\/w.soundcloud.com\/player\/?url=https%3A\/\/api.soundcloud.com\/tracks\/1567946284&color=%23ff5500&auto_play=false&hide_related=false&show_comments=true&show_user=true&show_reposts=false&show_teaser=true\"><\/iframe><div style=\"font-size: 10px; color: #cccccc;line-break: anywhere;word-break: normal;overflow: hidden;white-space: nowrap;text-overflow: ellipsis; font-family: Interstate,Lucida Grande,Lucida Sans Unicode,Lucida Sans,Garuda,Verdana,Tahoma,sans-serif;font-weight: 100;\"><a href=\"https:\/\/soundcloud.com\/les-singuliers\" title=\"Les Singuliers\" target=\"_blank\" style=\"color: #cccccc; text-decoration: none;\">Les Singuliers<\/a> \u00b7 <a href=\"https:\/\/soundcloud.com\/les-singuliers\/extrait-audio-de-gavilan-et-la-besace-de-themistocle-victor-cova-correaa\" title=\"Extrait audio de &quot;Gavil\u00e1n et la besace de Th\u00e9mistocle&quot; - Victor Cova Correa\" target=\"_blank\" style=\"color: #cccccc; text-decoration: none;\">Extrait audio de &quot;Gavil\u00e1n et la besace de Th\u00e9mistocle&quot; - Victor Cova Correa<\/a><\/div>\t\t\t\t<\/div>\n\t\t\t\t\t<\/div>\n\t\t<\/div>\n\t\t\t\t<div class=\"elementor-column elementor-col-50 elementor-inner-column elementor-element elementor-element-a7caf2a\" data-id=\"a7caf2a\" data-element_type=\"column\" data-e-type=\"column\" data-settings=\"{&quot;background_background&quot;:&quot;classic&quot;}\">\n\t\t\t<div class=\"elementor-widget-wrap elementor-element-populated\">\n\t\t\t\t\t\t<div class=\"elementor-element elementor-element-622c45d elementor-widget elementor-widget-heading\" data-id=\"622c45d\" data-element_type=\"widget\" data-e-type=\"widget\" data-widget_type=\"heading.default\">\n\t\t\t\t\t<h2 class=\"elementor-heading-title elementor-size-small\"><a href=\"#\">Gavil\u00e1n et la besace de Th\u00e9mistocle, d\u00e8s 5 ans<\/a><\/h2>\t\t\t\t<\/div>\n\t\t\t\t<div class=\"elementor-element elementor-element-21cf514 elementor-widget elementor-widget-text-editor\" data-id=\"21cf514\" data-element_type=\"widget\" data-e-type=\"widget\" data-widget_type=\"text-editor.default\">\n\t\t\t\t\t\t\t\t\t<p>Th\u00e9mistocle,<br \/>c\u2019est le pr\u00e9nom de mon grand-p\u00e8re, le cordonnier ambulant, mon ami d\u2019enfance, mon premier conteur. Gavil\u00e1n, c\u2019est l\u2019\u00e9pervier en espagnol, et le nom du r\u00e9mouleur aveugle qui aiguise les couteaux de mes r\u00eaves. La rencontre entre Gavil\u00e1n et Th\u00e9mistocle provoque l\u2019ouverture de la besace : une besace grouillante d\u2019histoires dont toutes ne sauraient \u00eatre cont\u00e9es en l\u2019espace d\u2019une seule s\u00e9ance. Alors, le conteur convoque celle qui semble convenir pour l\u2019occasion, et la partage : il y aura peut-\u00eatre un perroquet d\u00e9fiant un dictateur, il sera peut-\u00eatre question de for\u00eat amazonienne et de plumes color\u00e9es&#8230;<\/p><p>R\u00eaverons-nous de sorciers, d\u2019oc\u00e9ans ou encore d\u2019un tout petit lutin vert ? On verra, on \u00e9coutera, le conte le dira.<\/p><p>\u2013 Conte et Musique (cuatro) : Victor Cova Correa<br \/>\u2013 Dur\u00e9e : 1h<\/p><p>Histoire disponible sur le CD \u00ab\u00a0Nuits du conte \u00e0 Montr\u00e9al\u00a0\u00bb aux \u00e9ditions Oui\u2019Dire : \u00ab\u00a0https:\/\/oui-dire-editions.fr\/album\/nuits-du-conte-a-montreal\/<\/p>\t\t\t\t\t\t\t\t<\/div>\n\t\t\t\t\t<\/div>\n\t\t<\/div>\n\t\t\t\t\t<\/div>\n\t\t<\/section>\n\t\t\t\t<section class=\"elementor-section elementor-inner-section elementor-element elementor-element-d151d4f elementor-section-content-middle elementor-reverse-mobile elementor-section-full_width elementor-section-height-default elementor-section-height-default\" data-id=\"d151d4f\" data-element_type=\"section\" data-e-type=\"section\" data-settings=\"{&quot;background_background&quot;:&quot;classic&quot;}\">\n\t\t\t\t\t\t<div class=\"elementor-container elementor-column-gap-no\">\n\t\t\t\t\t<div class=\"elementor-column elementor-col-50 elementor-inner-column elementor-element elementor-element-84ea538\" data-id=\"84ea538\" data-element_type=\"column\" data-e-type=\"column\" data-settings=\"{&quot;background_background&quot;:&quot;classic&quot;}\">\n\t\t\t<div class=\"elementor-widget-wrap elementor-element-populated\">\n\t\t\t\t\t\t<div class=\"elementor-element elementor-element-707b0bb elementor-widget elementor-widget-heading\" data-id=\"707b0bb\" data-element_type=\"widget\" data-e-type=\"widget\" data-widget_type=\"heading.default\">\n\t\t\t\t\t<h2 class=\"elementor-heading-title elementor-size-small\"><a href=\"#\">En route pour Tombouctou, d\u00e8s 5 ans<\/a><\/h2>\t\t\t\t<\/div>\n\t\t\t\t<div class=\"elementor-element elementor-element-a9967ba elementor-widget elementor-widget-text-editor\" data-id=\"a9967ba\" data-element_type=\"widget\" data-e-type=\"widget\" data-widget_type=\"text-editor.default\">\n\t\t\t\t\t\t\t\t\t<p>Quatre histoires avec chacune son h\u00e9ros : une grand-m\u00e8re qui n\u2019a pas froid aux yeux, un merle voyageur, une fourmi intr\u00e9pide et un tout petit roi en qu\u00eate d\u2019amour. Les uns comme les autres sont anim\u00e9s par le voyage. Que faut-il pour r\u00e9ussir \u00e0 cheminer si ce n\u2019est en avoir profond\u00e9ment envie ? Et comme dans tous les voyages, ce sont les rencontres dont on se souviendra. \u00ab Elle est partie la petite fourmi, petit \u00e0 petit, trouver des amis\u2026 \u00bb.<\/p><p>\u2013 Conte : Anne-Claire Dromz\u00e9e<br \/>\u2013 Guitare : Jean-Benoit Blandin<br \/>\u2013 Dur\u00e9e : 45min<\/p>\t\t\t\t\t\t\t\t<\/div>\n\t\t\t\t\t<\/div>\n\t\t<\/div>\n\t\t\t\t<div class=\"elementor-column elementor-col-50 elementor-inner-column elementor-element elementor-element-8db9b5f\" data-id=\"8db9b5f\" data-element_type=\"column\" data-e-type=\"column\" data-settings=\"{&quot;background_background&quot;:&quot;classic&quot;}\">\n\t\t\t<div class=\"elementor-widget-wrap elementor-element-populated\">\n\t\t\t\t\t<div class=\"elementor-background-overlay\"><\/div>\n\t\t\t\t\t\t<div class=\"elementor-element elementor-element-3ab75b0 elementor-widget elementor-widget-video\" data-id=\"3ab75b0\" data-element_type=\"widget\" data-e-type=\"widget\" data-settings=\"{&quot;youtube_url&quot;:&quot;https:\\\/\\\/www.youtube.com\\\/watch?v=WlFGkFyDA30&amp;ab_channel=LesSinguliers&quot;,&quot;video_type&quot;:&quot;youtube&quot;,&quot;controls&quot;:&quot;yes&quot;}\" data-widget_type=\"video.default\">\n\t\t\t\t\t\t\t<div class=\"elementor-wrapper elementor-open-inline\">\n\t\t\t<div class=\"elementor-video\"><\/div>\t\t<\/div>\n\t\t\t\t\t\t<\/div>\n\t\t\t\t<div class=\"elementor-element elementor-element-c0489e1 elementor-widget elementor-widget-html\" data-id=\"c0489e1\" data-element_type=\"widget\" data-e-type=\"widget\" data-widget_type=\"html.default\">\n\t\t\t\t\t<iframe width=\"100%\" height=\"166\" scrolling=\"no\" frameborder=\"no\" allow=\"autoplay\" src=\"https:\/\/w.soundcloud.com\/player\/?url=https%3A\/\/api.soundcloud.com\/tracks\/2106384933&color=%23ff5500&auto_play=false&hide_related=false&show_comments=true&show_user=true&show_reposts=false&show_teaser=true\"><\/iframe><div style=\"font-size: 10px; color: #cccccc;line-break: anywhere;word-break: normal;overflow: hidden;white-space: nowrap;text-overflow: ellipsis; font-family: Interstate,Lucida Grande,Lucida Sans Unicode,Lucida Sans,Garuda,Verdana,Tahoma,sans-serif;font-weight: 100;\"><a href=\"https:\/\/soundcloud.com\/les-singuliers\" title=\"Les Singuliers\" target=\"_blank\" style=\"color: #cccccc; text-decoration: none;\">Les Singuliers<\/a> \u00b7 <a href=\"https:\/\/soundcloud.com\/les-singuliers\/adc84113-22c7-49a6-98f3-515e665ca557\" title=\"Extrait de &quot;En route pour Tombouctou&quot;\" target=\"_blank\" style=\"color: #cccccc; text-decoration: none;\">Extrait de &quot;En route pour Tombouctou&quot;<\/a><\/div>\t\t\t\t<\/div>\n\t\t\t\t\t<\/div>\n\t\t<\/div>\n\t\t\t\t\t<\/div>\n\t\t<\/section>\n\t\t\t\t<section class=\"elementor-section elementor-inner-section elementor-element elementor-element-0491aa9 elementor-section-content-middle elementor-reverse-mobile elementor-section-full_width elementor-section-height-default elementor-section-height-default\" data-id=\"0491aa9\" data-element_type=\"section\" data-e-type=\"section\" data-settings=\"{&quot;background_background&quot;:&quot;classic&quot;}\">\n\t\t\t\t\t\t<div class=\"elementor-container elementor-column-gap-no\">\n\t\t\t\t\t<div class=\"elementor-column elementor-col-50 elementor-inner-column elementor-element elementor-element-325ab35\" data-id=\"325ab35\" data-element_type=\"column\" data-e-type=\"column\" data-settings=\"{&quot;background_background&quot;:&quot;classic&quot;}\">\n\t\t\t<div class=\"elementor-widget-wrap elementor-element-populated\">\n\t\t\t\t\t<div class=\"elementor-background-overlay\"><\/div>\n\t\t\t\t\t\t<div class=\"elementor-element elementor-element-825794a elementor-widget elementor-widget-image\" data-id=\"825794a\" data-element_type=\"widget\" data-e-type=\"widget\" data-widget_type=\"image.default\">\n\t\t\t\t\t\t\t\t\t\t\t\t\t\t\t<img loading=\"lazy\" decoding=\"async\" width=\"500\" height=\"500\" src=\"https:\/\/lessinguliers.fr\/wp-content\/uploads\/2026\/02\/Pyjama-1.jpg\" class=\"attachment-full size-full wp-image-4204\" alt=\"\" srcset=\"https:\/\/lessinguliers.fr\/wp-content\/uploads\/2026\/02\/Pyjama-1.jpg 500w, https:\/\/lessinguliers.fr\/wp-content\/uploads\/2026\/02\/Pyjama-1-300x300.jpg 300w, https:\/\/lessinguliers.fr\/wp-content\/uploads\/2026\/02\/Pyjama-1-150x150.jpg 150w\" sizes=\"(max-width: 500px) 100vw, 500px\" \/>\t\t\t\t\t\t\t\t\t\t\t\t\t\t\t<\/div>\n\t\t\t\t\t<\/div>\n\t\t<\/div>\n\t\t\t\t<div class=\"elementor-column elementor-col-50 elementor-inner-column elementor-element elementor-element-a71035b\" data-id=\"a71035b\" data-element_type=\"column\" data-e-type=\"column\" data-settings=\"{&quot;background_background&quot;:&quot;classic&quot;}\">\n\t\t\t<div class=\"elementor-widget-wrap elementor-element-populated\">\n\t\t\t\t\t\t<div class=\"elementor-element elementor-element-990aaef elementor-widget elementor-widget-heading\" data-id=\"990aaef\" data-element_type=\"widget\" data-e-type=\"widget\" data-widget_type=\"heading.default\">\n\t\t\t\t\t<h2 class=\"elementor-heading-title elementor-size-small\"><a href=\"#\">Contes en pyjama, d\u00e8s 5 ans\u200b<\/a><\/h2>\t\t\t\t<\/div>\n\t\t\t\t<div class=\"elementor-element elementor-element-09f4748 elementor-widget elementor-widget-text-editor\" data-id=\"09f4748\" data-element_type=\"widget\" data-e-type=\"widget\" data-widget_type=\"text-editor.default\">\n\t\t\t\t\t\t\t\t\t<p>Une formule festive o\u00f9 l\u2019on vient en pyjama pour \u00e9couter des histoires !<\/p><p>Des merveilles, des petites farces, des contes d\u2019\u00e9toiles et de nuit.<br \/>Oreillers color\u00e9s et doudous pr\u00e9f\u00e9r\u00e9s sont les bienvenus.<br \/>On s\u2019installe, on voyage, en douceur\u2026 C\u2019est parti !<\/p><p>\u2013 Conte : Anne Leviel<br \/>\u2013 Dur\u00e9e : 50 min \u00e0 1h<\/p>\t\t\t\t\t\t\t\t<\/div>\n\t\t\t\t\t<\/div>\n\t\t<\/div>\n\t\t\t\t\t<\/div>\n\t\t<\/section>\n\t\t\t\t<section class=\"elementor-section elementor-inner-section elementor-element elementor-element-f2b0a46 elementor-section-content-middle elementor-reverse-mobile elementor-section-full_width elementor-section-height-default elementor-section-height-default\" data-id=\"f2b0a46\" data-element_type=\"section\" data-e-type=\"section\" data-settings=\"{&quot;background_background&quot;:&quot;classic&quot;}\">\n\t\t\t\t\t\t<div class=\"elementor-container elementor-column-gap-no\">\n\t\t\t\t\t<div class=\"elementor-column elementor-col-50 elementor-inner-column elementor-element elementor-element-a969225\" data-id=\"a969225\" data-element_type=\"column\" data-e-type=\"column\" data-settings=\"{&quot;background_background&quot;:&quot;classic&quot;}\">\n\t\t\t<div class=\"elementor-widget-wrap elementor-element-populated\">\n\t\t\t\t\t\t<div class=\"elementor-element elementor-element-f1ab9bc elementor-widget elementor-widget-heading\" data-id=\"f1ab9bc\" data-element_type=\"widget\" data-e-type=\"widget\" data-widget_type=\"heading.default\">\n\t\t\t\t\t<h2 class=\"elementor-heading-title elementor-size-small\"><a href=\"#\">El Coco qui mange les pieds\u2026, d\u00e8s 6 ans<\/a><\/h2>\t\t\t\t<\/div>\n\t\t\t\t<div class=\"elementor-element elementor-element-fba55b7 elementor-widget elementor-widget-text-editor\" data-id=\"fba55b7\" data-element_type=\"widget\" data-e-type=\"widget\" data-widget_type=\"text-editor.default\">\n\t\t\t\t\t\t\t\t\t<p>Raoul n\u2019a m\u00eame pas peur. Du haut de ses 7 ans, il fait ce qu\u2019il veut. Ses parents ont beau le conseiller, il n\u2019\u00e9coute jamais. On lui dit souvent : \u00abArr\u00eate, sinon le Coco va venir la nuit et va te manger les pieds !\u00bb. Raoul n\u2019a m\u00eame pas peur !<br \/>Mais une nuit, le Coco arrive et\u2026<\/p><p>El Coco, \u00e9galement nomm\u00e9 El Cuco ou encore El Cucuy dans les pays d&rsquo;Am\u00e9rique latine, est une cr\u00e9ature du folklore hispanique et portugais; il s\u2019agit d\u2019une sorte de croque-mitaine qui vient punir les enfants qui se sont mal conduits\u2026<\/p><p>\u2013 Conte et Musique (cuatro) : Victor Cova Correa<br \/>\u2013 Dur\u00e9e : 50min<\/p>\t\t\t\t\t\t\t\t<\/div>\n\t\t\t\t\t<\/div>\n\t\t<\/div>\n\t\t\t\t<div class=\"elementor-column elementor-col-50 elementor-inner-column elementor-element elementor-element-f178ccd\" data-id=\"f178ccd\" data-element_type=\"column\" data-e-type=\"column\" data-settings=\"{&quot;background_background&quot;:&quot;classic&quot;}\">\n\t\t\t<div class=\"elementor-widget-wrap elementor-element-populated\">\n\t\t\t\t\t<div class=\"elementor-background-overlay\"><\/div>\n\t\t\t\t\t\t<div class=\"elementor-element elementor-element-413b8d5 elementor-widget elementor-widget-image\" data-id=\"413b8d5\" data-element_type=\"widget\" data-e-type=\"widget\" data-widget_type=\"image.default\">\n\t\t\t\t\t\t\t\t\t\t\t\t\t\t\t<img loading=\"lazy\" decoding=\"async\" width=\"367\" height=\"330\" src=\"https:\/\/lessinguliers.fr\/wp-content\/uploads\/2025\/12\/Victor-Cova-Correa-4.jpg\" class=\"attachment-full size-full wp-image-3627\" alt=\"\" srcset=\"https:\/\/lessinguliers.fr\/wp-content\/uploads\/2025\/12\/Victor-Cova-Correa-4.jpg 367w, https:\/\/lessinguliers.fr\/wp-content\/uploads\/2025\/12\/Victor-Cova-Correa-4-300x270.jpg 300w\" sizes=\"(max-width: 367px) 100vw, 367px\" \/>\t\t\t\t\t\t\t\t\t\t\t\t\t\t\t<\/div>\n\t\t\t\t\t<\/div>\n\t\t<\/div>\n\t\t\t\t\t<\/div>\n\t\t<\/section>\n\t\t\t\t<section class=\"elementor-section elementor-inner-section elementor-element elementor-element-ebe4a87 elementor-section-content-middle elementor-reverse-mobile elementor-section-full_width elementor-section-height-default elementor-section-height-default\" data-id=\"ebe4a87\" data-element_type=\"section\" data-e-type=\"section\" data-settings=\"{&quot;background_background&quot;:&quot;classic&quot;}\">\n\t\t\t\t\t\t<div class=\"elementor-container elementor-column-gap-no\">\n\t\t\t\t\t<div class=\"elementor-column elementor-col-50 elementor-inner-column elementor-element elementor-element-33f7cbc\" data-id=\"33f7cbc\" data-element_type=\"column\" data-e-type=\"column\" data-settings=\"{&quot;background_background&quot;:&quot;classic&quot;}\">\n\t\t\t<div class=\"elementor-widget-wrap elementor-element-populated\">\n\t\t\t\t\t<div class=\"elementor-background-overlay\"><\/div>\n\t\t\t\t\t\t<div class=\"elementor-element elementor-element-8681e6a elementor-widget elementor-widget-image\" data-id=\"8681e6a\" data-element_type=\"widget\" data-e-type=\"widget\" data-widget_type=\"image.default\">\n\t\t\t\t\t\t\t\t\t\t\t\t\t\t\t<img loading=\"lazy\" decoding=\"async\" width=\"551\" height=\"500\" src=\"https:\/\/lessinguliers.fr\/wp-content\/uploads\/2026\/02\/CoeursEaux-1.jpg\" class=\"attachment-full size-full wp-image-4209\" alt=\"\" srcset=\"https:\/\/lessinguliers.fr\/wp-content\/uploads\/2026\/02\/CoeursEaux-1.jpg 551w, https:\/\/lessinguliers.fr\/wp-content\/uploads\/2026\/02\/CoeursEaux-1-300x272.jpg 300w\" sizes=\"(max-width: 551px) 100vw, 551px\" \/>\t\t\t\t\t\t\t\t\t\t\t\t\t\t\t<\/div>\n\t\t\t\t\t<\/div>\n\t\t<\/div>\n\t\t\t\t<div class=\"elementor-column elementor-col-50 elementor-inner-column elementor-element elementor-element-3eeb239\" data-id=\"3eeb239\" data-element_type=\"column\" data-e-type=\"column\" data-settings=\"{&quot;background_background&quot;:&quot;classic&quot;}\">\n\t\t\t<div class=\"elementor-widget-wrap elementor-element-populated\">\n\t\t\t\t\t\t<div class=\"elementor-element elementor-element-e2bd45f elementor-widget elementor-widget-heading\" data-id=\"e2bd45f\" data-element_type=\"widget\" data-e-type=\"widget\" data-widget_type=\"heading.default\">\n\t\t\t\t\t<h2 class=\"elementor-heading-title elementor-size-small\"><a href=\"#\">C\u0153urs d\u2019eaux, c\u0153urs d\u2019arbres, d\u00e8s 6 ans<\/a><\/h2>\t\t\t\t<\/div>\n\t\t\t\t<div class=\"elementor-element elementor-element-5d39d88 elementor-widget elementor-widget-text-editor\" data-id=\"5d39d88\" data-element_type=\"widget\" data-e-type=\"widget\" data-widget_type=\"text-editor.default\">\n\t\t\t\t\t\t\t\t\t<p>Voit-on le monde \u00e0 travers l\u2019\u00e9corce\u00a0? Qui chante au fond de la rivi\u00e8re\u00a0?<br class=\"autobr\" \/>Le bois de l\u2019arbre se fait humain, l\u2019homme et la b\u00eate se parlent si bien&#8230;<br class=\"autobr\" \/>Arbres et for\u00eats, eaux douces et sal\u00e9es, banquise&#8230;<br class=\"autobr\" \/>Les contes naissent \u00e0 foison, sur les rives, sous les arbres.<br class=\"autobr\" \/>Force de l\u2019eau, douceur du bois, partout, les r\u00e9cits s\u2019en souviennent.<\/p><p>Avec une vraie tendresse pour les arbres et les humains, Anne, qui a grandi en bord de for\u00eat, ne se lasse jamais de vous y emmener.<br \/><br \/><span class=\"spip-puce ltr\">\u2013<\/span>\u00a0Conte : Anne Leviel<br \/><span class=\"spip-puce ltr\">\u2013<\/span>\u00a0Dur\u00e9e\u00a0: 1h<\/p>\t\t\t\t\t\t\t\t<\/div>\n\t\t\t\t\t<\/div>\n\t\t<\/div>\n\t\t\t\t\t<\/div>\n\t\t<\/section>\n\t\t\t\t<section class=\"elementor-section elementor-inner-section elementor-element elementor-element-7a12c4d elementor-section-content-middle elementor-section-full_width elementor-section-height-default elementor-section-height-default\" data-id=\"7a12c4d\" data-element_type=\"section\" data-e-type=\"section\" data-settings=\"{&quot;background_background&quot;:&quot;classic&quot;}\">\n\t\t\t\t\t\t<div class=\"elementor-container elementor-column-gap-no\">\n\t\t\t\t\t<div class=\"elementor-column elementor-col-50 elementor-inner-column elementor-element elementor-element-c81188c\" data-id=\"c81188c\" data-element_type=\"column\" data-e-type=\"column\" data-settings=\"{&quot;background_background&quot;:&quot;classic&quot;}\">\n\t\t\t<div class=\"elementor-widget-wrap elementor-element-populated\">\n\t\t\t\t\t\t<div class=\"elementor-element elementor-element-43f8df5 elementor-widget elementor-widget-heading\" data-id=\"43f8df5\" data-element_type=\"widget\" data-e-type=\"widget\" data-widget_type=\"heading.default\">\n\t\t\t\t\t<h2 class=\"elementor-heading-title elementor-size-small\"><a href=\"#\">De Tanger \u00e0 Tombouctou, d\u00e8s 6 ans\n<\/a><\/h2>\t\t\t\t<\/div>\n\t\t\t\t<div class=\"elementor-element elementor-element-8f70d36 elementor-widget elementor-widget-text-editor\" data-id=\"8f70d36\" data-element_type=\"widget\" data-e-type=\"widget\" data-widget_type=\"text-editor.default\">\n\t\t\t\t\t\t\t\t\t<p>Depuis que \u00ab\u00a0j\u2019ai\u00a0\u00bb l\u2019\u00e2ge de cinq ans, je traverse le Maroc du nord au sud et me prom\u00e8ne d\u2019est en ouest.<br class=\"manualbr\" \/>Ces routes sont devenues pour moi un parcours mythique et initiatique.<br class=\"autobr\" \/>Sur ce chemin, j\u2019y ai \u00e9cout\u00e9 grand nombre d\u2019histoires d\u2019hommes, de femmes et d\u2019enfants.<br class=\"manualbr\" \/>J\u2019y ai d\u00e9couvert une diversit\u00e9 de cultures, de m\u0153urs et de coutumes.<\/p><p>Par la magie de la parole et, tels des g\u00e9nies, d\u2019un claquement de doigts, nous irons dans la sublime Fez, par un petit vent l\u00e9ger qui descendra de l\u2019Atlas nous survolerons l\u2019inoubliable Marrakech et nous n\u2019oublierons pas d\u2019aller rendre visite aux peuples de la mer, des plaines, des oc\u00e9ans et du d\u00e9sert.<br class=\"manualbr\" \/>Nous traverserons un tissage d\u2019histoires\u00a0: l\u2019\u00e2me de ce pays m\u00e9moire, \u00e9tincelante d\u2019un peuple aux 1001 facettes.<\/p><p><span class=\"spip-puce ltr\"><b>\u2013<\/b><\/span>\u00a0Conte et Musique\u00a0: Hamed Bouzzine<br \/><span class=\"spip-puce ltr\"><b>\u2013<\/b><\/span>\u00a0Dur\u00e9e\u00a0: 1h15<\/p>\t\t\t\t\t\t\t\t<\/div>\n\t\t\t\t\t<\/div>\n\t\t<\/div>\n\t\t\t\t<div class=\"elementor-column elementor-col-50 elementor-inner-column elementor-element elementor-element-a1afe46\" data-id=\"a1afe46\" data-element_type=\"column\" data-e-type=\"column\" data-settings=\"{&quot;background_background&quot;:&quot;classic&quot;}\">\n\t\t\t<div class=\"elementor-widget-wrap elementor-element-populated\">\n\t\t\t\t\t<div class=\"elementor-background-overlay\"><\/div>\n\t\t\t\t\t\t<div class=\"elementor-element elementor-element-c6ed800 elementor-widget elementor-widget-image\" data-id=\"c6ed800\" data-element_type=\"widget\" data-e-type=\"widget\" data-widget_type=\"image.default\">\n\t\t\t\t\t\t\t\t\t\t\t\t\t\t\t<img loading=\"lazy\" decoding=\"async\" width=\"794\" height=\"596\" src=\"https:\/\/lessinguliers.fr\/wp-content\/uploads\/2025\/08\/Hamed-Bouzzine.jpg\" class=\"attachment-full size-full wp-image-1817\" alt=\"\" srcset=\"https:\/\/lessinguliers.fr\/wp-content\/uploads\/2025\/08\/Hamed-Bouzzine.jpg 794w, https:\/\/lessinguliers.fr\/wp-content\/uploads\/2025\/08\/Hamed-Bouzzine-300x225.jpg 300w, https:\/\/lessinguliers.fr\/wp-content\/uploads\/2025\/08\/Hamed-Bouzzine-768x576.jpg 768w\" sizes=\"(max-width: 794px) 100vw, 794px\" \/>\t\t\t\t\t\t\t\t\t\t\t\t\t\t\t<\/div>\n\t\t\t\t\t<\/div>\n\t\t<\/div>\n\t\t\t\t\t<\/div>\n\t\t<\/section>\n\t\t\t\t<section class=\"elementor-section elementor-inner-section elementor-element elementor-element-11839a6 elementor-section-content-middle elementor-reverse-mobile elementor-section-full_width elementor-section-height-default elementor-section-height-default\" data-id=\"11839a6\" data-element_type=\"section\" data-e-type=\"section\" data-settings=\"{&quot;background_background&quot;:&quot;classic&quot;}\">\n\t\t\t\t\t\t<div class=\"elementor-container elementor-column-gap-no\">\n\t\t\t\t\t<div class=\"elementor-column elementor-col-50 elementor-inner-column elementor-element elementor-element-419e812\" data-id=\"419e812\" data-element_type=\"column\" data-e-type=\"column\" data-settings=\"{&quot;background_background&quot;:&quot;classic&quot;}\">\n\t\t\t<div class=\"elementor-widget-wrap elementor-element-populated\">\n\t\t\t\t\t<div class=\"elementor-background-overlay\"><\/div>\n\t\t\t\t\t\t<div class=\"elementor-element elementor-element-7d54583 elementor-widget elementor-widget-image\" data-id=\"7d54583\" data-element_type=\"widget\" data-e-type=\"widget\" data-widget_type=\"image.default\">\n\t\t\t\t\t\t\t\t\t\t\t\t\t\t\t<img loading=\"lazy\" decoding=\"async\" width=\"280\" height=\"255\" src=\"https:\/\/lessinguliers.fr\/wp-content\/uploads\/2025\/08\/swan-8-1.jpg\" class=\"attachment-full size-full wp-image-1572\" alt=\"\" \/>\t\t\t\t\t\t\t\t\t\t\t\t\t\t\t<\/div>\n\t\t\t\t\t<\/div>\n\t\t<\/div>\n\t\t\t\t<div class=\"elementor-column elementor-col-50 elementor-inner-column elementor-element elementor-element-abf09df\" data-id=\"abf09df\" data-element_type=\"column\" data-e-type=\"column\" data-settings=\"{&quot;background_background&quot;:&quot;classic&quot;}\">\n\t\t\t<div class=\"elementor-widget-wrap elementor-element-populated\">\n\t\t\t\t\t\t<div class=\"elementor-element elementor-element-46713e7 elementor-widget elementor-widget-heading\" data-id=\"46713e7\" data-element_type=\"widget\" data-e-type=\"widget\" data-widget_type=\"heading.default\">\n\t\t\t\t\t<h2 class=\"elementor-heading-title elementor-size-small\"><a href=\"#\">D\u2019ici - d\u2019ailleurs\u200b, d\u00e8s 6 ans<\/a><\/h2>\t\t\t\t<\/div>\n\t\t\t\t<div class=\"elementor-element elementor-element-921d189 elementor-widget elementor-widget-text-editor\" data-id=\"921d189\" data-element_type=\"widget\" data-e-type=\"widget\" data-widget_type=\"text-editor.default\">\n\t\t\t\t\t\t\t\t\t<p>Ces histoires viennent de partout, d\u2019ici ou d\u2019ailleurs, peu importe d\u2019ailleurs\u2026<br class=\"manualbr\" \/>Elles transportent un parfum \u00ab\u00a0d\u2019il y a longtemps\u00a0\u00bb qui semble pourtant familier.<br class=\"manualbr\" \/>Un peu de folie, un grain de sagesse.<br class=\"manualbr\" \/>Ici les personnages prennent vie, les personnages s\u2019animent sur la toile d\u2019un souvenir imaginaire.<br class=\"manualbr\" \/>Le r\u00eave et l\u2019\u00e9motion s\u2019y invitent, comme par magie.<\/p><p><span class=\"spip-puce ltr\">\u2013<\/span>\u00a0Conte\u00a0: Swan Blach\u00e8re<br \/><span class=\"spip-puce ltr\">\u2013<\/span>\u00a0Dur\u00e9e\u00a0: 50 min<br \/><span class=\"spip-puce ltr\">\u2013<\/span>\u00a0Version possible pour les 3-6 ans \/ Dur\u00e9e\u00a0: 30min<\/p>\t\t\t\t\t\t\t\t<\/div>\n\t\t\t\t\t<\/div>\n\t\t<\/div>\n\t\t\t\t\t<\/div>\n\t\t<\/section>\n\t\t\t\t<section class=\"elementor-section elementor-inner-section elementor-element elementor-element-0999942 elementor-section-content-middle elementor-section-full_width elementor-section-height-default elementor-section-height-default\" data-id=\"0999942\" data-element_type=\"section\" data-e-type=\"section\" data-settings=\"{&quot;background_background&quot;:&quot;classic&quot;}\">\n\t\t\t\t\t\t<div class=\"elementor-container elementor-column-gap-no\">\n\t\t\t\t\t<div class=\"elementor-column elementor-col-50 elementor-inner-column elementor-element elementor-element-42d71c9\" data-id=\"42d71c9\" data-element_type=\"column\" data-e-type=\"column\" data-settings=\"{&quot;background_background&quot;:&quot;classic&quot;}\">\n\t\t\t<div class=\"elementor-widget-wrap elementor-element-populated\">\n\t\t\t\t\t\t<div class=\"elementor-element elementor-element-8bd8010 elementor-widget elementor-widget-heading\" data-id=\"8bd8010\" data-element_type=\"widget\" data-e-type=\"widget\" data-widget_type=\"heading.default\">\n\t\t\t\t\t<h2 class=\"elementor-heading-title elementor-size-small\"><a href=\"#\">Peaux de b\u00eates et paroles d\u2019hommes, d\u00e8s 6 ans<\/a><\/h2>\t\t\t\t<\/div>\n\t\t\t\t<div class=\"elementor-element elementor-element-d3d864e elementor-widget elementor-widget-text-editor\" data-id=\"d3d864e\" data-element_type=\"widget\" data-e-type=\"widget\" data-widget_type=\"text-editor.default\">\n\t\t\t\t\t\t\t\t\t<p>Une ribambelle de pattes et d\u2019oreilles, des carapaces, des poils, des plumes&#8230;<\/p><p>Force, malice, paroles vraies, les b\u00eates ont un sacr\u00e9 talent.<br class=\"autobr\" \/>Au grand soleil ou sous la lune, les voici, tendres et rus\u00e9es, pr\u00eates pour nous accompagner&#8230;<br class=\"autobr\" \/>\u00c9tonnantes travers\u00e9es\u00a0!<\/p><p><span class=\"spip-puce ltr\">\u2013<\/span>\u00a0Conte\u00a0: Anne Leviel<br \/><span class=\"spip-puce ltr\">\u2013<\/span>\u00a0Dur\u00e9e\u00a0: 1h<\/p>\t\t\t\t\t\t\t\t<\/div>\n\t\t\t\t\t<\/div>\n\t\t<\/div>\n\t\t\t\t<div class=\"elementor-column elementor-col-50 elementor-inner-column elementor-element elementor-element-ce6b180\" data-id=\"ce6b180\" data-element_type=\"column\" data-e-type=\"column\" data-settings=\"{&quot;background_background&quot;:&quot;classic&quot;}\">\n\t\t\t<div class=\"elementor-widget-wrap elementor-element-populated\">\n\t\t\t\t\t<div class=\"elementor-background-overlay\"><\/div>\n\t\t\t\t\t\t<div class=\"elementor-element elementor-element-65f136c elementor-widget elementor-widget-image\" data-id=\"65f136c\" data-element_type=\"widget\" data-e-type=\"widget\" data-widget_type=\"image.default\">\n\t\t\t\t\t\t\t\t\t\t\t\t\t\t\t<img loading=\"lazy\" decoding=\"async\" width=\"500\" height=\"500\" src=\"https:\/\/lessinguliers.fr\/wp-content\/uploads\/2026\/02\/Peauxdebetes-1.jpg\" class=\"attachment-full size-full wp-image-4180\" alt=\"\" srcset=\"https:\/\/lessinguliers.fr\/wp-content\/uploads\/2026\/02\/Peauxdebetes-1.jpg 500w, https:\/\/lessinguliers.fr\/wp-content\/uploads\/2026\/02\/Peauxdebetes-1-300x300.jpg 300w, https:\/\/lessinguliers.fr\/wp-content\/uploads\/2026\/02\/Peauxdebetes-1-150x150.jpg 150w\" sizes=\"(max-width: 500px) 100vw, 500px\" \/>\t\t\t\t\t\t\t\t\t\t\t\t\t\t\t<\/div>\n\t\t\t\t\t<\/div>\n\t\t<\/div>\n\t\t\t\t\t<\/div>\n\t\t<\/section>\n\t\t\t\t<section class=\"elementor-section elementor-inner-section elementor-element elementor-element-9357813 elementor-section-content-middle elementor-reverse-mobile elementor-section-full_width elementor-section-height-default elementor-section-height-default\" data-id=\"9357813\" data-element_type=\"section\" data-e-type=\"section\" data-settings=\"{&quot;background_background&quot;:&quot;classic&quot;}\">\n\t\t\t\t\t\t<div class=\"elementor-container elementor-column-gap-no\">\n\t\t\t\t\t<div class=\"elementor-column elementor-col-50 elementor-inner-column elementor-element elementor-element-ce78075\" data-id=\"ce78075\" data-element_type=\"column\" data-e-type=\"column\" data-settings=\"{&quot;background_background&quot;:&quot;classic&quot;}\">\n\t\t\t<div class=\"elementor-widget-wrap elementor-element-populated\">\n\t\t\t\t\t<div class=\"elementor-background-overlay\"><\/div>\n\t\t\t\t\t\t<div class=\"elementor-element elementor-element-1d5b9d1 elementor-widget elementor-widget-image\" data-id=\"1d5b9d1\" data-element_type=\"widget\" data-e-type=\"widget\" data-widget_type=\"image.default\">\n\t\t\t\t\t\t\t\t\t\t\t\t\t\t\t<img loading=\"lazy\" decoding=\"async\" width=\"280\" height=\"255\" src=\"https:\/\/lessinguliers.fr\/wp-content\/uploads\/2025\/08\/acd-6.jpg\" class=\"attachment-large size-large wp-image-1150\" alt=\"\" \/>\t\t\t\t\t\t\t\t\t\t\t\t\t\t\t<\/div>\n\t\t\t\t\t<\/div>\n\t\t<\/div>\n\t\t\t\t<div class=\"elementor-column elementor-col-50 elementor-inner-column elementor-element elementor-element-a108127\" data-id=\"a108127\" data-element_type=\"column\" data-e-type=\"column\" data-settings=\"{&quot;background_background&quot;:&quot;classic&quot;}\">\n\t\t\t<div class=\"elementor-widget-wrap elementor-element-populated\">\n\t\t\t\t\t\t<div class=\"elementor-element elementor-element-33908e1 elementor-widget elementor-widget-heading\" data-id=\"33908e1\" data-element_type=\"widget\" data-e-type=\"widget\" data-widget_type=\"heading.default\">\n\t\t\t\t\t<h2 class=\"elementor-heading-title elementor-size-small\"><a href=\"#\">Histoires d\u2019arbres ou Histoires d\u2019oiseaux, d\u00e8s 6 ans<\/a><\/h2>\t\t\t\t<\/div>\n\t\t\t\t<div class=\"elementor-element elementor-element-501e726 elementor-widget elementor-widget-text-editor\" data-id=\"501e726\" data-element_type=\"widget\" data-e-type=\"widget\" data-widget_type=\"text-editor.default\">\n\t\t\t\t\t\t\t\t\t<p>Balade cont\u00e9e version printemps\/\u00e9t\u00e9\/automne<\/p><p>Anne-Claire Dromz\u00e9e, accompagnatrice en montagne, allie ici ses deux passions\u00a0: conter et \u00eatre en plein-air. Quelques heures dans la nature pour profiter du paysage, des arbres, des oiseaux en \u00e9coutant des contes\u00a0: un r\u00e9gal des yeux et des oreilles.<br class=\"autobr\" \/>Une invitation \u00e0 devenir Marcheur-Spectateur. Deux \u00e9tats qui se conjuguent au fil d\u2019un parcours dans la nature o\u00f9 se fondent le r\u00e9el et l\u2019imaginaire. On marche, on \u00e9change, on se pause, on s\u2019assied, on \u00e9coute. Devant nous un fr\u00eane, un m\u00e9l\u00e8ze, un sapin, un noyer\u2026 puis une histoire arrive. Quand l\u2019histoire se termine, on continue \u00e0 parler de lui, de ses utilisations. On apprend \u00e0 le reconna\u00eetre.\u2028L\u2019exp\u00e9rience d\u2019une marche diff\u00e9rente.<\/p><p><span class=\"spip-puce ltr\">\u2013<\/span>\u00a0Conte et Percussion\u00a0: Anne-Claire Dromz\u00e9e<br \/><span class=\"spip-puce ltr\">\u2013<\/span>\u00a0Dur\u00e9e minimum 2h30 (1h de balade, 1h de conte et 30min d\u2019\u00e9change)<\/p>\t\t\t\t\t\t\t\t<\/div>\n\t\t\t\t\t<\/div>\n\t\t<\/div>\n\t\t\t\t\t<\/div>\n\t\t<\/section>\n\t\t\t\t<section class=\"elementor-section elementor-inner-section elementor-element elementor-element-2b9a584 elementor-section-content-middle elementor-reverse-mobile elementor-section-full_width elementor-section-height-default elementor-section-height-default\" data-id=\"2b9a584\" data-element_type=\"section\" data-e-type=\"section\" data-settings=\"{&quot;background_background&quot;:&quot;classic&quot;}\">\n\t\t\t\t\t\t<div class=\"elementor-container elementor-column-gap-no\">\n\t\t\t\t\t<div class=\"elementor-column elementor-col-50 elementor-inner-column elementor-element elementor-element-102db60\" data-id=\"102db60\" data-element_type=\"column\" data-e-type=\"column\" data-settings=\"{&quot;background_background&quot;:&quot;classic&quot;}\">\n\t\t\t<div class=\"elementor-widget-wrap elementor-element-populated\">\n\t\t\t\t\t\t<div class=\"elementor-element elementor-element-c1e9924 elementor-widget elementor-widget-heading\" data-id=\"c1e9924\" data-element_type=\"widget\" data-e-type=\"widget\" data-widget_type=\"heading.default\">\n\t\t\t\t\t<h2 class=\"elementor-heading-title elementor-size-small\"><a href=\"#\">La Plume et le Loup, d\u00e8s 6 ans<\/a><\/h2>\t\t\t\t<\/div>\n\t\t\t\t<div class=\"elementor-element elementor-element-b5f28cc elementor-widget elementor-widget-text-editor\" data-id=\"b5f28cc\" data-element_type=\"widget\" data-e-type=\"widget\" data-widget_type=\"text-editor.default\">\n\t\t\t\t\t\t\t\t\t<p>Et si le moment \u00e9tait venu de tordre le cou aux histoires de grand m\u00e9chant loup\u00a0? Ici, les contes nous entra\u00eenent au c\u0153ur d\u2019un monde o\u00f9 la nature et le sauvage sont \u00e0 l\u2019honneur.<br \/>Un voyage en musique et en chansons dans l\u2019univers des contes merveilleux men\u00e9 tambour-battant par un duo qui laisse la part belle au mouvement et \u00e0 l\u2019improvisation\u00a0!<\/p><p>La po\u00e9sie, l\u2019humour et l\u2019\u00e9trange se c\u00f4toient pour c\u00e9l\u00e9brer l\u2019animalit\u00e9 qui palpite en l\u2019homme\u2026 Une f\u00e9roce d\u00e9claration d\u2019amour au loup\u00a0!<\/p><p>\u2013\u00a0Conte\/Chant\u00a0: Swan Blach\u00e8re<br \/>\u2013\u00a0Guitare\/Violon\u00a0: Antoine Marhem<br \/>\u2013\u00a0Dur\u00e9e\u00a0: 55 min<br \/><span class=\"spip-puce ltr\"><b>\u2013<\/b><\/span> Spectacle en solo ou duo<\/p>\t\t\t\t\t\t\t\t<\/div>\n\t\t\t\t\t<\/div>\n\t\t<\/div>\n\t\t\t\t<div class=\"elementor-column elementor-col-50 elementor-inner-column elementor-element elementor-element-516e3c0\" data-id=\"516e3c0\" data-element_type=\"column\" data-e-type=\"column\" data-settings=\"{&quot;background_background&quot;:&quot;classic&quot;}\">\n\t\t\t<div class=\"elementor-widget-wrap elementor-element-populated\">\n\t\t\t\t\t<div class=\"elementor-background-overlay\"><\/div>\n\t\t\t\t\t\t<div class=\"elementor-element elementor-element-10c7a5a elementor-widget elementor-widget-image\" data-id=\"10c7a5a\" data-element_type=\"widget\" data-e-type=\"widget\" data-widget_type=\"image.default\">\n\t\t\t\t\t\t\t\t\t\t\t\t\t\t\t<img loading=\"lazy\" decoding=\"async\" width=\"280\" height=\"255\" src=\"https:\/\/lessinguliers.fr\/wp-content\/uploads\/2025\/08\/swan-5.jpg\" class=\"attachment-large size-large wp-image-913\" alt=\"\" \/>\t\t\t\t\t\t\t\t\t\t\t\t\t\t\t<\/div>\n\t\t\t\t\t<\/div>\n\t\t<\/div>\n\t\t\t\t\t<\/div>\n\t\t<\/section>\n\t\t\t\t<section class=\"elementor-section elementor-inner-section elementor-element elementor-element-d782854 elementor-section-content-middle elementor-reverse-mobile elementor-section-full_width elementor-section-height-default elementor-section-height-default\" data-id=\"d782854\" data-element_type=\"section\" data-e-type=\"section\" data-settings=\"{&quot;background_background&quot;:&quot;classic&quot;}\">\n\t\t\t\t\t\t<div class=\"elementor-container elementor-column-gap-no\">\n\t\t\t\t\t<div class=\"elementor-column elementor-col-50 elementor-inner-column elementor-element elementor-element-9ff05fc\" data-id=\"9ff05fc\" data-element_type=\"column\" data-e-type=\"column\" data-settings=\"{&quot;background_background&quot;:&quot;classic&quot;}\">\n\t\t\t<div class=\"elementor-widget-wrap elementor-element-populated\">\n\t\t\t\t\t<div class=\"elementor-background-overlay\"><\/div>\n\t\t\t\t\t\t<div class=\"elementor-element elementor-element-68a9fd1 elementor-widget elementor-widget-video\" data-id=\"68a9fd1\" data-element_type=\"widget\" data-e-type=\"widget\" data-settings=\"{&quot;youtube_url&quot;:&quot;https:\\\/\\\/www.youtube.com\\\/watch?v=-RvnxYL0ngM&amp;ab_channel=LesSinguliers&quot;,&quot;video_type&quot;:&quot;youtube&quot;,&quot;controls&quot;:&quot;yes&quot;}\" data-widget_type=\"video.default\">\n\t\t\t\t\t\t\t<div class=\"elementor-wrapper elementor-open-inline\">\n\t\t\t<div class=\"elementor-video\"><\/div>\t\t<\/div>\n\t\t\t\t\t\t<\/div>\n\t\t\t\t\t<\/div>\n\t\t<\/div>\n\t\t\t\t<div class=\"elementor-column elementor-col-50 elementor-inner-column elementor-element elementor-element-a7b4c5f\" data-id=\"a7b4c5f\" data-element_type=\"column\" data-e-type=\"column\" data-settings=\"{&quot;background_background&quot;:&quot;classic&quot;}\">\n\t\t\t<div class=\"elementor-widget-wrap elementor-element-populated\">\n\t\t\t\t\t\t<div class=\"elementor-element elementor-element-d322752 elementor-widget elementor-widget-heading\" data-id=\"d322752\" data-element_type=\"widget\" data-e-type=\"widget\" data-widget_type=\"heading.default\">\n\t\t\t\t\t<h2 class=\"elementor-heading-title elementor-size-small\"><a href=\"#\">Paroles de Baobab, d\u00e8s 6 ans<\/a><\/h2>\t\t\t\t<\/div>\n\t\t\t\t<div class=\"elementor-element elementor-element-275da12 elementor-widget elementor-widget-text-editor\" data-id=\"275da12\" data-element_type=\"widget\" data-e-type=\"widget\" data-widget_type=\"text-editor.default\">\n\t\t\t\t\t\t\t\t\t<p>Un floril\u00e8ge de contes du village et de la for\u00eat<\/p><p>Pourquoi y a-t-il des hommes noirs et des hommes blancs\u00a0?<br \/>Une histoire qui explique la belle naissance des couleurs.<br \/>\u00a0<br \/>Dans le conte Tortue-M\u00e2le, le Roi donnera sa fille \u00e0 Tortue-M\u00e2le qui, par la ruse, sortira vainqueur de l\u2019\u00e9preuve impos\u00e9e.<\/p><p>Le Ballon rond, conte merveilleux et initiatique, entra\u00eene un petit gar\u00e7on sur le chemin du pays des morts. Guid\u00e9 par la voix de sa grand-m\u00e8re, il est confront\u00e9 \u00e0 plusieurs \u00e9preuves\u2026<\/p><p>Un moment convivial o\u00f9 le conteur et le public font marcher le r\u00e9cit, ensemble. Le public est sollicit\u00e9, r\u00e9pond aux formules et chante, \u00ab\u00a0comme au village\u00a0\u00bb.<\/p><p>\u2013\u00a0Conte et musique (arc musical et percussions)\u00a0: R\u00e9my Boussengui<br \/>\u2013\u00a0Dur\u00e9e\u00a0: 1h15<\/p>\t\t\t\t\t\t\t\t<\/div>\n\t\t\t\t\t<\/div>\n\t\t<\/div>\n\t\t\t\t\t<\/div>\n\t\t<\/section>\n\t\t\t\t<section class=\"elementor-section elementor-inner-section elementor-element elementor-element-ed2425d elementor-section-content-middle elementor-reverse-mobile elementor-section-full_width elementor-section-height-default elementor-section-height-default\" data-id=\"ed2425d\" data-element_type=\"section\" data-e-type=\"section\" data-settings=\"{&quot;background_background&quot;:&quot;classic&quot;}\">\n\t\t\t\t\t\t<div class=\"elementor-container elementor-column-gap-no\">\n\t\t\t\t\t<div class=\"elementor-column elementor-col-50 elementor-inner-column elementor-element elementor-element-3281e8f\" data-id=\"3281e8f\" data-element_type=\"column\" data-e-type=\"column\" data-settings=\"{&quot;background_background&quot;:&quot;classic&quot;}\">\n\t\t\t<div class=\"elementor-widget-wrap elementor-element-populated\">\n\t\t\t\t\t\t<div class=\"elementor-element elementor-element-334d689 elementor-widget elementor-widget-heading\" data-id=\"334d689\" data-element_type=\"widget\" data-e-type=\"widget\" data-widget_type=\"heading.default\">\n\t\t\t\t\t<h2 class=\"elementor-heading-title elementor-size-small\"><a href=\"#\">Le Cheval \u00e9toile, d\u00e8s 6 ans<\/a><\/h2>\t\t\t\t<\/div>\n\t\t\t\t<div class=\"elementor-element elementor-element-7d34d9a elementor-widget elementor-widget-text-editor\" data-id=\"7d34d9a\" data-element_type=\"widget\" data-e-type=\"widget\" data-widget_type=\"text-editor.default\">\n\t\t\t\t\t\t\t\t\t<p>La Conteuse Swan Blach\u00e8re et son complice vibraphoniste Eric Navet proposent un spectacle musical en forme de voyage, autour des contes venus d\u2019Asie.<br \/>Sans artifices, nich\u00e9 dans le d\u00e9cor chaleureux d\u2019une \u00e9tonnante installation de percussions et d\u2019instruments traditionnels, le duo nous invite dans un ailleurs propice au r\u00eave. Une bougie, une tasse de th\u00e9, un parfum de bois de c\u00e8dre et le voyage commence ! Il nous entra\u00eenera dans les steppes du Kazakhstan, pour d\u00e9couvrir comment l\u2019\u00e9toile polaire est arriv\u00e9e dans le ciel ; en Inde, o\u00f9 deux rois maladroits se font la guerre ; au Japon, pour un petit conte zen ; en Chine, o\u00f9 une vieille femme malicieuse affronte un tigre.<\/p><p>Ce spectacle familial m\u00eale une voix au son fascinant du vibraphone pour un voyage sonore en forme de r\u00eave \u00e9veill\u00e9.<\/p><p>\u2013 Conte\/Chant : Swan Blach\u00e8re<br \/>\u2013 Vibraphone, percussions : Eric Navet<br \/>\u2013 Dur\u00e9e : 55 min<br \/><span class=\"spip-puce ltr\"><b>\u2013<\/b><\/span> Spectacle en solo ou duo<\/p>\t\t\t\t\t\t\t\t<\/div>\n\t\t\t\t\t<\/div>\n\t\t<\/div>\n\t\t\t\t<div class=\"elementor-column elementor-col-50 elementor-inner-column elementor-element elementor-element-fd4400f\" data-id=\"fd4400f\" data-element_type=\"column\" data-e-type=\"column\" data-settings=\"{&quot;background_background&quot;:&quot;classic&quot;}\">\n\t\t\t<div class=\"elementor-widget-wrap elementor-element-populated\">\n\t\t\t\t\t<div class=\"elementor-background-overlay\"><\/div>\n\t\t\t\t\t\t<div class=\"elementor-element elementor-element-ab88c9a elementor-widget elementor-widget-video\" data-id=\"ab88c9a\" data-element_type=\"widget\" data-e-type=\"widget\" data-settings=\"{&quot;youtube_url&quot;:&quot;https:\\\/\\\/www.youtube.com\\\/watch?v=sJDT1KtGFVE&quot;,&quot;video_type&quot;:&quot;youtube&quot;,&quot;controls&quot;:&quot;yes&quot;}\" data-widget_type=\"video.default\">\n\t\t\t\t\t\t\t<div class=\"elementor-wrapper elementor-open-inline\">\n\t\t\t<div class=\"elementor-video\"><\/div>\t\t<\/div>\n\t\t\t\t\t\t<\/div>\n\t\t\t\t\t<\/div>\n\t\t<\/div>\n\t\t\t\t\t<\/div>\n\t\t<\/section>\n\t\t\t\t<section class=\"elementor-section elementor-inner-section elementor-element elementor-element-2771217 elementor-section-content-middle elementor-reverse-mobile elementor-section-full_width elementor-section-height-default elementor-section-height-default\" data-id=\"2771217\" data-element_type=\"section\" data-e-type=\"section\" data-settings=\"{&quot;background_background&quot;:&quot;classic&quot;}\">\n\t\t\t\t\t\t<div class=\"elementor-container elementor-column-gap-no\">\n\t\t\t\t\t<div class=\"elementor-column elementor-col-50 elementor-inner-column elementor-element elementor-element-932ba5e\" data-id=\"932ba5e\" data-element_type=\"column\" data-e-type=\"column\" data-settings=\"{&quot;background_background&quot;:&quot;classic&quot;}\">\n\t\t\t<div class=\"elementor-widget-wrap elementor-element-populated\">\n\t\t\t\t\t<div class=\"elementor-background-overlay\"><\/div>\n\t\t\t\t\t\t<div class=\"elementor-element elementor-element-a5f3fc2 elementor-widget elementor-widget-image\" data-id=\"a5f3fc2\" data-element_type=\"widget\" data-e-type=\"widget\" data-widget_type=\"image.default\">\n\t\t\t\t\t\t\t\t\t\t\t\t\t\t\t<img loading=\"lazy\" decoding=\"async\" width=\"280\" height=\"249\" src=\"https:\/\/lessinguliers.fr\/wp-content\/uploads\/2025\/08\/acd-3.jpg\" class=\"attachment-large size-large wp-image-1151\" alt=\"\" \/>\t\t\t\t\t\t\t\t\t\t\t\t\t\t\t<\/div>\n\t\t\t\t\t<\/div>\n\t\t<\/div>\n\t\t\t\t<div class=\"elementor-column elementor-col-50 elementor-inner-column elementor-element elementor-element-059f165\" data-id=\"059f165\" data-element_type=\"column\" data-e-type=\"column\" data-settings=\"{&quot;background_background&quot;:&quot;classic&quot;}\">\n\t\t\t<div class=\"elementor-widget-wrap elementor-element-populated\">\n\t\t\t\t\t\t<div class=\"elementor-element elementor-element-39afe50 elementor-widget elementor-widget-heading\" data-id=\"39afe50\" data-element_type=\"widget\" data-e-type=\"widget\" data-widget_type=\"heading.default\">\n\t\t\t\t\t<h2 class=\"elementor-heading-title elementor-size-small\"><a href=\"#\">Histoires de plantes, d\u00e8s 6 ans<\/a><\/h2>\t\t\t\t<\/div>\n\t\t\t\t<div class=\"elementor-element elementor-element-86685e1 elementor-widget elementor-widget-text-editor\" data-id=\"86685e1\" data-element_type=\"widget\" data-e-type=\"widget\" data-widget_type=\"text-editor.default\">\n\t\t\t\t\t\t\t\t\t<p>Balade cont\u00e9e version \u00e9t\u00e9<\/p><p>Par le biais de son autre m\u00e9tier d\u2019accompagnatrice en montagne, Anne-Claire Dromz\u00e9e vous propose une balade cont\u00e9e pour d\u00e9couvrir et reconna\u00eetre les plantes qui nous entourent.<br \/>\u00ab\u00a0J\u2019ai vu une herbe folle. Quand j\u2019ai su son nom. Je l\u2019ai trouv\u00e9e plus belle.\u00a0\u00bb Hubert REEVES<br \/>C\u2019est une approche ludique pour d\u00e9couvrir, reconna\u00eetre et m\u00e9moriser les esp\u00e8ces v\u00e9g\u00e9tales qui nous entourent. Une histoire est plus marquante, plus dr\u00f4le, plus l\u00e9g\u00e8re qu\u2019un nom de plante.<\/p><p>\u2013 Conte et Percussion : Anne-Claire Dromz\u00e9e<br \/>\u2013 Dur\u00e9e minimum 2h30 (1h de balade, 1h de conte et 30min d\u2019\u00e9change)<\/p>\t\t\t\t\t\t\t\t<\/div>\n\t\t\t\t\t<\/div>\n\t\t<\/div>\n\t\t\t\t\t<\/div>\n\t\t<\/section>\n\t\t\t\t<section class=\"elementor-section elementor-inner-section elementor-element elementor-element-c18062f elementor-section-content-middle elementor-reverse-mobile elementor-section-full_width elementor-section-height-default elementor-section-height-default\" data-id=\"c18062f\" data-element_type=\"section\" data-e-type=\"section\" data-settings=\"{&quot;background_background&quot;:&quot;classic&quot;}\">\n\t\t\t\t\t\t<div class=\"elementor-container elementor-column-gap-no\">\n\t\t\t\t\t<div class=\"elementor-column elementor-col-50 elementor-inner-column elementor-element elementor-element-2f92b41\" data-id=\"2f92b41\" data-element_type=\"column\" data-e-type=\"column\" data-settings=\"{&quot;background_background&quot;:&quot;classic&quot;}\">\n\t\t\t<div class=\"elementor-widget-wrap elementor-element-populated\">\n\t\t\t\t\t\t<div class=\"elementor-element elementor-element-f046c4f elementor-widget elementor-widget-heading\" data-id=\"f046c4f\" data-element_type=\"widget\" data-e-type=\"widget\" data-widget_type=\"heading.default\">\n\t\t\t\t\t<h2 class=\"elementor-heading-title elementor-size-small\"><a href=\"#\">Les jardins de l'Alma, d\u00e8s 6 ans<\/a><\/h2>\t\t\t\t<\/div>\n\t\t\t\t<div class=\"elementor-element elementor-element-b5f9be0 elementor-widget elementor-widget-text-editor\" data-id=\"b5f9be0\" data-element_type=\"widget\" data-e-type=\"widget\" data-widget_type=\"text-editor.default\">\n\t\t\t\t\t\t\t\t\t<p>Les jardiniers sont assez vieux pour conna\u00eetre tous les secrets des plantes et des hommes. Moi, je les ai rencontr\u00e9 ! Au d\u00e9but, ils ne voulaient rien me dire.<br \/>Alors, on restait l\u00e0, \u00e0 regarder pousser les haricots. Puis, ils ont commenc\u00e9 \u00e0 raconter l\u2019histoire du jardin, puis celle d\u2019une princesse aubergine, d\u2019un figuier ou encore de la fraise ou bien du basilic\u2026<br \/>Bref, \u00e7a ne s\u2019arr\u00eatait plus.<\/p><p>Ce tour de conte est \u00e0 l\u2019image de ces jardiniers, g\u00e9n\u00e9reux et sauvages !<br \/>On ne sait jamais quelles sont les histoires qui vont sortir ni dans quel ordre ! Et c\u2019est tant mieux !<\/p><p>\u2013 Conte : Elodie Mora<br \/>\u2013 Dur\u00e9e : 45 min<\/p>\t\t\t\t\t\t\t\t<\/div>\n\t\t\t\t\t<\/div>\n\t\t<\/div>\n\t\t\t\t<div class=\"elementor-column elementor-col-50 elementor-inner-column elementor-element elementor-element-dcdf1c7\" data-id=\"dcdf1c7\" data-element_type=\"column\" data-e-type=\"column\" data-settings=\"{&quot;background_background&quot;:&quot;classic&quot;}\">\n\t\t\t<div class=\"elementor-widget-wrap elementor-element-populated\">\n\t\t\t\t\t<div class=\"elementor-background-overlay\"><\/div>\n\t\t\t\t\t\t<div class=\"elementor-element elementor-element-2803bfc elementor-widget elementor-widget-image\" data-id=\"2803bfc\" data-element_type=\"widget\" data-e-type=\"widget\" data-widget_type=\"image.default\">\n\t\t\t\t\t\t\t\t\t\t\t\t\t\t\t<img loading=\"lazy\" decoding=\"async\" width=\"280\" height=\"233\" src=\"https:\/\/lessinguliers.fr\/wp-content\/uploads\/2025\/08\/mora2.jpg\" class=\"attachment-large size-large wp-image-1251\" alt=\"\" \/>\t\t\t\t\t\t\t\t\t\t\t\t\t\t\t<\/div>\n\t\t\t\t\t<\/div>\n\t\t<\/div>\n\t\t\t\t\t<\/div>\n\t\t<\/section>\n\t\t\t\t<section class=\"elementor-section elementor-inner-section elementor-element elementor-element-803e344 elementor-section-content-middle elementor-reverse-mobile elementor-section-full_width elementor-section-height-default elementor-section-height-default\" data-id=\"803e344\" data-element_type=\"section\" data-e-type=\"section\" data-settings=\"{&quot;background_background&quot;:&quot;classic&quot;}\">\n\t\t\t\t\t\t<div class=\"elementor-container elementor-column-gap-no\">\n\t\t\t\t\t<div class=\"elementor-column elementor-col-50 elementor-inner-column elementor-element elementor-element-704a57f\" data-id=\"704a57f\" data-element_type=\"column\" data-e-type=\"column\" data-settings=\"{&quot;background_background&quot;:&quot;classic&quot;}\">\n\t\t\t<div class=\"elementor-widget-wrap elementor-element-populated\">\n\t\t\t\t\t<div class=\"elementor-background-overlay\"><\/div>\n\t\t\t\t\t\t<div class=\"elementor-element elementor-element-ebca2e2 elementor-widget elementor-widget-image\" data-id=\"ebca2e2\" data-element_type=\"widget\" data-e-type=\"widget\" data-widget_type=\"image.default\">\n\t\t\t\t\t\t\t\t\t\t\t\t\t\t\t<img loading=\"lazy\" decoding=\"async\" width=\"500\" height=\"506\" src=\"https:\/\/lessinguliers.fr\/wp-content\/uploads\/2026\/02\/lumieres-de-lhiver-1.jpg\" class=\"attachment-large size-large wp-image-4236\" alt=\"\" srcset=\"https:\/\/lessinguliers.fr\/wp-content\/uploads\/2026\/02\/lumieres-de-lhiver-1.jpg 500w, https:\/\/lessinguliers.fr\/wp-content\/uploads\/2026\/02\/lumieres-de-lhiver-1-296x300.jpg 296w\" sizes=\"(max-width: 500px) 100vw, 500px\" \/>\t\t\t\t\t\t\t\t\t\t\t\t\t\t\t<\/div>\n\t\t\t\t\t<\/div>\n\t\t<\/div>\n\t\t\t\t<div class=\"elementor-column elementor-col-50 elementor-inner-column elementor-element elementor-element-737270a\" data-id=\"737270a\" data-element_type=\"column\" data-e-type=\"column\" data-settings=\"{&quot;background_background&quot;:&quot;classic&quot;}\">\n\t\t\t<div class=\"elementor-widget-wrap elementor-element-populated\">\n\t\t\t\t\t\t<div class=\"elementor-element elementor-element-18b34a1 elementor-widget elementor-widget-heading\" data-id=\"18b34a1\" data-element_type=\"widget\" data-e-type=\"widget\" data-widget_type=\"heading.default\">\n\t\t\t\t\t<h2 class=\"elementor-heading-title elementor-size-small\"><a href=\"#\">Contes aux lumi\u00e8res de l\u2019hiver, d\u00e8s 6 ans<\/a><\/h2>\t\t\t\t<\/div>\n\t\t\t\t<div class=\"elementor-element elementor-element-1dd0fda elementor-widget elementor-widget-text-editor\" data-id=\"1dd0fda\" data-element_type=\"widget\" data-e-type=\"widget\" data-widget_type=\"text-editor.default\">\n\t\t\t\t\t\t\t\t\t<p>Hiver. La nature se tait, la lumi\u00e8re change sur la terre, les b\u00eates reprennent des forces.\u2028<br \/>C\u2019est un beau temps pour les r\u00e9cits&#8230;<br \/>Voici, dans la simplicit\u00e9, des contes qui viennent se poser, comme de grands oiseaux voyageurs sur un coin nos c\u0153urs.<\/p><p>Cet \u00e9ventail de contes se veut porteur d\u2019une travers\u00e9e po\u00e9tique, myst\u00e9rieuse, parfois malicieuse, de la grande nature en hiver.<br \/>La f\u00eate ancestrale de No\u00ebl est pr\u00e9sente, dans le conte des Trolls, mais c\u2019est surtout la force de la nature qui se d\u00e9ploie, au travers des r\u00e9cits et du chant.<\/p><p>Ces histoires anciennes, \u00e9tonnantes, o\u00f9 hommes et b\u00eates sont des acteurs intemporels, apportent joies et questionnements.<\/p><p>Un temps d\u2019\u00e9change, suivi d\u2019atelier d\u2019\u00e9criture ou d\u2019arts plastique peut suivre la racont\u00e9e, car les images fortes et lumineuses g\u00e9n\u00e8rent bien des r\u00e9flexions chez les enfants.<\/p><p>\u2013 Conte : Anne Leviel<br \/>\u2013 Dur\u00e9e : 1h<\/p>\t\t\t\t\t\t\t\t<\/div>\n\t\t\t\t\t<\/div>\n\t\t<\/div>\n\t\t\t\t\t<\/div>\n\t\t<\/section>\n\t\t\t\t<section class=\"elementor-section elementor-inner-section elementor-element elementor-element-32eb3a9 elementor-section-content-middle elementor-reverse-mobile elementor-section-full_width elementor-section-height-default elementor-section-height-default\" data-id=\"32eb3a9\" data-element_type=\"section\" data-e-type=\"section\" data-settings=\"{&quot;background_background&quot;:&quot;classic&quot;}\">\n\t\t\t\t\t\t<div class=\"elementor-container elementor-column-gap-no\">\n\t\t\t\t\t<div class=\"elementor-column elementor-col-50 elementor-inner-column elementor-element elementor-element-e8dad92\" data-id=\"e8dad92\" data-element_type=\"column\" data-e-type=\"column\" data-settings=\"{&quot;background_background&quot;:&quot;classic&quot;}\">\n\t\t\t<div class=\"elementor-widget-wrap elementor-element-populated\">\n\t\t\t\t\t\t<div class=\"elementor-element elementor-element-803e472 elementor-widget elementor-widget-heading\" data-id=\"803e472\" data-element_type=\"widget\" data-e-type=\"widget\" data-widget_type=\"heading.default\">\n\t\t\t\t\t<h2 class=\"elementor-heading-title elementor-size-small\"><a href=\"#\">Le monde est dans mon sac, d\u00e8s 6 ans<\/a><\/h2>\t\t\t\t<\/div>\n\t\t\t\t<div class=\"elementor-element elementor-element-2bf1bb6 elementor-widget elementor-widget-text-editor\" data-id=\"2bf1bb6\" data-element_type=\"widget\" data-e-type=\"widget\" data-widget_type=\"text-editor.default\">\n\t\t\t\t\t\t\t\t\t<p>Spectacle \u00e0 deux voix, entre conte et chanson.<\/p><p>En chaussant les r\u00e9cits des peuples, Anne et Ben partagent un message pr\u00e9cieux : le monde peut \u00eatre joyeux et lumineux\u2028.<br \/>Ce spectacle \u00e0 deux voix, panach\u00e9 de contes traditionnels et de chansons originales, f\u00eate l\u2019amiti\u00e9, le respect et la g\u00e9n\u00e9rosit\u00e9.<br \/>Humains et animaux font route ensemble ; ils se parlent, rient et r\u00eavent !<br \/>Refrains, fac\u00e9ties, merveilles, sortent du sac, dans un bel \u00e9ventail..<br \/>Pr\u00eats pour le voyage ? Embarquez !<\/p><p>\u2013 Conte et chant : Anne Leviel<br \/>\u2013 Conte, Chant et Musique (Guitare, Percussions, Accord\u00e9on) : Benoit Brunhes<br \/>\u2013 Dur\u00e9e : 1h, 1h15<\/p>\t\t\t\t\t\t\t\t<\/div>\n\t\t\t\t\t<\/div>\n\t\t<\/div>\n\t\t\t\t<div class=\"elementor-column elementor-col-50 elementor-inner-column elementor-element elementor-element-392e63f\" data-id=\"392e63f\" data-element_type=\"column\" data-e-type=\"column\" data-settings=\"{&quot;background_background&quot;:&quot;classic&quot;}\">\n\t\t\t<div class=\"elementor-widget-wrap elementor-element-populated\">\n\t\t\t\t\t<div class=\"elementor-background-overlay\"><\/div>\n\t\t\t\t\t\t<div class=\"elementor-element elementor-element-b73caf6 elementor-widget elementor-widget-image\" data-id=\"b73caf6\" data-element_type=\"widget\" data-e-type=\"widget\" data-widget_type=\"image.default\">\n\t\t\t\t\t\t\t\t\t\t\t\t\t\t\t<img loading=\"lazy\" decoding=\"async\" width=\"350\" height=\"268\" src=\"https:\/\/lessinguliers.fr\/wp-content\/uploads\/2025\/08\/Leviel-Brunhes-CreditPhoto-JM-Faucillon-1.jpg\" class=\"attachment-large size-large wp-image-2159\" alt=\"\" srcset=\"https:\/\/lessinguliers.fr\/wp-content\/uploads\/2025\/08\/Leviel-Brunhes-CreditPhoto-JM-Faucillon-1.jpg 350w, https:\/\/lessinguliers.fr\/wp-content\/uploads\/2025\/08\/Leviel-Brunhes-CreditPhoto-JM-Faucillon-1-300x230.jpg 300w\" sizes=\"(max-width: 350px) 100vw, 350px\" \/>\t\t\t\t\t\t\t\t\t\t\t\t\t\t\t<\/div>\n\t\t\t\t<div class=\"elementor-element elementor-element-f7b680e elementor-widget elementor-widget-html\" data-id=\"f7b680e\" data-element_type=\"widget\" data-e-type=\"widget\" data-widget_type=\"html.default\">\n\t\t\t\t\t<iframe width=\"100%\" height=\"166\" scrolling=\"no\" frameborder=\"no\" allow=\"autoplay\" src=\"https:\/\/w.soundcloud.com\/player\/?url=https%3A\/\/api.soundcloud.com\/tracks\/2080920405&color=%23ff5500&auto_play=false&hide_related=false&show_comments=true&show_user=true&show_reposts=false&show_teaser=true\"><\/iframe><div style=\"font-size: 10px; color: #cccccc;line-break: anywhere;word-break: normal;overflow: hidden;white-space: nowrap;text-overflow: ellipsis; font-family: Interstate,Lucida Grande,Lucida Sans Unicode,Lucida Sans,Garuda,Verdana,Tahoma,sans-serif;font-weight: 100;\"><a href=\"https:\/\/soundcloud.com\/les-singuliers\" title=\"Les Singuliers\" target=\"_blank\" style=\"color: #cccccc; text-decoration: none;\">Les Singuliers<\/a> \u00b7 <a href=\"https:\/\/soundcloud.com\/les-singuliers\/490dbfd1-e1d9-4155-8cfc-b4b18d25d0db\" title=\"Extrait de &quot;Le monde est dans mon sac&quot;\" target=\"_blank\" style=\"color: #cccccc; text-decoration: none;\">Extrait de &quot;Le monde est dans mon sac&quot;<\/a><\/div>\t\t\t\t<\/div>\n\t\t\t\t\t<\/div>\n\t\t<\/div>\n\t\t\t\t\t<\/div>\n\t\t<\/section>\n\t\t\t\t<section class=\"elementor-section elementor-inner-section elementor-element elementor-element-f918bfd elementor-section-content-middle elementor-reverse-mobile elementor-section-full_width elementor-section-height-default elementor-section-height-default\" data-id=\"f918bfd\" data-element_type=\"section\" data-e-type=\"section\" data-settings=\"{&quot;background_background&quot;:&quot;classic&quot;}\">\n\t\t\t\t\t\t<div class=\"elementor-container elementor-column-gap-no\">\n\t\t\t\t\t<div class=\"elementor-column elementor-col-50 elementor-inner-column elementor-element elementor-element-6e68ed5\" data-id=\"6e68ed5\" data-element_type=\"column\" data-e-type=\"column\" data-settings=\"{&quot;background_background&quot;:&quot;classic&quot;}\">\n\t\t\t<div class=\"elementor-widget-wrap elementor-element-populated\">\n\t\t\t\t\t<div class=\"elementor-background-overlay\"><\/div>\n\t\t\t\t\t\t<div class=\"elementor-element elementor-element-72f85e8 elementor-widget elementor-widget-image\" data-id=\"72f85e8\" data-element_type=\"widget\" data-e-type=\"widget\" data-widget_type=\"image.default\">\n\t\t\t\t\t\t\t\t\t\t\t\t\t\t\t<img loading=\"lazy\" decoding=\"async\" width=\"280\" height=\"237\" src=\"https:\/\/lessinguliers.fr\/wp-content\/uploads\/2025\/08\/mora3.jpg\" class=\"attachment-large size-large wp-image-1247\" alt=\"\" \/>\t\t\t\t\t\t\t\t\t\t\t\t\t\t\t<\/div>\n\t\t\t\t\t<\/div>\n\t\t<\/div>\n\t\t\t\t<div class=\"elementor-column elementor-col-50 elementor-inner-column elementor-element elementor-element-ba1dce0\" data-id=\"ba1dce0\" data-element_type=\"column\" data-e-type=\"column\" data-settings=\"{&quot;background_background&quot;:&quot;classic&quot;}\">\n\t\t\t<div class=\"elementor-widget-wrap elementor-element-populated\">\n\t\t\t\t\t\t<div class=\"elementor-element elementor-element-1065a56 elementor-widget elementor-widget-heading\" data-id=\"1065a56\" data-element_type=\"widget\" data-e-type=\"widget\" data-widget_type=\"heading.default\">\n\t\t\t\t\t<h2 class=\"elementor-heading-title elementor-size-small\"><a href=\"#\">Mythologie des arbres, d\u00e8s 7 ans<\/a><\/h2>\t\t\t\t<\/div>\n\t\t\t\t<div class=\"elementor-element elementor-element-7320e4d elementor-widget elementor-widget-text-editor\" data-id=\"7320e4d\" data-element_type=\"widget\" data-e-type=\"widget\" data-widget_type=\"text-editor.default\">\n\t\t\t\t\t\t\t\t\t<p>D\u2019o\u00f9 viennent les arbres ? Pourquoi les bouleaux ont-ils l\u2019\u00e9corce stri\u00e9e ? Quel est le secret cach\u00e9 au fond des roseaux ? Quelle est l\u2019histoire du ch\u00eane ou celle du figuier ? Ou encore celle de l\u2019amandier et des arbres sacr\u00e9s ? Chaque essence a une histoire.<br \/>Connaitre l\u2019histoire, c\u2019est conna\u00eetre un peu mieux l\u2019arbre et d\u2019une certaine mani\u00e8re, le rencontrer. Vous ne pourrez plus passer \u00e0 c\u00f4t\u00e9 sans les saluer.<\/p><p>\u2013 Conte : Elodie Mora<br \/>\u2013 Dur\u00e9e : 40 min<\/p>\t\t\t\t\t\t\t\t<\/div>\n\t\t\t\t\t<\/div>\n\t\t<\/div>\n\t\t\t\t\t<\/div>\n\t\t<\/section>\n\t\t\t\t<section class=\"elementor-section elementor-inner-section elementor-element elementor-element-ab678a6 elementor-section-content-middle elementor-reverse-mobile elementor-section-full_width elementor-section-height-default elementor-section-height-default\" data-id=\"ab678a6\" data-element_type=\"section\" data-e-type=\"section\" data-settings=\"{&quot;background_background&quot;:&quot;classic&quot;}\">\n\t\t\t\t\t\t<div class=\"elementor-container elementor-column-gap-no\">\n\t\t\t\t\t<div class=\"elementor-column elementor-col-50 elementor-inner-column elementor-element elementor-element-c8bd899\" data-id=\"c8bd899\" data-element_type=\"column\" data-e-type=\"column\" data-settings=\"{&quot;background_background&quot;:&quot;classic&quot;}\">\n\t\t\t<div class=\"elementor-widget-wrap elementor-element-populated\">\n\t\t\t\t\t\t<div class=\"elementor-element elementor-element-6bfbf27 elementor-widget elementor-widget-heading\" data-id=\"6bfbf27\" data-element_type=\"widget\" data-e-type=\"widget\" data-widget_type=\"heading.default\">\n\t\t\t\t\t<h2 class=\"elementor-heading-title elementor-size-small\"><a href=\"#\">Un peu de vent dans les plumes, d\u00e8s 7 ans<\/a><\/h2>\t\t\t\t<\/div>\n\t\t\t\t<div class=\"elementor-element elementor-element-7c0ed12 elementor-widget elementor-widget-text-editor\" data-id=\"7c0ed12\" data-element_type=\"widget\" data-e-type=\"widget\" data-widget_type=\"text-editor.default\">\n\t\t\t\t\t\t\t\t\t<p>Un peu de vent dans les plumes est un conte musical autour des oiseaux, un spectacle doux, po\u00e9tique et a\u00e9rien.<br \/>On aime les oiseaux pour leurs chants \u00e0 l\u2019aube ou au cr\u00e9puscule, leur gr\u00e2ce et aussi la fulgurance de leurs vols. En y regardant de plus pr\u00e8s, ils nous donnent \u00e0 r\u00e9fl\u00e9chir sur nous-m\u00eames.<br \/>Anne-Claire Dromz\u00e9e, conteuse s\u2019accompagne de deux instruments (une kalimba et un tambour).<br \/>Elle propose un voyage de plumes et de bruissements d\u2019ailes.<br \/>Un envol musical.<\/p><p>\u2013 Conte et Percussion : Anne-Claire Dromz\u00e9e<br \/>\u2013 Version possible avec musicien -&gt; Guitare : Jean-Benoit Blandin<br \/>\u2013 Dur\u00e9e : 45min en solo, 1h en duo<\/p>\t\t\t\t\t\t\t\t<\/div>\n\t\t\t\t\t<\/div>\n\t\t<\/div>\n\t\t\t\t<div class=\"elementor-column elementor-col-50 elementor-inner-column elementor-element elementor-element-d97fbdc\" data-id=\"d97fbdc\" data-element_type=\"column\" data-e-type=\"column\" data-settings=\"{&quot;background_background&quot;:&quot;classic&quot;}\">\n\t\t\t<div class=\"elementor-widget-wrap elementor-element-populated\">\n\t\t\t\t\t<div class=\"elementor-background-overlay\"><\/div>\n\t\t\t\t\t\t<div class=\"elementor-element elementor-element-e966d71 elementor-widget elementor-widget-video\" data-id=\"e966d71\" data-element_type=\"widget\" data-e-type=\"widget\" data-settings=\"{&quot;youtube_url&quot;:&quot;https:\\\/\\\/www.youtube.com\\\/watch?v=B9QMQq_-ag0&amp;ab_channel=LesSinguliers&quot;,&quot;video_type&quot;:&quot;youtube&quot;,&quot;controls&quot;:&quot;yes&quot;}\" data-widget_type=\"video.default\">\n\t\t\t\t\t\t\t<div class=\"elementor-wrapper elementor-open-inline\">\n\t\t\t<div class=\"elementor-video\"><\/div>\t\t<\/div>\n\t\t\t\t\t\t<\/div>\n\t\t\t\t\t<\/div>\n\t\t<\/div>\n\t\t\t\t\t<\/div>\n\t\t<\/section>\n\t\t\t\t<section class=\"elementor-section elementor-inner-section elementor-element elementor-element-eca68d7 elementor-section-content-middle elementor-reverse-mobile elementor-section-full_width elementor-section-height-default elementor-section-height-default\" data-id=\"eca68d7\" data-element_type=\"section\" data-e-type=\"section\" data-settings=\"{&quot;background_background&quot;:&quot;classic&quot;}\">\n\t\t\t\t\t\t<div class=\"elementor-container elementor-column-gap-no\">\n\t\t\t\t\t<div class=\"elementor-column elementor-col-50 elementor-inner-column elementor-element elementor-element-1ec9a2b\" data-id=\"1ec9a2b\" data-element_type=\"column\" data-e-type=\"column\" data-settings=\"{&quot;background_background&quot;:&quot;classic&quot;}\">\n\t\t\t<div class=\"elementor-widget-wrap elementor-element-populated\">\n\t\t\t\t\t<div class=\"elementor-background-overlay\"><\/div>\n\t\t\t\t\t\t<div class=\"elementor-element elementor-element-f877574 elementor-widget elementor-widget-image\" data-id=\"f877574\" data-element_type=\"widget\" data-e-type=\"widget\" data-widget_type=\"image.default\">\n\t\t\t\t\t\t\t\t\t\t\t\t\t\t\t<img loading=\"lazy\" decoding=\"async\" width=\"279\" height=\"255\" src=\"https:\/\/lessinguliers.fr\/wp-content\/uploads\/2025\/08\/sire-3.jpg\" class=\"attachment-large size-large wp-image-899\" alt=\"\" \/>\t\t\t\t\t\t\t\t\t\t\t\t\t\t\t<\/div>\n\t\t\t\t<div class=\"elementor-element elementor-element-6f24c9a elementor-widget elementor-widget-html\" data-id=\"6f24c9a\" data-element_type=\"widget\" data-e-type=\"widget\" data-widget_type=\"html.default\">\n\t\t\t\t\t<iframe width=\"100%\" height=\"166\" scrolling=\"no\" frameborder=\"no\" allow=\"autoplay\" src=\"https:\/\/w.soundcloud.com\/player\/?url=https%3A\/\/api.soundcloud.com\/tracks\/623606250&color=%23ff5500&auto_play=false&hide_related=false&show_comments=true&show_user=true&show_reposts=false&show_teaser=true\"><\/iframe><div style=\"font-size: 10px; color: #cccccc;line-break: anywhere;word-break: normal;overflow: hidden;white-space: nowrap;text-overflow: ellipsis; font-family: Interstate,Lucida Grande,Lucida Sans Unicode,Lucida Sans,Garuda,Verdana,Tahoma,sans-serif;font-weight: 100;\"><a href=\"https:\/\/soundcloud.com\/les-singuliers\" title=\"Les Singuliers\" target=\"_blank\" style=\"color: #cccccc; text-decoration: none;\">Les Singuliers<\/a> \u00b7 <a href=\"https:\/\/soundcloud.com\/les-singuliers\/extrait-audio-de-le-fils-du-roi-dirlande-caroline-sire\" title=\"Extrait audio - The Hunt - Caroline Sire\" target=\"_blank\" style=\"color: #cccccc; text-decoration: none;\">Extrait audio - The Hunt - Caroline Sire<\/a><\/div>\t\t\t\t<\/div>\n\t\t\t\t\t<\/div>\n\t\t<\/div>\n\t\t\t\t<div class=\"elementor-column elementor-col-50 elementor-inner-column elementor-element elementor-element-d983ffc\" data-id=\"d983ffc\" data-element_type=\"column\" data-e-type=\"column\" data-settings=\"{&quot;background_background&quot;:&quot;classic&quot;}\">\n\t\t\t<div class=\"elementor-widget-wrap elementor-element-populated\">\n\t\t\t\t\t\t<div class=\"elementor-element elementor-element-a2fccb7 elementor-widget elementor-widget-heading\" data-id=\"a2fccb7\" data-element_type=\"widget\" data-e-type=\"widget\" data-widget_type=\"heading.default\">\n\t\t\t\t\t<h2 class=\"elementor-heading-title elementor-size-small\"><a href=\"#\">Le Fils du Roi d'Irlande, d\u00e8s 7 ans<\/a><\/h2>\t\t\t\t<\/div>\n\t\t\t\t<div class=\"elementor-element elementor-element-a49ec41 elementor-widget elementor-widget-text-editor\" data-id=\"a49ec41\" data-element_type=\"widget\" data-e-type=\"widget\" data-widget_type=\"text-editor.default\">\n\t\t\t\t\t\t\t\t\t<p>Par un beau matin d\u2019hiver, le Fils du roi d\u2019Irlande part : son chien sur ses talons, son faucon sur le poing, montant son bon coursier pour le porter au loin. Un croassement de corbeau au-dessus de sa t\u00eate&#8230; Soudain, il voit appara\u00eetre devant lui un visage enchanteur : la fille de son r\u00eave !<\/p><p>Aussit\u00f4t, il part \u00e0 sa recherche.<br \/>Un compagnon myst\u00e9rieux, trois fr\u00e8res g\u00e9ants, trois objets magiques aideront le jeune homme \u00e0 triompher des forces mal\u00e9fiques.<\/p><p>\u2013 Conte, Chant et Musique (Bodhr\u00e1n et Sanzula) : Caroline Sire<br \/>\u2013 Dur\u00e9e : 50min<br \/>\u2013 Spectacle disponible en version anglaise<\/p>\t\t\t\t\t\t\t\t<\/div>\n\t\t\t\t\t<\/div>\n\t\t<\/div>\n\t\t\t\t\t<\/div>\n\t\t<\/section>\n\t\t\t\t<section class=\"elementor-section elementor-inner-section elementor-element elementor-element-cccc8fc elementor-section-content-middle elementor-reverse-mobile elementor-section-full_width elementor-section-height-default elementor-section-height-default\" data-id=\"cccc8fc\" data-element_type=\"section\" data-e-type=\"section\" data-settings=\"{&quot;background_background&quot;:&quot;classic&quot;}\">\n\t\t\t\t\t\t<div class=\"elementor-container elementor-column-gap-no\">\n\t\t\t\t\t<div class=\"elementor-column elementor-col-50 elementor-inner-column elementor-element elementor-element-f7045b9\" data-id=\"f7045b9\" data-element_type=\"column\" data-e-type=\"column\" data-settings=\"{&quot;background_background&quot;:&quot;classic&quot;}\">\n\t\t\t<div class=\"elementor-widget-wrap elementor-element-populated\">\n\t\t\t\t\t\t<div class=\"elementor-element elementor-element-39ad5b6 elementor-widget elementor-widget-heading\" data-id=\"39ad5b6\" data-element_type=\"widget\" data-e-type=\"widget\" data-widget_type=\"heading.default\">\n\t\t\t\t\t<h2 class=\"elementor-heading-title elementor-size-small\"><a href=\"#\">Les Fianc\u00e9s de la For\u00eat, d\u00e8s 7 ans<\/a><\/h2>\t\t\t\t<\/div>\n\t\t\t\t<div class=\"elementor-element elementor-element-7481438 elementor-widget elementor-widget-text-editor\" data-id=\"7481438\" data-element_type=\"widget\" data-e-type=\"widget\" data-widget_type=\"text-editor.default\">\n\t\t\t\t\t\t\t\t\t<p>Un spectacle tout public de contes recueillis par R\u00e9my Boussengui<br \/>au cours de veill\u00e9es dans son village du sud du Gabon.<\/p><p>Dinzoune, admir\u00e9e aussi bien par les humains que par les b\u00eates, est d\u2019une beaut\u00e9 exceptionnelle. D\u00e9cid\u00e9e \u00e0 se trouver un mari, elle s\u2019oppose \u00e0 son p\u00e8re et n\u2019en fera qu\u2019\u00e0 sa t\u00eate.<\/p><p>Elle recevra la visite de nombreux pr\u00e9tendants, sans grandes qualit\u00e9s\u00a0: Megningue, se montre gourmand et va jusqu\u2019\u00e0 tuer Dinzoune\u00a0; Koudou, fils des tortues, est impotent\u00a0; Mbilou, fils des oiseaux, est voleur\u00a0; Moubinde, personnage humain, est timide&#8230;<br \/>Arrive Meji\u00e8ne, fils des panth\u00e8res, qui pr\u00e9sente le profil du mari id\u00e9al. Mais il p\u00e9rira en voulant satisfaire un caprice de Dinzoune enceinte qui a une envie soudaine de manger quotidiennement du gibier&#8230;<\/p><p>On peut compter sur R\u00e9my Boussengui et son engagement, sa voix multicolore,<br \/>ses talents de musicien pour nous conduire sur les sentiers de cette nouvelle aventure.<\/p><p>\u2013\u00a0Conte et musique (arc musical et percussions)\u00a0: R\u00e9my Boussengui<br \/>\u2013\u00a0Dur\u00e9e\u00a0: 1h15<\/p>\t\t\t\t\t\t\t\t<\/div>\n\t\t\t\t\t<\/div>\n\t\t<\/div>\n\t\t\t\t<div class=\"elementor-column elementor-col-50 elementor-inner-column elementor-element elementor-element-dfe490c\" data-id=\"dfe490c\" data-element_type=\"column\" data-e-type=\"column\" data-settings=\"{&quot;background_background&quot;:&quot;classic&quot;}\">\n\t\t\t<div class=\"elementor-widget-wrap elementor-element-populated\">\n\t\t\t\t\t<div class=\"elementor-background-overlay\"><\/div>\n\t\t\t\t\t\t<div class=\"elementor-element elementor-element-2640c67 elementor-widget elementor-widget-image\" data-id=\"2640c67\" data-element_type=\"widget\" data-e-type=\"widget\" data-widget_type=\"image.default\">\n\t\t\t\t\t\t\t\t\t\t\t\t\t\t\t<img loading=\"lazy\" decoding=\"async\" width=\"280\" height=\"255\" src=\"https:\/\/lessinguliers.fr\/wp-content\/uploads\/2025\/08\/boussengui-3.jpg\" class=\"attachment-large size-large wp-image-489\" alt=\"\" \/>\t\t\t\t\t\t\t\t\t\t\t\t\t\t\t<\/div>\n\t\t\t\t<div class=\"elementor-element elementor-element-e98331c elementor-widget elementor-widget-html\" data-id=\"e98331c\" data-element_type=\"widget\" data-e-type=\"widget\" data-widget_type=\"html.default\">\n\t\t\t\t\t<iframe width=\"100%\" height=\"166\" scrolling=\"no\" frameborder=\"no\" allow=\"autoplay\" src=\"https:\/\/w.soundcloud.com\/player\/?url=https%3A\/\/api.soundcloud.com\/tracks\/266026244&color=%23ff5500&auto_play=false&hide_related=false&show_comments=true&show_user=true&show_reposts=false&show_teaser=true\"><\/iframe><div style=\"font-size: 10px; color: #cccccc;line-break: anywhere;word-break: normal;overflow: hidden;white-space: nowrap;text-overflow: ellipsis; font-family: Interstate,Lucida Grande,Lucida Sans Unicode,Lucida Sans,Garuda,Verdana,Tahoma,sans-serif;font-weight: 100;\"><a href=\"https:\/\/soundcloud.com\/les-singuliers\" title=\"Les Singuliers\" target=\"_blank\" style=\"color: #cccccc; text-decoration: none;\">Les Singuliers<\/a> \u00b7 <a href=\"https:\/\/soundcloud.com\/les-singuliers\/les-fiances-de-la-foret\" title=\"Extrait audio de &quot;Les fianc\u00e9s de la for\u00eat&quot; - R\u00e9my Boussengui\" target=\"_blank\" style=\"color: #cccccc; text-decoration: none;\">Extrait audio de &quot;Les fianc\u00e9s de la for\u00eat&quot; - R\u00e9my Boussengui<\/a><\/div>\t\t\t\t<\/div>\n\t\t\t\t\t<\/div>\n\t\t<\/div>\n\t\t\t\t\t<\/div>\n\t\t<\/section>\n\t\t\t\t<section class=\"elementor-section elementor-inner-section elementor-element elementor-element-7b1cf28 elementor-section-content-middle elementor-reverse-mobile elementor-section-full_width elementor-section-height-default elementor-section-height-default\" data-id=\"7b1cf28\" data-element_type=\"section\" data-e-type=\"section\" data-settings=\"{&quot;background_background&quot;:&quot;classic&quot;}\">\n\t\t\t\t\t\t<div class=\"elementor-container elementor-column-gap-no\">\n\t\t\t\t\t<div class=\"elementor-column elementor-col-50 elementor-inner-column elementor-element elementor-element-95f2184\" data-id=\"95f2184\" data-element_type=\"column\" data-e-type=\"column\" data-settings=\"{&quot;background_background&quot;:&quot;classic&quot;}\">\n\t\t\t<div class=\"elementor-widget-wrap elementor-element-populated\">\n\t\t\t\t\t<div class=\"elementor-background-overlay\"><\/div>\n\t\t\t\t\t\t<div class=\"elementor-element elementor-element-5be7558 elementor-widget elementor-widget-image\" data-id=\"5be7558\" data-element_type=\"widget\" data-e-type=\"widget\" data-widget_type=\"image.default\">\n\t\t\t\t\t\t\t\t\t\t\t\t\t\t\t<img loading=\"lazy\" decoding=\"async\" width=\"500\" height=\"501\" src=\"https:\/\/lessinguliers.fr\/wp-content\/uploads\/2026\/02\/Frissons-1.jpg\" class=\"attachment-large size-large wp-image-4193\" alt=\"\" srcset=\"https:\/\/lessinguliers.fr\/wp-content\/uploads\/2026\/02\/Frissons-1.jpg 500w, https:\/\/lessinguliers.fr\/wp-content\/uploads\/2026\/02\/Frissons-1-300x300.jpg 300w, https:\/\/lessinguliers.fr\/wp-content\/uploads\/2026\/02\/Frissons-1-150x150.jpg 150w\" sizes=\"(max-width: 500px) 100vw, 500px\" \/>\t\t\t\t\t\t\t\t\t\t\t\t\t\t\t<\/div>\n\t\t\t\t\t<\/div>\n\t\t<\/div>\n\t\t\t\t<div class=\"elementor-column elementor-col-50 elementor-inner-column elementor-element elementor-element-6aa7e2f\" data-id=\"6aa7e2f\" data-element_type=\"column\" data-e-type=\"column\" data-settings=\"{&quot;background_background&quot;:&quot;classic&quot;}\">\n\t\t\t<div class=\"elementor-widget-wrap elementor-element-populated\">\n\t\t\t\t\t\t<div class=\"elementor-element elementor-element-4bbfff9 elementor-widget elementor-widget-heading\" data-id=\"4bbfff9\" data-element_type=\"widget\" data-e-type=\"widget\" data-widget_type=\"heading.default\">\n\t\t\t\t\t<h2 class=\"elementor-heading-title elementor-size-small\"><a href=\"#\">Les frissons dans l'placard, d\u00e8s 7 ans<\/a><\/h2>\t\t\t\t<\/div>\n\t\t\t\t<div class=\"elementor-element elementor-element-79dd704 elementor-widget elementor-widget-text-editor\" data-id=\"79dd704\" data-element_type=\"widget\" data-e-type=\"widget\" data-widget_type=\"text-editor.default\">\n\t\t\t\t\t\t\t\t\t<p>Pour se faire (un peu) peur avec des histoires !<br \/>La fille de l\u2019ogre et de la sorci\u00e8re a choisi de tout raconter : la grotte o\u00f9 jamais il ne faut entrer, le cri de l\u2019os dans le placard, la transformation du chat noir, pourtant, si mignon au d\u00e9part&#8230;<br \/>Pendant ce temps, la femme-Troll court avec le vent et Jojo-Squelette, d\u00e9cid\u00e9ment, n\u2019a toujours pas retrouv\u00e9 son doigt de pied !<\/p><p>Pour ce voyage, venez sans crainte : la conteuse a les cl\u00e9s et conna\u00eet le chemin.<\/p><p>\u2013 Conte : Anne Leviel<br \/>\u2013 Dur\u00e9e : 1h<\/p>\t\t\t\t\t\t\t\t<\/div>\n\t\t\t\t\t<\/div>\n\t\t<\/div>\n\t\t\t\t\t<\/div>\n\t\t<\/section>\n\t\t\t\t<section class=\"elementor-section elementor-inner-section elementor-element elementor-element-002700c elementor-section-content-middle elementor-reverse-mobile elementor-section-full_width elementor-section-height-default elementor-section-height-default\" data-id=\"002700c\" data-element_type=\"section\" data-e-type=\"section\" data-settings=\"{&quot;background_background&quot;:&quot;classic&quot;}\">\n\t\t\t\t\t\t<div class=\"elementor-container elementor-column-gap-no\">\n\t\t\t\t\t<div class=\"elementor-column elementor-col-50 elementor-inner-column elementor-element elementor-element-6519a49\" data-id=\"6519a49\" data-element_type=\"column\" data-e-type=\"column\" data-settings=\"{&quot;background_background&quot;:&quot;classic&quot;}\">\n\t\t\t<div class=\"elementor-widget-wrap elementor-element-populated\">\n\t\t\t\t\t\t<div class=\"elementor-element elementor-element-090b713 elementor-widget elementor-widget-heading\" data-id=\"090b713\" data-element_type=\"widget\" data-e-type=\"widget\" data-widget_type=\"heading.default\">\n\t\t\t\t\t<h2 class=\"elementor-heading-title elementor-size-small\"><a href=\"#\">Poucet, d\u00e8s 7 ans<\/a><\/h2>\t\t\t\t<\/div>\n\t\t\t\t<div class=\"elementor-element elementor-element-e7a8a00 elementor-widget elementor-widget-text-editor\" data-id=\"e7a8a00\" data-element_type=\"widget\" data-e-type=\"widget\" data-widget_type=\"text-editor.default\">\n\t\t\t\t\t\t\t\t\t<p>Le Petit Poucet, c\u2019est bien le conte que tout le monde connait !<br \/>Alors, pourquoi le raconter encore si tout le monde le connait et l\u2019a d\u00e9j\u00e0 entendu un millier de fois ?<br \/>Peut \u00eatre, pour le plaisir de replonger dans la for\u00eat des ombres, guid\u00e9 par un tout petit gars, plein de lumi\u00e8re ?<br \/>Partageons cette joie \u00e0 chaque fois renouvel\u00e9e de revisiter ce conte qui nous a enchant\u00e9 et fait trembler, aussi.<\/p><p>\u2013 Conte et Chant : Elodie Mora<br \/>\u2013 Dur\u00e9e : 55min<\/p>\t\t\t\t\t\t\t\t<\/div>\n\t\t\t\t\t<\/div>\n\t\t<\/div>\n\t\t\t\t<div class=\"elementor-column elementor-col-50 elementor-inner-column elementor-element elementor-element-37919c9\" data-id=\"37919c9\" data-element_type=\"column\" data-e-type=\"column\" data-settings=\"{&quot;background_background&quot;:&quot;classic&quot;}\">\n\t\t\t<div class=\"elementor-widget-wrap elementor-element-populated\">\n\t\t\t\t\t<div class=\"elementor-background-overlay\"><\/div>\n\t\t\t\t\t\t<div class=\"elementor-element elementor-element-3d5aaf9 elementor-widget elementor-widget-video\" data-id=\"3d5aaf9\" data-element_type=\"widget\" data-e-type=\"widget\" data-settings=\"{&quot;youtube_url&quot;:&quot;https:\\\/\\\/www.youtube.com\\\/watch?v=jAWhfP66p4M&amp;ab_channel=LesSinguliers&quot;,&quot;video_type&quot;:&quot;youtube&quot;,&quot;controls&quot;:&quot;yes&quot;}\" data-widget_type=\"video.default\">\n\t\t\t\t\t\t\t<div class=\"elementor-wrapper elementor-open-inline\">\n\t\t\t<div class=\"elementor-video\"><\/div>\t\t<\/div>\n\t\t\t\t\t\t<\/div>\n\t\t\t\t\t<\/div>\n\t\t<\/div>\n\t\t\t\t\t<\/div>\n\t\t<\/section>\n\t\t\t\t<section class=\"elementor-section elementor-inner-section elementor-element elementor-element-327fd59 elementor-section-content-middle elementor-reverse-mobile elementor-section-full_width elementor-section-height-default elementor-section-height-default\" data-id=\"327fd59\" data-element_type=\"section\" data-e-type=\"section\" data-settings=\"{&quot;background_background&quot;:&quot;classic&quot;}\">\n\t\t\t\t\t\t<div class=\"elementor-container elementor-column-gap-no\">\n\t\t\t\t\t<div class=\"elementor-column elementor-col-50 elementor-inner-column elementor-element elementor-element-c957965\" data-id=\"c957965\" data-element_type=\"column\" data-e-type=\"column\" data-settings=\"{&quot;background_background&quot;:&quot;classic&quot;}\">\n\t\t\t<div class=\"elementor-widget-wrap elementor-element-populated\">\n\t\t\t\t\t<div class=\"elementor-background-overlay\"><\/div>\n\t\t\t\t\t\t<div class=\"elementor-element elementor-element-40421fd elementor-widget elementor-widget-image\" data-id=\"40421fd\" data-element_type=\"widget\" data-e-type=\"widget\" data-widget_type=\"image.default\">\n\t\t\t\t\t\t\t\t\t\t\t\t\t\t\t<img loading=\"lazy\" decoding=\"async\" width=\"300\" height=\"265\" src=\"https:\/\/lessinguliers.fr\/wp-content\/uploads\/2025\/08\/BLANC-COMME-NEIGE-CS.jpg\" class=\"attachment-large size-large wp-image-1979\" alt=\"\" \/>\t\t\t\t\t\t\t\t\t\t\t\t\t\t\t<\/div>\n\t\t\t\t<div class=\"elementor-element elementor-element-cfd7494 elementor-widget elementor-widget-audio\" data-id=\"cfd7494\" data-element_type=\"widget\" data-e-type=\"widget\" data-widget_type=\"audio.default\">\n\t\t\t\t\t\t\t\t<div class=\"elementor-soundcloud-wrapper\">\n\t\t\t\t<iframe width=\"720\" height=\"200\" frameborder=\"no\" src=\"https:\/\/w.soundcloud.com\/player\/?visual=false&#038;url=https%3A%2F%2Fapi.soundcloud.com%2Ftracks%2F2169362037&#038;show_artwork=true&#038;maxheight=1000&#038;maxwidth=720&#038;auto_play=false&#038;buying=true&#038;liking=true&#038;download=true&#038;sharing=true&#038;show_comments=true&#038;show_playcount=true&#038;show_user=true&#038;color\"><\/iframe>\t\t\t<\/div>\n\t\t\t\t\t\t\t<\/div>\n\t\t\t\t\t<\/div>\n\t\t<\/div>\n\t\t\t\t<div class=\"elementor-column elementor-col-50 elementor-inner-column elementor-element elementor-element-832dc94\" data-id=\"832dc94\" data-element_type=\"column\" data-e-type=\"column\" data-settings=\"{&quot;background_background&quot;:&quot;classic&quot;}\">\n\t\t\t<div class=\"elementor-widget-wrap elementor-element-populated\">\n\t\t\t\t\t\t<div class=\"elementor-element elementor-element-0597d33 elementor-widget elementor-widget-heading\" data-id=\"0597d33\" data-element_type=\"widget\" data-e-type=\"widget\" data-widget_type=\"heading.default\">\n\t\t\t\t\t<h2 class=\"elementor-heading-title elementor-size-small\"><a href=\"#\">Blanc comme neige, d\u00e8s 7 ans<\/a><\/h2>\t\t\t\t<\/div>\n\t\t\t\t<div class=\"elementor-element elementor-element-eb1f52c elementor-widget elementor-widget-text-editor\" data-id=\"eb1f52c\" data-element_type=\"widget\" data-e-type=\"widget\" data-widget_type=\"text-editor.default\">\n\t\t\t\t\t\t\t\t\t<p>Personne au monde ne conna\u00eet plus d\u2019histoires qu\u2019Ole\u00ef Leukawya ; il voyage entre les mondes enneig\u00e9s depuis la nuit des temps.<br \/>Comment le rencontrer ? Quand tu te couches le soir, au moment o\u00f9 tu te poses au pays des R\u00eaves Ensommeill\u00e9s, Ole\u00ef Leukawya s\u2019approche tout doucement de ton oreiller, il souffle juste derri\u00e8re ta t\u00eate. Il ouvre son parapluie magique, il le fait tourner tr\u00e8s vite, comme une roue enchant\u00e9e&#8230;<br \/>Et l\u2019histoire qui en sort, elle est juste pour toi !<\/p><p>\u00ab\u00a0Une fa\u00e7on pour moi de replonger dans le monde des contes et des chants slaves que me racontaient ma m\u00e8re au retour de ses nombreux voyages.\u00a0\u00bb<\/p><p>\u2013 Conte, Chant et Musique (Bodhr\u00e1n et Sanzula) : Caroline Sire<br \/>\u2013 Dur\u00e9e : 1h<\/p>\t\t\t\t\t\t\t\t<\/div>\n\t\t\t\t\t<\/div>\n\t\t<\/div>\n\t\t\t\t\t<\/div>\n\t\t<\/section>\n\t\t\t\t<section class=\"elementor-section elementor-inner-section elementor-element elementor-element-85bb268 elementor-section-content-middle elementor-reverse-mobile elementor-section-full_width elementor-section-height-default elementor-section-height-default\" data-id=\"85bb268\" data-element_type=\"section\" data-e-type=\"section\" data-settings=\"{&quot;background_background&quot;:&quot;classic&quot;}\">\n\t\t\t\t\t\t<div class=\"elementor-container elementor-column-gap-no\">\n\t\t\t\t\t<div class=\"elementor-column elementor-col-50 elementor-inner-column elementor-element elementor-element-1bba17b\" data-id=\"1bba17b\" data-element_type=\"column\" data-e-type=\"column\" data-settings=\"{&quot;background_background&quot;:&quot;classic&quot;}\">\n\t\t\t<div class=\"elementor-widget-wrap elementor-element-populated\">\n\t\t\t\t\t\t<div class=\"elementor-element elementor-element-d66d9b2 elementor-widget elementor-widget-heading\" data-id=\"d66d9b2\" data-element_type=\"widget\" data-e-type=\"widget\" data-widget_type=\"heading.default\">\n\t\t\t\t\t<h2 class=\"elementor-heading-title elementor-size-small\"><a href=\"#\">Histoires itin\u00e9rantes, au fil du GR 54, d\u00e8s 7 ans<\/a><\/h2>\t\t\t\t<\/div>\n\t\t\t\t<div class=\"elementor-element elementor-element-edfeb01 elementor-widget elementor-widget-text-editor\" data-id=\"edfeb01\" data-element_type=\"widget\" data-e-type=\"widget\" data-widget_type=\"text-editor.default\">\n\t\t\t\t\t\t\t\t\t<p>Anne-Claire Dromz\u00e9e, conteuse et accompagnatrice en montagne et Sophie Kahn, r\u00e9alisatrice, toutes les deux amoureuses de la montagne, de la marche et des histoires vous emm\u00e8nent sur le c\u00e9l\u00e8bre sentier du GR 54.<br \/>A travers leurs regards po\u00e9tiques, venez mettre vos pas dans les leurs pour faire le tour de cet itin\u00e9raire mythique du Parc National des Ecrins. Elles l\u2019ont balis\u00e9 pour vous avec humour et tendresse, vos sens en seront tour \u00e0 tour sollicit\u00e9s\u2026<br \/>Et si en sortant du spectacle, il vous prenait l\u2019envie d\u2019aller marcher sur les sentiers de randonn\u00e9es, l\u00e0 tout pr\u00e8s, alors le pari sera doublement gagn\u00e9.<br \/>Autour de cette cr\u00e9ation sont \u00e9galement propos\u00e9es des journ\u00e9es d\u2019ateliers autour de l\u2019oralit\u00e9, du cin\u00e9ma d\u2019animation, des randonn\u00e9es en montagne ou des balades cont\u00e9es.<\/p><p>\u2013 Conte et Percussion : Anne-Claire Dromz\u00e9e<br \/>\u2013 Projection vid\u00e9o : Sophie Kahn<br \/>\u2013 Dur\u00e9e : 1h15 + 30 min d\u2019\u00e9changes<\/p>\t\t\t\t\t\t\t\t<\/div>\n\t\t\t\t\t<\/div>\n\t\t<\/div>\n\t\t\t\t<div class=\"elementor-column elementor-col-50 elementor-inner-column elementor-element elementor-element-9e7522c\" data-id=\"9e7522c\" data-element_type=\"column\" data-e-type=\"column\" data-settings=\"{&quot;background_background&quot;:&quot;classic&quot;}\">\n\t\t\t<div class=\"elementor-widget-wrap elementor-element-populated\">\n\t\t\t\t\t<div class=\"elementor-background-overlay\"><\/div>\n\t\t\t\t\t\t<div class=\"elementor-element elementor-element-a087f42 elementor-widget elementor-widget-video\" data-id=\"a087f42\" data-element_type=\"widget\" data-e-type=\"widget\" data-settings=\"{&quot;youtube_url&quot;:&quot;https:\\\/\\\/www.youtube.com\\\/watch?v=xkiD3Ajpyfk&amp;ab_channel=LesSinguliers&quot;,&quot;video_type&quot;:&quot;youtube&quot;,&quot;controls&quot;:&quot;yes&quot;}\" data-widget_type=\"video.default\">\n\t\t\t\t\t\t\t<div class=\"elementor-wrapper elementor-open-inline\">\n\t\t\t<div class=\"elementor-video\"><\/div>\t\t<\/div>\n\t\t\t\t\t\t<\/div>\n\t\t\t\t\t<\/div>\n\t\t<\/div>\n\t\t\t\t\t<\/div>\n\t\t<\/section>\n\t\t\t\t<section class=\"elementor-section elementor-inner-section elementor-element elementor-element-e0fb8e3 elementor-section-content-middle elementor-reverse-mobile elementor-section-full_width elementor-section-height-default elementor-section-height-default\" data-id=\"e0fb8e3\" data-element_type=\"section\" data-e-type=\"section\" data-settings=\"{&quot;background_background&quot;:&quot;classic&quot;}\">\n\t\t\t\t\t\t<div class=\"elementor-container elementor-column-gap-no\">\n\t\t\t\t\t<div class=\"elementor-column elementor-col-50 elementor-inner-column elementor-element elementor-element-6c8abb8\" data-id=\"6c8abb8\" data-element_type=\"column\" data-e-type=\"column\" data-settings=\"{&quot;background_background&quot;:&quot;classic&quot;}\">\n\t\t\t<div class=\"elementor-widget-wrap elementor-element-populated\">\n\t\t\t\t\t<div class=\"elementor-background-overlay\"><\/div>\n\t\t\t\t\t\t<div class=\"elementor-element elementor-element-a84a677 elementor-widget elementor-widget-image\" data-id=\"a84a677\" data-element_type=\"widget\" data-e-type=\"widget\" data-widget_type=\"image.default\">\n\t\t\t\t\t\t\t\t\t\t\t\t\t\t\t<img loading=\"lazy\" decoding=\"async\" width=\"300\" height=\"326\" src=\"https:\/\/lessinguliers.fr\/wp-content\/uploads\/2025\/08\/CS-on-nait.jpg\" class=\"attachment-large size-large wp-image-1996\" alt=\"\" srcset=\"https:\/\/lessinguliers.fr\/wp-content\/uploads\/2025\/08\/CS-on-nait.jpg 300w, https:\/\/lessinguliers.fr\/wp-content\/uploads\/2025\/08\/CS-on-nait-276x300.jpg 276w\" sizes=\"(max-width: 300px) 100vw, 300px\" \/>\t\t\t\t\t\t\t\t\t\t\t\t\t\t\t<\/div>\n\t\t\t\t\t<\/div>\n\t\t<\/div>\n\t\t\t\t<div class=\"elementor-column elementor-col-50 elementor-inner-column elementor-element elementor-element-86882cc\" data-id=\"86882cc\" data-element_type=\"column\" data-e-type=\"column\" data-settings=\"{&quot;background_background&quot;:&quot;classic&quot;}\">\n\t\t\t<div class=\"elementor-widget-wrap elementor-element-populated\">\n\t\t\t\t\t\t<div class=\"elementor-element elementor-element-229c502 elementor-widget elementor-widget-heading\" data-id=\"229c502\" data-element_type=\"widget\" data-e-type=\"widget\" data-widget_type=\"heading.default\">\n\t\t\t\t\t<h2 class=\"elementor-heading-title elementor-size-small\"><a href=\"#\">Les Mots \u00e0 la Bouche, d\u00e8s 7 ans<\/a><\/h2>\t\t\t\t<\/div>\n\t\t\t\t<div class=\"elementor-element elementor-element-f2db681 elementor-widget elementor-widget-text-editor\" data-id=\"f2db681\" data-element_type=\"widget\" data-e-type=\"widget\" data-widget_type=\"text-editor.default\">\n\t\t\t\t\t\t\t\t\t<p>Il est midi ou quatre heures, c\u2019est le d\u00e9jeuner, le d\u00eener ou le souper : l\u2019heure de laisser monter l\u2019eau \u00e0 la bouche !<br \/>Nous rencontrerons un cuisinier masqu\u00e9, un python affam\u00e9, un chat d\u00e9voreur et une petite fille aventureuse&#8230;<br \/>Partons pour cette d\u00e9licieuse promenade gastronomique et litt\u00e9raire, sillonnant entre po\u00e9sie, histoire et chanson : surprenant autant qu\u2019all\u00e9chant !<\/p><p>\u2013 R\u00e9cit, Chant et Musique (Bodhr\u00e1n et Sanzula) : Caroline Sire<br \/>\u2013 Dur\u00e9e : 1h<\/p>\t\t\t\t\t\t\t\t<\/div>\n\t\t\t\t\t<\/div>\n\t\t<\/div>\n\t\t\t\t\t<\/div>\n\t\t<\/section>\n\t\t\t\t<section class=\"elementor-section elementor-inner-section elementor-element elementor-element-e317b1e elementor-section-content-middle elementor-reverse-mobile elementor-section-full_width elementor-section-height-default elementor-section-height-default\" data-id=\"e317b1e\" data-element_type=\"section\" data-e-type=\"section\" data-settings=\"{&quot;background_background&quot;:&quot;classic&quot;}\">\n\t\t\t\t\t\t<div class=\"elementor-container elementor-column-gap-no\">\n\t\t\t\t\t<div class=\"elementor-column elementor-col-50 elementor-inner-column elementor-element elementor-element-e949b50\" data-id=\"e949b50\" data-element_type=\"column\" data-e-type=\"column\" data-settings=\"{&quot;background_background&quot;:&quot;classic&quot;}\">\n\t\t\t<div class=\"elementor-widget-wrap elementor-element-populated\">\n\t\t\t\t\t\t<div class=\"elementor-element elementor-element-d31c02e elementor-widget elementor-widget-heading\" data-id=\"d31c02e\" data-element_type=\"widget\" data-e-type=\"widget\" data-widget_type=\"heading.default\">\n\t\t\t\t\t<h2 class=\"elementor-heading-title elementor-size-small\"><a href=\"#\">Blanche-Neige, fille d\u2019Afrique, d\u00e8s 7 ans<\/a><\/h2>\t\t\t\t<\/div>\n\t\t\t\t<div class=\"elementor-element elementor-element-6f69d22 elementor-widget elementor-widget-text-editor\" data-id=\"6f69d22\" data-element_type=\"widget\" data-e-type=\"widget\" data-widget_type=\"text-editor.default\">\n\t\t\t\t\t\t\t\t\t<p>Un choix de contes merveilleux originaires de diff\u00e9rentes r\u00e9gions d\u2019Afrique, en \u00e9cho aux c\u00e9l\u00e8bres histoires traditionnelles europ\u00e9ennes telles que le Petit Poucet, Cendrillon, Barbe Bleue&#8230; et Blanche Neige.<\/p><p>Avec ce r\u00e9pertoire, le conteur gabonais met en relief \u00e0 la fois le c\u00f4t\u00e9 universel du conte et les nuances inh\u00e9rentes aux divers contextes socio-culturels. Avec sa voix de magicien tant\u00f4t ogre, tant\u00f4t souris, R\u00e9my nous convie \u00e0 des voyages o\u00f9 la malice c\u00f4toie sans complexe le merveilleux.<\/p><p>\u2013\u00a0Conte et musique (arc musical et percussions)\u00a0: R\u00e9my Boussengui<br \/>\u2013\u00a0Dur\u00e9e\u00a0: 1h<\/p>\t\t\t\t\t\t\t\t<\/div>\n\t\t\t\t\t<\/div>\n\t\t<\/div>\n\t\t\t\t<div class=\"elementor-column elementor-col-50 elementor-inner-column elementor-element elementor-element-2746828\" data-id=\"2746828\" data-element_type=\"column\" data-e-type=\"column\" data-settings=\"{&quot;background_background&quot;:&quot;classic&quot;}\">\n\t\t\t<div class=\"elementor-widget-wrap elementor-element-populated\">\n\t\t\t\t\t<div class=\"elementor-background-overlay\"><\/div>\n\t\t\t\t\t\t<div class=\"elementor-element elementor-element-d988c63 elementor-widget elementor-widget-image\" data-id=\"d988c63\" data-element_type=\"widget\" data-e-type=\"widget\" data-widget_type=\"image.default\">\n\t\t\t\t\t\t\t\t\t\t\t\t\t\t\t<img loading=\"lazy\" decoding=\"async\" width=\"280\" height=\"255\" src=\"https:\/\/lessinguliers.fr\/wp-content\/uploads\/2025\/08\/boussengui-5.jpg\" class=\"attachment-large size-large wp-image-479\" alt=\"\" \/>\t\t\t\t\t\t\t\t\t\t\t\t\t\t\t<\/div>\n\t\t\t\t\t<\/div>\n\t\t<\/div>\n\t\t\t\t\t<\/div>\n\t\t<\/section>\n\t\t\t\t<section class=\"elementor-section elementor-inner-section elementor-element elementor-element-f2492ab elementor-section-content-middle elementor-reverse-mobile elementor-section-full_width elementor-section-height-default elementor-section-height-default\" data-id=\"f2492ab\" data-element_type=\"section\" data-e-type=\"section\" data-settings=\"{&quot;background_background&quot;:&quot;classic&quot;}\">\n\t\t\t\t\t\t<div class=\"elementor-container elementor-column-gap-no\">\n\t\t\t\t\t<div class=\"elementor-column elementor-col-50 elementor-inner-column elementor-element elementor-element-37823c5\" data-id=\"37823c5\" data-element_type=\"column\" data-e-type=\"column\" data-settings=\"{&quot;background_background&quot;:&quot;classic&quot;}\">\n\t\t\t<div class=\"elementor-widget-wrap elementor-element-populated\">\n\t\t\t\t\t<div class=\"elementor-background-overlay\"><\/div>\n\t\t\t\t\t\t<div class=\"elementor-element elementor-element-1d44471 elementor-widget elementor-widget-image\" data-id=\"1d44471\" data-element_type=\"widget\" data-e-type=\"widget\" data-widget_type=\"image.default\">\n\t\t\t\t\t\t\t\t\t\t\t\t\t\t\t<img loading=\"lazy\" decoding=\"async\" width=\"280\" height=\"256\" src=\"https:\/\/lessinguliers.fr\/wp-content\/uploads\/2025\/08\/swan-10.jpg\" class=\"attachment-large size-large wp-image-914\" alt=\"\" \/>\t\t\t\t\t\t\t\t\t\t\t\t\t\t\t<\/div>\n\t\t\t\t\t<\/div>\n\t\t<\/div>\n\t\t\t\t<div class=\"elementor-column elementor-col-50 elementor-inner-column elementor-element elementor-element-cc74ad2\" data-id=\"cc74ad2\" data-element_type=\"column\" data-e-type=\"column\" data-settings=\"{&quot;background_background&quot;:&quot;classic&quot;}\">\n\t\t\t<div class=\"elementor-widget-wrap elementor-element-populated\">\n\t\t\t\t\t\t<div class=\"elementor-element elementor-element-9e8dc78 elementor-widget elementor-widget-heading\" data-id=\"9e8dc78\" data-element_type=\"widget\" data-e-type=\"widget\" data-widget_type=\"heading.default\">\n\t\t\t\t\t<h2 class=\"elementor-heading-title elementor-size-small\"><a href=\"#\">Le Vent se l\u00e8ve !, d\u00e8s 7 ans<\/a><\/h2>\t\t\t\t<\/div>\n\t\t\t\t<div class=\"elementor-element elementor-element-fa52dab elementor-widget elementor-widget-text-editor\" data-id=\"fa52dab\" data-element_type=\"widget\" data-e-type=\"widget\" data-widget_type=\"text-editor.default\">\n\t\t\t\t\t\t\t\t\t<p>Si le vent n\u2019existait pas ? Vous imaginez ?<\/p><p>Qu\u2019est-ce qui pousserait les bateaux et les nuages\u00a0? Qu\u2019est ce qui d\u00e9coifferait les rois et porterait les chansons toujours plus loin\u00a0?<br \/>Et ces petites \u00e9tincelles d\u2019amour, de col\u00e8re, de courage, qu\u2019est-ce qui les allumerait pour de bon\u00a0?<br \/>Tout resterait l\u00e0, immobile, sage et silencieux. Mais le vent existe, et quand il se l\u00e8ve&#8230;<br \/>Ces histoires racontent avec malice et po\u00e9sie comment tout peut toujours basculer. Un souffle, une bourrasque, une m\u00e9lodie\u2026 et rien n\u2019est jamais plus comme avant\u00a0!<\/p><p>\u2013\u00a0Conte\u00a0: Swan Blach\u00e8re<br \/>\u2013\u00a0Dur\u00e9e\u00a0: 50 min<br \/>\u2013\u00a0Version de 3-6 ans possible\u00a0: 40 minutes<\/p>\t\t\t\t\t\t\t\t<\/div>\n\t\t\t\t\t<\/div>\n\t\t<\/div>\n\t\t\t\t\t<\/div>\n\t\t<\/section>\n\t\t\t\t<section class=\"elementor-section elementor-inner-section elementor-element elementor-element-a1ac2b7 elementor-section-content-middle elementor-reverse-mobile elementor-section-full_width elementor-section-height-default elementor-section-height-default\" data-id=\"a1ac2b7\" data-element_type=\"section\" data-e-type=\"section\" data-settings=\"{&quot;background_background&quot;:&quot;classic&quot;}\">\n\t\t\t\t\t\t<div class=\"elementor-container elementor-column-gap-no\">\n\t\t\t\t\t<div class=\"elementor-column elementor-col-50 elementor-inner-column elementor-element elementor-element-0f50e44\" data-id=\"0f50e44\" data-element_type=\"column\" data-e-type=\"column\" data-settings=\"{&quot;background_background&quot;:&quot;classic&quot;}\">\n\t\t\t<div class=\"elementor-widget-wrap elementor-element-populated\">\n\t\t\t\t\t\t<div class=\"elementor-element elementor-element-a5e6dc7 elementor-widget elementor-widget-heading\" data-id=\"a5e6dc7\" data-element_type=\"widget\" data-e-type=\"widget\" data-widget_type=\"heading.default\">\n\t\t\t\t\t<h2 class=\"elementor-heading-title elementor-size-small\"><a href=\"#\">Grand concours cont\u00e9 : rus\u00e9 et ben\u00eats !, d\u00e8s 7 ans<\/a><\/h2>\t\t\t\t<\/div>\n\t\t\t\t<div class=\"elementor-element elementor-element-3c298dd elementor-widget elementor-widget-text-editor\" data-id=\"3c298dd\" data-element_type=\"widget\" data-e-type=\"widget\" data-widget_type=\"text-editor.default\">\n\t\t\t\t\t\t\t\t\t<p>De par le monde, des contes d&rsquo; idiots et de ben\u00eats, des contes de rus\u00e9s et fut\u00e9s, il y en a \u00e0 la louche, \u00e0 la pelle, \u00e0 la tonne !<\/p><p>Anne a choisi, dans ce tr\u00e9sor multicolore, un \u00e9ventail de contes.<br \/>Et ce sera vraiment un concours !<br \/>A la fin, chaque spectateur votera pour son rus\u00e9 ou idiot pr\u00e9f\u00e9r\u00e9.<\/p><p>Pour tout spectateur joyeusement ben\u00eat ou finement rus\u00e9&#8230;<br \/>\u2013 Conte : Anne Leviel<br \/>\u2013 Dur\u00e9e : 1h (ou un peu plus, s&rsquo;il y a ballottage)<\/p>\t\t\t\t\t\t\t\t<\/div>\n\t\t\t\t\t<\/div>\n\t\t<\/div>\n\t\t\t\t<div class=\"elementor-column elementor-col-50 elementor-inner-column elementor-element elementor-element-cf2c4dd\" data-id=\"cf2c4dd\" data-element_type=\"column\" data-e-type=\"column\" data-settings=\"{&quot;background_background&quot;:&quot;classic&quot;}\">\n\t\t\t<div class=\"elementor-widget-wrap elementor-element-populated\">\n\t\t\t\t\t<div class=\"elementor-background-overlay\"><\/div>\n\t\t\t\t\t\t<div class=\"elementor-element elementor-element-88de4f5 elementor-widget elementor-widget-image\" data-id=\"88de4f5\" data-element_type=\"widget\" data-e-type=\"widget\" data-widget_type=\"image.default\">\n\t\t\t\t\t\t\t\t\t\t\t\t\t\t\t<img loading=\"lazy\" decoding=\"async\" width=\"500\" height=\"499\" src=\"https:\/\/lessinguliers.fr\/wp-content\/uploads\/2026\/02\/Grand-concours-1.jpg\" class=\"attachment-large size-large wp-image-4220\" alt=\"\" srcset=\"https:\/\/lessinguliers.fr\/wp-content\/uploads\/2026\/02\/Grand-concours-1.jpg 500w, https:\/\/lessinguliers.fr\/wp-content\/uploads\/2026\/02\/Grand-concours-1-300x300.jpg 300w, https:\/\/lessinguliers.fr\/wp-content\/uploads\/2026\/02\/Grand-concours-1-150x150.jpg 150w\" sizes=\"(max-width: 500px) 100vw, 500px\" \/>\t\t\t\t\t\t\t\t\t\t\t\t\t\t\t<\/div>\n\t\t\t\t\t<\/div>\n\t\t<\/div>\n\t\t\t\t\t<\/div>\n\t\t<\/section>\n\t\t\t\t<section class=\"elementor-section elementor-inner-section elementor-element elementor-element-ad2827b elementor-section-content-middle elementor-reverse-mobile elementor-section-full_width elementor-section-height-default elementor-section-height-default\" data-id=\"ad2827b\" data-element_type=\"section\" data-e-type=\"section\" data-settings=\"{&quot;background_background&quot;:&quot;classic&quot;}\">\n\t\t\t\t\t\t<div class=\"elementor-container elementor-column-gap-no\">\n\t\t\t\t\t<div class=\"elementor-column elementor-col-50 elementor-inner-column elementor-element elementor-element-ceed82c\" data-id=\"ceed82c\" data-element_type=\"column\" data-e-type=\"column\" data-settings=\"{&quot;background_background&quot;:&quot;classic&quot;}\">\n\t\t\t<div class=\"elementor-widget-wrap elementor-element-populated\">\n\t\t\t\t\t<div class=\"elementor-background-overlay\"><\/div>\n\t\t\t\t\t\t<div class=\"elementor-element elementor-element-ea1b8f8 elementor-widget elementor-widget-image\" data-id=\"ea1b8f8\" data-element_type=\"widget\" data-e-type=\"widget\" data-widget_type=\"image.default\">\n\t\t\t\t\t\t\t\t\t\t\t\t\t\t\t<img loading=\"lazy\" decoding=\"async\" width=\"300\" height=\"337\" src=\"https:\/\/lessinguliers.fr\/wp-content\/uploads\/2025\/08\/C-Sire-ContedelaLande.jpg\" class=\"attachment-large size-large wp-image-1991\" alt=\"\" srcset=\"https:\/\/lessinguliers.fr\/wp-content\/uploads\/2025\/08\/C-Sire-ContedelaLande.jpg 300w, https:\/\/lessinguliers.fr\/wp-content\/uploads\/2025\/08\/C-Sire-ContedelaLande-267x300.jpg 267w\" sizes=\"(max-width: 300px) 100vw, 300px\" \/>\t\t\t\t\t\t\t\t\t\t\t\t\t\t\t<\/div>\n\t\t\t\t<div class=\"elementor-element elementor-element-bab25b0 elementor-widget elementor-widget-html\" data-id=\"bab25b0\" data-element_type=\"widget\" data-e-type=\"widget\" data-widget_type=\"html.default\">\n\t\t\t\t\t<iframe width=\"100%\" height=\"166\" scrolling=\"no\" frameborder=\"no\" allow=\"autoplay\" src=\"https:\/\/w.soundcloud.com\/player\/?url=https%3A\/\/api.soundcloud.com\/tracks\/623648361&color=%23ff5500&auto_play=false&hide_related=false&show_comments=true&show_user=true&show_reposts=false&show_teaser=true\"><\/iframe><div style=\"font-size: 10px; color: #cccccc;line-break: anywhere;word-break: normal;overflow: hidden;white-space: nowrap;text-overflow: ellipsis; font-family: Interstate,Lucida Grande,Lucida Sans Unicode,Lucida Sans,Garuda,Verdana,Tahoma,sans-serif;font-weight: 100;\"><a href=\"https:\/\/soundcloud.com\/les-singuliers\" title=\"Les Singuliers\" target=\"_blank\" style=\"color: #cccccc; text-decoration: none;\">Les Singuliers<\/a> \u00b7 <a href=\"https:\/\/soundcloud.com\/les-singuliers\/extrait-audio-de-contes-de-la-lande-et-de-la-brume-caroline-sire\" title=\"France Inter - Extrait audio de &quot;Contes de la Lande et de la Brume&quot; - Caroline Sire 1\" target=\"_blank\" style=\"color: #cccccc; text-decoration: none;\">France Inter - Extrait audio de &quot;Contes de la Lande et de la Brume&quot; - Caroline Sire 1<\/a><\/div>\t\t\t\t<\/div>\n\t\t\t\t\t<\/div>\n\t\t<\/div>\n\t\t\t\t<div class=\"elementor-column elementor-col-50 elementor-inner-column elementor-element elementor-element-85f5882\" data-id=\"85f5882\" data-element_type=\"column\" data-e-type=\"column\" data-settings=\"{&quot;background_background&quot;:&quot;classic&quot;}\">\n\t\t\t<div class=\"elementor-widget-wrap elementor-element-populated\">\n\t\t\t\t\t\t<div class=\"elementor-element elementor-element-30804e9 elementor-widget elementor-widget-heading\" data-id=\"30804e9\" data-element_type=\"widget\" data-e-type=\"widget\" data-widget_type=\"heading.default\">\n\t\t\t\t\t<h2 class=\"elementor-heading-title elementor-size-small\"><a href=\"#\">Contes de la Lande et de la Brume, d\u00e8s 7 ans<\/a><\/h2>\t\t\t\t<\/div>\n\t\t\t\t<div class=\"elementor-element elementor-element-142a6b8 elementor-widget elementor-widget-text-editor\" data-id=\"142a6b8\" data-element_type=\"widget\" data-e-type=\"widget\" data-widget_type=\"text-editor.default\">\n\t\t\t\t\t\t\t\t\t<p>Dans le temps d\u2019Halloween, lors de la nuit de Samha\u00edn, les portes du monde du dessus s\u2019ouvrent vers celui du dessous\u2026<br \/>Les vivants rencontrent les morts et la Mort en personne arpente les chemins de la terre.<br \/>Ces histoires-passages vous feront tout \u00e0 la fois fr\u00e9mir, p\u00e2lir et&#8230; rire !<\/p><p>Loin des grandes f\u00eates commerciales et des sarabandes de morts-vivants, ce spectacle redonne tout son sens \u00e0 cette f\u00eate de l\u2019entr\u00e9e dans l\u2019obscurit\u00e9 qui nous invite \u00e0 chercher notre lumi\u00e8re int\u00e9rieure.<\/p><p>\u2013 Conte, Chant et Musique (Bodhr\u00e1n et Sanzula) : Caroline Sire<br \/>\u2013 Dur\u00e9e : 1h<br \/>\u2013 Spectacle disponible en version anglaise<\/p>\t\t\t\t\t\t\t\t<\/div>\n\t\t\t\t\t<\/div>\n\t\t<\/div>\n\t\t\t\t\t<\/div>\n\t\t<\/section>\n\t\t\t\t<section class=\"elementor-section elementor-inner-section elementor-element elementor-element-3f0820c elementor-section-content-middle elementor-reverse-mobile elementor-section-full_width elementor-section-height-default elementor-section-height-default\" data-id=\"3f0820c\" data-element_type=\"section\" data-e-type=\"section\" data-settings=\"{&quot;background_background&quot;:&quot;classic&quot;}\">\n\t\t\t\t\t\t<div class=\"elementor-container elementor-column-gap-no\">\n\t\t\t\t\t<div class=\"elementor-column elementor-col-50 elementor-inner-column elementor-element elementor-element-ed43aa3\" data-id=\"ed43aa3\" data-element_type=\"column\" data-e-type=\"column\" data-settings=\"{&quot;background_background&quot;:&quot;classic&quot;}\">\n\t\t\t<div class=\"elementor-widget-wrap elementor-element-populated\">\n\t\t\t\t\t\t<div class=\"elementor-element elementor-element-93034d8 elementor-widget elementor-widget-heading\" data-id=\"93034d8\" data-element_type=\"widget\" data-e-type=\"widget\" data-widget_type=\"heading.default\">\n\t\t\t\t\t<h2 class=\"elementor-heading-title elementor-size-small\"><a href=\"#\">Joyeuses travers\u00e9es, d\u00e8s 7 ans<\/a><\/h2>\t\t\t\t<\/div>\n\t\t\t\t<div class=\"elementor-element elementor-element-91e989b elementor-widget elementor-widget-text-editor\" data-id=\"91e989b\" data-element_type=\"widget\" data-e-type=\"widget\" data-widget_type=\"text-editor.default\">\n\t\t\t\t\t\t\t\t\t<p>Bienvenue dans l&rsquo;ocre des dunes, sous l&rsquo;\u00e9cume des mers, dans le ventre de la baleine&#8230;.\u00a0!<\/p><p>Anne perp\u00e9tue la formule du \u00ab tour de contes \u00bb\u00a0: dans une diversit\u00e9 qui suit des si\u00e8cles de tradition\u00a0: celui qui vient re\u00e7oit la promesse de plusieurs aventures, de plusieurs voyages.<br \/>Elle fait le choix de parler des d\u00e9sirs, des sentiments, des r\u00eaves et des folies de l&rsquo;humain., en d\u00e9ployant avec bonheur les \u00e9l\u00e9ments de la grande nature.<br \/>On y croise des personnages fid\u00e8les, g\u00e9n\u00e9reux, audacieux.<br \/>Venus de tous les continents, les r\u00e9cits c\u00e9l\u00e8brent l&rsquo;amour et la parole donn\u00e9e, l&rsquo;inventivit\u00e9 et la r\u00e9sistance, le respect et la patience.<\/p><p>La kora, harpe-luth africaine qui accompagne le spectacle, est issue du royaume Mandingue.<br \/>Au dessus des contes chante une fl\u00fbte peuhl en bambou, \u00e0 l&rsquo;\u00e2me nomade&#8230;<\/p><p>\u2013 Conte et chant : Anne Leviel<br \/>\u2013 Musique (kora et fl\u00fbte) : Julien Guyard<br \/>\u2013 Dur\u00e9e : 1h<\/p>\t\t\t\t\t\t\t\t<\/div>\n\t\t\t\t\t<\/div>\n\t\t<\/div>\n\t\t\t\t<div class=\"elementor-column elementor-col-50 elementor-inner-column elementor-element elementor-element-41c9d14\" data-id=\"41c9d14\" data-element_type=\"column\" data-e-type=\"column\" data-settings=\"{&quot;background_background&quot;:&quot;classic&quot;}\">\n\t\t\t<div class=\"elementor-widget-wrap elementor-element-populated\">\n\t\t\t\t\t<div class=\"elementor-background-overlay\"><\/div>\n\t\t\t\t\t\t<div class=\"elementor-element elementor-element-dc258e6 elementor-widget elementor-widget-video\" data-id=\"dc258e6\" data-element_type=\"widget\" data-e-type=\"widget\" data-settings=\"{&quot;youtube_url&quot;:&quot;https:\\\/\\\/www.youtube.com\\\/watch?v=G_CXemvb3yg&quot;,&quot;video_type&quot;:&quot;youtube&quot;,&quot;controls&quot;:&quot;yes&quot;}\" data-widget_type=\"video.default\">\n\t\t\t\t\t\t\t<div class=\"elementor-wrapper elementor-open-inline\">\n\t\t\t<div class=\"elementor-video\"><\/div>\t\t<\/div>\n\t\t\t\t\t\t<\/div>\n\t\t\t\t\t<\/div>\n\t\t<\/div>\n\t\t\t\t\t<\/div>\n\t\t<\/section>\n\t\t\t\t<section class=\"elementor-section elementor-inner-section elementor-element elementor-element-3ea9666 elementor-section-content-middle elementor-reverse-mobile elementor-section-full_width elementor-section-height-default elementor-section-height-default\" data-id=\"3ea9666\" data-element_type=\"section\" data-e-type=\"section\" data-settings=\"{&quot;background_background&quot;:&quot;classic&quot;}\">\n\t\t\t\t\t\t<div class=\"elementor-container elementor-column-gap-no\">\n\t\t\t\t\t<div class=\"elementor-column elementor-col-50 elementor-inner-column elementor-element elementor-element-af59490\" data-id=\"af59490\" data-element_type=\"column\" data-e-type=\"column\" data-settings=\"{&quot;background_background&quot;:&quot;classic&quot;}\">\n\t\t\t<div class=\"elementor-widget-wrap elementor-element-populated\">\n\t\t\t\t\t<div class=\"elementor-background-overlay\"><\/div>\n\t\t\t\t\t\t<div class=\"elementor-element elementor-element-de094da elementor-widget elementor-widget-video\" data-id=\"de094da\" data-element_type=\"widget\" data-e-type=\"widget\" data-settings=\"{&quot;youtube_url&quot;:&quot;https:\\\/\\\/www.youtube.com\\\/watch?v=RX4smSEQQns&amp;ab_channel=LesSinguliers&quot;,&quot;video_type&quot;:&quot;youtube&quot;,&quot;controls&quot;:&quot;yes&quot;}\" data-widget_type=\"video.default\">\n\t\t\t\t\t\t\t<div class=\"elementor-wrapper elementor-open-inline\">\n\t\t\t<div class=\"elementor-video\"><\/div>\t\t<\/div>\n\t\t\t\t\t\t<\/div>\n\t\t\t\t\t<\/div>\n\t\t<\/div>\n\t\t\t\t<div class=\"elementor-column elementor-col-50 elementor-inner-column elementor-element elementor-element-ada31af\" data-id=\"ada31af\" data-element_type=\"column\" data-e-type=\"column\" data-settings=\"{&quot;background_background&quot;:&quot;classic&quot;}\">\n\t\t\t<div class=\"elementor-widget-wrap elementor-element-populated\">\n\t\t\t\t\t\t<div class=\"elementor-element elementor-element-1c65aa2 elementor-widget elementor-widget-heading\" data-id=\"1c65aa2\" data-element_type=\"widget\" data-e-type=\"widget\" data-widget_type=\"heading.default\">\n\t\t\t\t\t<h2 class=\"elementor-heading-title elementor-size-small\"><a href=\"#\">Moby Dick, d\u00e8s 7 ans<\/a><\/h2>\t\t\t\t<\/div>\n\t\t\t\t<div class=\"elementor-element elementor-element-e5f61f5 elementor-widget elementor-widget-text-editor\" data-id=\"e5f61f5\" data-element_type=\"widget\" data-e-type=\"widget\" data-widget_type=\"text-editor.default\">\n\t\t\t\t\t\t\t\t\t<p>Une version tr\u00e8s personnelle, mise en bo\u00eete et sans amarre, de l\u2019insens\u00e9e qu\u00eate du Capitaine Achab \u00e0 la poursuite de Moby Dick. Un r\u00e9cit tour \u00e0 tour drolatique, inqui\u00e9tant et troublant\u2026<\/p><p>\u00ab\u00a0Passez avant tribord\u00a0! Obliquez vers b\u00e2bord\u00a0!\u00a0\u00bb<br \/>Les aventures des mers d\u00e9passent l\u2019entendement et les r\u00e9cits les plus fantastiques que l\u2019on connaisse. Imaginez cet \u00e9quipage de chevaliers des mers, plein d\u2019orage et de temp\u00eate, affrontant l\u2019immensit\u00e9.<br \/>On est au tout d\u00e9but et \u00e0 la toute fin du monde.<\/p><p>Isma\u00ebl, le narrateur, est attir\u00e9 par le grand large. Il d\u00e9cide donc de s\u2019embarquer \u00e0 bord du Pequod, un baleinier command\u00e9 par le capitaine Achab.<br \/>Pas de bol pour Isma\u00ebl, le capitaine ne chasse pas les c\u00e9tac\u00e9s uniquement pour faire fortune. Sa principale motivation\u00a0? Retrouver Moby Dick, une baleine blanche d\u2019une taille impressionnante, particuli\u00e8rement f\u00e9roce.<br \/>Il veut se venger du cachalot car celui-ci lui a arrach\u00e9 la jambe. Il le poursuit autour du monde jusqu\u2019\u00e0 ce que son bateau coule au large des \u00eeles Gilbert.<\/p><p>\u2013\u00a0Conte et th\u00e9\u00e2tre d\u2019objet\u00a0: Elodie Mora<br \/>\u2013 Dur\u00e9e\u00a0: 30 min<\/p>\t\t\t\t\t\t\t\t<\/div>\n\t\t\t\t\t<\/div>\n\t\t<\/div>\n\t\t\t\t\t<\/div>\n\t\t<\/section>\n\t\t\t\t<section class=\"elementor-section elementor-inner-section elementor-element elementor-element-a55faa7 elementor-section-content-middle elementor-reverse-mobile elementor-section-full_width elementor-section-height-default elementor-section-height-default\" data-id=\"a55faa7\" data-element_type=\"section\" data-e-type=\"section\" data-settings=\"{&quot;background_background&quot;:&quot;classic&quot;}\">\n\t\t\t\t\t\t<div class=\"elementor-container elementor-column-gap-no\">\n\t\t\t\t\t<div class=\"elementor-column elementor-col-50 elementor-inner-column elementor-element elementor-element-70f270a\" data-id=\"70f270a\" data-element_type=\"column\" data-e-type=\"column\" data-settings=\"{&quot;background_background&quot;:&quot;classic&quot;}\">\n\t\t\t<div class=\"elementor-widget-wrap elementor-element-populated\">\n\t\t\t\t\t\t<div class=\"elementor-element elementor-element-88a22d7 elementor-widget elementor-widget-heading\" data-id=\"88a22d7\" data-element_type=\"widget\" data-e-type=\"widget\" data-widget_type=\"heading.default\">\n\t\t\t\t\t<h2 class=\"elementor-heading-title elementor-size-small\"><a href=\"#\">Voyages \u00e0 travers les vies, d\u00e8s 8 ans<\/a><\/h2>\t\t\t\t<\/div>\n\t\t\t\t<div class=\"elementor-element elementor-element-af3117b elementor-widget elementor-widget-text-editor\" data-id=\"af3117b\" data-element_type=\"widget\" data-e-type=\"widget\" data-widget_type=\"text-editor.default\">\n\t\t\t\t\t\t\t\t\t<p>Ces mythes initiatiques sont la r\u00e9v\u00e9lation d\u2019une civilisation toujours vivante, \u00e9voqu\u00e9e dans les grandes occasions par des griots qui transportent et se transmettent ces paroles depuis le XIIe si\u00e8cle.<\/p><p>Durant sept ann\u00e9es, j\u2019ai partag\u00e9 la sc\u00e8ne avec le griot Alpha Kouyat\u00e9. Au cours de nos innombrables voyages, il m\u2019a r\u00e9v\u00e9l\u00e9 la culture de l\u2019ancien empire mandingue. Il m\u2019a donn\u00e9 en h\u00e9ritage l\u2019\u00e9pop\u00e9e de l\u2019empereur Soundiata Ke\u00efta, la geste de S\u00e9gou, l\u2019\u00e9pop\u00e9e de Bakary Djian ainsi que tous les mythes fondateurs. Ce sont ces derniers que je raconte en m\u00e9moire de cet ami disparu, qui m\u2019a initi\u00e9 \u00e0 la parole africaine et m\u2019a beaucoup influenc\u00e9 dans l\u2019art de l\u2019\u00e9pop\u00e9e.<\/p><p>Parmi ces nombreuses histoires, j\u2019ai choisi trois h\u00e9ros, dans leur enfance :<br \/>&#8211; L\u2019enfant aux mains vides, l\u2019orphelin qui se construit dans la dignit\u00e9 et l\u2019esp\u00e9rance<br \/>&#8211; Kemenbanani, le jeune gar\u00e7on anim\u00e9 par le d\u00e9sir et le plaisir d\u2019offrir \u00e0 ceux qu\u2019il aime<br \/>&#8211; Sinimori, le berger devenu roi par la patience et l\u2019apprentissage<\/p><p>\u2013 Conte et Musique : sanza (piano \u00e0 pouces), gembryiat (luth maure), douss\u2019n\u2019gony (harpe africaine) : Hamed Bouzzine<br \/>\u2013 Dur\u00e9e : 1h15<\/p>\t\t\t\t\t\t\t\t<\/div>\n\t\t\t\t\t<\/div>\n\t\t<\/div>\n\t\t\t\t<div class=\"elementor-column elementor-col-50 elementor-inner-column elementor-element elementor-element-6b67fc7\" data-id=\"6b67fc7\" data-element_type=\"column\" data-e-type=\"column\" data-settings=\"{&quot;background_background&quot;:&quot;classic&quot;}\">\n\t\t\t<div class=\"elementor-widget-wrap elementor-element-populated\">\n\t\t\t\t\t<div class=\"elementor-background-overlay\"><\/div>\n\t\t\t\t\t\t<div class=\"elementor-element elementor-element-9a68773 elementor-widget elementor-widget-image\" data-id=\"9a68773\" data-element_type=\"widget\" data-e-type=\"widget\" data-widget_type=\"image.default\">\n\t\t\t\t\t\t\t\t\t\t\t\t\t\t\t<img loading=\"lazy\" decoding=\"async\" width=\"280\" height=\"255\" src=\"https:\/\/lessinguliers.fr\/wp-content\/uploads\/2025\/08\/bouzzine-7.jpg\" class=\"attachment-large size-large wp-image-1018\" alt=\"\" \/>\t\t\t\t\t\t\t\t\t\t\t\t\t\t\t<\/div>\n\t\t\t\t<div class=\"elementor-element elementor-element-ee5623f elementor-widget elementor-widget-html\" data-id=\"ee5623f\" data-element_type=\"widget\" data-e-type=\"widget\" data-widget_type=\"html.default\">\n\t\t\t\t\t<iframe width=\"100%\" height=\"166\" scrolling=\"no\" frameborder=\"no\" allow=\"autoplay\" src=\"https:\/\/w.soundcloud.com\/player\/?url=https%3A\/\/api.soundcloud.com\/tracks\/266187257&color=%23ff5500&auto_play=false&hide_related=false&show_comments=true&show_user=true&show_reposts=false&show_teaser=true\"><\/iframe><div style=\"font-size: 10px; color: #cccccc;line-break: anywhere;word-break: normal;overflow: hidden;white-space: nowrap;text-overflow: ellipsis; font-family: Interstate,Lucida Grande,Lucida Sans Unicode,Lucida Sans,Garuda,Verdana,Tahoma,sans-serif;font-weight: 100;\"><a href=\"https:\/\/soundcloud.com\/les-singuliers\" title=\"Les Singuliers\" target=\"_blank\" style=\"color: #cccccc; text-decoration: none;\">Les Singuliers<\/a> \u00b7 <a href=\"https:\/\/soundcloud.com\/les-singuliers\/voyages-a-travers-les-vies\" title=\"Extrait audio de &quot;Voyages \u00e0 travers les vies&quot; - Hamed Bouzzine\" target=\"_blank\" style=\"color: #cccccc; text-decoration: none;\">Extrait audio de &quot;Voyages \u00e0 travers les vies&quot; - Hamed Bouzzine<\/a><\/div>\t\t\t\t<\/div>\n\t\t\t\t\t<\/div>\n\t\t<\/div>\n\t\t\t\t\t<\/div>\n\t\t<\/section>\n\t\t\t\t<section class=\"elementor-section elementor-inner-section elementor-element elementor-element-acbdead elementor-section-content-middle elementor-reverse-mobile elementor-section-full_width elementor-section-height-default elementor-section-height-default\" data-id=\"acbdead\" data-element_type=\"section\" data-e-type=\"section\" data-settings=\"{&quot;background_background&quot;:&quot;classic&quot;}\">\n\t\t\t\t\t\t<div class=\"elementor-container elementor-column-gap-no\">\n\t\t\t\t\t<div class=\"elementor-column elementor-col-50 elementor-inner-column elementor-element elementor-element-a59c9f0\" data-id=\"a59c9f0\" data-element_type=\"column\" data-e-type=\"column\" data-settings=\"{&quot;background_background&quot;:&quot;classic&quot;}\">\n\t\t\t<div class=\"elementor-widget-wrap elementor-element-populated\">\n\t\t\t\t\t<div class=\"elementor-background-overlay\"><\/div>\n\t\t\t\t\t\t<div class=\"elementor-element elementor-element-1fe36b1 elementor-widget elementor-widget-image\" data-id=\"1fe36b1\" data-element_type=\"widget\" data-e-type=\"widget\" data-widget_type=\"image.default\">\n\t\t\t\t\t\t\t\t\t\t\t\t\t\t\t<img loading=\"lazy\" decoding=\"async\" width=\"800\" height=\"539\" src=\"https:\/\/lessinguliers.fr\/wp-content\/uploads\/2025\/08\/SVH-Sire.jpg\" class=\"attachment-large size-large wp-image-1978\" alt=\"\" srcset=\"https:\/\/lessinguliers.fr\/wp-content\/uploads\/2025\/08\/SVH-Sire.jpg 800w, https:\/\/lessinguliers.fr\/wp-content\/uploads\/2025\/08\/SVH-Sire-300x202.jpg 300w, https:\/\/lessinguliers.fr\/wp-content\/uploads\/2025\/08\/SVH-Sire-768x517.jpg 768w\" sizes=\"(max-width: 800px) 100vw, 800px\" \/>\t\t\t\t\t\t\t\t\t\t\t\t\t\t\t<\/div>\n\t\t\t\t\t<\/div>\n\t\t<\/div>\n\t\t\t\t<div class=\"elementor-column elementor-col-50 elementor-inner-column elementor-element elementor-element-f62d6ca\" data-id=\"f62d6ca\" data-element_type=\"column\" data-e-type=\"column\" data-settings=\"{&quot;background_background&quot;:&quot;classic&quot;}\">\n\t\t\t<div class=\"elementor-widget-wrap elementor-element-populated\">\n\t\t\t\t\t\t<div class=\"elementor-element elementor-element-dbe50fe elementor-widget elementor-widget-heading\" data-id=\"dbe50fe\" data-element_type=\"widget\" data-e-type=\"widget\" data-widget_type=\"heading.default\">\n\t\t\t\t\t<h2 class=\"elementor-heading-title elementor-size-small\"><a href=\"#\">Le Secret de Svanhilde, d\u00e8s 8 ans<\/a><\/h2>\t\t\t\t<\/div>\n\t\t\t\t<div class=\"elementor-element elementor-element-49714ec elementor-widget elementor-widget-text-editor\" data-id=\"49714ec\" data-element_type=\"widget\" data-e-type=\"widget\" data-widget_type=\"text-editor.default\">\n\t\t\t\t\t\t\t\t\t<p>Un Roi et une Reine. Sept gar\u00e7ons. La Reine d\u00e9sire une fille au point de \u00ab laisser ses fils partir avec les cygnes sauvages \u00bb. La petite fille na\u00eet. Ses fr\u00e8res, chang\u00e9s en oiseaux, disparaissent. On lui donne le nom de Svanhilde -La Guerri\u00e8re au Cygne- car sa venue dans le monde \u00ab est comme un coup de tonnerre qui emporte au loin ses fr\u00e8res et le bonheur de ses parents \u00bb.<br \/>La Reine meurt. Le Roi abandonne la petite fille \u00e0 son sort.<br \/>Quatorze ans plus tard, elle apprend le Secret. Elle part \u00e0 le recherche de ses fr\u00e8res&#8230;<\/p><p>\u2013 Conte, Chant et Musique (Bodhr\u00e1n et Sanzula) : Caroline Sire<br \/>\u2013 Dur\u00e9e : 1h<br \/>\u2013 Spectacle disponible en version anglaise<\/p>\t\t\t\t\t\t\t\t<\/div>\n\t\t\t\t\t<\/div>\n\t\t<\/div>\n\t\t\t\t\t<\/div>\n\t\t<\/section>\n\t\t\t\t<section class=\"elementor-section elementor-inner-section elementor-element elementor-element-768bef4 elementor-section-content-middle elementor-reverse-mobile elementor-section-full_width elementor-section-height-default elementor-section-height-default\" data-id=\"768bef4\" data-element_type=\"section\" data-e-type=\"section\" data-settings=\"{&quot;background_background&quot;:&quot;classic&quot;}\">\n\t\t\t\t\t\t<div class=\"elementor-container elementor-column-gap-no\">\n\t\t\t\t\t<div class=\"elementor-column elementor-col-50 elementor-inner-column elementor-element elementor-element-9432151\" data-id=\"9432151\" data-element_type=\"column\" data-e-type=\"column\" data-settings=\"{&quot;background_background&quot;:&quot;classic&quot;}\">\n\t\t\t<div class=\"elementor-widget-wrap elementor-element-populated\">\n\t\t\t\t\t\t<div class=\"elementor-element elementor-element-547ba9c elementor-widget elementor-widget-heading\" data-id=\"547ba9c\" data-element_type=\"widget\" data-e-type=\"widget\" data-widget_type=\"heading.default\">\n\t\t\t\t\t<h2 class=\"elementor-heading-title elementor-size-small\"><a href=\"#\">L'Amour, c'est pas si s\u00e9rieux!, d\u00e8s 8 ans<\/a><\/h2>\t\t\t\t<\/div>\n\t\t\t\t<div class=\"elementor-element elementor-element-5a4b7e1 elementor-widget elementor-widget-text-editor\" data-id=\"5a4b7e1\" data-element_type=\"widget\" data-e-type=\"widget\" data-widget_type=\"text-editor.default\">\n\t\t\t\t\t\t\t\t\t<p>Histoires d&rsquo;amour, \u00e9tonnantes destin\u00e9es, contes d\u00e9cal\u00e9s.<br \/>Des personnages attachants qui vous ressemblent un peu.<br \/>Riches ou pauvres\u00a0? D&rsquo;une seconde \u00e0 l&rsquo;autre, tout peut s&rsquo;inverser\u00a0! Les contes populaires, pour \u00e7a, sont tr\u00e8s cal\u00e9s\u00a0!<br \/>Comme toujours, Anne d\u00e9ploie un \u00e9ventail de r\u00e9cits revisit\u00e9s \u00e0 sa mani\u00e8re, pleins de malice et de diversit\u00e9.<br \/>Tenez-vous pr\u00eats \u00e0 vous t\u00e9l\u00e9porter\u00a0!<\/p><p>\u2013 Conte : Anne Leviel<br \/>\u2013 Dur\u00e9e : 1h10<\/p>\t\t\t\t\t\t\t\t<\/div>\n\t\t\t\t\t<\/div>\n\t\t<\/div>\n\t\t\t\t<div class=\"elementor-column elementor-col-50 elementor-inner-column elementor-element elementor-element-ead42d4\" data-id=\"ead42d4\" data-element_type=\"column\" data-e-type=\"column\" data-settings=\"{&quot;background_background&quot;:&quot;classic&quot;}\">\n\t\t\t<div class=\"elementor-widget-wrap elementor-element-populated\">\n\t\t\t\t\t<div class=\"elementor-background-overlay\"><\/div>\n\t\t\t\t\t\t<div class=\"elementor-element elementor-element-9ea4353 elementor-widget elementor-widget-image\" data-id=\"9ea4353\" data-element_type=\"widget\" data-e-type=\"widget\" data-widget_type=\"image.default\">\n\t\t\t\t\t\t\t\t\t\t\t\t\t\t\t<img loading=\"lazy\" decoding=\"async\" width=\"500\" height=\"501\" src=\"https:\/\/lessinguliers.fr\/wp-content\/uploads\/2026\/02\/AmourPasSerieux-1.jpg\" class=\"attachment-large size-large wp-image-4200\" alt=\"\" srcset=\"https:\/\/lessinguliers.fr\/wp-content\/uploads\/2026\/02\/AmourPasSerieux-1.jpg 500w, https:\/\/lessinguliers.fr\/wp-content\/uploads\/2026\/02\/AmourPasSerieux-1-300x300.jpg 300w, https:\/\/lessinguliers.fr\/wp-content\/uploads\/2026\/02\/AmourPasSerieux-1-150x150.jpg 150w\" sizes=\"(max-width: 500px) 100vw, 500px\" \/>\t\t\t\t\t\t\t\t\t\t\t\t\t\t\t<\/div>\n\t\t\t\t\t<\/div>\n\t\t<\/div>\n\t\t\t\t\t<\/div>\n\t\t<\/section>\n\t\t\t\t<section class=\"elementor-section elementor-inner-section elementor-element elementor-element-16bf6a7 elementor-section-content-middle elementor-reverse-mobile elementor-section-full_width elementor-section-height-default elementor-section-height-default\" data-id=\"16bf6a7\" data-element_type=\"section\" data-e-type=\"section\" data-settings=\"{&quot;background_background&quot;:&quot;classic&quot;}\">\n\t\t\t\t\t\t<div class=\"elementor-container elementor-column-gap-no\">\n\t\t\t\t\t<div class=\"elementor-column elementor-col-50 elementor-inner-column elementor-element elementor-element-def0cf6\" data-id=\"def0cf6\" data-element_type=\"column\" data-e-type=\"column\" data-settings=\"{&quot;background_background&quot;:&quot;classic&quot;}\">\n\t\t\t<div class=\"elementor-widget-wrap elementor-element-populated\">\n\t\t\t\t\t<div class=\"elementor-background-overlay\"><\/div>\n\t\t\t\t\t\t<div class=\"elementor-element elementor-element-0e9f577 elementor-widget elementor-widget-image\" data-id=\"0e9f577\" data-element_type=\"widget\" data-e-type=\"widget\" data-widget_type=\"image.default\">\n\t\t\t\t\t\t\t\t\t\t\t\t\t\t\t<img loading=\"lazy\" decoding=\"async\" width=\"300\" height=\"318\" src=\"https:\/\/lessinguliers.fr\/wp-content\/uploads\/2025\/08\/Swan-6-CreditPhoto-Kevin-Brignolas-1.jpg\" class=\"attachment-large size-large wp-image-2207\" alt=\"\" srcset=\"https:\/\/lessinguliers.fr\/wp-content\/uploads\/2025\/08\/Swan-6-CreditPhoto-Kevin-Brignolas-1.jpg 300w, https:\/\/lessinguliers.fr\/wp-content\/uploads\/2025\/08\/Swan-6-CreditPhoto-Kevin-Brignolas-1-283x300.jpg 283w\" sizes=\"(max-width: 300px) 100vw, 300px\" \/>\t\t\t\t\t\t\t\t\t\t\t\t\t\t\t<\/div>\n\t\t\t\t\t<\/div>\n\t\t<\/div>\n\t\t\t\t<div class=\"elementor-column elementor-col-50 elementor-inner-column elementor-element elementor-element-dfee12d\" data-id=\"dfee12d\" data-element_type=\"column\" data-e-type=\"column\" data-settings=\"{&quot;background_background&quot;:&quot;classic&quot;}\">\n\t\t\t<div class=\"elementor-widget-wrap elementor-element-populated\">\n\t\t\t\t\t\t<div class=\"elementor-element elementor-element-936e7e4 elementor-widget elementor-widget-heading\" data-id=\"936e7e4\" data-element_type=\"widget\" data-e-type=\"widget\" data-widget_type=\"heading.default\">\n\t\t\t\t\t<h2 class=\"elementor-heading-title elementor-size-small\"><a href=\"#\">L\u2019\u0153il de Jument, d\u00e8s 8 ans<\/a><\/h2>\t\t\t\t<\/div>\n\t\t\t\t<div class=\"elementor-element elementor-element-227cd1a elementor-widget elementor-widget-text-editor\" data-id=\"227cd1a\" data-element_type=\"widget\" data-e-type=\"widget\" data-widget_type=\"text-editor.default\">\n\t\t\t\t\t\t\t\t\t<p>Ponette est inqui\u00e8te.<br \/>Le monde ne tourne pas rond et \u00e7a lui fait peur. Un jour, elle fait la rencontre de Dounia, une vieille dame qui lui fait un dr\u00f4le de cadeau : une belle perle de verre aux reflets bruns qu\u2019elle appelle l\u2019\u0153il de jument.<br \/>Au d\u00e9but, c\u2019est comme un jeu, Ponette regarde la ville et le ciel \u00e0 travers cette perle de verre\u2026 mais bient\u00f4t, avec l\u2019\u0153il de jument et les histoires de Dounia, c\u2019est son regard qui change. Elle d\u00e9couvre tout un monde qui palpite autour d\u2019elle ; un monde fait d\u2019intelligences insoup\u00e7onn\u00e9es, de liens et de merveilles qui ne demandent qu\u2019\u00e0 \u00eatre vues pour exister vraiment !<\/p><p>Dans ce tout nouveau r\u00e9cit en forme de fable contemporaine, SwaN Blach\u00e8re explore le th\u00e8me de l\u2019espoir et de l\u2019indispensable alliance avec le vivant.<br \/>Avec Isabelle Moricheau, sa complice musicienne aux machines, elles explorent un univers po\u00e9tique et sensible, nourri des travaux des nouveaux naturalistes, qui nous invite \u00e0 poser un regard \u00e9merveill\u00e9 sur ce qui nous entoure.<\/p><p>\u2013 R\u00e9cit : Swan Blach\u00e8re<br \/>\u2013 Cr\u00e9ation Sonore : Isabelle Moricheau<br \/>\u2013 Dur\u00e9e : 55 min<br \/><span class=\"spip-puce ltr\"><b>\u2013<\/b><\/span> Spectacle en solo ou duo<\/p>\t\t\t\t\t\t\t\t<\/div>\n\t\t\t\t\t<\/div>\n\t\t<\/div>\n\t\t\t\t\t<\/div>\n\t\t<\/section>\n\t\t\t\t<section class=\"elementor-section elementor-inner-section elementor-element elementor-element-b3ac784 elementor-section-content-middle elementor-reverse-mobile elementor-section-full_width elementor-section-height-default elementor-section-height-default\" data-id=\"b3ac784\" data-element_type=\"section\" data-e-type=\"section\" data-settings=\"{&quot;background_background&quot;:&quot;classic&quot;}\">\n\t\t\t\t\t\t<div class=\"elementor-container elementor-column-gap-no\">\n\t\t\t\t\t<div class=\"elementor-column elementor-col-50 elementor-inner-column elementor-element elementor-element-64f7d76\" data-id=\"64f7d76\" data-element_type=\"column\" data-e-type=\"column\" data-settings=\"{&quot;background_background&quot;:&quot;classic&quot;}\">\n\t\t\t<div class=\"elementor-widget-wrap elementor-element-populated\">\n\t\t\t\t\t\t<div class=\"elementor-element elementor-element-d4bf693 elementor-widget elementor-widget-heading\" data-id=\"d4bf693\" data-element_type=\"widget\" data-e-type=\"widget\" data-widget_type=\"heading.default\">\n\t\t\t\t\t<h2 class=\"elementor-heading-title elementor-size-small\"><a href=\"#\">Contes en Chti, d\u00e8s 8 ans<\/a><\/h2>\t\t\t\t<\/div>\n\t\t\t\t<div class=\"elementor-element elementor-element-223c07f elementor-widget elementor-widget-text-editor\" data-id=\"223c07f\" data-element_type=\"widget\" data-e-type=\"widget\" data-widget_type=\"text-editor.default\">\n\t\t\t\t\t\t\t\t\t<p>Contes traditionnels en langue picarde, couleur \u00ab\u00a0CHTI\u00a0\u00bb.<\/p><p>Il s&rsquo;agit de contes fac\u00e9tieux\u2026 la structure des contes et le travail corporel aident l&rsquo;auditeur, m\u00eame s&rsquo;il n&rsquo;a jamais entendu le chti autour de lui.<br \/>Et si un mot a besoin de traduction, Anne s&rsquo;y emploie avec joie !<br \/>Entendre la langue des grands-parents, arri\u00e8re-grands parents, telle qu&rsquo;ils l&rsquo;utilisaient aux champs ou \u00e0 l&rsquo;usine, c&rsquo;est ce qui touche souvent puissamment l&rsquo;auditoire.<\/p><p>Grimm, Andersen, Pourrat ne s&rsquo;offusquent jamais d&rsquo;\u00eatre traduits en chti !<br \/>Ne laissez jamais dire qu&rsquo;un \u00ab\u00a0patois\u00a0\u00bb est une mauvaise langue : c&rsquo;est celle du c\u0153ur de nos a\u00efeux et a\u00efeules !<\/p><p>\u2013 Conte : Anne Leviel<br \/>\u2013 Dur\u00e9e : 1h<\/p>\t\t\t\t\t\t\t\t<\/div>\n\t\t\t\t\t<\/div>\n\t\t<\/div>\n\t\t\t\t<div class=\"elementor-column elementor-col-50 elementor-inner-column elementor-element elementor-element-efc68a0\" data-id=\"efc68a0\" data-element_type=\"column\" data-e-type=\"column\" data-settings=\"{&quot;background_background&quot;:&quot;classic&quot;}\">\n\t\t\t<div class=\"elementor-widget-wrap elementor-element-populated\">\n\t\t\t\t\t<div class=\"elementor-background-overlay\"><\/div>\n\t\t\t\t\t\t<div class=\"elementor-element elementor-element-d7e0c45 elementor-widget elementor-widget-image\" data-id=\"d7e0c45\" data-element_type=\"widget\" data-e-type=\"widget\" data-widget_type=\"image.default\">\n\t\t\t\t\t\t\t\t\t\t\t\t\t\t\t<img loading=\"lazy\" decoding=\"async\" width=\"500\" height=\"500\" src=\"https:\/\/lessinguliers.fr\/wp-content\/uploads\/2026\/02\/Chti-1.jpg\" class=\"attachment-large size-large wp-image-4216\" alt=\"\" srcset=\"https:\/\/lessinguliers.fr\/wp-content\/uploads\/2026\/02\/Chti-1.jpg 500w, https:\/\/lessinguliers.fr\/wp-content\/uploads\/2026\/02\/Chti-1-300x300.jpg 300w, https:\/\/lessinguliers.fr\/wp-content\/uploads\/2026\/02\/Chti-1-150x150.jpg 150w\" sizes=\"(max-width: 500px) 100vw, 500px\" \/>\t\t\t\t\t\t\t\t\t\t\t\t\t\t\t<\/div>\n\t\t\t\t\t<\/div>\n\t\t<\/div>\n\t\t\t\t\t<\/div>\n\t\t<\/section>\n\t\t\t\t<section class=\"elementor-section elementor-inner-section elementor-element elementor-element-f565f1e elementor-section-content-middle elementor-reverse-mobile elementor-section-full_width elementor-section-height-default elementor-section-height-default\" data-id=\"f565f1e\" data-element_type=\"section\" data-e-type=\"section\" data-settings=\"{&quot;background_background&quot;:&quot;classic&quot;}\">\n\t\t\t\t\t\t<div class=\"elementor-container elementor-column-gap-no\">\n\t\t\t\t\t<div class=\"elementor-column elementor-col-50 elementor-inner-column elementor-element elementor-element-c948d0b\" data-id=\"c948d0b\" data-element_type=\"column\" data-e-type=\"column\" data-settings=\"{&quot;background_background&quot;:&quot;classic&quot;}\">\n\t\t\t<div class=\"elementor-widget-wrap elementor-element-populated\">\n\t\t\t\t\t<div class=\"elementor-background-overlay\"><\/div>\n\t\t\t\t\t\t<div class=\"elementor-element elementor-element-c502529 elementor-widget elementor-widget-image\" data-id=\"c502529\" data-element_type=\"widget\" data-e-type=\"widget\" data-widget_type=\"image.default\">\n\t\t\t\t\t\t\t\t\t\t\t\t\t\t\t<img loading=\"lazy\" decoding=\"async\" width=\"280\" height=\"255\" src=\"https:\/\/lessinguliers.fr\/wp-content\/uploads\/2025\/08\/mora4-1.jpg\" class=\"attachment-large size-large wp-image-1269\" alt=\"\" \/>\t\t\t\t\t\t\t\t\t\t\t\t\t\t\t<\/div>\n\t\t\t\t\t<\/div>\n\t\t<\/div>\n\t\t\t\t<div class=\"elementor-column elementor-col-50 elementor-inner-column elementor-element elementor-element-53826e0\" data-id=\"53826e0\" data-element_type=\"column\" data-e-type=\"column\" data-settings=\"{&quot;background_background&quot;:&quot;classic&quot;}\">\n\t\t\t<div class=\"elementor-widget-wrap elementor-element-populated\">\n\t\t\t\t\t\t<div class=\"elementor-element elementor-element-3654456 elementor-widget elementor-widget-heading\" data-id=\"3654456\" data-element_type=\"widget\" data-e-type=\"widget\" data-widget_type=\"heading.default\">\n\t\t\t\t\t<h2 class=\"elementor-heading-title elementor-size-small\"><a href=\"#\">La nuit des Esprits-Souffles, d\u00e8s 9 ans<\/a><\/h2>\t\t\t\t<\/div>\n\t\t\t\t<div class=\"elementor-element elementor-element-e297f04 elementor-widget elementor-widget-text-editor\" data-id=\"e297f04\" data-element_type=\"widget\" data-e-type=\"widget\" data-widget_type=\"text-editor.default\">\n\t\t\t\t\t\t\t\t\t<p>Cette nuit o\u00f9 tout est possible, les morts ont la parole. Ils nous permettent, une fois l\u2019an, de visiter le monde invisible des esprits, de voyager au temps des l\u00e9gendes oubli\u00e9es et dans ces lieux hant\u00e9s qui donnent le frisson.<\/p><p>\u00ab\u00a0Ce soir, comme tous les soirs, Jean est sur le chemin du retour. Except\u00e9 que cette fois-ci o\u00f9 un \u00e9pais brouillard se l\u00e8ve et le pi\u00e8ge. La nuit tombe et il est compl\u00e8tement perdu. Seul et effray\u00e9, il trouvera finalement refuge dans une \u00e9trange maison, dont on ne repart pas si facilement. Cette nuit o\u00f9 le monde des vivants et des morts se confond, on ne raconte que des histoires qui font bl\u00eamir.\u00a0\u00bb<\/p><p>\u2013 Conte : Elodie Mora<br \/>\u2013 Dur\u00e9e : 50 min<\/p>\t\t\t\t\t\t\t\t<\/div>\n\t\t\t\t\t<\/div>\n\t\t<\/div>\n\t\t\t\t\t<\/div>\n\t\t<\/section>\n\t\t\t\t<section class=\"elementor-section elementor-inner-section elementor-element elementor-element-7038d8a elementor-section-content-middle elementor-reverse-mobile elementor-section-full_width elementor-section-height-default elementor-section-height-default\" data-id=\"7038d8a\" data-element_type=\"section\" data-e-type=\"section\" data-settings=\"{&quot;background_background&quot;:&quot;classic&quot;}\">\n\t\t\t\t\t\t<div class=\"elementor-container elementor-column-gap-no\">\n\t\t\t\t\t<div class=\"elementor-column elementor-col-50 elementor-inner-column elementor-element elementor-element-ac7280a\" data-id=\"ac7280a\" data-element_type=\"column\" data-e-type=\"column\" data-settings=\"{&quot;background_background&quot;:&quot;classic&quot;}\">\n\t\t\t<div class=\"elementor-widget-wrap elementor-element-populated\">\n\t\t\t\t\t\t<div class=\"elementor-element elementor-element-0aae00f elementor-widget elementor-widget-heading\" data-id=\"0aae00f\" data-element_type=\"widget\" data-e-type=\"widget\" data-widget_type=\"heading.default\">\n\t\t\t\t\t<h2 class=\"elementor-heading-title elementor-size-small\"><a href=\"#\">Fruits Rouges, d\u00e8s 9 ans<\/a><\/h2>\t\t\t\t<\/div>\n\t\t\t\t<div class=\"elementor-element elementor-element-2f217dd elementor-widget elementor-widget-text-editor\" data-id=\"2f217dd\" data-element_type=\"widget\" data-e-type=\"widget\" data-widget_type=\"text-editor.default\">\n\t\t\t\t\t\t\t\t\t<p>Quand Michel Jolivet m\u2019a demand\u00e9 ce que je pensais des Indiens d\u2019Am\u00e9rique, une bouff\u00e9e d\u2019enfance m\u2019est revenue en m\u00e9moire : Quand je jouais aux Cow-boys et aux Indiens, j\u2019\u00e9tais naturellement visc\u00e9ralement du c\u00f4t\u00e9 des Indiens.<\/p><p>Je retrouvais les paysages de mes jeux favoris : se perdre dans la for\u00eat des Vosges, les sapins, la neige, grimper aux arbres, ramper sans bruit dans les foug\u00e8res pour d\u00e9couvrir les campements de tipis s\u2019allumer au cr\u00e9puscule comme des tapis de lucioles. Le savoir \u00e0 mains nues : \u00eatre dans la for\u00eat comme un poisson dans l\u2019eau.<br \/>Il y avait ce bonheur \u00e9trange de la vie des Indiens : Le plumage, les mocassins, les franges, les danses&#8230; Souplesse, secret, parole et grand savoir. Ces paroles fortes comme des brass\u00e9es d\u2019images, cette belle religion de la terre, autrement plus humaine que notre cat\u00e9chisme d\u2019aujourd\u2019hui, \u00e9cologiste, hygi\u00e9niste : consommateur ! Entre Mac Gyver et Little Big Man, je n\u2019h\u00e9site pas un instant. Et puis, je dois avouer qu\u2019\u00e0 douze ans, je trouvais d\u00e9j\u00e0 les petites squaws tellement plus attirantes que les femmes blanches des convois..<\/p><p>Bien s\u00fbr, il y a notre honte du massacre des Indiens, le d\u00e9go\u00fbt et la rage qu\u2019il fait na\u00eetre. Bien s\u00fbr, ils ne sont plus aujourd\u2019hui pour nous que des images : je ne suis pas ethnologue, je n\u2019en aurai sans doute jamais ni le go\u00fbt, ni la mani\u00e8re. Mon regard est simplement reconnaissant : l\u2019Homme Blanc que je suis aura toujours une dette envers ces Hommes Rouges : une dette de jeu d\u2019enfant.<\/p><p>En 1992, j\u2019ai choisi de comm\u00e9morer la d\u00e9couverte des Am\u00e9riques, en rendant aux Am\u00e9rindiens du Nord un peu de ce que je leur dois. A la mani\u00e8re du conteur que je suis : en tressant quelques unes des histoires qu\u2019ils se racontaient, comme on partage en secret une poign\u00e9e de fraises des bois.<\/p><p>Pour nous en nourrir \u00e0 notre tour. Sans nostalgie. Sans condescendance. Pour que tout simplement, nous entendions ce que le vent d\u2019Ouest nous murmure chaque jour \u00e0 l\u2019oreille : \u00ab Ils ne sont pas venus vivre et chanter sur cette terre en vain&#8230; \u00bb<\/p><p>\u2013 Conte et Musique (cithare hongroise et fl\u00fbte de pan) : Michel Hindenoch<br \/>\u2013 Dur\u00e9e : 1h15 \u00e0 1h30, en fonction du public<\/p>\t\t\t\t\t\t\t\t<\/div>\n\t\t\t\t\t<\/div>\n\t\t<\/div>\n\t\t\t\t<div class=\"elementor-column elementor-col-50 elementor-inner-column elementor-element elementor-element-ae79f95\" data-id=\"ae79f95\" data-element_type=\"column\" data-e-type=\"column\" data-settings=\"{&quot;background_background&quot;:&quot;classic&quot;}\">\n\t\t\t<div class=\"elementor-widget-wrap elementor-element-populated\">\n\t\t\t\t\t<div class=\"elementor-background-overlay\"><\/div>\n\t\t\t\t\t\t<div class=\"elementor-element elementor-element-8cfe53e elementor-widget elementor-widget-image\" data-id=\"8cfe53e\" data-element_type=\"widget\" data-e-type=\"widget\" data-widget_type=\"image.default\">\n\t\t\t\t\t\t\t\t\t\t\t\t\t\t\t<img loading=\"lazy\" decoding=\"async\" width=\"280\" height=\"255\" src=\"https:\/\/lessinguliers.fr\/wp-content\/uploads\/2025\/08\/hindenoch-5-1.jpg\" class=\"attachment-large size-large wp-image-387\" alt=\"\" \/>\t\t\t\t\t\t\t\t\t\t\t\t\t\t\t<\/div>\n\t\t\t\t<div class=\"elementor-element elementor-element-4a12754 elementor-widget elementor-widget-html\" data-id=\"4a12754\" data-element_type=\"widget\" data-e-type=\"widget\" data-widget_type=\"html.default\">\n\t\t\t\t\t<iframe width=\"100%\" height=\"166\" scrolling=\"no\" frameborder=\"no\" allow=\"autoplay\" src=\"https:\/\/w.soundcloud.com\/player\/?url=https%3A\/\/api.soundcloud.com\/tracks\/265683740&color=%23ff5500&auto_play=false&hide_related=false&show_comments=true&show_user=true&show_reposts=false&show_teaser=true\"><\/iframe><div style=\"font-size: 10px; color: #cccccc;line-break: anywhere;word-break: normal;overflow: hidden;white-space: nowrap;text-overflow: ellipsis; font-family: Interstate,Lucida Grande,Lucida Sans Unicode,Lucida Sans,Garuda,Verdana,Tahoma,sans-serif;font-weight: 100;\"><a href=\"https:\/\/soundcloud.com\/les-singuliers\" title=\"Les Singuliers\" target=\"_blank\" style=\"color: #cccccc; text-decoration: none;\">Les Singuliers<\/a> \u00b7 <a href=\"https:\/\/soundcloud.com\/les-singuliers\/fruits-rouges\" title=\"Extrait audio de &quot;Fruits Rouges&quot; - Michel Hindenoch\" target=\"_blank\" style=\"color: #cccccc; text-decoration: none;\">Extrait audio de &quot;Fruits Rouges&quot; - Michel Hindenoch<\/a><\/div>\t\t\t\t<\/div>\n\t\t\t\t\t<\/div>\n\t\t<\/div>\n\t\t\t\t\t<\/div>\n\t\t<\/section>\n\t\t\t\t<section class=\"elementor-section elementor-inner-section elementor-element elementor-element-518fc18 elementor-section-content-middle elementor-reverse-mobile elementor-section-full_width elementor-section-height-default elementor-section-height-default\" data-id=\"518fc18\" data-element_type=\"section\" data-e-type=\"section\" data-settings=\"{&quot;background_background&quot;:&quot;classic&quot;}\">\n\t\t\t\t\t\t<div class=\"elementor-container elementor-column-gap-no\">\n\t\t\t\t\t<div class=\"elementor-column elementor-col-50 elementor-inner-column elementor-element elementor-element-a97724a\" data-id=\"a97724a\" data-element_type=\"column\" data-e-type=\"column\" data-settings=\"{&quot;background_background&quot;:&quot;classic&quot;}\">\n\t\t\t<div class=\"elementor-widget-wrap elementor-element-populated\">\n\t\t\t\t\t<div class=\"elementor-background-overlay\"><\/div>\n\t\t\t\t\t\t<div class=\"elementor-element elementor-element-1cf5e3c elementor-widget elementor-widget-image\" data-id=\"1cf5e3c\" data-element_type=\"widget\" data-e-type=\"widget\" data-widget_type=\"image.default\">\n\t\t\t\t\t\t\t\t\t\t\t\t\t\t\t<img loading=\"lazy\" decoding=\"async\" width=\"280\" height=\"255\" src=\"https:\/\/lessinguliers.fr\/wp-content\/uploads\/2025\/08\/victor-5.jpg\" class=\"attachment-large size-large wp-image-1076\" alt=\"\" \/>\t\t\t\t\t\t\t\t\t\t\t\t\t\t\t<\/div>\n\t\t\t\t\t<\/div>\n\t\t<\/div>\n\t\t\t\t<div class=\"elementor-column elementor-col-50 elementor-inner-column elementor-element elementor-element-1e2c4fe\" data-id=\"1e2c4fe\" data-element_type=\"column\" data-e-type=\"column\" data-settings=\"{&quot;background_background&quot;:&quot;classic&quot;}\">\n\t\t\t<div class=\"elementor-widget-wrap elementor-element-populated\">\n\t\t\t\t\t\t<div class=\"elementor-element elementor-element-5d28fdf elementor-widget elementor-widget-heading\" data-id=\"5d28fdf\" data-element_type=\"widget\" data-e-type=\"widget\" data-widget_type=\"heading.default\">\n\t\t\t\t\t<h2 class=\"elementor-heading-title elementor-size-small\"><a href=\"#\">Caribay, le Joyau de la Cordill\u00e8re, d\u00e8s 9 ans<\/a><\/h2>\t\t\t\t<\/div>\n\t\t\t\t<div class=\"elementor-element elementor-element-4f50bbf elementor-widget elementor-widget-text-editor\" data-id=\"4f50bbf\" data-element_type=\"widget\" data-e-type=\"widget\" data-widget_type=\"text-editor.default\">\n\t\t\t\t\t\t\t\t\t<p>La nuit, au pied de la cordill\u00e8re des Andes, les \u00e9clairs sont fr\u00e9quents.<\/p><p>Caribay, une petite fille andine de sept ans, s\u2019enfuit \u00e0 travers la for\u00eat. Elle porte un petit poncho blanc et serre une poup\u00e9e entre ses bras.<br \/>Un am\u00e9rindien gigantesque et mena\u00e7ant lui barre la route ; il la soul\u00e8ve comme une petite souris. C\u2019est Zuh\u00e9, son p\u00e8re, le Dieu soleil !<\/p><p>\u00ab\u00a0Caribay et le Joyau de la Cordill\u00e8re\u00a0\u00bb raconte la qu\u00eate d\u2019une petite fille qui lutte pour se reconstruire, apr\u00e8s avoir subi la col\u00e8re de son p\u00e8re.<br \/>L\u2019h\u00e9ro\u00efne fait preuve de r\u00e9silience mais se demande sans cesse si elle va y arriver.<\/p><p>Peut-on vraiment se reconstruire ? Par le jeu, chacun peut panser ses blessures et refaire le monde en jouant pour se comprendre, se relier, s\u2019\u00e9panouir, imaginer les choses telles qu\u2019elles auraient pu \u00eatre\u2026<\/p><p>\u2013 Conte et Musique (cuatro) : Victor Cova Correa<br \/>\u2013 Dur\u00e9e : 1h<\/p>\t\t\t\t\t\t\t\t<\/div>\n\t\t\t\t\t<\/div>\n\t\t<\/div>\n\t\t\t\t\t<\/div>\n\t\t<\/section>\n\t\t\t\t<section class=\"elementor-section elementor-inner-section elementor-element elementor-element-d9327c1 elementor-section-content-middle elementor-reverse-mobile elementor-section-full_width elementor-section-height-default elementor-section-height-default\" data-id=\"d9327c1\" data-element_type=\"section\" data-e-type=\"section\" data-settings=\"{&quot;background_background&quot;:&quot;classic&quot;}\">\n\t\t\t\t\t\t<div class=\"elementor-container elementor-column-gap-no\">\n\t\t\t\t\t<div class=\"elementor-column elementor-col-50 elementor-inner-column elementor-element elementor-element-941f2b6\" data-id=\"941f2b6\" data-element_type=\"column\" data-e-type=\"column\" data-settings=\"{&quot;background_background&quot;:&quot;classic&quot;}\">\n\t\t\t<div class=\"elementor-widget-wrap elementor-element-populated\">\n\t\t\t\t\t\t<div class=\"elementor-element elementor-element-c1133fe elementor-widget elementor-widget-heading\" data-id=\"c1133fe\" data-element_type=\"widget\" data-e-type=\"widget\" data-widget_type=\"heading.default\">\n\t\t\t\t\t<h2 class=\"elementor-heading-title elementor-size-small\"><a href=\"#\">Embarquement Imm\u00e9diat !, d\u00e8s 9 ans<\/a><\/h2>\t\t\t\t<\/div>\n\t\t\t\t<div class=\"elementor-element elementor-element-7c44ba2 elementor-widget elementor-widget-text-editor\" data-id=\"7c44ba2\" data-element_type=\"widget\" data-e-type=\"widget\" data-widget_type=\"text-editor.default\">\n\t\t\t\t\t\t\t\t\t<p>Le 17 Mars, Saint Patrick est f\u00eat\u00e9 en Irlande et dans le monde&#8230; une fa\u00e7on de plonger dans les histoires, vraies ou invent\u00e9es de la vie du Saint.<br \/>Po\u00e9tiques ou comiques, en paroles ou en chanson, sur les traces de celui qui a chass\u00e9 serpents, vers de terre et crapauds de l\u2019Ile d\u2019Emeraude et dont on dit que la m\u00e8re tenait une distillerie de whisky !<\/p><p>\u2013 Conte, Chant et Musique (Bodhr\u00e1n et Sanzula) : Caroline Sire<br \/>\u2013 Dur\u00e9e : 1h<\/p>\t\t\t\t\t\t\t\t<\/div>\n\t\t\t\t\t<\/div>\n\t\t<\/div>\n\t\t\t\t<div class=\"elementor-column elementor-col-50 elementor-inner-column elementor-element elementor-element-ed4a947\" data-id=\"ed4a947\" data-element_type=\"column\" data-e-type=\"column\" data-settings=\"{&quot;background_background&quot;:&quot;classic&quot;}\">\n\t\t\t<div class=\"elementor-widget-wrap elementor-element-populated\">\n\t\t\t\t\t<div class=\"elementor-background-overlay\"><\/div>\n\t\t\t\t\t\t<div class=\"elementor-element elementor-element-69d037a elementor-widget elementor-widget-image\" data-id=\"69d037a\" data-element_type=\"widget\" data-e-type=\"widget\" data-widget_type=\"image.default\">\n\t\t\t\t\t\t\t\t\t\t\t\t\t\t\t<img loading=\"lazy\" decoding=\"async\" width=\"300\" height=\"271\" src=\"https:\/\/lessinguliers.fr\/wp-content\/uploads\/2025\/08\/CS-tambour.jpg\" class=\"attachment-large size-large wp-image-1992\" alt=\"\" \/>\t\t\t\t\t\t\t\t\t\t\t\t\t\t\t<\/div>\n\t\t\t\t\t<\/div>\n\t\t<\/div>\n\t\t\t\t\t<\/div>\n\t\t<\/section>\n\t\t\t\t\t<\/div>\n\t\t<\/div>\n\t\t\t\t\t<\/div>\n\t\t<\/section>\n\t\t\t\t<\/div>\n\t\t","protected":false},"excerpt":{"rendered":"<p>pour les familles d\u2019oreilles ! d\u00e8s 4 ans Tous nos spectacles Contes \u00e0 marcher debout, d\u00e8s 4 ans Dans cette balade, deux plaisirs vous sont offerts : \u00e9couter des histoires et \u00eatre en ext\u00e9rieur. Quelques heures dans la nature pour profiter du paysage en \u00e9coutant des contes : un r\u00e9gal des yeux et des oreilles.Une&#8230;<\/p>\n","protected":false},"author":1,"featured_media":0,"parent":31,"menu_order":0,"comment_status":"closed","ping_status":"closed","template":"","meta":{"_kad_post_transparent":"","_kad_post_title":"hide","_kad_post_layout":"fullwidth","_kad_post_sidebar_id":"","_kad_post_content_style":"unboxed","_kad_post_vertical_padding":"hide","_kad_post_feature":"hide","_kad_post_feature_position":"","_kad_post_header":false,"_kad_post_footer":false,"_kad_post_classname":"","footnotes":""},"class_list":["post-302","page","type-page","status-publish","hentry"],"_links":{"self":[{"href":"https:\/\/lessinguliers.fr\/index.php\/wp-json\/wp\/v2\/pages\/302","targetHints":{"allow":["GET"]}}],"collection":[{"href":"https:\/\/lessinguliers.fr\/index.php\/wp-json\/wp\/v2\/pages"}],"about":[{"href":"https:\/\/lessinguliers.fr\/index.php\/wp-json\/wp\/v2\/types\/page"}],"author":[{"embeddable":true,"href":"https:\/\/lessinguliers.fr\/index.php\/wp-json\/wp\/v2\/users\/1"}],"replies":[{"embeddable":true,"href":"https:\/\/lessinguliers.fr\/index.php\/wp-json\/wp\/v2\/comments?post=302"}],"version-history":[{"count":157,"href":"https:\/\/lessinguliers.fr\/index.php\/wp-json\/wp\/v2\/pages\/302\/revisions"}],"predecessor-version":[{"id":4417,"href":"https:\/\/lessinguliers.fr\/index.php\/wp-json\/wp\/v2\/pages\/302\/revisions\/4417"}],"up":[{"embeddable":true,"href":"https:\/\/lessinguliers.fr\/index.php\/wp-json\/wp\/v2\/pages\/31"}],"wp:attachment":[{"href":"https:\/\/lessinguliers.fr\/index.php\/wp-json\/wp\/v2\/media?parent=302"}],"curies":[{"name":"wp","href":"https:\/\/api.w.org\/{rel}","templated":true}]}}