{"id":223,"date":"2025-08-20T21:28:24","date_gmt":"2025-08-20T21:28:24","guid":{"rendered":"https:\/\/wp.lessinguliers.fr\/?page_id=223"},"modified":"2026-03-19T09:38:21","modified_gmt":"2026-03-19T09:38:21","slug":"test","status":"publish","type":"page","link":"https:\/\/lessinguliers.fr\/index.php\/nos-spectacles\/test\/","title":{"rendered":"Spectacles pour les petites z\u2019oreilles\u00a0! de 3 mois \u00e0 5 ans"},"content":{"rendered":"\t\t<div data-elementor-type=\"wp-page\" data-elementor-id=\"223\" class=\"elementor elementor-223\" data-elementor-post-type=\"page\">\n\t\t\t\t\t\t<section class=\"elementor-section elementor-top-section elementor-element elementor-element-6d31413 elementor-section-boxed elementor-section-height-default elementor-section-height-default\" data-id=\"6d31413\" data-element_type=\"section\" data-e-type=\"section\" data-settings=\"{&quot;background_background&quot;:&quot;classic&quot;}\">\n\t\t\t\t\t\t\t<div class=\"elementor-background-overlay\"><\/div>\n\t\t\t\t\t\t\t<div class=\"elementor-container elementor-column-gap-default\">\n\t\t\t\t\t<div class=\"elementor-column elementor-col-100 elementor-top-column elementor-element elementor-element-9be8bd1\" data-id=\"9be8bd1\" data-element_type=\"column\" data-e-type=\"column\">\n\t\t\t<div class=\"elementor-widget-wrap elementor-element-populated\">\n\t\t\t\t\t\t<section class=\"elementor-section elementor-inner-section elementor-element elementor-element-81e6b2e elementor-section-content-middle elementor-section-boxed elementor-section-height-default elementor-section-height-default\" data-id=\"81e6b2e\" data-element_type=\"section\" data-e-type=\"section\">\n\t\t\t\t\t\t<div class=\"elementor-container elementor-column-gap-default\">\n\t\t\t\t\t<div class=\"elementor-column elementor-col-33 elementor-inner-column elementor-element elementor-element-b141015\" data-id=\"b141015\" data-element_type=\"column\" data-e-type=\"column\">\n\t\t\t<div class=\"elementor-widget-wrap elementor-element-populated\">\n\t\t\t\t\t\t<div class=\"elementor-element elementor-element-2d9d4c3 elementor-widget elementor-widget-heading\" data-id=\"2d9d4c3\" data-element_type=\"widget\" data-e-type=\"widget\" data-widget_type=\"heading.default\">\n\t\t\t\t\t<h2 class=\"elementor-heading-title elementor-size-xl\">Pour les petites z\u2019oreilles ! de 3 mois \u00e0 6 ans<\/h2>\t\t\t\t<\/div>\n\t\t\t\t\t<\/div>\n\t\t<\/div>\n\t\t\t\t<div class=\"elementor-column elementor-col-66 elementor-inner-column elementor-element elementor-element-d5a58c9\" data-id=\"d5a58c9\" data-element_type=\"column\" data-e-type=\"column\">\n\t\t\t<div class=\"elementor-widget-wrap elementor-element-populated\">\n\t\t\t\t\t\t<div class=\"elementor-element elementor-element-09bc0d2 elementor-align-center elementor-widget__width-auto elementor-mobile-align-center elementor-widget elementor-widget-button\" data-id=\"09bc0d2\" data-element_type=\"widget\" data-e-type=\"widget\" data-widget_type=\"button.default\">\n\t\t\t\t\t\t\t\t\t\t<a class=\"elementor-button elementor-button-link elementor-size-sm\" href=\"https:\/\/lessinguliers.fr\/index.php\/nos-spectacles\/\">\n\t\t\t\t\t\t<span class=\"elementor-button-content-wrapper\">\n\t\t\t\t\t\t\t\t\t<span class=\"elementor-button-text\">Tous nos spectacles<\/span>\n\t\t\t\t\t<\/span>\n\t\t\t\t\t<\/a>\n\t\t\t\t\t\t\t\t<\/div>\n\t\t\t\t\t<\/div>\n\t\t<\/div>\n\t\t\t\t\t<\/div>\n\t\t<\/section>\n\t\t\t\t\t<\/div>\n\t\t<\/div>\n\t\t\t\t\t<\/div>\n\t\t<\/section>\n\t\t\t\t<section class=\"elementor-section elementor-top-section elementor-element elementor-element-20d2f5f2 elementor-section-full_width elementor-section-height-default elementor-section-height-default\" data-id=\"20d2f5f2\" data-element_type=\"section\" data-e-type=\"section\" data-settings=\"{&quot;background_background&quot;:&quot;classic&quot;}\">\n\t\t\t\t\t\t<div class=\"elementor-container elementor-column-gap-no\">\n\t\t\t\t\t<div class=\"elementor-column elementor-col-100 elementor-top-column elementor-element elementor-element-67695b7c\" data-id=\"67695b7c\" data-element_type=\"column\" data-e-type=\"column\">\n\t\t\t<div class=\"elementor-widget-wrap elementor-element-populated\">\n\t\t\t\t\t\t<section class=\"elementor-section elementor-inner-section elementor-element elementor-element-d68a21b elementor-section-content-middle elementor-reverse-mobile elementor-section-full_width elementor-section-height-default elementor-section-height-default\" data-id=\"d68a21b\" data-element_type=\"section\" data-e-type=\"section\" data-settings=\"{&quot;background_background&quot;:&quot;classic&quot;}\">\n\t\t\t\t\t\t\t<div class=\"elementor-background-overlay\"><\/div>\n\t\t\t\t\t\t\t<div class=\"elementor-container elementor-column-gap-no\">\n\t\t\t\t\t<div class=\"elementor-column elementor-col-50 elementor-inner-column elementor-element elementor-element-0a55fd7\" data-id=\"0a55fd7\" data-element_type=\"column\" data-e-type=\"column\" data-settings=\"{&quot;background_background&quot;:&quot;classic&quot;}\">\n\t\t\t<div class=\"elementor-widget-wrap elementor-element-populated\">\n\t\t\t\t\t\t<div class=\"elementor-element elementor-element-26151b9 elementor-widget elementor-widget-heading\" data-id=\"26151b9\" data-element_type=\"widget\" data-e-type=\"widget\" data-widget_type=\"heading.default\">\n\t\t\t\t\t<h2 class=\"elementor-heading-title elementor-size-small\"><a href=\"#\">Sieste Enchant\u00e9e, de 0 \u00e0 3 ans<\/a><\/h2>\t\t\t\t<\/div>\n\t\t\t\t<div class=\"elementor-element elementor-element-55a506f elementor-widget elementor-widget-text-editor\" data-id=\"55a506f\" data-element_type=\"widget\" data-e-type=\"widget\" data-widget_type=\"text-editor.default\">\n\t\t\t\t\t\t\t\t\t<p>Un moment de calme o\u00f9 l\u2019imaginaire des plus petits s\u2019envole port\u00e9 par les ailes du conte et les chants traditionnels du Venezuela, dans sa forme la plus accessible. Ce sont les couleurs et les sons, les images \u00e9tonnantes ou amusantes qui portent l\u2019histoire. Les jeunes oreilles \u00e9prouvent les \u00e9motions, le danger, la douceur, la surprise, et apprennent le plaisir de suivre un petit personnage sur un petit bout de vie.<br \/><br \/><span class=\"spip-puce ltr\"><b>\u2013<\/b><\/span>\u00a0Conte, Chant et Musique (cuatro)\u00a0: Victor Cova Correa<br \/><span class=\"spip-puce ltr\"><b>\u2013<\/b><\/span>\u00a0Dur\u00e9e\u00a0: 20 \u00e0 30min<\/p>\t\t\t\t\t\t\t\t<\/div>\n\t\t\t\t\t<\/div>\n\t\t<\/div>\n\t\t\t\t<div class=\"elementor-column elementor-col-50 elementor-inner-column elementor-element elementor-element-52ca92b\" data-id=\"52ca92b\" data-element_type=\"column\" data-e-type=\"column\" data-settings=\"{&quot;background_background&quot;:&quot;classic&quot;}\">\n\t\t\t<div class=\"elementor-widget-wrap elementor-element-populated\">\n\t\t\t\t\t<div class=\"elementor-background-overlay\"><\/div>\n\t\t\t\t\t\t<div class=\"elementor-element elementor-element-e1fbb0c elementor-widget elementor-widget-image\" data-id=\"e1fbb0c\" data-element_type=\"widget\" data-e-type=\"widget\" data-widget_type=\"image.default\">\n\t\t\t\t\t\t\t\t\t\t\t\t\t\t\t<img fetchpriority=\"high\" decoding=\"async\" width=\"300\" height=\"355\" src=\"https:\/\/lessinguliers.fr\/wp-content\/uploads\/2025\/08\/Victor-Cova-Correa-Ext-Librededroits-2-1.jpg\" class=\"attachment-full size-full wp-image-2104\" alt=\"\" srcset=\"https:\/\/lessinguliers.fr\/wp-content\/uploads\/2025\/08\/Victor-Cova-Correa-Ext-Librededroits-2-1.jpg 300w, https:\/\/lessinguliers.fr\/wp-content\/uploads\/2025\/08\/Victor-Cova-Correa-Ext-Librededroits-2-1-254x300.jpg 254w\" sizes=\"(max-width: 300px) 100vw, 300px\" \/>\t\t\t\t\t\t\t\t\t\t\t\t\t\t\t<\/div>\n\t\t\t\t\t<\/div>\n\t\t<\/div>\n\t\t\t\t\t<\/div>\n\t\t<\/section>\n\t\t\t\t<section class=\"elementor-section elementor-inner-section elementor-element elementor-element-8cc5aca elementor-section-content-middle elementor-section-full_width elementor-section-height-default elementor-section-height-default\" data-id=\"8cc5aca\" data-element_type=\"section\" data-e-type=\"section\" data-settings=\"{&quot;background_background&quot;:&quot;classic&quot;}\">\n\t\t\t\t\t\t<div class=\"elementor-container elementor-column-gap-no\">\n\t\t\t\t\t<div class=\"elementor-column elementor-col-50 elementor-inner-column elementor-element elementor-element-8a1c1e6\" data-id=\"8a1c1e6\" data-element_type=\"column\" data-e-type=\"column\" data-settings=\"{&quot;background_background&quot;:&quot;classic&quot;}\">\n\t\t\t<div class=\"elementor-widget-wrap elementor-element-populated\">\n\t\t\t\t\t<div class=\"elementor-background-overlay\"><\/div>\n\t\t\t\t\t\t<div class=\"elementor-element elementor-element-2e14425 elementor-widget elementor-widget-image\" data-id=\"2e14425\" data-element_type=\"widget\" data-e-type=\"widget\" data-widget_type=\"image.default\">\n\t\t\t\t\t\t\t\t\t\t\t\t\t\t\t<img decoding=\"async\" width=\"280\" height=\"255\" src=\"https:\/\/lessinguliers.fr\/wp-content\/uploads\/2025\/08\/sire-1.jpg\" class=\"attachment-full size-full wp-image-240\" alt=\"\" \/>\t\t\t\t\t\t\t\t\t\t\t\t\t\t\t<\/div>\n\t\t\t\t\t<\/div>\n\t\t<\/div>\n\t\t\t\t<div class=\"elementor-column elementor-col-50 elementor-inner-column elementor-element elementor-element-2179d10\" data-id=\"2179d10\" data-element_type=\"column\" data-e-type=\"column\" data-settings=\"{&quot;background_background&quot;:&quot;classic&quot;}\">\n\t\t\t<div class=\"elementor-widget-wrap elementor-element-populated\">\n\t\t\t\t\t\t<div class=\"elementor-element elementor-element-a42dbb5 elementor-widget elementor-widget-heading\" data-id=\"a42dbb5\" data-element_type=\"widget\" data-e-type=\"widget\" data-widget_type=\"heading.default\">\n\t\t\t\t\t<h2 class=\"elementor-heading-title elementor-size-small\"><a href=\"#\">Histoires de P\u2019tites Graines, de 1 \u00e0 3 ans<\/a><\/h2>\t\t\t\t<\/div>\n\t\t\t\t<div class=\"elementor-element elementor-element-f78158e elementor-widget elementor-widget-text-editor\" data-id=\"f78158e\" data-element_type=\"widget\" data-e-type=\"widget\" data-widget_type=\"text-editor.default\">\n\t\t\t\t\t\t\t\t\t<p>Tout le monde dit que la v\u00e9rit\u00e9 sort de la bouche des enfants&#8230;<br class=\"autobr\" \/>Mais o\u00f9 elle va la v\u00e9rit\u00e9&#8230; apr\u00e8s\u00a0?<br class=\"autobr\" \/>Oui, \u00e7a commence comme tous les matins. On est dans le dodo tout chaud, l\u00e0 sous la couette, oh oui c\u2019est chouette\u00a0! Qui est-ce qui vient me chatouiller les doigts de pieds\u00a0?!!<br class=\"autobr\" \/>\u2028Pousser, grandir. Se souvenir du temps o\u00f9 les \u00e9toiles veillaient sur nous, du temps o\u00f9 se laver c\u2019\u00e9tait mettre de l\u2019eau partout.<br class=\"autobr\" \/>La vie est un voyage que tu feras pas \u00e0 pas.<br class=\"autobr\" \/>Mais chut chut\u00a0! Sois bien sage, le secret est en toi.<br \/><br \/><span class=\"spip-puce ltr\"><b><\/b>\u2013<\/span>\u00a0Conte, Chant et Musique (Bodhr\u00e1n et Sanzula)\u00a0: Caroline Sire<br \/><span class=\"spip-puce ltr\">\u2013<\/span>\u00a0Dur\u00e9e\u00a0: 30min<\/p><p>Ce spectacle est associ\u00e9 \u00e0 une formation \u00ab\u00a0Raconter et lire aux tout petits\u00a0\u00bb.<\/p>\t\t\t\t\t\t\t\t<\/div>\n\t\t\t\t\t<\/div>\n\t\t<\/div>\n\t\t\t\t\t<\/div>\n\t\t<\/section>\n\t\t\t\t<section class=\"elementor-section elementor-inner-section elementor-element elementor-element-cce0af2 elementor-section-content-middle elementor-reverse-mobile elementor-section-full_width elementor-section-height-default elementor-section-height-default\" data-id=\"cce0af2\" data-element_type=\"section\" data-e-type=\"section\" data-settings=\"{&quot;background_background&quot;:&quot;classic&quot;}\">\n\t\t\t\t\t\t<div class=\"elementor-container elementor-column-gap-no\">\n\t\t\t\t\t<div class=\"elementor-column elementor-col-50 elementor-inner-column elementor-element elementor-element-73185f8\" data-id=\"73185f8\" data-element_type=\"column\" data-e-type=\"column\" data-settings=\"{&quot;background_background&quot;:&quot;classic&quot;}\">\n\t\t\t<div class=\"elementor-widget-wrap elementor-element-populated\">\n\t\t\t\t\t\t<div class=\"elementor-element elementor-element-72521f9 elementor-widget elementor-widget-heading\" data-id=\"72521f9\" data-element_type=\"widget\" data-e-type=\"widget\" data-widget_type=\"heading.default\">\n\t\t\t\t\t<h2 class=\"elementor-heading-title elementor-size-small\"><a href=\"#\">Plume, de 18 mois \u00e0 3 ans\n<\/a><\/h2>\t\t\t\t<\/div>\n\t\t\t\t<div class=\"elementor-element elementor-element-956ac52 elementor-widget elementor-widget-text-editor\" data-id=\"956ac52\" data-element_type=\"widget\" data-e-type=\"widget\" data-widget_type=\"text-editor.default\">\n\t\t\t\t\t\t\t\t\t<p>Un spectacle d\u2019objets, un voyage tout en po\u00e9sie pour les petits&#8230; Dans ce spectacle, le personnage est une plume, une petite plume de paon, qui voyage \u00ab\u00a0pour trouver sa maison\u00a0\u00bb&#8230;En alternance se vivent des moments o\u00f9 le petit est invit\u00e9 \u00e0 contempler, \u00e9couter et d\u2019autres o\u00f9 les deux artistes s\u2019adressent directement \u00e0 lui. La part musicale est dans les mots, les chants, mais aussi avec de vrais instruments\u00a0: fl\u00fbte traversi\u00e8re, yukul\u00e9l\u00e9, carillon, appeaux, tambour&#8230;<br \/>Anne et Anna manient la tendresse et la farce, comptines traditionnelles et refrains invent\u00e9s se croisent, pour dire les beaut\u00e9s de la Terre, la malice et la force des animaux.<br \/><br \/><span class=\"spip-puce ltr\">\u2013\u00a0Conte, Musique, Objets et Comptines<br \/>\u2013<\/span>\u00a0Conte, Comptines et Objets\u00a0: Anne Leviel<br \/><span class=\"spip-puce ltr\">\u2013<\/span> Musique (fl\u00fbte traversi\u00e8re, ukul\u00e9l\u00e9, carillon, appeaux, tambour): Anna De Santis<br \/><span class=\"spip-puce ltr\">\u2013<\/span>\u00a0Dur\u00e9e\u00a0: 35 min<\/p>\t\t\t\t\t\t\t\t<\/div>\n\t\t\t\t\t<\/div>\n\t\t<\/div>\n\t\t\t\t<div class=\"elementor-column elementor-col-50 elementor-inner-column elementor-element elementor-element-dde0067\" data-id=\"dde0067\" data-element_type=\"column\" data-e-type=\"column\" data-settings=\"{&quot;background_background&quot;:&quot;classic&quot;}\">\n\t\t\t<div class=\"elementor-widget-wrap elementor-element-populated\">\n\t\t\t\t\t<div class=\"elementor-background-overlay\"><\/div>\n\t\t\t\t\t\t<div class=\"elementor-element elementor-element-f3722b2 elementor-widget elementor-widget-video\" data-id=\"f3722b2\" data-element_type=\"widget\" data-e-type=\"widget\" data-settings=\"{&quot;youtube_url&quot;:&quot;https:\\\/\\\/www.youtube.com\\\/watch?v=h5RMHFZOZM8&amp;ab_channel=LesSinguliers&quot;,&quot;video_type&quot;:&quot;youtube&quot;,&quot;controls&quot;:&quot;yes&quot;}\" data-widget_type=\"video.default\">\n\t\t\t\t\t\t\t<div class=\"elementor-wrapper elementor-open-inline\">\n\t\t\t<div class=\"elementor-video\"><\/div>\t\t<\/div>\n\t\t\t\t\t\t<\/div>\n\t\t\t\t\t<\/div>\n\t\t<\/div>\n\t\t\t\t\t<\/div>\n\t\t<\/section>\n\t\t\t\t<section class=\"elementor-section elementor-inner-section elementor-element elementor-element-c0967be elementor-section-content-middle elementor-section-full_width elementor-section-height-default elementor-section-height-default\" data-id=\"c0967be\" data-element_type=\"section\" data-e-type=\"section\" data-settings=\"{&quot;background_background&quot;:&quot;classic&quot;}\">\n\t\t\t\t\t\t<div class=\"elementor-container elementor-column-gap-no\">\n\t\t\t\t\t<div class=\"elementor-column elementor-col-50 elementor-inner-column elementor-element elementor-element-c765712\" data-id=\"c765712\" data-element_type=\"column\" data-e-type=\"column\" data-settings=\"{&quot;background_background&quot;:&quot;classic&quot;}\">\n\t\t\t<div class=\"elementor-widget-wrap elementor-element-populated\">\n\t\t\t\t\t<div class=\"elementor-background-overlay\"><\/div>\n\t\t\t\t\t\t<div class=\"elementor-element elementor-element-5b00081 elementor-widget elementor-widget-image\" data-id=\"5b00081\" data-element_type=\"widget\" data-e-type=\"widget\" data-widget_type=\"image.default\">\n\t\t\t\t\t\t\t\t\t\t\t\t\t\t\t<img decoding=\"async\" width=\"500\" height=\"501\" src=\"https:\/\/lessinguliers.fr\/wp-content\/uploads\/2026\/02\/ForetChante-1.jpg\" class=\"attachment-full size-full wp-image-4177\" alt=\"\" srcset=\"https:\/\/lessinguliers.fr\/wp-content\/uploads\/2026\/02\/ForetChante-1.jpg 500w, https:\/\/lessinguliers.fr\/wp-content\/uploads\/2026\/02\/ForetChante-1-300x300.jpg 300w, https:\/\/lessinguliers.fr\/wp-content\/uploads\/2026\/02\/ForetChante-1-150x150.jpg 150w\" sizes=\"(max-width: 500px) 100vw, 500px\" \/>\t\t\t\t\t\t\t\t\t\t\t\t\t\t\t<\/div>\n\t\t\t\t\t<\/div>\n\t\t<\/div>\n\t\t\t\t<div class=\"elementor-column elementor-col-50 elementor-inner-column elementor-element elementor-element-08ecf98\" data-id=\"08ecf98\" data-element_type=\"column\" data-e-type=\"column\" data-settings=\"{&quot;background_background&quot;:&quot;classic&quot;}\">\n\t\t\t<div class=\"elementor-widget-wrap elementor-element-populated\">\n\t\t\t\t\t\t<div class=\"elementor-element elementor-element-c6069b2 elementor-widget elementor-widget-heading\" data-id=\"c6069b2\" data-element_type=\"widget\" data-e-type=\"widget\" data-widget_type=\"heading.default\">\n\t\t\t\t\t<h2 class=\"elementor-heading-title elementor-size-small\"><a href=\"#\">La for\u00eat chante !\u2028 de 18 mois \u00e0 3 ans\n<\/a><\/h2>\t\t\t\t<\/div>\n\t\t\t\t<div class=\"elementor-element elementor-element-aa86b8c elementor-widget elementor-widget-text-editor\" data-id=\"aa86b8c\" data-element_type=\"widget\" data-e-type=\"widget\" data-widget_type=\"text-editor.default\">\n\t\t\t\t\t\t\t\t\t<p>Pays secret des arbres\u00a0: de la mousse et des feuilles. Fourrures \u00e0 quatre pattes, envols d\u2019 ailes l\u00e9g\u00e8res&#8230; La rivi\u00e8re y cailloute, Soleil y fait clairi\u00e8re.<\/p><p>La for\u00eat chante ! Vent et Neige seront beaux aussi&#8230; Car tout est fort, tout est magique, lorsque l\u2019on est petits.Le pourquoi du quoi&#8230; Depuis vingt-six ans, je mijote des paroles pour chaque \u00e2ge. Dans la vie des humains, la po\u00e9sie est une nourriture essentielle. Il faut commencer t\u00f4t\u00a0! Pouss\u00e9e au bord d\u2019une grande for\u00eat, du genre o\u00f9 l\u2019on peut encore se perdre, je suis une inconditionnelle de sa lumi\u00e8re, de sa brume impalpable, de sa joyeuse vitalit\u00e9. Le monde est un irrempla\u00e7able sous-bois&#8230; Il ne tient qu\u2019\u00e0 nous d\u2019y planter nos r\u00eaves.<\/p><p><span class=\"spip-puce ltr\">\u2013\u00a0Objets et Chansons<b><br \/><\/b>\u2013<\/span>\u00a0Chansons et Objets\u00a0: Anne Leviel<br \/><span class=\"spip-puce ltr\">\u2013<\/span>\u00a0Dur\u00e9e\u00a0: 30 min<\/p>\t\t\t\t\t\t\t\t<\/div>\n\t\t\t\t\t<\/div>\n\t\t<\/div>\n\t\t\t\t\t<\/div>\n\t\t<\/section>\n\t\t\t\t<section class=\"elementor-section elementor-inner-section elementor-element elementor-element-9dd9136 elementor-section-content-middle elementor-reverse-mobile elementor-section-full_width elementor-section-height-default elementor-section-height-default\" data-id=\"9dd9136\" data-element_type=\"section\" data-e-type=\"section\" data-settings=\"{&quot;background_background&quot;:&quot;classic&quot;}\">\n\t\t\t\t\t\t<div class=\"elementor-container elementor-column-gap-no\">\n\t\t\t\t\t<div class=\"elementor-column elementor-col-50 elementor-inner-column elementor-element elementor-element-8b4407b\" data-id=\"8b4407b\" data-element_type=\"column\" data-e-type=\"column\" data-settings=\"{&quot;background_background&quot;:&quot;classic&quot;}\">\n\t\t\t<div class=\"elementor-widget-wrap elementor-element-populated\">\n\t\t\t\t\t\t<div class=\"elementor-element elementor-element-e74e3dc elementor-widget elementor-widget-heading\" data-id=\"e74e3dc\" data-element_type=\"widget\" data-e-type=\"widget\" data-widget_type=\"heading.default\">\n\t\t\t\t\t<h2 class=\"elementor-heading-title elementor-size-small\"><a href=\"#\">Le No\u00ebl de Lilinska\u00efa, d\u00e8s 2 ans<\/a><\/h2>\t\t\t\t<\/div>\n\t\t\t\t<div class=\"elementor-element elementor-element-41746b4 elementor-widget elementor-widget-text-editor\" data-id=\"41746b4\" data-element_type=\"widget\" data-e-type=\"widget\" data-widget_type=\"text-editor.default\">\n\t\t\t\t\t\t\t\t\t<p>Ce matin l\u00e0, il fait froid.<br \/>La p\u2019tite Liline ne veut pas se lever, elle pr\u00e9f\u00e8re rester au chaud sous la couette.<br \/>Mais qui vient la r\u00e9veiller ?<br \/>Pas sa maman, assur\u00e9ment.<br \/>Pas son papa, non vraiment pas.<br \/>C\u2019est&#8230; c\u2019est la bonne grosse voix d\u2019Oley Leukoya, l\u2019Ours de No\u00ebl !<br \/>Il emporte Lilinska\u00efa au Grand Pays Blanc de Neige, celui des animaux et du chocolat chaud !<\/p><p>\u2013 Conte, Chant et Musique (Bodhr\u00e1n et Sanzula) : Caroline Sire<br \/>\u2013 De 2 \u00e0 3 ans \/ Dur\u00e9e : 30min &#8211; De 4 \u00e0 6 ans \/ Dur\u00e9e : 40min<\/p>\t\t\t\t\t\t\t\t<\/div>\n\t\t\t\t\t<\/div>\n\t\t<\/div>\n\t\t\t\t<div class=\"elementor-column elementor-col-50 elementor-inner-column elementor-element elementor-element-af9c43b\" data-id=\"af9c43b\" data-element_type=\"column\" data-e-type=\"column\" data-settings=\"{&quot;background_background&quot;:&quot;classic&quot;}\">\n\t\t\t<div class=\"elementor-widget-wrap elementor-element-populated\">\n\t\t\t\t\t<div class=\"elementor-background-overlay\"><\/div>\n\t\t\t\t\t\t<div class=\"elementor-element elementor-element-dd0b51b elementor-widget elementor-widget-image\" data-id=\"dd0b51b\" data-element_type=\"widget\" data-e-type=\"widget\" data-widget_type=\"image.default\">\n\t\t\t\t\t\t\t\t\t\t\t\t\t\t\t<img loading=\"lazy\" decoding=\"async\" width=\"300\" height=\"243\" src=\"https:\/\/lessinguliers.fr\/wp-content\/uploads\/2025\/08\/noel-lilinskaia-CS.jpg\" class=\"attachment-full size-full wp-image-2006\" alt=\"\" \/>\t\t\t\t\t\t\t\t\t\t\t\t\t\t\t<\/div>\n\t\t\t\t\t<\/div>\n\t\t<\/div>\n\t\t\t\t\t<\/div>\n\t\t<\/section>\n\t\t\t\t<section class=\"elementor-section elementor-inner-section elementor-element elementor-element-853510c elementor-section-content-middle elementor-reverse-mobile elementor-section-full_width elementor-section-height-default elementor-section-height-default\" data-id=\"853510c\" data-element_type=\"section\" data-e-type=\"section\" data-settings=\"{&quot;background_background&quot;:&quot;classic&quot;}\">\n\t\t\t\t\t\t<div class=\"elementor-container elementor-column-gap-no\">\n\t\t\t\t\t<div class=\"elementor-column elementor-col-50 elementor-inner-column elementor-element elementor-element-e23916e\" data-id=\"e23916e\" data-element_type=\"column\" data-e-type=\"column\" data-settings=\"{&quot;background_background&quot;:&quot;classic&quot;}\">\n\t\t\t<div class=\"elementor-widget-wrap elementor-element-populated\">\n\t\t\t\t\t<div class=\"elementor-background-overlay\"><\/div>\n\t\t\t\t\t\t<div class=\"elementor-element elementor-element-96b487a elementor-widget elementor-widget-image\" data-id=\"96b487a\" data-element_type=\"widget\" data-e-type=\"widget\" data-widget_type=\"image.default\">\n\t\t\t\t\t\t\t\t\t\t\t\t\t\t\t<img loading=\"lazy\" decoding=\"async\" width=\"500\" height=\"474\" src=\"https:\/\/lessinguliers.fr\/wp-content\/uploads\/2026\/02\/Petitscontesgourmands-1.jpg\" class=\"attachment-full size-full wp-image-4188\" alt=\"\" srcset=\"https:\/\/lessinguliers.fr\/wp-content\/uploads\/2026\/02\/Petitscontesgourmands-1.jpg 500w, https:\/\/lessinguliers.fr\/wp-content\/uploads\/2026\/02\/Petitscontesgourmands-1-300x284.jpg 300w\" sizes=\"(max-width: 500px) 100vw, 500px\" \/>\t\t\t\t\t\t\t\t\t\t\t\t\t\t\t<\/div>\n\t\t\t\t\t<\/div>\n\t\t<\/div>\n\t\t\t\t<div class=\"elementor-column elementor-col-50 elementor-inner-column elementor-element elementor-element-e8dc26d\" data-id=\"e8dc26d\" data-element_type=\"column\" data-e-type=\"column\" data-settings=\"{&quot;background_background&quot;:&quot;classic&quot;}\">\n\t\t\t<div class=\"elementor-widget-wrap elementor-element-populated\">\n\t\t\t\t\t\t<div class=\"elementor-element elementor-element-43a2da7 elementor-widget elementor-widget-heading\" data-id=\"43a2da7\" data-element_type=\"widget\" data-e-type=\"widget\" data-widget_type=\"heading.default\">\n\t\t\t\t\t<h2 class=\"elementor-heading-title elementor-size-small\"><a href=\"#\">Comptines et petits contes gourmands, de 2 \u00e0 5 ans<\/a><\/h2>\t\t\t\t<\/div>\n\t\t\t\t<div class=\"elementor-element elementor-element-ec8b393 elementor-widget elementor-widget-text-editor\" data-id=\"ec8b393\" data-element_type=\"widget\" data-e-type=\"widget\" data-widget_type=\"text-editor.default\">\n\t\t\t\t\t\t\t\t\t<p>\u00a0<\/p><p>De farces en gourmandises, les animaux ne pensent qu\u2019\u00e0 manger.<br \/>Pour mijoter le menu, Anne fait son march\u00e9 dans la tradition enfantine.<br \/>Il manque un ingr\u00e9dient ? Hop, elle s\u2019en va, illico, le fabriquer\u2026.Son imagination est son meilleur atelier !<\/p><p>\u2013 Conte et chansons : Anne Leviel<br \/>Avec la complicit\u00e9 d\u2019objets amis, qui surgissent par surprise.<br \/>\u2013 Dur\u00e9e : 40 min<\/p>\t\t\t\t\t\t\t\t<\/div>\n\t\t\t\t\t<\/div>\n\t\t<\/div>\n\t\t\t\t\t<\/div>\n\t\t<\/section>\n\t\t\t\t<section class=\"elementor-section elementor-inner-section elementor-element elementor-element-ce2dd6d elementor-section-content-middle elementor-reverse-mobile elementor-section-full_width elementor-section-height-default elementor-section-height-default\" data-id=\"ce2dd6d\" data-element_type=\"section\" data-e-type=\"section\" data-settings=\"{&quot;background_background&quot;:&quot;classic&quot;}\">\n\t\t\t\t\t\t<div class=\"elementor-container elementor-column-gap-no\">\n\t\t\t\t\t<div class=\"elementor-column elementor-col-50 elementor-inner-column elementor-element elementor-element-114f40d\" data-id=\"114f40d\" data-element_type=\"column\" data-e-type=\"column\" data-settings=\"{&quot;background_background&quot;:&quot;classic&quot;}\">\n\t\t\t<div class=\"elementor-widget-wrap elementor-element-populated\">\n\t\t\t\t\t\t<div class=\"elementor-element elementor-element-fdedce4 elementor-widget elementor-widget-heading\" data-id=\"fdedce4\" data-element_type=\"widget\" data-e-type=\"widget\" data-widget_type=\"heading.default\">\n\t\t\t\t\t<h2 class=\"elementor-heading-title elementor-size-small\"><a href=\"#\">Petit soleil et la dame aux herbes, de 2 \u00e0 5 ans\n<\/a><\/h2>\t\t\t\t<\/div>\n\t\t\t\t<div class=\"elementor-element elementor-element-d3dbfc7 elementor-widget elementor-widget-text-editor\" data-id=\"d3dbfc7\" data-element_type=\"widget\" data-e-type=\"widget\" data-widget_type=\"text-editor.default\">\n\t\t\t\t\t\t\t\t\t<p>Une histoire, des comptines, un violoncelle qui raconte&#8230;<\/p><p>L\u2019archet danse, les sons gigotent, les petits ouvrent de grands yeux&#8230; !<br \/>Ils sont venus \u00e0 trois : la conteuse, le musicien&#8230; Et ce beau monsieur de bois, qui chante.<br \/>Ensemble, ils content le plaisir des pieds nus dans la rivi\u00e8re, la peur et l\u2019amour des animaux.<br \/>Un petit homme \u00e9bouriff\u00e9 d\u00e9couvre la for\u00eat, le chemin et le pr\u00e9.<br \/>Un spectacle tr\u00e8s nature, \u00e0 pr\u00e9senter dans une agr\u00e9able proximit\u00e9.<\/p><p>\u2013 Conte et Chant : Anne Leviel<br \/>\u2013 Violoncelle : Adrien Noble<br \/>\u2013 Dur\u00e9e : 35 min<\/p>\t\t\t\t\t\t\t\t<\/div>\n\t\t\t\t\t<\/div>\n\t\t<\/div>\n\t\t\t\t<div class=\"elementor-column elementor-col-50 elementor-inner-column elementor-element elementor-element-5c702ce\" data-id=\"5c702ce\" data-element_type=\"column\" data-e-type=\"column\" data-settings=\"{&quot;background_background&quot;:&quot;classic&quot;}\">\n\t\t\t<div class=\"elementor-widget-wrap elementor-element-populated\">\n\t\t\t\t\t<div class=\"elementor-background-overlay\"><\/div>\n\t\t\t\t\t\t<div class=\"elementor-element elementor-element-ccd3d19 elementor-widget elementor-widget-video\" data-id=\"ccd3d19\" data-element_type=\"widget\" data-e-type=\"widget\" data-settings=\"{&quot;youtube_url&quot;:&quot;https:\\\/\\\/www.youtube.com\\\/watch?v=-FgaFnhMbqY&amp;ab_channel=LesSinguliers&quot;,&quot;video_type&quot;:&quot;youtube&quot;,&quot;controls&quot;:&quot;yes&quot;}\" data-widget_type=\"video.default\">\n\t\t\t\t\t\t\t<div class=\"elementor-wrapper elementor-open-inline\">\n\t\t\t<div class=\"elementor-video\"><\/div>\t\t<\/div>\n\t\t\t\t\t\t<\/div>\n\t\t\t\t\t<\/div>\n\t\t<\/div>\n\t\t\t\t\t<\/div>\n\t\t<\/section>\n\t\t\t\t<section class=\"elementor-section elementor-inner-section elementor-element elementor-element-22e5dfe elementor-section-content-middle elementor-reverse-mobile elementor-section-full_width elementor-section-height-default elementor-section-height-default\" data-id=\"22e5dfe\" data-element_type=\"section\" data-e-type=\"section\" data-settings=\"{&quot;background_background&quot;:&quot;classic&quot;}\">\n\t\t\t\t\t\t<div class=\"elementor-container elementor-column-gap-no\">\n\t\t\t\t\t<div class=\"elementor-column elementor-col-50 elementor-inner-column elementor-element elementor-element-f903e04\" data-id=\"f903e04\" data-element_type=\"column\" data-e-type=\"column\" data-settings=\"{&quot;background_background&quot;:&quot;classic&quot;}\">\n\t\t\t<div class=\"elementor-widget-wrap elementor-element-populated\">\n\t\t\t\t\t<div class=\"elementor-background-overlay\"><\/div>\n\t\t\t\t\t\t<div class=\"elementor-element elementor-element-fd23bfa elementor-widget elementor-widget-video\" data-id=\"fd23bfa\" data-element_type=\"widget\" data-e-type=\"widget\" data-settings=\"{&quot;youtube_url&quot;:&quot;https:\\\/\\\/youtu.be\\\/WqqAr8fDUUE&quot;,&quot;video_type&quot;:&quot;youtube&quot;,&quot;controls&quot;:&quot;yes&quot;}\" data-widget_type=\"video.default\">\n\t\t\t\t\t\t\t<div class=\"elementor-wrapper elementor-open-inline\">\n\t\t\t<div class=\"elementor-video\"><\/div>\t\t<\/div>\n\t\t\t\t\t\t<\/div>\n\t\t\t\t\t<\/div>\n\t\t<\/div>\n\t\t\t\t<div class=\"elementor-column elementor-col-50 elementor-inner-column elementor-element elementor-element-12d2560\" data-id=\"12d2560\" data-element_type=\"column\" data-e-type=\"column\" data-settings=\"{&quot;background_background&quot;:&quot;classic&quot;}\">\n\t\t\t<div class=\"elementor-widget-wrap elementor-element-populated\">\n\t\t\t\t\t\t<div class=\"elementor-element elementor-element-e1a3202 elementor-widget elementor-widget-heading\" data-id=\"e1a3202\" data-element_type=\"widget\" data-e-type=\"widget\" data-widget_type=\"heading.default\">\n\t\t\t\t\t<h2 class=\"elementor-heading-title elementor-size-small\"><a href=\"#\">Moustaches et Ribambelles, de\u00a03 \u00e0 5 ans\n<\/a><\/h2>\t\t\t\t<\/div>\n\t\t\t\t<div class=\"elementor-element elementor-element-ce15bc3 elementor-widget elementor-widget-text-editor\" data-id=\"ce15bc3\" data-element_type=\"widget\" data-e-type=\"widget\" data-widget_type=\"text-editor.default\">\n\t\t\t\t\t\t\t\t\t<p>Histoires et chansons pour les petits humains<\/p><p>Voici, \u00e0 la rencontre des petits, des histoires, de la musique, des chansons fabriqu\u00e9es tout expr\u00e8s&#8230; Dans la ribambelle, ils sont tous accroch\u00e9s\u00a0: les chats et les souris, les animaux de la for\u00eat, l\u2019accord\u00e9on et la guitare, le ukul\u00e9l\u00e9&#8230;<br class=\"autobr\" \/>\u00c7a chante, \u00e7a joue, \u00e7a trotte partout\u00a0!<\/p><p>Anne et Ben ont mijot\u00e9 leur sixi\u00e8me cr\u00e9ation commune\u00a0!<br class=\"autobr\" \/>Quinze ans d\u2019imagination complice\u00a0: chansons, r\u00e9cits et musiques&#8230;<br class=\"autobr\" \/>Une belle travers\u00e9e&#8230; Il ne reste plus qu\u2019\u00e0 venir embarquer, avec vos petits.<\/p><p><span class=\"spip-puce ltr\">\u2013 Conte, Musique, Objets et Chansons<b><br \/>\u2013<\/b><\/span>\u00a0Conte, Objets et Chant\u00a0: Anne Leviel<br class=\"autobr\" \/>\u2013 Conte, Chant et Musique (Guitare, Percussion, Accord\u00e9on)\u00a0: Benoit Brunhes<br \/><span class=\"spip-puce ltr\"><b>\u2013<\/b><\/span>\u00a0Dur\u00e9e\u00a0: 35 min<\/p>\t\t\t\t\t\t\t\t<\/div>\n\t\t\t\t\t<\/div>\n\t\t<\/div>\n\t\t\t\t\t<\/div>\n\t\t<\/section>\n\t\t\t\t<section class=\"elementor-section elementor-inner-section elementor-element elementor-element-2a9bf3e elementor-section-content-middle elementor-reverse-mobile elementor-section-full_width elementor-section-height-default elementor-section-height-default\" data-id=\"2a9bf3e\" data-element_type=\"section\" data-e-type=\"section\" data-settings=\"{&quot;background_background&quot;:&quot;classic&quot;}\">\n\t\t\t\t\t\t<div class=\"elementor-container elementor-column-gap-no\">\n\t\t\t\t\t<div class=\"elementor-column elementor-col-50 elementor-inner-column elementor-element elementor-element-547bcb0\" data-id=\"547bcb0\" data-element_type=\"column\" data-e-type=\"column\" data-settings=\"{&quot;background_background&quot;:&quot;classic&quot;}\">\n\t\t\t<div class=\"elementor-widget-wrap elementor-element-populated\">\n\t\t\t\t\t\t<div class=\"elementor-element elementor-element-2c06858 elementor-widget elementor-widget-heading\" data-id=\"2c06858\" data-element_type=\"widget\" data-e-type=\"widget\" data-widget_type=\"heading.default\">\n\t\t\t\t\t<h2 class=\"elementor-heading-title elementor-size-small\"><a href=\"#\">Chiqui chiqui riqui riqui miaou miaou, de 3 \u00e0 5 ans ou d\u00e8s 5 ans<\/a><\/h2>\t\t\t\t<\/div>\n\t\t\t\t<div class=\"elementor-element elementor-element-4c19f81 elementor-widget elementor-widget-text-editor\" data-id=\"4c19f81\" data-element_type=\"widget\" data-e-type=\"widget\" data-widget_type=\"text-editor.default\">\n\t\t\t\t\t\t\t\t\t<p>Il \u00e9tait une fois le temps du Grand Jaguar, un temps o\u00f9 les animaux, les plantes et les hommes pouvaient encore communiquer ensemble.<\/p><p>Je vous raconte l\u2019histoire d\u2019un petit petit indien, d\u2019un petit bonhomme vert, d\u2019un petit bout de charbon, de Parole-Ail\u00e9e le Perroquet, d\u2019une petite souris pr\u00e9somptueuse, d\u2019un petit rat ou encore d\u2019un petit pois.<br \/>Ils avaient tous l\u2019air si fr\u00eales mais, en v\u00e9rit\u00e9, qu\u2019est ce qu\u2019ils sont courageux ! Et t\u00eatus parfois\u2026<br \/>Des histoires d\u2019ici et de l\u00e0-bas, recueillies avec amour.<\/p><p>\u2013 Conte et Musique (cuatro) : Victor Cova Correa<br \/>\u2013 Dur\u00e9e : 30 min (de 3 \u00e0 5 ans) et 45 min \u00e0 1h (d\u00e8s 5 ans)<\/p>\t\t\t\t\t\t\t\t<\/div>\n\t\t\t\t\t<\/div>\n\t\t<\/div>\n\t\t\t\t<div class=\"elementor-column elementor-col-50 elementor-inner-column elementor-element elementor-element-5a6b1af\" data-id=\"5a6b1af\" data-element_type=\"column\" data-e-type=\"column\" data-settings=\"{&quot;background_background&quot;:&quot;classic&quot;}\">\n\t\t\t<div class=\"elementor-widget-wrap elementor-element-populated\">\n\t\t\t\t\t<div class=\"elementor-background-overlay\"><\/div>\n\t\t\t\t\t\t<div class=\"elementor-element elementor-element-02b7b6a elementor-widget elementor-widget-image\" data-id=\"02b7b6a\" data-element_type=\"widget\" data-e-type=\"widget\" data-widget_type=\"image.default\">\n\t\t\t\t\t\t\t\t\t\t\t\t\t\t\t<img loading=\"lazy\" decoding=\"async\" width=\"280\" height=\"255\" src=\"https:\/\/lessinguliers.fr\/wp-content\/uploads\/2025\/08\/victor-3.jpg\" class=\"attachment-large size-large wp-image-1084\" alt=\"\" \/>\t\t\t\t\t\t\t\t\t\t\t\t\t\t\t<\/div>\n\t\t\t\t\t<\/div>\n\t\t<\/div>\n\t\t\t\t\t<\/div>\n\t\t<\/section>\n\t\t\t\t<section class=\"elementor-section elementor-inner-section elementor-element elementor-element-96bc361 elementor-section-content-middle elementor-reverse-mobile elementor-section-full_width elementor-section-height-default elementor-section-height-default\" data-id=\"96bc361\" data-element_type=\"section\" data-e-type=\"section\" data-settings=\"{&quot;background_background&quot;:&quot;classic&quot;}\">\n\t\t\t\t\t\t<div class=\"elementor-container elementor-column-gap-no\">\n\t\t\t\t\t<div class=\"elementor-column elementor-col-50 elementor-inner-column elementor-element elementor-element-7adfce4\" data-id=\"7adfce4\" data-element_type=\"column\" data-e-type=\"column\" data-settings=\"{&quot;background_background&quot;:&quot;classic&quot;}\">\n\t\t\t<div class=\"elementor-widget-wrap elementor-element-populated\">\n\t\t\t\t\t<div class=\"elementor-background-overlay\"><\/div>\n\t\t\t\t\t\t<div class=\"elementor-element elementor-element-282c6e8 elementor-widget elementor-widget-image\" data-id=\"282c6e8\" data-element_type=\"widget\" data-e-type=\"widget\" data-widget_type=\"image.default\">\n\t\t\t\t\t\t\t\t\t\t\t\t\t\t\t<img loading=\"lazy\" decoding=\"async\" width=\"280\" height=\"255\" src=\"https:\/\/lessinguliers.fr\/wp-content\/uploads\/2025\/08\/swan-8-1.jpg\" class=\"attachment-large size-large wp-image-1572\" alt=\"\" \/>\t\t\t\t\t\t\t\t\t\t\t\t\t\t\t<\/div>\n\t\t\t\t\t<\/div>\n\t\t<\/div>\n\t\t\t\t<div class=\"elementor-column elementor-col-50 elementor-inner-column elementor-element elementor-element-f000d51\" data-id=\"f000d51\" data-element_type=\"column\" data-e-type=\"column\" data-settings=\"{&quot;background_background&quot;:&quot;classic&quot;}\">\n\t\t\t<div class=\"elementor-widget-wrap elementor-element-populated\">\n\t\t\t\t\t\t<div class=\"elementor-element elementor-element-2b4c1e4 elementor-widget elementor-widget-heading\" data-id=\"2b4c1e4\" data-element_type=\"widget\" data-e-type=\"widget\" data-widget_type=\"heading.default\">\n\t\t\t\t\t<h2 class=\"elementor-heading-title elementor-size-small\"><a href=\"#\">D\u2019ici - d\u2019ailleurs, de 3 \u00e0 6 ans<\/a><\/h2>\t\t\t\t<\/div>\n\t\t\t\t<div class=\"elementor-element elementor-element-863d594 elementor-widget elementor-widget-text-editor\" data-id=\"863d594\" data-element_type=\"widget\" data-e-type=\"widget\" data-widget_type=\"text-editor.default\">\n\t\t\t\t\t\t\t\t\t<p>Ces histoires viennent de partout, d\u2019ici ou d\u2019ailleurs, peu importe d\u2019ailleurs\u2026<br \/>Elles transportent un parfum \u00ab\u00a0d\u2019il y a longtemps\u00a0\u00bb qui semble pourtant familier.<br \/>Un peu de folie, un grain de sagesse.<br \/>Ici les personnages prennent vie, les personnages s\u2019animent sur la toile d\u2019un souvenir imaginaire.<br \/>Le r\u00eave et l\u2019\u00e9motion s\u2019y invitent, comme par magie.<\/p><p>\u2013\u00a0Conte\u00a0: Swan Blach\u00e8re<br \/>\u2013 Dur\u00e9e : 30 min\u00a0<\/p>\t\t\t\t\t\t\t\t<\/div>\n\t\t\t\t\t<\/div>\n\t\t<\/div>\n\t\t\t\t\t<\/div>\n\t\t<\/section>\n\t\t\t\t<section class=\"elementor-section elementor-inner-section elementor-element elementor-element-1360204 elementor-section-content-middle elementor-reverse-mobile elementor-section-full_width elementor-section-height-default elementor-section-height-default\" data-id=\"1360204\" data-element_type=\"section\" data-e-type=\"section\" data-settings=\"{&quot;background_background&quot;:&quot;classic&quot;}\">\n\t\t\t\t\t\t<div class=\"elementor-container elementor-column-gap-no\">\n\t\t\t\t\t<div class=\"elementor-column elementor-col-50 elementor-inner-column elementor-element elementor-element-401ae4b\" data-id=\"401ae4b\" data-element_type=\"column\" data-e-type=\"column\" data-settings=\"{&quot;background_background&quot;:&quot;classic&quot;}\">\n\t\t\t<div class=\"elementor-widget-wrap elementor-element-populated\">\n\t\t\t\t\t\t<div class=\"elementor-element elementor-element-1cb43d7 elementor-widget elementor-widget-heading\" data-id=\"1cb43d7\" data-element_type=\"widget\" data-e-type=\"widget\" data-widget_type=\"heading.default\">\n\t\t\t\t\t<h2 class=\"elementor-heading-title elementor-size-small\"><a href=\"#\">L\u2019Arbre qui parle, de 3 \u00e0 6 ans<\/a><\/h2>\t\t\t\t<\/div>\n\t\t\t\t<div class=\"elementor-element elementor-element-3b5e6af elementor-widget elementor-widget-text-editor\" data-id=\"3b5e6af\" data-element_type=\"widget\" data-e-type=\"widget\" data-widget_type=\"text-editor.default\">\n\t\t\t\t\t\t\t\t\t<p>Des histoires de la for\u00eat, fac\u00e9tieuses, mais abordant aussi les th\u00e8mes de la tol\u00e9rance, de l\u2019acceptation de l\u2019autre\u00a0:<br \/>Le Singe et l\u2019Abeille n\u2019ont pas pu manger ensemble, car ils n\u2019ont pas accept\u00e9 leur diff\u00e9rence\u2026<br \/>Le Li\u00e8vre, moqueur, trop s\u00fbr de lui, a perdu la course contre le Cam\u00e9l\u00e9on\u2026<br \/>Dans l\u2019histoire de l\u2019arbre qui parle, le Lion, le Roi de la for\u00eat, se fait manger par le Li\u00e8vre&#8230;<\/p><p>R\u00e9my Boussengui joue brillamment avec sa voix, pour donner vie aux diff\u00e9rents personnages.<br \/>Tam-tam, arc musical, chant, la rencontre est interactive\u00a0; les enfants sont pleinement dans la f\u00eate du conte.<\/p><p>\u2013\u00a0Conte et musique (arc musical et percussions)\u00a0: R\u00e9my Boussengui<br \/>\u2013\u00a0Dur\u00e9e\u00a0: 30 \u00e0 45 min<br \/>\u2013\u00a0\u00c9change avec le public et s\u00e9ance de d\u00e9dicaces propos\u00e9es, sans surco\u00fbt, apr\u00e8s la repr\u00e9sentation<\/p>\t\t\t\t\t\t\t\t<\/div>\n\t\t\t\t\t<\/div>\n\t\t<\/div>\n\t\t\t\t<div class=\"elementor-column elementor-col-50 elementor-inner-column elementor-element elementor-element-2171944\" data-id=\"2171944\" data-element_type=\"column\" data-e-type=\"column\" data-settings=\"{&quot;background_background&quot;:&quot;classic&quot;}\">\n\t\t\t<div class=\"elementor-widget-wrap elementor-element-populated\">\n\t\t\t\t\t<div class=\"elementor-background-overlay\"><\/div>\n\t\t\t\t\t\t<div class=\"elementor-element elementor-element-2632f68 elementor-widget elementor-widget-image\" data-id=\"2632f68\" data-element_type=\"widget\" data-e-type=\"widget\" data-widget_type=\"image.default\">\n\t\t\t\t\t\t\t\t\t\t\t\t\t\t\t<img loading=\"lazy\" decoding=\"async\" width=\"280\" height=\"255\" src=\"https:\/\/lessinguliers.fr\/wp-content\/uploads\/2025\/08\/boussengui-5.jpg\" class=\"attachment-large size-large wp-image-479\" alt=\"\" \/>\t\t\t\t\t\t\t\t\t\t\t\t\t\t\t<\/div>\n\t\t\t\t<div class=\"elementor-element elementor-element-2e691fe elementor-widget elementor-widget-html\" data-id=\"2e691fe\" data-element_type=\"widget\" data-e-type=\"widget\" data-widget_type=\"html.default\">\n\t\t\t\t\t<iframe width=\"100%\" height=\"166\" scrolling=\"no\" frameborder=\"no\" allow=\"autoplay\" src=\"https:\/\/w.soundcloud.com\/player\/?url=https%3A\/\/api.soundcloud.com\/tracks\/266023933&color=%23ff5500&auto_play=false&hide_related=false&show_comments=true&show_user=true&show_reposts=false&show_teaser=true\"><\/iframe><div style=\"font-size: 10px; color: #cccccc;line-break: anywhere;word-break: normal;overflow: hidden;white-space: nowrap;text-overflow: ellipsis; font-family: Interstate,Lucida Grande,Lucida Sans Unicode,Lucida Sans,Garuda,Verdana,Tahoma,sans-serif;font-weight: 100;\"><a href=\"https:\/\/soundcloud.com\/les-singuliers\" title=\"Les Singuliers\" target=\"_blank\" style=\"color: #cccccc; text-decoration: none;\">Les Singuliers<\/a> \u00b7 <a href=\"https:\/\/soundcloud.com\/les-singuliers\/larbre-qui-parle\" title=\"Extrait audio de &quot;L&#x27;Arbre qui parle&quot; - R\u00e9my Boussengui\" target=\"_blank\" style=\"color: #cccccc; text-decoration: none;\">Extrait audio de &quot;L&#x27;Arbre qui parle&quot; - R\u00e9my Boussengui<\/a><\/div>\t\t\t\t<\/div>\n\t\t\t\t\t<\/div>\n\t\t<\/div>\n\t\t\t\t\t<\/div>\n\t\t<\/section>\n\t\t\t\t<section class=\"elementor-section elementor-inner-section elementor-element elementor-element-8b192b2 elementor-section-content-middle elementor-reverse-mobile elementor-section-full_width elementor-section-height-default elementor-section-height-default\" data-id=\"8b192b2\" data-element_type=\"section\" data-e-type=\"section\" data-settings=\"{&quot;background_background&quot;:&quot;classic&quot;}\">\n\t\t\t\t\t\t<div class=\"elementor-container elementor-column-gap-no\">\n\t\t\t\t\t<div class=\"elementor-column elementor-col-50 elementor-inner-column elementor-element elementor-element-564e6d9\" data-id=\"564e6d9\" data-element_type=\"column\" data-e-type=\"column\" data-settings=\"{&quot;background_background&quot;:&quot;classic&quot;}\">\n\t\t\t<div class=\"elementor-widget-wrap elementor-element-populated\">\n\t\t\t\t\t<div class=\"elementor-background-overlay\"><\/div>\n\t\t\t\t\t\t<div class=\"elementor-element elementor-element-d30aa15 elementor-widget elementor-widget-image\" data-id=\"d30aa15\" data-element_type=\"widget\" data-e-type=\"widget\" data-widget_type=\"image.default\">\n\t\t\t\t\t\t\t\t\t\t\t\t\t\t\t<img loading=\"lazy\" decoding=\"async\" width=\"500\" height=\"500\" src=\"https:\/\/lessinguliers.fr\/wp-content\/uploads\/2026\/02\/QueueLeuLeu.jpg\" class=\"attachment-large size-large wp-image-4178\" alt=\"\" srcset=\"https:\/\/lessinguliers.fr\/wp-content\/uploads\/2026\/02\/QueueLeuLeu.jpg 500w, https:\/\/lessinguliers.fr\/wp-content\/uploads\/2026\/02\/QueueLeuLeu-300x300.jpg 300w, https:\/\/lessinguliers.fr\/wp-content\/uploads\/2026\/02\/QueueLeuLeu-150x150.jpg 150w\" sizes=\"(max-width: 500px) 100vw, 500px\" \/>\t\t\t\t\t\t\t\t\t\t\t\t\t\t\t<\/div>\n\t\t\t\t\t<\/div>\n\t\t<\/div>\n\t\t\t\t<div class=\"elementor-column elementor-col-50 elementor-inner-column elementor-element elementor-element-60e43c6\" data-id=\"60e43c6\" data-element_type=\"column\" data-e-type=\"column\" data-settings=\"{&quot;background_background&quot;:&quot;classic&quot;}\">\n\t\t\t<div class=\"elementor-widget-wrap elementor-element-populated\">\n\t\t\t\t\t\t<div class=\"elementor-element elementor-element-43b56aa elementor-widget elementor-widget-heading\" data-id=\"43b56aa\" data-element_type=\"widget\" data-e-type=\"widget\" data-widget_type=\"heading.default\">\n\t\t\t\t\t<h2 class=\"elementor-heading-title elementor-size-small\"><a href=\"#\">Contes \u00e0 la queue-leu-leu, de 3 \u00e0 6 ans<\/a><\/h2>\t\t\t\t<\/div>\n\t\t\t\t<div class=\"elementor-element elementor-element-290bccf elementor-widget elementor-widget-text-editor\" data-id=\"290bccf\" data-element_type=\"widget\" data-e-type=\"widget\" data-widget_type=\"text-editor.default\">\n\t\t\t\t\t\t\t\t\t<p>Une ribambelle de contes d\u2019animaux, de randonn\u00e9es&#8230;<br \/>Des gourmandises, des surprises, des comptines, des chansons.<br \/>Pour les petits qui commencent \u00e0 savoir voyager \u00e0 dos de mots !<\/p><p>D\u00e8s 2 ans, le jeune enfant commence \u00e0 fabriquer des images en lui-m\u00eame&#8230;<br \/>Il d\u00e9veloppe son \u00e9coute attentive.<br \/>Le plaisir des sons et rythmes, des couleurs, reste fort, depuis le commencement.<br \/>Il d\u00e9couvre avec jubilation des mots nouveaux et la pr\u00e9sence d\u2019un d\u00e9roul\u00e9 dans le r\u00e9cit.<br \/>A tout cela s\u2019ajoutent de la surprise, du rire parfois, de l\u2019\u00e9merveillement souvent.<\/p><p>Avec les \u00ab Contes \u00e0 la queue-leu-leu \u00bb, Anne emm\u00e8ne ce tr\u00e8s jeune public vers une premi\u00e8re exp\u00e9rience du voyage int\u00e9rieur que nous propose le conte, dans le bonheur de la tradition.<br \/>Le tout avec, ici et l\u00e0, des bouquets de chansons, pour mieux savourer le plaisir d\u2019\u00eatre ensemble.<\/p><p>\u2013 Conte et comptines : Anne Leviel<br \/>\u2013 Dur\u00e9e : 45 min<\/p>\t\t\t\t\t\t\t\t<\/div>\n\t\t\t\t\t<\/div>\n\t\t<\/div>\n\t\t\t\t\t<\/div>\n\t\t<\/section>\n\t\t\t\t\t<\/div>\n\t\t<\/div>\n\t\t\t\t\t<\/div>\n\t\t<\/section>\n\t\t\t\t<\/div>\n\t\t","protected":false},"excerpt":{"rendered":"<p>Pour les petites z\u2019oreilles ! de 3 mois \u00e0 6 ans Tous nos spectacles Sieste Enchant\u00e9e, de 0 \u00e0 3 ans Un moment de calme o\u00f9 l\u2019imaginaire des plus petits s\u2019envole port\u00e9 par les ailes du conte et les chants traditionnels du Venezuela, dans sa forme la plus accessible. Ce sont les couleurs et les&#8230;<\/p>\n","protected":false},"author":1,"featured_media":0,"parent":31,"menu_order":0,"comment_status":"closed","ping_status":"closed","template":"","meta":{"_kad_post_transparent":"","_kad_post_title":"hide","_kad_post_layout":"fullwidth","_kad_post_sidebar_id":"","_kad_post_content_style":"unboxed","_kad_post_vertical_padding":"hide","_kad_post_feature":"hide","_kad_post_feature_position":"","_kad_post_header":false,"_kad_post_footer":false,"_kad_post_classname":"","footnotes":""},"class_list":["post-223","page","type-page","status-publish","hentry"],"_links":{"self":[{"href":"https:\/\/lessinguliers.fr\/index.php\/wp-json\/wp\/v2\/pages\/223","targetHints":{"allow":["GET"]}}],"collection":[{"href":"https:\/\/lessinguliers.fr\/index.php\/wp-json\/wp\/v2\/pages"}],"about":[{"href":"https:\/\/lessinguliers.fr\/index.php\/wp-json\/wp\/v2\/types\/page"}],"author":[{"embeddable":true,"href":"https:\/\/lessinguliers.fr\/index.php\/wp-json\/wp\/v2\/users\/1"}],"replies":[{"embeddable":true,"href":"https:\/\/lessinguliers.fr\/index.php\/wp-json\/wp\/v2\/comments?post=223"}],"version-history":[{"count":191,"href":"https:\/\/lessinguliers.fr\/index.php\/wp-json\/wp\/v2\/pages\/223\/revisions"}],"predecessor-version":[{"id":4420,"href":"https:\/\/lessinguliers.fr\/index.php\/wp-json\/wp\/v2\/pages\/223\/revisions\/4420"}],"up":[{"embeddable":true,"href":"https:\/\/lessinguliers.fr\/index.php\/wp-json\/wp\/v2\/pages\/31"}],"wp:attachment":[{"href":"https:\/\/lessinguliers.fr\/index.php\/wp-json\/wp\/v2\/media?parent=223"}],"curies":[{"name":"wp","href":"https:\/\/api.w.org\/{rel}","templated":true}]}}