{"id":1097,"date":"2025-08-25T14:28:38","date_gmt":"2025-08-25T14:28:38","guid":{"rendered":"https:\/\/wp.lessinguliers.fr\/?page_id=1097"},"modified":"2026-04-23T16:01:04","modified_gmt":"2026-04-23T16:01:04","slug":"toutes-nos-dates","status":"publish","type":"page","link":"https:\/\/lessinguliers.fr\/index.php\/toutes-nos-dates\/","title":{"rendered":"Toutes nos dates"},"content":{"rendered":"\t\t<div data-elementor-type=\"wp-page\" data-elementor-id=\"1097\" class=\"elementor elementor-1097\" data-elementor-post-type=\"page\">\n\t\t\t\t\t\t<section class=\"elementor-section elementor-top-section elementor-element elementor-element-48da3a0 elementor-section-boxed elementor-section-height-default elementor-section-height-default\" data-id=\"48da3a0\" data-element_type=\"section\" data-e-type=\"section\" data-settings=\"{&quot;background_background&quot;:&quot;classic&quot;}\">\n\t\t\t\t\t\t<div class=\"elementor-container elementor-column-gap-default\">\n\t\t\t\t\t<div class=\"elementor-column elementor-col-100 elementor-top-column elementor-element elementor-element-d901135\" data-id=\"d901135\" data-element_type=\"column\" data-e-type=\"column\">\n\t\t\t<div class=\"elementor-widget-wrap elementor-element-populated\">\n\t\t\t\t\t\t<section class=\"elementor-section elementor-inner-section elementor-element elementor-element-17271d0 elementor-section-content-middle elementor-section-boxed elementor-section-height-default elementor-section-height-default\" data-id=\"17271d0\" data-element_type=\"section\" data-e-type=\"section\">\n\t\t\t\t\t\t<div class=\"elementor-container elementor-column-gap-default\">\n\t\t\t\t\t<div class=\"elementor-column elementor-col-100 elementor-inner-column elementor-element elementor-element-12e531b\" data-id=\"12e531b\" data-element_type=\"column\" data-e-type=\"column\">\n\t\t\t<div class=\"elementor-widget-wrap elementor-element-populated\">\n\t\t\t\t\t\t<div class=\"elementor-element elementor-element-31b4f86 elementor-widget elementor-widget-heading\" data-id=\"31b4f86\" data-element_type=\"widget\" data-e-type=\"widget\" data-widget_type=\"heading.default\">\n\t\t\t\t\t<h1 class=\"elementor-heading-title elementor-size-large\">Toutes nos dates<\/h1>\t\t\t\t<\/div>\n\t\t\t\t\t<\/div>\n\t\t<\/div>\n\t\t\t\t\t<\/div>\n\t\t<\/section>\n\t\t\t\t\t<\/div>\n\t\t<\/div>\n\t\t\t\t\t<\/div>\n\t\t<\/section>\n\t\t<div class=\"elementor-element elementor-element-552a486 e-flex e-con-boxed e-con e-parent\" data-id=\"552a486\" data-element_type=\"container\" data-e-type=\"container\">\n\t\t\t\t\t<div class=\"e-con-inner\">\n\t\t\t\t<div class=\"elementor-element elementor-element-8cf60cb elementor-widget elementor-widget-text-editor\" data-id=\"8cf60cb\" data-element_type=\"widget\" data-e-type=\"widget\" data-widget_type=\"text-editor.default\">\n\t\t\t\t\t\t\t\t\t<p><strong>Samedi 13 septembre 2025 \u00e0 11h30 et 13h30 \u00e0 MOUSCRON (Belgique)<\/strong><br \/>\u00ab Contes M\u00e9diterran\u00e9ens \u00bb par Elodie MORA<br \/>En plein-air ou en salle (en cas de mauvais temps) Collectif La faune Rue de Neuville, 100 B-7700 MOUSCRON<\/p><p><!-- \/wp:paragraph --><!-- wp:paragraph --><\/p><p><strong>Samedi 20 Septembre \u00e0 10h30 \u00e0 LILLE (59)<\/strong><br \/>Mythologies des arbres\u00a0\u00bb par Elodie Mora<br \/>Jardin de la M\u00e9diath\u00e8que Jean Levy 32-34 Rue Edouard Delesalle 59000 LILLE<\/p><p><!-- \/wp:paragraph --><!-- wp:paragraph --><\/p><p><strong>Samedi 27 septembre 2025 vers 20h30 \u00e0 PIERRELAYE (95<\/strong>)<br \/>\u00ab Poucet \u00bb par Elodie MORA<br \/>Salle polyvalente 10 rue des jardins 95480 PIERRELAYE<\/p><p><!-- \/wp:paragraph --><!-- wp:paragraph --><\/p><p><strong>Samedi 27 septembre 2025 \u00e0 15h \u00e0 DUN SUR AURON (18)<\/strong><br \/>\u00ab Paroles de Baobab \u00bb (d\u00e8s 5\/6 ans) par R\u00e9my Boussengui<br \/>Salle des associations Rue de la Noraie 18130 DUN SUR AURON<\/p><p><!-- \/wp:paragraph --><!-- wp:paragraph --><\/p><p><strong>Samedi 4 octobre 2025 \u00e0 18h \u00e0 FLEURANCE (32)<\/strong><br \/>\u00ab Le Secret de Svanhilde \u00bb (pour tous, d\u00e8s 10 ans) par Caroline SIRE<br \/>Th\u00e9\u00e2tre Le m\u00e9ridional Rue Adolphe Cad\u00e9ot 32500 FLEURANCE<\/p><p><!-- \/wp:paragraph --><!-- wp:paragraph --><\/p><p><strong>Le Festival du Conte de Fresquiennes &amp; Caux..! invite Caroline SIRE<\/strong><br \/><strong>Mardi 7 octobre 2025 \u00e0 20h30<\/strong> : \u00ab Le Fils du Roi d\u2019Irlande \u00bb<br \/>Salle des tourelles Route de Montville 76690 FONTAINE LE BOURG<br \/><strong>Mercredi 8 octobre 2025 \u00e0 10h30 <\/strong>: \u00ab On Na\u00eet Pas Pareils ! \u00bb<br \/>Espace culturel Fran\u00e7ois Mitterrand Salle le forum Parc Georges-Pierre 76380 CANTELEU<\/p><p><strong>Mercredi 8 Octobre 2025 \u00e0 14h et 16h \u00e0 LES ULIS (91)\u00a0<\/strong><br \/>\u00ab\u00a0Paroles de Baobab\u00a0\u00bb de R\u00e9my Boussengui<br \/>Centre de Loisirs des 4 saisons 91940 LES ULIS<br \/>Centre de Loisirs Les Avenlines 91940 LES ULIS<\/p><p><strong>Jeudi 9 octobre 2025 \u00e0 13h45 \u00e0 BARENTIN (76)<br \/><\/strong>\u00abBallade irlandaise\u00bb (d\u00e8s 4 ans), par Caroline SIRE<br \/>Ecole maternelle La Mesang\u00e8re 3 rue Lalizel 76360 BARENTIN<\/p><p><!-- \/wp:paragraph --><!-- wp:paragraph --><\/p><p><strong>\u00ab\u00a0Balades immobiles\u00a0\u00bb d\u2019Elodie Mora au festival \u00ab\u00a0Racont\u2019arts\u00a0\u00bb dans l\u2019Orne<\/strong><br \/>Mercredi 8 Octobre 2025 \u00e0 19h\u2028lieu \u00e0 d\u00e9terminer 61370 Sainte-Gauburge-Sainte-Colombe<br \/><strong>Jeudi 9 Octobre 2025 \u00e0 18h30<\/strong><br \/>lieu \u00e0 d\u00e9terminer 61170 Le M\u00eale-sur-Sarthe<br \/><strong>Vendredi 10 Octobre 2025 \u00e0 20h<\/strong><br \/>10\/10\/2025 : lieu \u00e0 d\u00e9terminer 61250 Pac\u00e9<\/p><p><!-- \/wp:paragraph --><!-- wp:paragraph --><\/p><p><strong>3 interventions cont\u00e9es (extraites de son spectacle \u00ab\u00a0Paroles de Baobab \u00bb)<\/strong><br \/><strong>propos\u00e9es par le conteur-musicien R\u00e9my BOUSSENGUI \u00e0 MARLY LA VILLE (95)<\/strong><br \/>dans le cadre de l\u2019\u00e9v\u00e9nement \u00ab Parlons handicap \u00bb<br \/>Samedi 11 octobre 2025 entre 9h et 13h<br \/>Espace Culturel Lucien Jean, rue Marcel Petit, 95670 MARLY LA VILLE<\/p><p><strong>Mercredi 15 Octobre 2025 \u00e0 15h \u00e0 Les Ulis\u00a0<\/strong><br \/>\u00ab\u00a0D\u2019ici &#8211; d\u2019ailleurs\u00a0\u00bb de Swan Blach\u00e8re<br \/>Le Radazik, Place de la Libert\u00e9, 91940 Les Ulis &#8211; 01 69 29 34 57<\/p><p><!-- \/wp:paragraph --><!-- wp:paragraph --><\/p><p><strong>Jeudi 16 Octobre 2025 \u00e0 19h \u00e0 Eybens (38)<\/strong><br \/>\u00ab\u00a0Un peu de vent dans les plumes\u00a0\u00bb par Anne-Claire DROMZ\u00c9E et Jean-Beno\u00eet BLANDIN<br \/>Comit\u00e9 d\u2019Entreprise de Hewlett Packard, 5 rue Raymond chanas 38320 EYBENS<\/p><p><strong>Vendredi 17 Octobre 2025 \u00e0 18h30 \u00e0 VALFRAMBERT (61)<\/strong><br \/>\u00ab\u00a0Contes des eaux myst\u00e9rieuses\u00a0\u00bb par Anne Levielau\u00a0<br \/>Salle polyvalente, 6 Place du Mar\u00e9chal Leclerc 61250 Valframbert<\/p><p><!-- \/wp:paragraph --><!-- wp:paragraph --><\/p><p><strong>\u00ab\u00a0Le petit peuple des eaux\u00a0\u00bb d\u2019Herv\u00e9 Thiry-Duval au festival \u00ab\u00a0Racont\u2019arts\u00a0\u00bb dans l\u2019Orne<\/strong><br \/>Jeudi 16 Octobre 2025 \u00e0 20h<br \/>lieu \u00e0 d\u00e9terminer 61340 Pr\u00e9aux-du-Perche<br \/>Vendredi 17 Octobre 2025 \u00e0 18h30<br \/>lieu \u00e0 d\u00e9terminer 61250 Valframbert<\/p><p><!-- \/wp:paragraph --><!-- wp:paragraph --><\/p><p><strong>Jeudi 16 octobre 2025 \u00e0 19h15 \u00e0 GRENOBLE (38)<\/strong><br \/>\u00ab Un peu de vent dans les plumes \u00bb par Anne-Claire DROMZ\u00c9E et Jean-Beno\u00eet BLANDIN<br \/>Le Foyer (sur le campus HPE) 5 avenue Raymond Chanas 38053 GRENOBLE<\/p><p><strong>Samedi 18 octobre 2025 \u00e0 15h30 \u00e0 ANGLET (64)<\/strong><br \/>\u00abLes 12 corbeaux\u00bb par Caroline Sire <br \/>Ecuries de Baroja, salle Babieca 19 rue des quatre cantons 64600 ANGLET<\/p><p><!-- \/wp:paragraph --><!-- wp:paragraph --><\/p><p><strong>Le Festival des parents des b\u00e9b\u00e9s invite Anne Leviel et Beno\u00eet Brunhes (80)<\/strong><br \/>\u00ab\u00a0Moustaches et Ribambelles \u00bb par Anne Leviel et Beno\u00eet Brunhes<br \/>Lundi 20 octobre 2025 \u00e0 10h30 \u00e0 RUE (80)<br \/>M\u00e9diath\u00e8que de Rue 1 rue des Soufflets 80120 RUE<br \/>Mardi 21 octobre 2025 \u00e0 10h30 \u00e0 MONCHY-LAGACHE (80)<br \/>M\u00e9diath\u00e8que de Monchy Lagache 21 Grande rue 80200 MONCHY-LAGACHE<\/p><p><!-- \/wp:paragraph --><!-- wp:paragraph --><\/p><p><strong>Mercredi 22 octobre 2025 \u00e0 9h30, 10h30 et 15h30 \u00e0 FOURMIES (59)<\/strong><br \/>\u00ab Plume \u00bb (de 18 mois \u00e0 3 ans) donn\u00e9 par Anne LEVIEL et Anna DE SANTIS<br \/>M\u00e9diath\u00e8que Anton Krings 9 rue Faidherbe 59610 FOURMIES<\/p><p><!-- \/wp:paragraph --><!-- wp:paragraph --><\/p><p><strong>Mercredi 22 octobre 2025 \u00e0 18h \u00e0 LE BOURG D\u2019OISANS (38)<\/strong><br \/>\u00ab Histoires Itin\u00e9rantes, au fil du GR 54 \u00bb par Anne-Claire Dromz\u00e9e, conteuse et Sophie Kahn, r\u00e9alisatrice<br \/>Cin\u00e9ma Les Ecrins Avenue Jean-Baptiste Gauthier 38520 LE BOURG D\u2019OISANS<\/p><p><!-- \/wp:paragraph --><!-- wp:paragraph --><\/p><p><strong>Jeudi 23 octobre 2025 \u00e0 10h30 \u00e0 NAOURS (80<\/strong>)<br \/>\u00ab\u00a0La for\u00eat chante !\u00a0\u00bb (de 18 mois \u00e0 3 ans) par Anne Leviel<br \/>M\u00e9diath\u00e8que 5 rue de l\u2019\u00e9glise 80260 NAOURS<\/p><p><!-- \/wp:paragraph --><!-- wp:paragraph --><\/p><p><strong>Samedi 25 octobre 2025 \u00e0 10h \u00e0 HAGUENAU (67)<\/strong><br \/>\u00ab On na\u00eet pas pareils ! \u00bb par Caroline SIRE<br \/>M\u00e9diath\u00e8que de la Vieille-\u00cele &#8211; 24 rue du Maire Andr\u00e9 Traband &#8211; 67500 HAGUENAU<\/p><p><!-- \/wp:paragraph --><!-- wp:paragraph --><\/p><p><strong>Dimanche 26 octobre 2025 \u00e0 11h15 \u00e0 LOON PLAGE (59)<\/strong><br \/>\u00ab Les frissons dans l\u2019placard \u00bb (pour tous d\u00e8s 7 ans) par Anne LEVIEL<br \/>M\u00e9diath\u00e8que Marcel Pagnol 60 bis rue Georges Pompidou 59279 LOON PLAGE<\/p><p><!-- \/wp:paragraph --><!-- wp:paragraph --><\/p><p><!-- \/wp:paragraph --><!-- wp:paragraph --><\/p><p><strong>Le Centre des Arts du R\u00e9cit invite Elodie MORA \u00e0 GRENOBLE (38)<\/strong><br \/>Mercredi 29 octobre 2025<br \/>Jeudi 30 octobre 2025<br \/>\u00ab Moby Dick \u00bb par Elodie MORA<br \/>Th\u00e9atre Pr\u00e9mol 7 rue Henry Duhamel 38100 GRENOBLE<br \/>Vendredi 31 octobre 2025<br \/>\u00ab Barbe Blues \u00bb par Elodie MORA<br \/>Le Prunier Sauvage Parc des Champs-Elys\u00e9es 63 rue Albert Reynier 38100 GRENOBLE<\/p><p><!-- \/wp:paragraph --><!-- wp:paragraph --><\/p><p><strong>Samedi 1er novembre 2025 \u00e0 COURTOMER (77)<\/strong><br \/>\u2026\u00e0 15h : \u00ab Les frissons dans l\u2019placard \u00bb par Anne LEVIEL<br \/>\u2026\u00e0 17h30 : \u00ab Les petites chocottes \u00bb par Anne LEVIEL<br \/>\u00ab La plan\u00e8te des Zigotos \u00bb Rue de Paradis 77390 COURTOMER<\/p><p><strong>Samedi 1er novembre 2025 \u00e0 15h \u00e0 CHAMBLY (60)<\/strong><br \/>\u00abEl Coco qui mange les pieds&#8230;\u00bb par Victor COVA CORREA<br \/>En plein-air, dans la cour de l\u2019\u00e9cole \u00e9l\u00e9mentaire Roger Salengro Place de l\u2019\u00e9glise 60230 CHAMBLY<\/p><p><!-- \/wp:paragraph --><!-- wp:paragraph --><\/p><p><strong>Samedi 8 novembre 2025 \u00e0 15h30 \u00e0 DOMONT (95)<\/strong><br \/>\u00ab\u00a0D\u2019ici &#8211; d\u2019ailleurs\u00a0\u00bb par Swan BLACH\u00c8RE<br \/>M\u00e9diath\u00e8que Antoine de Saint-Exup\u00e9ry 66 avenue Jean Jaur\u00e8s 95330 DOMONT<\/p><p><strong>Samedi 15 Novembre 2025 entre 10h30 et 14h15 \u00e0 DAMMARTIN EN GOELE (77)<\/strong> <br \/>4 interventions cont\u00e9es (extraites de\u00a0\u00bbParoles de Baobab\u00bb) par R\u00e9my BOUSSENGUI<br \/>Lyc\u00e9e Charlotte Delbo au 2, avenue Robert Badinter 77230 DAMMARTIN EN GOELE<\/p><p><!-- \/wp:paragraph --><!-- wp:paragraph --><\/p><p><strong>Samedi 15 novembre 2025 \u00e0 15h \u00e0 JOUY LE MOUTIER (95)<\/strong><br \/>\u00ab Gavil\u00e1n et la besace de Th\u00e9mistocle \u00bb par Victor COVA CORREA<br \/>M\u00e9diath\u00e8que 94 Avenue des Bruzacques 95280 JOUY LE MOUTIER<\/p><p><!-- \/wp:paragraph --><!-- wp:paragraph --><\/p><p><strong>Le festival Les Jobelins accueille Elodie MORA \u00e0 NEUCHATEL (Suisse)<\/strong><br \/>Jeudi 20 novembre 2025 \u00e0 10h15 : \u00ab Barbe Blues \u00bb<br \/>Lyc\u00e9e Jean-Piaget Quai L\u00e9opold Robert, 10 CH-2000 NEUCH\u00c2TEL (Suisse)<br \/>Samedi 22 novembre 2025 \u00e0 18h : \u00ab Les jardins de l\u2019Alma \u00bb<br \/>Dimanche 23 novembre 2025 \u00e0 16h : \u00ab Poucet \u00bb<br \/>Th\u00e9\u00e2tre Le Pommier Rue du Pommier, 9 CH-2000 NEUCH\u00c2TEL (Suisse)<\/p><p><!-- \/wp:paragraph --><!-- wp:paragraph --><\/p><p><strong>Jeudi 27 Novembre 2025 \u00e0 19h30 \u00e0 NIMES (30)<\/strong><br \/>\u00ab\u00a0Voyage \u00e0 travers les vies\u00a0\u00bb par Hamed Bouzzine<br \/>Petit Th\u00e9\u00e2tre de la Placette, 2 rue Hugues Capet 30000 NIMES<\/p><p><strong>Vendredi 28 novembre 2025 \u00e0 19h \u00e0 ASNIERES SUR SEINE (92)<br \/><\/strong>\u00ab\u00a0Le fils du Roi d\u2019Irlande\u00a0\u00bb par Caroline SIRE<br \/>M\u00e9diath\u00e8que Emile Bernard (au Ch\u00e2teau) &#8211; 15 rue de la Concorde &#8211; 92600 ASNIERES SUR SEINE<\/p><p><strong>Mardi 2 d\u00e9cembre 2025 \u00e0 20H \u00e0 RINXENT (62)<\/strong><br \/>\u00ab La plume et le loup \u00bb (pour tous, d\u00e8s 6 ans), par Swan BLACH\u00c8RE<br \/>Biblioth\u00e8que 20 rue Jules Guesde 62720 RINXENT<\/p><p><!-- \/wp:paragraph --><!-- wp:paragraph --><\/p><p><strong>Mercredi 3 d\u00e9cembre 2025 \u00e0 14h30 \u00c0 LILLE (59)<\/strong><br \/>\u00ab D\u2019ici &#8211; d\u2019ailleurs \u00bb (spectacle familial d\u00e8s 3 ans) par Swan BLACH\u00c8RE<br \/>Espace Seniors 43 rue Mermoz (carrefour avec la rue du Pont \u00e0 fourchon) 59000 LILLE<\/p><p><strong>Mercredi 3 d\u00e9cembre 2025 \u00e0 15h \u00e0 BETHONCOURT (25)<\/strong><br \/>\u00abPetits contes de b\u00eates pas si b\u00eates\u00bb par Hamed Bouzzine<br \/>Biblioth\u00e8que Jean Mac\u00e9 52 rue de Grand Charmont 25200 BETHONCOURT<\/p><p><!-- \/wp:paragraph --><!-- wp:paragraph --><\/p><p><strong>Samedi 6 D\u00e9cembre 2025 \u00e0 16h \u00e0 AMILLY (45)<\/strong><br \/>\u00ab Les f\u00e9es de No\u00ebl \u00bb par Herv\u00e9 Thiry-Duval<br \/>Auditorium de la m\u00e9diath\u00e8que d\u2019Amilly 56 Rue des Droits de l\u2019Homme 45200 AMILLY<\/p><p><!-- \/wp:paragraph --><!-- wp:paragraph --><\/p><p><strong>Samedi 6 d\u00e9cembre 2025 \u00e0 16h \u00e0 BAGNOLET (93)<\/strong><br \/>\u00ab Contes d\u2019hiver \u00bb par Elodie MORA<br \/>M\u00e9diath\u00e8que 1 rue Marceau 93170 BAGNOLET (93)<\/p><p><!-- \/wp:paragraph --><!-- wp:paragraph --><\/p><p><strong>Samedi 6 d\u00e9cembre 2025 \u00e0 15h \u00e0 NOISY LE GRAND (93<\/strong>)<br \/>\u00ab Le monde est dans mon sac \u00bb par Anne LEVIEL et Beno\u00eet BRUNHES<br \/>M\u00e9diath\u00e8que Georges Wolinski Esplanade Nelson Mandela 93160 NOISY LE GRAND<\/p><p><strong>Dimanche 7 d\u00e9cembre 2025 \u00e0 15h \u00e0 LAMBERSART (59)<\/strong><br \/>\u00abD&rsquo;ici &#8211; d\u2019ailleurs\u00bb par Swan BLACHERE<br \/>Salle Andr\u00e9 Malraux Place F\u00e9lix-Clouet 59130 LAMBERSART<\/p><p><strong>Lundi 8 d\u00e9cembre 2025 \u00e0 9h45, 10h30 et 14h \u00e0 SAINT-Quentin (02)<\/strong><br \/>\u00ab\u00a0La For\u00eat chante !\u00a0\u00bb par Anne LEVIEL<br \/>Halte Garderie &#8211; 08 place Stalingrad &#8211; 02100 SAINT-QUENTIN<\/p><p><!-- \/wp:paragraph --><!-- wp:paragraph --><\/p><p><strong>Anne LEVIEL et ses musiciens \u00e0 la Maison de la culture et des loisirs de GAUCHY (02)<\/strong><br \/>Mardi 9 d\u00e9cembre 2025 \u00e0 9H15 et 10H45 : \u00ab Petit soleil et la dame aux herbes \u00bb par Anne LEVIEL et Adrien NOBLE<br \/>Mardi 9 d\u00e9cembre 2025 \u00e0 14H15 : \u00ab Le monde est dans mon sac \u00bb par Anne LEVIEL et Beno\u00eet BRUNHES<br \/>Maison de la culture et des loisirs Rue Gabriel P\u00e9ri 02430 GAUCHY<\/p><p><!-- \/wp:paragraph --><!-- wp:paragraph --><\/p><p><strong>Mardi 9 d\u00e9cembre 2025 \u00e0 20H \u00e0 WIERRE-EFFROY (62)<\/strong><br \/>\u00ab La plume et le loup \u00bb (pour tous, d\u00e8s 6 ans), par Swan BLACH\u00c8RE<br \/>Biblioth\u00e8que Place de la Mairie 62720 WIERRE-EFFROY<\/p><p><strong>Mardi 9 d\u00e9cembre 2025 \u00e0 14h45 \u00e0 CONDOM (32)<\/strong><br \/>M\u00e9diation propos\u00e9e par Caroline SIRE<br \/>EHPAD \u00abLe c\u00e8dre\u00bb 58 rue Dutoya 32100 CONDOM<\/p><p><!-- \/wp:paragraph --><!-- wp:paragraph --><\/p><p><strong>Vendredi 12 d\u00e9cembre 2025 de 17h \u00e0 21h \u00e0 MOURMELON-LE-GRAND (51)<\/strong><br \/>\u00ab\u00a0Contes aux lumi\u00e8res de l\u2019hiver\u00a0\u00bb par Anne LEVIEL<br \/>Auditorium de la mairie &#8211; 1 rue de l\u2019Eglise &#8211; 51400 MOURMELON-LE-GRAND<\/p><p><strong>Vendredi 12 d\u00e9cembre 2025 \u00e0 20H \u00e0 MARQUISE (62)<\/strong><br \/>\u00ab Gilgamesh, le roi qui ne voulait pas mourir \u00bb (d\u00e8s 11 ans) par Swan BLACH\u00c8RE<br \/>L\u2019interm\u00e8de 7, Le Cardo 62250 MARQUISE<\/p><p><!-- \/wp:paragraph --><!-- wp:paragraph --><\/p><p><strong>Samedi 13 D\u00e9cembre 2025 \u00e0 17h \u00e0 OSNY (95)<\/strong><br \/>\u00ab\u00a0Poucet\u00a0\u00bb d\u2019Elodie Mora + une s\u00e9ance de d\u00e9dicace<br \/>Salle Chapelle du ch\u00e2teau de Grouchy, rue William Thornley 95520 Osny<\/p><p><!-- \/wp:paragraph --><!-- wp:paragraph --><\/p><p><strong>Samedi 13 d\u00e9cembre 2025 \u00e0 10h45 \u00e0 PARIS (75)<\/strong><br \/>\u00ab No\u00ebl tropical \u00bb par Victor COVA CORREA<br \/>Biblioth\u00e8que Claire Bret\u00e9cher 11 rue de Lancry 75010 PARIS<\/p><p><!-- \/wp:paragraph --><!-- wp:paragraph --><\/p><p><strong>Samedi 13 d\u00e9cembre 2025 \u00e0 10h30 et 14h30 \u00e0 DEUIL-LA BARRE (95)<\/strong><br \/>\u00ab Le li\u00e8vre de No\u00ebl \u00bb (d\u00e8s 4 ans) par Anne LEVIEL<br \/>M\u00e9diath\u00e8que Louise d\u2019Epinay 38, rue S\u0153ur Az\u00e9lie 95170 DEUIL-LA BARRE<\/p><p><!-- \/wp:paragraph --><!-- wp:paragraph --><\/p><p><strong>Samedi 13 d\u00e9cembre 2025 \u00e0 16h \u00e0 CR\u00c9TEIL (94)<\/strong><br \/>\u00abNo\u00ebl tropical\u00bb (familial, d\u00e8s 5 ans) par Victor COVA CORREA<br \/>M\u00e9diath\u00e8que des Bleuets 1 place des Bouleaux 94000 CR\u00c9TEIL<\/p><p><strong>Samedi 13 d\u00e9cembre 2025 \u00e0 10h30 \u00e0 GAUCHY (02)<\/strong><br \/>\u00abLe No\u00ebl de Lilinska\u00efa\u00bb par Caroline SIRE (version pour les 4 \u00e0 6 ans)<br \/>Maison de la culture et des loisirs Rue Gabriel P\u00e9ri 02430 GAUCHY<\/p><p><strong>Dimanche 14 d\u00e9cembre 2025 \u00e0 15h30 \u00e0 TRITH SAINT L\u00c9GER (59)<\/strong><br \/>\u00ab Le monde est dans mon sac \u00bb par Anne LEVIEL et Beno\u00eet BRUNHES<br \/>M\u00e9diath\u00e8que municipale Place Roger Salengro 59125 TRITH SAINT L\u00c9GER (59)<\/p><p><!-- \/wp:paragraph --><!-- wp:paragraph --><\/p><p><strong>Mercredi 17 D\u00e9cembre 2025 \u00e0 10h30 \u00e0 GONESSE (95)<\/strong><br \/>\u00ab\u00a0D\u2019ici &#8211; d\u2019ailleurs\u00a0\u00bb de Swan Blach\u00e8re<br \/>M\u00e9diath\u00e8que George Sand, 3 place Marc Sangnier 95500 Gonesse<\/p><p><!-- \/wp:paragraph --><!-- wp:paragraph --><\/p><p><strong>Mercredi 17 d\u00e9cembre 2025 \u00e0 9h30 \u00e0 ORNANS (25)<br \/><\/strong>\u00ab\u00a0Chiqui chiqui riqui riqui miaou miaou\u00a0\u00bb par Victor COVA CORREA<br \/>A La Fabrique Collective, 5 rue Saint Laurent &#8211; 25290 ORNANS<\/p><p><strong>Mercredi 17 d\u00e9cembre 2025 \u00e0 15h \u00e0 BEAUCOURT (90)<\/strong><br \/>\u00abNo\u00ebl Tropical\u00bb par Victor COVA CORREA<br \/>M\u00e9diath\u00e8que Fran\u00e7ois Mitterrand 23, rue du Docteur Julg 90500 BEAUCOURT<\/p><p><strong>Jeudi 18 d\u00e9cembre 2025 \u00e0 10h, 13h45 et 15h \u00e0 VALDOIE (90)<\/strong><br \/>\u00ab Chiqui chiqui riqui riqui miaou miaou \u00bb et \u00ab No\u00ebl Tropical \u00bb (2 repr.) par Victor COVA CORREA<br \/>A la Salle des F\u00eates, 2 rue Jeanne d\u2019Arc &#8211; 90300 VALDOIE<\/p><p><strong>Vendredi 19 d\u00e9cembre 2025 \u00e0 9h30 \u00e0 APREMONT (70)<\/strong><br \/>\u00ab\u00a0No\u00ebl Tropical\u00a0\u00bb par Victor COVA CORREA<br \/>Au P\u00f4le Educatif de la Tenise &#8211; 12 rue Xavier de Montepin &#8211; 70100 APREMONT<\/p><p><strong>Vendredi 19 d\u00e9cembre 2025 \u00e0 18h \u00e0 RONCHAMP (70)<\/strong><br \/>\u00ab\u00a0No\u00ebl Tropical\u00a0\u00bb par Victor COVA CORREA<br \/>\u00c0 la Salle des F\u00eates Georges Taiclet &#8211; 10 rue du Tram &#8211; 70250 RONCHAMP<\/p><p><strong>Samedi 20 d\u00e9cembre 2025 \u00e0 9h30 et 11h \u00e0 SAINT-CLAUDE (39)<\/strong><br \/>\u00ab Sieste Enchant\u00e9e &#8211; cinq doigts pour raconter \u00bb (de 0 \u00e0 3 ans) par Victor COVA CORREA<br \/>M\u00e9diath\u00e8que Le D\u00f4me 5 place de l\u2019Abbaye 39200 SAINT-CLAUDE<\/p><p><!-- \/wp:paragraph --><!-- wp:paragraph --><\/p><p><strong>Lundi 5 et mardi 6 janvier 2026 \u00e0 10h et 14h30 \u00e0 ASNIERES SUR SEINE (92)<\/strong><br \/>\u00ab Chiqui chiqui riqui riqui miaou miaou \u00bb (de 3 \u00e0 5 ans) par Victor COVA CORREA<br \/>Studio th\u00e9\u00e2tre 3 rue Edmond Fantin 92600 ASNIERES SUR SEINE<\/p><p><strong>Mercredi 21 janvier 2026 \u00e0 16h \u00e0 CR\u00c9TEIL (94)<\/strong><br \/>\u00abLes jardins de l\u2019Alma\u00bb par Elodie MORA<br \/>M\u00e9dia-Ludoth\u00e8que du Palais Centre commercial du Palais 43 bis all\u00e9e Parmentier 94000 CR\u00c9TEIL<\/p><p><strong>Swan BLACH\u00c8RE est accueillie \u00e0 BOURGES (18)<\/strong><br \/>Mercredi 21 janvier 2026 \u00e0 15h : \u00abLa Plume et le Loup\u00bb<br \/>Biblioth\u00e8que des Gibjoncs Rue Jules Bertaut 18000 BOURGES<br \/>Jeudi 22 janvier 2026 \u00e0 18h30 : \u00abGilgamesh, le roi qui ne voulait pas mourir\u00bb<br \/>M\u00e9diath\u00e8que Le\u00efla Slimani Les Rives d\u2019Auron Boulevard Lamarck 18000 BOURGES<\/p><p><strong>Vendredi 23 janvier 2026 \u00e0 19h \u00e0 PARIS (75)<\/strong><br \/>\u00abLes jardins de l\u2019Alma\u00bb par Elodie MORA<br \/>Biblioth\u00e8que Claire Bret\u00e9cher 11 rue de Lancry 75010 PARIS<\/p><p><strong>Vendredi 23 janvier 2026 \u00e0 18h \u00e0 LIMEIL-BR\u00c9VANNES (94)<\/strong><br \/>\u00abD\u2019Ici-d\u2019ailleurs\u00bb par Swan BLACH\u00c8RE<br \/>M\u00e9diath\u00e8que de Limeil-Br\u00e9vannes 27 Quater Avenue de la Sabli\u00e8re 94450 LIMEIL-BR\u00c9VANNES<\/p><p><strong>Vendredi 23 janvier 2026 \u00e0 20h \u00e0 BERNAVILLE (80)<\/strong><br \/>\u00ab\u00a0Peaux de b\u00eates et paroles d&rsquo;hommes\u00a0\u00bb par Anne LEVIEL<br \/>Biblioth\u00e8que Madeleine Blaire 16 rue du g\u00e9n\u00e9ral Jean Cr\u00e9pin 80370 BERNAVILLE<\/p><p><strong>Samedi 24 janvier 2026 \u00e0 10h30 \u00e0 THIAIS (94)<\/strong><br \/>\u00ab Merveilles et Fantaisies \u00bb par Anne LEVIEL<br \/>M\u00e9diath\u00e8que municipale &#8211; Rue Ch\u00e8vre d&rsquo;Autreville &#8211; 94320 THIAIS<\/p><p><strong>Samedi 24 janvier 2026 \u00e0 18h30 \u00e0 CONFLANS-SAINTE-HONORINE (78)<\/strong><br \/>\u00ab\u00a0Des Frissons dans l\u2019placard\u00a0\u00bb par Anne LEVIEL<br \/>M\u00e9diath\u00e8que Blaise Cendrars &#8211; 5 rue Auguste Roman &#8211; 78700 CONFLANS SAINTE HONORINE<\/p><p><strong>Samedi 24 janvier 2026 \u00e0 17h \u00e0 GOUSSAINVILLE (95)<\/strong><br \/>\u00abDe Tanger \u00e0 Tombouctou\u00bb par Hamed BOUZZINE<br \/>M\u00e9diath\u00e8que Fran\u00e7ois Mauriac 20 Rue Robert Peltier 95190 GOUSSAINVILLE<\/p><p><!-- \/wp:paragraph --><!-- wp:paragraph --><\/p><p><strong>Hamed Bouzzine \u00e0 SAINT GERMAIN DU PUY (18)<\/strong><br \/>Mercredi 4 f\u00e9vrier 2026 \u00e0 14h : \u00ab Petits contes de b\u00eates pas si b\u00eates \u00bb<br \/>Mercredi 4 f\u00e9vrier 2026 \u00e0 19h : \u00ab Parfums de jardins andalous \u00bb<br \/>Biblioth\u00e8que Marguerite Renaudat Rue L\u00e9onard Hyppolyte Roger 18390 SAINT GERMAIN DU PUY<\/p><p><!-- \/wp:paragraph --><!-- wp:paragraph --><\/p><p><strong>Mercredi 11 f\u00e9vrier 2026 \u00e0 15h \u00e0 RIEDISHEIM (68)<\/strong><br \/>\u00ab Chiqui chiqui riqui riqui miaou miaou \u00bb (version 3-5 ans) par Victor COVA CORREA<br \/>Jeudi 12 f\u00e9vrier 2026 \u00e0 10h \u00e0 RIEDISHEIM (68)<br \/>\u00ab Sieste Enchant\u00e9e \u00bb par Victor COVA CORREA<br \/>Th\u00e9atre \u00ab La Grange \u00bb &#8211; 6D rue du Mar\u00e9chal Foch &#8211; 68400 RIEDISHEIM<\/p><p><strong>Mercredi 25 f\u00e9vrier 2026 \u00e0 18h30 \u00e0 BEAUVAIS (60)<\/strong><br \/>Conf\u00e9rence cont\u00e9e autour du tableau \u00abLes filles de Bentivoglio\u00bb donn\u00e9e par Anne LEVIEL<br \/>MUDO &#8211; Mus\u00e9e de l\u2019Oise 1 rue du mus\u00e9e 60000 BEAUVAIS<\/p><p><strong>Le festival \u00abLes Sc\u00e8nes magiques\u00bb invite Caroline SIRE<\/strong><br \/>Le lundi 9 mars \u00e0 14h30 : \u00abOn Na\u00eet Pas Pareils !\u00bb<br \/>Mardi 10 Mars 2026 \u00e0 10h : \u00abHistoires de p\u2019tites graines\u00bb<br \/>Mardi 10 mars 2026 \u00e0 14h30 : \u00abLe Fils du Roi d\u2019Irlande\u00bb<br \/>Salle Andr\u00e9 Beaudran Avenue Laplagne 32300 MIRANDE<\/p><p><strong>Jeudi 12 mars 2026 \u00e0 20h30 \u00e0 LOUVAIN LA NEUVE (Belgique)<\/strong><br \/>\u00abGilgamesh, le roi qui ne voulait pas mourir\u00bb par Swan BLACH\u00c8RE<br \/>Ferme du Bi\u00e9reau Salle Les Voussettes Avenue du jardin botanique Place polyvalente 1348 OTTIGNIES LOUVAIN LA NEUVE<\/p><p><!-- \/wp:paragraph --><!-- wp:paragraph --><\/p><p><strong>Vendredi 20 mars 2026 \u00e0 20h \u00e0 SAINT GERMAIN LEMBRON (63)<\/strong><br \/>\u00ab Parfums de jardins andalous \u00bb par Hamed BOUZZINE<br \/>Tiers lieu LA LICORNE &#8211; 9 route de Brioude &#8211; 63340 SAINT GERMAIN LEMBRON<\/p><p><strong>Samedi 21 mars 2026 \u00e0 9h30 et 11h \u00e0 ORLY (94)<br \/><\/strong>2 repr\u00e9sentations de \u00ab Comptines et petits contes gourmands \u00bb par Anne Leviel<br \/>M\u00e9diath\u00e8que Bobin &#8211; 2 rue Louis Bonin &#8211; 94310 ORLY<br \/>M\u00e9diath\u00e8que Centrale &#8211; 1 place Gaston Viens &#8211; 94310 ORLY<\/p><p><strong>Samedi 11 avril 2026 \u00e0 10h et 10h45 \u00e0 ST JACQUES DE LA LANDE (35)<\/strong><br \/>\u00ab\u00a0Sieste Enchant\u00e9e\u00a0\u00bb par Victor COVA CORREA<br \/>Salle polyvalente\/\u00c9pi Condorcet &#8211; 10 Cour Fran\u00e7ois Mitterrand &#8211; 35136 ST JACQUES DE LA LANDE<\/p><p><strong>Samedi 18 avril 2026 \u00e0 18h30 \u00e0 ORSCHWILLER (67)<\/strong><br \/>\u00ab\u00a0D&rsquo;ici &#8211; d&rsquo;ailleurs\u00a0\u00bb par Swan Blach\u00e8re<br \/>Ch\u00e2teau du Haut-Koenigsbourg &#8211; 67600 ORSCHWILLER<\/p><p><strong>Samedi 18 avril 2026 \u00e0 20h \u00e0 SAINT JEAN DE LUZ (64)<\/strong> <br \/>\u00abBarbe Blues\u00bb par Elodie MORA<br \/>Centre Culturel Peyuco Duhart Salle Tanka 12 rue Duconte 64500 SAINT JEAN DE LUZ<\/p><p><strong>Samedi 18 avril 2026 \u00e0 21h30 \u00e0 SAINT JEAN DE LUZ (64)<\/strong> <br \/>\u00abParfums de jardins andalous\u00bb par Hamed BOUZZINE<br \/>Centre Culturel Peyuco Duhart Salle Tanka 12 rue Duconte 64500 SAINT JEAN DE LUZ<\/p><p><strong>Samedi 25 avril 2026 \u00e0 10h30 \u00e0 THIAIS (94)<br \/><\/strong>\u00ab Le voyage de Picaflor \u00bb par Victor Cova Correa<br \/>M\u00e9diath\u00e8que municipale &#8211; Rue Ch\u00e8vre d\u2019Autreville &#8211; 94320 THIAIS<\/p><p><strong>Samedi 25 et dimanche 26 avril 2026 \u00e0 LIVRON SUR DR\u00d4ME (26)<\/strong><br \/>Stage \u00ab\u00a0Habiter son r\u00e9cit &#8211; Pr\u00e9sence, coh\u00e9rence et \u00e9criture orale\u00a0\u00bb anim\u00e9 par Caroline SIRE<br \/>Salle Jean Despert Place du beffroi 26250 LIVRON SUR DR\u00d4ME<\/p><p><strong>Mercredi 06 mai 2026 \u00e0 10h \u00e0 LUTTERBACH (68)<\/strong><br \/>Balade cont\u00e9e \u00ab D\u2019ici &#8211; D\u2019ailleurs \u00bb par Swan Blach\u00e8re<br \/>For\u00eat de Nonnenbruch \u00e0 LUTTERBACH<\/p><p><strong>Le festival COQUELICONTES en Correze invite Victor COVA CORREA<\/strong><br \/><strong>Jeudi 21 mai 2026 \u00e0 10h et 14h \u00e0 SEILHAC<\/strong><br \/>10h : \u00abChiqui chiqui riqui riqui miaou miaou\u00bb<br \/>14h : \u00abGavilan et la besace de Th\u00e9mistocle\u00bb<br \/>Salle des f\u00eates 19700 SEILHAC<br \/><strong>Vendredi 22 mai 2026 \u00e0 10h et 14h \u00e0 CHAMBOULIVE<\/strong><br \/>\u00abChiqui chiqui riqui riqui miaou miaou\u00bb<br \/>Salle polyvalente 19450 CHAMBOULIVE<\/p><p><strong>Samedi 23 mai 2026 \u00e0 10h30 et 15h<\/strong> (horaires \u00e0 convenir)<br \/>\u00ab\u00a0Comptines et petits contes gourmands\u00a0\u00bb par Anne LEVIEL<br \/>Biblioth\u00e8que \u00e9ph\u00e9m\u00e8re &#8211; Mairie de Breuillet &#8211; 42 Grande Rue &#8211; 91650 BREUILLET pour la repr\u00e9sentation du matin<br \/>M\u00e9diath\u00e8que Louis Aragon &#8211; Le Ch\u00e2teau de Morsang &#8211; Place des Trois Martyrs &#8211; 91390 MORSANG SUR ORGE pour la repr\u00e9sentation de l\u2019apr\u00e8s-midi<\/p><p><strong>Le festival COQUELICONTES en Creuse invite Victor COVA CORREA<\/strong><br \/><strong>Mardi 26 mai 2026 \u00e0 10h \u00e0 LA SOUTERRAINE<\/strong><br \/>\u00abChiqui chiqui riqui riqui miaou miaou\u00bb <br \/>Salle des f\u00eates rue du Coq 23300 LA SOUTERRAINE <br \/><strong>Mercredi 27 mai 2026 \u00e0 10h30 \u00e0 FELLETIN<\/strong><br \/>\u00abChiqui chiqui riqui riqui miaou miaou\u00bb <br \/>M\u00e9diath\u00e8que 12 place Courtaud 23500 FELLETIN<br \/><strong>Mercredi 27 mai 2026 \u00e0 14h \u00e0 AUBUSSON<\/strong><br \/>\u00abSieste enchant\u00e9e\u00bb<br \/>Cr\u00e8che \u2013 23200 AUBUSSON<br \/><strong>Jeudi 28 mai 2026 \u00e0 10h \u00e0 NOTH<\/strong><br \/>\u00abGavilan et la besace de Th\u00e9mistocle\u00bb<br \/>Salle polyvalente 23300 NOTH <br \/><strong>Vendredi 29 mai 2026 \u00e0 20h30 \u00e0 SAINT MAURICE LA SOUTERRAINE<\/strong><br \/>\u00abCaribay, le joyau de la Cordill\u00e8re\u00bb<br \/>Salle des f\u00eates &#8211; 23300 SAINT MAURICE LA SOUTERRAINE<\/p><p><strong>Jeudi 28 mai 2026 de 17h15 \u00e0 18h\u00e0 THIONVILLE (57)<\/strong><br \/>\u00ab\u00a0Joyeuses travers\u00e9es\u00a0\u00bb par Anne LEVIEL et Julien GUYARD<br \/>Nord Est Th\u00e9\u00e2tre (NEST) 30 boulevard Foch 57100 THIONVILLE<\/p><p><strong>Vendredi 29 mai 2026 de 17h15 \u00e0 18h \u00c0 THIONVILLE (57)<\/strong><br \/>\u00ab\u00a0Moustaches et Ribambelles\u00a0\u00bb par Anne LEVIEL et Beno\u00eet BRUNHES<br \/>Nord Est Th\u00e9\u00e2tre (NEST) 30 boulevard Foch 57100 THIONVILLE<\/p><p><strong>Samedi 06 juin 2026 \u00e0 15h \u00e0 SAINT-CLOUD (92)<\/strong><br \/>\u00ab\u00a0Des femmes en plein ciel\u00a0\u00bb par Anne LEVIEL<br \/>M\u00e9diath\u00e8que &#8211; 60 rue Gounod &#8211; 92210 SAINT-CLOUD<\/p><p><strong>Samedi 06 juin 2026 \u00e0 partir de 11h \u00e0 BIOT (06)<\/strong><br \/>Balade cont\u00e9e \u00ab\u00a0Histoires d\u2019arbres\u00a0\u00bbpar Anne-Claire DROMZ\u00c9E<br \/>Sur le territoire de la commune de BIOT (06)<\/p><p><strong>Vendredi 12 juin 2026 \u00e0 13h45 \u00e0 BOULOC (31)<\/strong><br \/>\u00abBlanche neige, fille d\u2019Afrique\u00bb par R\u00e9my BOUSSENGUI<br \/>Salle des f\u00eates 31620 BOULOC<\/p><p><strong>Jeudi 18 juin 2026 \u00e0 10h et 14h \u00e0 ROYE ET MONTDIDIER (80)<\/strong><br \/>\u00abL&rsquo;Epop\u00e9e de Fionn Mac Cumha\u00edll\u00bb par Caroline SIRE<br \/>Coll\u00e8ge Louise Michel 375 rue de Goyencourt 80700 ROYE (80)<br \/>Coll\u00e8ge Parmentier 9 rue Pasteur 80500 MONTDIDIER<\/p><p><strong>Vendredi 19 juin 2026 \u00e0 20h30 \u00e0 LES CHAPELLES BOURBON (77)<\/strong><br \/>\u00abGavil\u00e1n et la besace de Th\u00e9mistocle\u00bb (en version balade cont\u00e9e) par Victor COVA CORREA<br \/>En plein-air, sur le territoire de la commune de LES CHAPELLES BOURBON (77)<\/p><p><strong>Vendredi 18 septembre 2026 \u00e0 20h30 \u00e0 VAL BRIARD (77)<\/strong><br \/>\u00abHistoires de plantes\u00bb (balade cont\u00e9e) par Anne-Claire DROMZ\u00c9E<br \/>En plein-air, sur le territoire de la Communaut\u00e9 de Communes du Val Briard (77)<\/p><p><strong>Le festival \u00ab\u00a0Contes en balade\u00a0\u00bb invite Victor COVA CORREA<\/strong> <br \/>Vendredi 2 octobre 2026 \u00e0 20h30 : \u00ab\u00a0Le voyage de Picaflor\u00a0\u00bb<br \/>Salle Fons\u00e9gur 9 Chemin de Fonsegur 81290 VIVIERS LES MONTAGNES<br \/>Samedi 03 octobre 2026 \u00e0 20h30 : \u00ab\u00a0Contes de la nuit sans lune\u00a0\u00bb<br \/>Salle des f\u00eates 27 avenue Jean Jaur\u00e8s 81190 PAMPELONNE<br \/>Dimanche 4 octobre 2026 \u00e0 16h30 : \u00ab\u00a0Balade cont\u00e9e\u00a0\u00bb<br \/>Dans le parc du Ch\u00e2teau-mus\u00e9e du Cayla 81140 ANDILLAC<\/p><p><strong>Mercredi 28 octobre 2026 \u00e0 15h \u00e0 FR\u00c9TEVAL (41)<\/strong><br \/>\u00abLa Marmite d\u2019Indira\u00bb par Victor COVA CORREA<br \/>M\u00e9diath\u00e8que La Fonderie Place Pierre Genev\u00e9e 41160 FR\u00c9TEVAL<\/p><p><strong>Samedi 12 d\u00e9cembre 2026 \u00e0 10h15 et 11h15 \u00e0 CLERMONT FERRAND (63)<br \/><\/strong>\u00abLe No\u00ebl de Lilinska\u00efa\u00bb par Caroline SIRE <br \/>Biblioth\u00e8que de l\u2019H\u00f4tel Dieu rue Lagarlaye 63000 CLERMONT FERRAND<\/p><p><strong>Mercredi 16 d\u00e9cembre 2026 \u00e0 15h \u00c0 GOUSSAINVILLE (95)<\/strong><br \/>\u00abNo\u00ebl tropical\u00bb (pour tous, d\u00e8s 5 ans) par Victor COVA CORREA<br \/>M\u00e9diath\u00e8que Fran\u00e7ois Mauriac 20 Rue Robert Peltier 95190 GOUSSAINVILLE<\/p><p><strong>Samedi 19 D\u00e9cembre 2026 \u00e0 17h \u00e0 RINXENT (62)<\/strong><br \/>\u00ab\u00a0Contes d\u2019hiver\u00a0\u00bb (familial d\u00e8s 5 ans) par la conteuse Elodie MORA\u2028<br \/>Eglise d\u2019Hydrequent, 13 rue de l&rsquo;Eglise 62720 RINXENT<\/p><p><strong>Le Festival Les Anciennes Terres invite Victor COVA CORREA \u00e0 FRIBOURG (Suisse)<\/strong><br \/>Vendredi 15 janvier 2027 \u00e0 19h ou 21h : \u00ab\u00a0Caribay, le Joyau de la Cordill\u00e8re\u00a0\u00bb <br \/>Dimanche 17 janvier 2027 \u00e0 16h : \u00ab\u00a0Chiqui chiqui riqui riqui miaou miaou\u00a0\u00bb<br \/>Espace culturel Le Nouveau Monde Esplanade de l&rsquo;Ancienne-Gare 3 1701 FRIBOURG (Suisse)<\/p><p><strong>Mercredi 10 f\u00e9vrier 2027 \u00e0 14h30 \u00c0 SAINT MAUR DES FOSS\u00c9S<\/strong><br \/>\u00ab\u00a0Blanche neige, fille d&rsquo;Afrique\u00a0\u00bb par R\u00e9my BOUSSENGUI<br \/>M\u00e9diath\u00e8que Germaine Tillion\u00a023 avenue Henri Martin 94100 SAINT MAUR DES FOSS\u00c9S<\/p><p><strong>Le Festival Contes et L\u00e9gendes de Marcq en Baroeul (59) invite Anne-Claire DROMZ\u00c9E et Jean-Beno\u00eet BLANDIN<\/strong><br \/>Samedi 27 f\u00e9vrier 2027 \u00e0 16h : \u00ab\u00a0Contes \u00e0 voyager assis\u00a0\u00bb\u00a0<br \/>Jardin du Minorelle, 25 rue Raymond Derain\u2028 59700 Marcq-en-Bar\u0153ul<br \/>Dimanche 28 f\u00e9vrier 2027 \u00e0 16h : \u00ab\u00a0En route pour Tombouctou\u00a0\u00bb<br \/>Th\u00e9\u00e2tre de la Rianderie, 2 rue du Marquisat 59700 Marcq-en-Bar\u0153ul<\/p><p><strong>Dimanche 31 octobre 2027 \u00e0 16h \u00e0 LES CHOUX (45)<\/strong><br \/>\u00abLes frissons dans l\u2019placard\u00bb par Anne LEVIEL<br \/>Salle polyvalente 15 rue de Dampierre 45290 LES CHOUX<\/p><p><!-- \/wp:paragraph --><\/p>\t\t\t\t\t\t\t\t<\/div>\n\t\t\t\t\t<\/div>\n\t\t\t\t<\/div>\n\t\t\t\t<\/div>\n\t\t","protected":false},"excerpt":{"rendered":"<p>Toutes nos dates Samedi 13 septembre 2025 \u00e0 11h30 et 13h30 \u00e0 MOUSCRON (Belgique)\u00ab Contes M\u00e9diterran\u00e9ens \u00bb par Elodie MORAEn plein-air ou en salle (en cas de mauvais temps) Collectif La faune Rue de Neuville, 100 B-7700 MOUSCRON Samedi 20 Septembre \u00e0 10h30 \u00e0 LILLE (59)Mythologies des arbres\u00a0\u00bb par Elodie MoraJardin de la M\u00e9diath\u00e8que Jean&#8230;<\/p>\n","protected":false},"author":1,"featured_media":0,"parent":0,"menu_order":0,"comment_status":"closed","ping_status":"closed","template":"","meta":{"_kad_post_transparent":"","_kad_post_title":"hide","_kad_post_layout":"fullwidth","_kad_post_sidebar_id":"","_kad_post_content_style":"unboxed","_kad_post_vertical_padding":"hide","_kad_post_feature":"hide","_kad_post_feature_position":"","_kad_post_header":false,"_kad_post_footer":false,"_kad_post_classname":"","footnotes":""},"class_list":["post-1097","page","type-page","status-publish","hentry"],"_links":{"self":[{"href":"https:\/\/lessinguliers.fr\/index.php\/wp-json\/wp\/v2\/pages\/1097","targetHints":{"allow":["GET"]}}],"collection":[{"href":"https:\/\/lessinguliers.fr\/index.php\/wp-json\/wp\/v2\/pages"}],"about":[{"href":"https:\/\/lessinguliers.fr\/index.php\/wp-json\/wp\/v2\/types\/page"}],"author":[{"embeddable":true,"href":"https:\/\/lessinguliers.fr\/index.php\/wp-json\/wp\/v2\/users\/1"}],"replies":[{"embeddable":true,"href":"https:\/\/lessinguliers.fr\/index.php\/wp-json\/wp\/v2\/comments?post=1097"}],"version-history":[{"count":202,"href":"https:\/\/lessinguliers.fr\/index.php\/wp-json\/wp\/v2\/pages\/1097\/revisions"}],"predecessor-version":[{"id":4545,"href":"https:\/\/lessinguliers.fr\/index.php\/wp-json\/wp\/v2\/pages\/1097\/revisions\/4545"}],"wp:attachment":[{"href":"https:\/\/lessinguliers.fr\/index.php\/wp-json\/wp\/v2\/media?parent=1097"}],"curies":[{"name":"wp","href":"https:\/\/api.w.org\/{rel}","templated":true}]}}